{"id":7121,"date":"2020-12-01T20:57:35","date_gmt":"2020-12-01T23:57:35","guid":{"rendered":"http:\/\/cachoeiradoc.com.br\/festival\/?page_id=7121"},"modified":"2020-12-20T16:45:22","modified_gmt":"2020-12-20T19:45:22","slug":"programacao-por-dia","status":"publish","type":"page","link":"https:\/\/cachoeiradoc.com.br\/festival\/programacao-por-dia\/","title":{"rendered":"Programa\u00e7\u00e3o por dia"},"content":{"rendered":"[vc_row type=&#8221;in_container&#8221; full_screen_row_position=&#8221;middle&#8221; column_margin=&#8221;default&#8221; column_direction=&#8221;default&#8221; column_direction_tablet=&#8221;default&#8221; column_direction_phone=&#8221;default&#8221; scene_position=&#8221;center&#8221; text_color=&#8221;dark&#8221; text_align=&#8221;left&#8221; row_border_radius=&#8221;none&#8221; row_border_radius_applies=&#8221;bg&#8221; overlay_strength=&#8221;0.3&#8243; gradient_direction=&#8221;left_to_right&#8221; shape_divider_position=&#8221;bottom&#8221; bg_image_animation=&#8221;none&#8221;][vc_column column_padding=&#8221;no-extra-padding&#8221; column_padding_tablet=&#8221;inherit&#8221; column_padding_phone=&#8221;inherit&#8221; column_padding_position=&#8221;all&#8221; background_color_opacity=&#8221;1&#8243; background_hover_color_opacity=&#8221;1&#8243; column_shadow=&#8221;none&#8221; column_border_radius=&#8221;none&#8221; column_link_target=&#8221;_self&#8221; gradient_direction=&#8221;left_to_right&#8221; overlay_strength=&#8221;0.3&#8243; width=&#8221;1\/6&#8243; tablet_width_inherit=&#8221;default&#8221; tablet_text_alignment=&#8221;default&#8221; phone_text_alignment=&#8221;default&#8221; column_border_width=&#8221;none&#8221; column_border_style=&#8221;solid&#8221; bg_image_animation=&#8221;none&#8221;][vc_column_text]\n[\/vc_column_text][\/vc_column][vc_column column_padding=&#8221;no-extra-padding&#8221; column_padding_tablet=&#8221;inherit&#8221; column_padding_phone=&#8221;inherit&#8221; column_padding_position=&#8221;all&#8221; background_color_opacity=&#8221;1&#8243; background_hover_color_opacity=&#8221;1&#8243; column_shadow=&#8221;none&#8221; column_border_radius=&#8221;none&#8221; column_link_target=&#8221;_self&#8221; gradient_direction=&#8221;left_to_right&#8221; overlay_strength=&#8221;0.3&#8243; width=&#8221;2\/3&#8243; tablet_width_inherit=&#8221;default&#8221; tablet_text_alignment=&#8221;default&#8221; phone_text_alignment=&#8221;default&#8221; column_border_width=&#8221;none&#8221; column_border_style=&#8221;solid&#8221; bg_image_animation=&#8221;none&#8221;][split_line_heading animation_type=&#8221;default&#8221;]\n<h2 style=\"text-align: center;\">Programa\u00e7\u00e3o por dia<\/h2>\n[\/split_line_heading][\/vc_column][vc_column column_padding=&#8221;no-extra-padding&#8221; column_padding_tablet=&#8221;inherit&#8221; column_padding_phone=&#8221;inherit&#8221; column_padding_position=&#8221;all&#8221; background_color_opacity=&#8221;1&#8243; background_hover_color_opacity=&#8221;1&#8243; column_shadow=&#8221;none&#8221; column_border_radius=&#8221;none&#8221; column_link_target=&#8221;_self&#8221; gradient_direction=&#8221;left_to_right&#8221; overlay_strength=&#8221;0.3&#8243; width=&#8221;1\/6&#8243; tablet_width_inherit=&#8221;default&#8221; tablet_text_alignment=&#8221;default&#8221; phone_text_alignment=&#8221;default&#8221; column_border_width=&#8221;none&#8221; column_border_style=&#8221;solid&#8221; bg_image_animation=&#8221;none&#8221;][\/vc_column][\/vc_row][vc_row type=&#8221;in_container&#8221; full_screen_row_position=&#8221;middle&#8221; column_margin=&#8221;default&#8221; column_direction=&#8221;default&#8221; column_direction_tablet=&#8221;default&#8221; column_direction_phone=&#8221;default&#8221; scene_position=&#8221;center&#8221; text_color=&#8221;dark&#8221; text_align=&#8221;left&#8221; row_border_radius=&#8221;none&#8221; row_border_radius_applies=&#8221;bg&#8221; overlay_strength=&#8221;0.3&#8243; gradient_direction=&#8221;left_to_right&#8221; shape_divider_position=&#8221;bottom&#8221; bg_image_animation=&#8221;none&#8221;][vc_column column_padding=&#8221;no-extra-padding&#8221; column_padding_tablet=&#8221;inherit&#8221; column_padding_phone=&#8221;inherit&#8221; column_padding_position=&#8221;all&#8221; background_color_opacity=&#8221;1&#8243; background_hover_color_opacity=&#8221;1&#8243; column_shadow=&#8221;none&#8221; column_border_radius=&#8221;none&#8221; column_link_target=&#8221;_self&#8221; gradient_direction=&#8221;left_to_right&#8221; overlay_strength=&#8221;0.3&#8243; width=&#8221;1\/1&#8243; tablet_width_inherit=&#8221;default&#8221; tablet_text_alignment=&#8221;default&#8221; phone_text_alignment=&#8221;default&#8221; column_border_width=&#8221;none&#8221; column_border_style=&#8221;solid&#8221; bg_image_animation=&#8221;none&#8221;][tabbed_section style=&#8221;material&#8221; alignment=&#8221;center&#8221; spacing=&#8221;default&#8221; tab_color=&#8221;Accent-Color&#8221; icon_size=&#8221;24&#8243;][tab icon_family=&#8221;none&#8221; title=&#8221;04&#8243; id=&#8221;1607089748437-3&#8243; tab_id=&#8221;1607089748438-0&#8243;][vc_column_text]16h &#8211; <a href=\"http:\/\/cachoeiradoc.com.br\/festival\/oficina\/#Inga\">Oficina Cr\u00edtica e Crise<\/a> (inscri\u00e7\u00f5es encerradas)<\/p>\n<p>18h &#8211; <a href=\"http:\/\/cachoeiradoc.com.br\/festival\/sessao-de-abertura\/\">Sess\u00e3o de abertura: Acervo ZUMVI \u2013 O Levante da Mem\u00f3ria<\/a><\/p>\n<p>19h &#8211; <a href=\"http:\/\/cachoeiradoc.com.br\/festival\/celebracao-de-abertura\/\">Celebra\u00e7\u00e3o de Abertura: Nzo Onimboy\u00e1 recebe Mateus Aleluia\u00a0<\/a><\/p>\n<p>20h &#8211; <a href=\"http:\/\/cachoeiradoc.com.br\/festival\/sessoes-especiais\/\">Sess\u00f5es especiais em homenagem \u00e0 Makota Valdina<\/a>[\/vc_column_text][\/tab][tab icon_family=&#8221;none&#8221; title=&#8221;05&#8243; id=&#8221;1607089748548-6&#8243; tab_id=&#8221;1607089748549-1&#8243;][vc_column_text]14h &#8211; <a href=\"http:\/\/cachoeiradoc.com.br\/festival\/oficina\/#Inga\">Oficina Cr\u00edtica e Crise<\/a> (inscri\u00e7\u00f5es encerradas)<\/p>\n<p>16h &#8211; <a href=\"http:\/\/cachoeiradoc.com.br\/festival\/ciclo-de-conferencias\/#Denise\">Fala-performance de abertura\u00a0com Denise Ferreira da Silva<\/a><\/p>\n<p>Dispon\u00edvel o dia todo:<\/p>\n<p><a href=\"http:\/\/cachoeiradoc.com.br\/festival\/sessao-de-abertura\/\">Acervo ZUMVI \u2013 O Levante da Mem\u00f3ria<\/a><\/p>\n<p><a href=\"http:\/\/cachoeiradoc.com.br\/festival\/sessoes-especiais\/\">Sess\u00f5es especiais em homenagem \u00e0 Makota Valdina &#8211; Sess\u00e3o 01\u00a0<\/a><\/p>\n<p><a href=\"http:\/\/cachoeiradoc.com.br\/festival\/sessoes-especiais\/\">Sess\u00f5es especiais em homenagem \u00e0 Makota Valdina &#8211; Sess\u00e3o 02<\/a><\/p>\n<p><a href=\"http:\/\/cachoeiradoc.com.br\/festival\/mostra-de-documentarios-brasileiros\/programa1\/\">Mostra Futuro, como presente, no passado &#8211; Programa 01\u00a0<\/a><\/p>\n<p><a href=\"http:\/\/cachoeiradoc.com.br\/festival\/mostra-de-documentarios-brasileiros\/programa2\/\">Mostra Futuro, como presente, no passado &#8211; Programa 02\u00a0<\/a>[\/vc_column_text][\/tab][tab icon_family=&#8221;none&#8221; title=&#8221;06&#8243; id=&#8221;1607089748619-2&#8243; tab_id=&#8221;1607089748620-2&#8243;][vc_column_text]16h &#8211; <a href=\"http:\/\/cachoeiradoc.com.br\/festival\/oficina\/#Inga\">Oficina Cr\u00edtica e Crise<\/a> (inscri\u00e7\u00f5es encerradas)<\/p>\n<p>19h &#8211; <a href=\"https:\/\/youtu.be\/s-VExOVWzBo\" target=\"_blank\" rel=\"noopener noreferrer\">Debate das Sess\u00f5es de Abertura e especiais em <span style=\"font-weight: 400;\">Homenagem \u00e0 Makota Valdina<\/span><\/a><\/p>\n<p>Dispon\u00edvel o dia todo:<\/p>\n<p><a href=\"http:\/\/cachoeiradoc.com.br\/festival\/sessao-de-abertura\/\">Acervo ZUMVI \u2013 O Levante da Mem\u00f3ria<\/a><\/p>\n<p><a href=\"http:\/\/cachoeiradoc.com.br\/festival\/sessoes-especiais\/\">Sess\u00f5es especiais em homenagem \u00e0 Makota Valdina &#8211; Sess\u00e3o 01\u00a0<\/a><\/p>\n<p><a href=\"http:\/\/cachoeiradoc.com.br\/festival\/sessoes-especiais\/\">Sess\u00f5es especiais em homenagem \u00e0 Makota Valdina &#8211; Sess\u00e3o 02<\/a><\/p>\n<p><a href=\"http:\/\/cachoeiradoc.com.br\/festival\/mostra-de-documentarios-brasileiros\/programa1\/\">Mostra Futuro, como presente, no passado &#8211; Programa 01\u00a0<\/a><\/p>\n<p><a href=\"http:\/\/cachoeiradoc.com.br\/festival\/mostra-de-documentarios-brasileiros\/programa2\/\">Mostra Futuro, como presente, no passado &#8211; Programa 02\u00a0<\/a><\/p>\n<p>&nbsp;[\/vc_column_text][\/tab][tab icon_family=&#8221;none&#8221; title=&#8221;07&#8243; id=&#8221;1607089748710-8&#8243; tab_id=&#8221;1607089748711-10&#8243;][vc_column_text]19h &#8211; <a href=\"https:\/\/youtu.be\/RhNV1t8t8d4\" target=\"_blank\" rel=\"noopener noreferrer\">Debate 1 da Mostra Futuro, como presente, no passado<\/a><\/p>\n<p>Dispon\u00edvel o dia todo:<\/p>\n<p><a href=\"http:\/\/cachoeiradoc.com.br\/festival\/sessoes-especiais\/\">Sess\u00f5es especiais em homenagem \u00e0 Makota Valdina &#8211; Sess\u00e3o 02<\/a><\/p>\n<p><a href=\"http:\/\/cachoeiradoc.com.br\/festival\/mostra-de-documentarios-brasileiros\/programa1\/\">Mostra Futuro, como presente, no passado &#8211; Programa 01\u00a0<\/a><\/p>\n<p><a href=\"http:\/\/cachoeiradoc.com.br\/festival\/mostra-de-documentarios-brasileiros\/programa2\/\">Mostra Futuro, como presente, no passado &#8211; Programa 02\u00a0<\/a>[\/vc_column_text][\/tab][tab icon_family=&#8221;none&#8221; title=&#8221;08&#8243; id=&#8221;1607089748782-0&#8243; tab_id=&#8221;1607089748783-0&#8243;][vc_column_text]19h &#8211; <a href=\"https:\/\/youtu.be\/DTWjfWuQODo\" target=\"_blank\" rel=\"noopener noreferrer\">Debate 2 da Mostra Futuro, como presente, no passado<\/a><\/p>\n<p>Dispon\u00edvel o dia todo:<\/p>\n<p><a href=\"http:\/\/cachoeiradoc.com.br\/festival\/sessoes-especiais\/\">Sess\u00f5es especiais em homenagem \u00e0 Makota Valdina &#8211; Sess\u00e3o 02<\/a><\/p>\n<p><a href=\"http:\/\/cachoeiradoc.com.br\/festival\/mostra-de-documentarios-brasileiros\/programa1\/\">Mostra Futuro, como presente, no passado &#8211; Programa 01\u00a0<\/a><\/p>\n<p><a href=\"http:\/\/cachoeiradoc.com.br\/festival\/mostra-de-documentarios-brasileiros\/programa2\/\">Mostra Futuro, como presente, no passado &#8211; Programa 02\u00a0<\/a>[\/vc_column_text][\/tab][tab icon_family=&#8221;none&#8221; title=&#8221;09&#8243; id=&#8221;1607089748876-10&#8243; tab_id=&#8221;1607089748877-5&#8243;][vc_column_text]11h &#8211; <a href=\"http:\/\/cachoeiradoc.com.br\/festival\/ciclo-de-conferencias\/#Troca\">Troca de Saberes: encontro de projetos de extens\u00e3o<\/a><\/p>\n<p>19h &#8211; <a href=\"https:\/\/youtu.be\/7gAuBCsm7TE\" target=\"_blank\" rel=\"noopener noreferrer\">Debate 3 da Mostra Futuro, como presente, no passado<\/a><\/p>\n<p>Dispon\u00edvel o dia todo:<\/p>\n<p><a href=\"http:\/\/cachoeiradoc.com.br\/festival\/sessoes-especiais\/\">Sess\u00f5es especiais em homenagem \u00e0 Makota Valdina &#8211; Sess\u00e3o 02<\/a><\/p>\n<p><a href=\"http:\/\/cachoeiradoc.com.br\/festival\/mostra-de-documentarios-brasileiros\/programa1\/\">Mostra Futuro, como presente, no passado &#8211; Programa 01\u00a0<\/a><\/p>\n<p><a href=\"http:\/\/cachoeiradoc.com.br\/festival\/mostra-de-documentarios-brasileiros\/programa2\/\">Mostra Futuro, como presente, no passado &#8211; Programa 02\u00a0<\/a>[\/vc_column_text][\/tab][tab icon_family=&#8221;none&#8221; title=&#8221;10&#8243; id=&#8221;1607089748966-3&#8243; tab_id=&#8221;1607089748967-4&#8243;][vc_column_text]11h &#8211; <a href=\"http:\/\/cachoeiradoc.com.br\/festival\/ciclo-de-conferencias\/#Troca\">Troca de Saberes: encontro de projetos de extens\u00e3o<\/a><\/p>\n<p>19h &#8211; <a href=\"https:\/\/youtu.be\/G5Z4fzmTi8U\" target=\"_blank\" rel=\"noopener noreferrer\">Debate 4 da Mostra Futuro, como presente, no passado<\/a><\/p>\n<p>Dispon\u00edvel o dia todo:<\/p>\n<p><a href=\"http:\/\/cachoeiradoc.com.br\/festival\/sessoes-especiais\/\">Sess\u00f5es especiais em homenagem \u00e0 Makota Valdina &#8211; Sess\u00e3o 02<\/a><\/p>\n<p><a href=\"http:\/\/cachoeiradoc.com.br\/festival\/mostra-de-documentarios-brasileiros\/programa1\/\">Mostra Futuro, como presente, no passado &#8211; Programa 01\u00a0<\/a><\/p>\n<p><a href=\"http:\/\/cachoeiradoc.com.br\/festival\/mostra-de-documentarios-brasileiros\/programa2\/\">Mostra Futuro, como presente, no passado &#8211; Programa 02\u00a0<\/a>[\/vc_column_text][\/tab][tab icon_family=&#8221;none&#8221; title=&#8221;11&#8243; id=&#8221;1607089749032-5&#8243; tab_id=&#8221;1607089749033-7&#8243;][vc_column_text]11h &#8211; <a href=\"http:\/\/cachoeiradoc.com.br\/festival\/ciclo-de-conferencias\/#Troca\">Troca de Saberes: encontro de projetos de extens\u00e3o<\/a><\/p>\n<p>16h &#8211; <a href=\"http:\/\/cachoeiradoc.com.br\/festival\/oficina\/#Inga\">Oficina Cr\u00edtica e Crise<\/a> (inscri\u00e7\u00f5es encerradas)<\/p>\n<p>16h &#8211; <a href=\"http:\/\/cachoeiradoc.com.br\/festival\/oficina\/#Musa\">Oficina\u00a0Plano de Fuga como Imagina\u00e7\u00e3o\u00a0<\/a>(inscri\u00e7\u00f5es encerradas)<\/p>\n<p>19h &#8211; <a href=\"https:\/\/youtu.be\/By5a6n1c0Xg\" target=\"_blank\" rel=\"noopener noreferrer\">Debate 5 da Mostra Futuro, como presente, no passado<\/a><\/p>\n<p>Dispon\u00edvel o dia todo:<\/p>\n<p><a href=\"http:\/\/cachoeiradoc.com.br\/festival\/sessoes-especiais\/\">Sess\u00f5es especiais em homenagem \u00e0 Makota Valdina &#8211; Sess\u00e3o 02<\/a><\/p>\n<p><a href=\"http:\/\/cachoeiradoc.com.br\/festival\/mostra-de-documentarios-brasileiros\/programa1\/\">Mostra Futuro, como presente, no passado &#8211; Programa 01\u00a0<\/a><\/p>\n<p><a href=\"http:\/\/cachoeiradoc.com.br\/festival\/mostra-de-documentarios-brasileiros\/programa2\/\">Mostra Futuro, como presente, no passado &#8211; Programa 02\u00a0<\/a>[\/vc_column_text][\/tab][tab icon_family=&#8221;none&#8221; title=&#8221;12&#8243; id=&#8221;1607089749096-7&#8243; tab_id=&#8221;1607089749097-4&#8243;][vc_column_text]16h &#8211; <a href=\"http:\/\/cachoeiradoc.com.br\/festival\/oficina\/#Inga\">Oficina Cr\u00edtica e Crise<\/a> (inscri\u00e7\u00f5es encerradas)<\/p>\n<p>16h &#8211; <a href=\"http:\/\/cachoeiradoc.com.br\/festival\/oficina\/#Musa\">Oficina\u00a0Plano de Fuga como Imagina\u00e7\u00e3o\u00a0<\/a>(inscri\u00e7\u00f5es encerradas)<\/p>\n<p>Dispon\u00edvel o dia todo:<\/p>\n<p><a href=\"http:\/\/cachoeiradoc.com.br\/festival\/sessoes-especiais\/\">Sess\u00f5es especiais em homenagem \u00e0 Makota Valdina &#8211; Sess\u00e3o 02<\/a><\/p>\n<p><a href=\"http:\/\/cachoeiradoc.com.br\/festival\/mostra-de-documentarios-brasileiros\/programa3\/\">Mostra Futuro, como presente, no passado &#8211; Programa 03 <\/a><\/p>\n<p><a href=\"http:\/\/cachoeiradoc.com.br\/festival\/mostra-de-documentarios-brasileiros\/programa4\/\">Mostra Futuro, como presente, no passado &#8211; Programa 04\u00a0<\/a>[\/vc_column_text][\/tab][tab icon_family=&#8221;none&#8221; title=&#8221;13&#8243; id=&#8221;1607089749215-0&#8243; tab_id=&#8221;1607089749216-6&#8243;][vc_column_text]16h &#8211; <a href=\"http:\/\/cachoeiradoc.com.br\/festival\/oficina\/#Musa\">Oficina\u00a0Plano de Fuga como Imagina\u00e7\u00e3o\u00a0<\/a>(inscri\u00e7\u00f5es encerradas)<\/p>\n<p>19h &#8211; <a href=\"https:\/\/youtu.be\/236BtLsoA04\" target=\"_blank\" rel=\"noopener noreferrer\">Mesa Caminhos da Curadoria<\/a><\/p>\n<p>Dispon\u00edvel o dia todo:<\/p>\n<p><a href=\"http:\/\/cachoeiradoc.com.br\/festival\/sessoes-especiais\/\">Sess\u00f5es especiais em homenagem \u00e0 Makota Valdina &#8211; Sess\u00e3o 02<\/a><\/p>\n<p><a href=\"http:\/\/cachoeiradoc.com.br\/festival\/mostra-de-documentarios-brasileiros\/programa3\/\">Mostra Futuro, como presente, no passado &#8211; Programa 03 <\/a><\/p>\n<p><a href=\"http:\/\/cachoeiradoc.com.br\/festival\/mostra-de-documentarios-brasileiros\/programa4\/\">Mostra Futuro, como presente, no passado &#8211; Programa 04\u00a0<\/a>[\/vc_column_text][\/tab][tab icon_family=&#8221;none&#8221; title=&#8221;14&#8243; id=&#8221;1607089749302-8&#8243; tab_id=&#8221;1607089749303-10&#8243;][vc_column_text]19h &#8211; <a href=\"https:\/\/youtu.be\/a5F6C20MMzk\" target=\"_blank\" rel=\"noopener noreferrer\">Debate 6 da Mostra Futuro, como presente, no passado<\/a><\/p>\n<p>Dispon\u00edvel o dia todo:<\/p>\n<p><a href=\"http:\/\/cachoeiradoc.com.br\/festival\/sessoes-especiais\/\">Sess\u00f5es especiais em homenagem \u00e0 Makota Valdina &#8211; Sess\u00e3o 02<\/a><\/p>\n<p><a href=\"http:\/\/cachoeiradoc.com.br\/festival\/mostra-de-documentarios-brasileiros\/programa3\/\">Mostra Futuro, como presente, no passado &#8211; Programa 03 <\/a><\/p>\n<p><a href=\"http:\/\/cachoeiradoc.com.br\/festival\/mostra-de-documentarios-brasileiros\/programa4\/\">Mostra Futuro, como presente, no passado &#8211; Programa 04\u00a0<\/a>[\/vc_column_text][\/tab][tab icon_family=&#8221;none&#8221; title=&#8221;15&#8243; id=&#8221;1607089749393-3&#8243; tab_id=&#8221;1607089749395-10&#8243;][vc_column_text]19h &#8211; <a href=\"https:\/\/youtu.be\/TKzZVj1jhLg\" target=\"_blank\" rel=\"noopener noreferrer\">Debate 7 da Mostra Futuro, como presente, no passado<\/a><\/p>\n<p>Dispon\u00edvel o dia todo:<\/p>\n<p><a href=\"http:\/\/cachoeiradoc.com.br\/festival\/sessoes-especiais\/\">Sess\u00f5es especiais em homenagem \u00e0 Makota Valdina &#8211; Sess\u00e3o 02<\/a><\/p>\n<p><a href=\"http:\/\/cachoeiradoc.com.br\/festival\/mostra-de-documentarios-brasileiros\/programa3\/\">Mostra Futuro, como presente, no passado &#8211; Programa 03 <\/a><\/p>\n<p><a href=\"http:\/\/cachoeiradoc.com.br\/festival\/mostra-de-documentarios-brasileiros\/programa4\/\">Mostra Futuro, como presente, no passado &#8211; Programa 04\u00a0<\/a>[\/vc_column_text][\/tab][tab icon_family=&#8221;none&#8221; title=&#8221;16&#8243; id=&#8221;1607089749498-8&#8243; tab_id=&#8221;1607089749499-6&#8243;][vc_column_text]15h &#8211; <a href=\"http:\/\/cachoeiradoc.com.br\/festival\/oficina\/#OlharesNegros\">Oficina Olhares Negros<\/a> (inscri\u00e7\u00f5es encerradas)<\/p>\n<p>19h &#8211; <a href=\"https:\/\/youtu.be\/GPKvlN6YCg8\" target=\"_blank\" rel=\"noopener noreferrer\">Debate 8 da Mostra Futuro, como presente, no passado<\/a><\/p>\n<p>Dispon\u00edvel o dia todo:<\/p>\n<p><a href=\"http:\/\/cachoeiradoc.com.br\/festival\/sessoes-especiais\/\">Sess\u00f5es especiais em homenagem \u00e0 Makota Valdina &#8211; Sess\u00e3o 02<\/a><\/p>\n<p><a href=\"http:\/\/cachoeiradoc.com.br\/festival\/mostra-de-documentarios-brasileiros\/programa3\/\">Mostra Futuro, como presente, no passado &#8211; Programa 03 <\/a><\/p>\n<p><a href=\"http:\/\/cachoeiradoc.com.br\/festival\/mostra-de-documentarios-brasileiros\/programa4\/\">Mostra Futuro, como presente, no passado &#8211; Programa 04\u00a0<\/a>[\/vc_column_text][\/tab][tab icon_family=&#8221;none&#8221; title=&#8221;17&#8243; id=&#8221;1607089749582-5&#8243; tab_id=&#8221;1607089749583-9&#8243;][vc_column_text]11h &#8211;<a href=\"http:\/\/cachoeiradoc.com.br\/festival\/ciclo-de-conferencias\/#Livro\"> Mesa 1 do lan\u00e7amento do livro Desaguar em Cinema<\/a><\/p>\n<p>15h &#8211; <a href=\"http:\/\/cachoeiradoc.com.br\/festival\/oficina\/#OlharesNegros\">Oficina Olhares Negros<\/a> (inscri\u00e7\u00f5es encerradas)<\/p>\n<p>19h &#8211; <a href=\"https:\/\/youtu.be\/YmU--hW36TY\" target=\"_blank\" rel=\"noopener noreferrer\">Debate 9 da Mostra Futuro, como presente, no passado<\/a><\/p>\n<p>Dispon\u00edvel o dia todo:<\/p>\n<p><a href=\"http:\/\/cachoeiradoc.com.br\/festival\/sessoes-especiais\/\">Sess\u00f5es especiais em homenagem \u00e0 Makota Valdina &#8211; Sess\u00e3o 02<\/a><\/p>\n<p><a href=\"http:\/\/cachoeiradoc.com.br\/festival\/mostra-de-documentarios-brasileiros\/programa3\/\">Mostra Futuro, como presente, no passado &#8211; Programa 03 <\/a><\/p>\n<p><a href=\"http:\/\/cachoeiradoc.com.br\/festival\/mostra-de-documentarios-brasileiros\/programa4\/\">Mostra Futuro, como presente, no passado &#8211; Programa 04\u00a0<\/a>[\/vc_column_text][\/tab][tab icon_family=&#8221;none&#8221; title=&#8221;18&#8243; id=&#8221;1607089749680-7&#8243; tab_id=&#8221;1607089749681-10&#8243;][vc_column_text]11h &#8211;<a href=\"http:\/\/cachoeiradoc.com.br\/festival\/ciclo-de-conferencias\/#Livro\"> Mesa 2 do lan\u00e7amento do livro Desaguar em Cinema<\/a><\/p>\n<p>15h &#8211; <a href=\"http:\/\/cachoeiradoc.com.br\/festival\/oficina\/#OlharesNegros\">Oficina Olhares Negros<\/a> (inscri\u00e7\u00f5es encerradas)<\/p>\n<p>19h &#8211; <a href=\"https:\/\/youtu.be\/zTFy5zgmQJM\" target=\"_blank\" rel=\"noopener noreferrer\">Debate 10 da Mostra Futuro, como presente, no passado<\/a><\/p>\n<p>Dispon\u00edvel o dia todo:<\/p>\n<p><a href=\"http:\/\/cachoeiradoc.com.br\/festival\/sessoes-especiais\/\">Sess\u00f5es especiais em homenagem \u00e0 Makota Valdina &#8211; Sess\u00e3o 02<\/a><\/p>\n<p><a href=\"http:\/\/cachoeiradoc.com.br\/festival\/mostra-de-documentarios-brasileiros\/programa3\/\">Mostra Futuro, como presente, no passado &#8211; Programa 03 <\/a><\/p>\n<p><a href=\"http:\/\/cachoeiradoc.com.br\/festival\/mostra-de-documentarios-brasileiros\/programa4\/\">Mostra Futuro, como presente, no passado &#8211; Programa 04\u00a0<\/a>[\/vc_column_text][\/tab][tab icon_family=&#8221;none&#8221; title=&#8221;19&#8243; id=&#8221;1607089749758-4&#8243; tab_id=&#8221;1607089749759-6&#8243;][vc_column_text]<a href=\"http:\/\/cachoeiradoc.com.br\/festival\/sessao-de-abertura\/\">Acervo ZUMVI \u2013 O Levante da Mem\u00f3ria<\/a><\/p>\n<p><a href=\"http:\/\/cachoeiradoc.com.br\/festival\/sessoes-especiais\/\">Sess\u00f5es especiais em homenagem \u00e0 Makota Valdina &#8211; Sess\u00e3o 01\u00a0<\/a><\/p>\n<p><a href=\"http:\/\/cachoeiradoc.com.br\/festival\/sessoes-especiais\/\">Sess\u00f5es especiais em homenagem \u00e0 Makota Valdina &#8211; Sess\u00e3o 02<\/a><\/p>\n<p><a href=\"http:\/\/cachoeiradoc.com.br\/festival\/mostra-de-documentarios-brasileiros\/programa1\/\">Mostra Futuro, como presente, no passado &#8211; Programa 01\u00a0<\/a><\/p>\n<p><a href=\"http:\/\/cachoeiradoc.com.br\/festival\/mostra-de-documentarios-brasileiros\/programa2\/\">Mostra Futuro, como presente, no passado &#8211; Programa 02\u00a0<\/a><\/p>\n<p><a href=\"http:\/\/cachoeiradoc.com.br\/festival\/mostra-de-documentarios-brasileiros\/programa3\/\">Mostra Futuro, como presente, no passado &#8211; Programa 03 <\/a><\/p>\n<p><a href=\"http:\/\/cachoeiradoc.com.br\/festival\/mostra-de-documentarios-brasileiros\/programa4\/\">Mostra Futuro, como presente, no passado &#8211; Programa 04\u00a0<\/a><\/p>\n<p>&nbsp;[\/vc_column_text][\/tab][tab icon_family=&#8221;none&#8221; title=&#8221;20&#8243; id=&#8221;1607089749835-8&#8243; tab_id=&#8221;1607089749837-8&#8243;][vc_column_text]\n<p>16h30 &#8211; <a href=\"http:\/\/cachoeiradoc.com.br\/festival\/encerramento\/\">Encerramento com <b>Tigan\u00e1 Santana e Lande Onawale<\/b><\/a><\/p>\n<p>Dispon\u00edvel o dia todo:<\/p>\n<p><a href=\"http:\/\/cachoeiradoc.com.br\/festival\/sessao-de-abertura\/\">Acervo ZUMVI \u2013 O Levante da Mem\u00f3ria<\/a><\/p>\n<p><a href=\"http:\/\/cachoeiradoc.com.br\/festival\/sessoes-especiais\/\">Sess\u00f5es especiais em homenagem \u00e0 Makota Valdina &#8211; Sess\u00e3o 01\u00a0<\/a><\/p>\n<p><a href=\"http:\/\/cachoeiradoc.com.br\/festival\/sessoes-especiais\/\">Sess\u00f5es especiais em homenagem \u00e0 Makota Valdina &#8211; Sess\u00e3o 02<\/a><\/p>\n<p><a href=\"http:\/\/cachoeiradoc.com.br\/festival\/mostra-de-documentarios-brasileiros\/programa1\/\">Mostra Futuro, como presente, no passado &#8211; Programa 01\u00a0<\/a><\/p>\n<p><a href=\"http:\/\/cachoeiradoc.com.br\/festival\/mostra-de-documentarios-brasileiros\/programa2\/\">Mostra Futuro, como presente, no passado &#8211; Programa 02\u00a0<\/a><\/p>\n<p><a href=\"http:\/\/cachoeiradoc.com.br\/festival\/mostra-de-documentarios-brasileiros\/programa3\/\">Mostra Futuro, como presente, no passado &#8211; Programa 03 <\/a><\/p>\n<p><a href=\"http:\/\/cachoeiradoc.com.br\/festival\/mostra-de-documentarios-brasileiros\/programa4\/\">Mostra Futuro, como presente, no passado &#8211; Programa 04\u00a0<\/a><\/p>\n<p>&nbsp;<\/p>\n[\/vc_column_text][\/tab][\/tabbed_section][vc_widget_sidebar sidebar_id=&#8221;slide-out-widget-area&#8221;][\/vc_column][\/vc_row][vc_row type=&#8221;in_container&#8221; full_screen_row_position=&#8221;middle&#8221; column_margin=&#8221;default&#8221; column_direction=&#8221;default&#8221; column_direction_tablet=&#8221;default&#8221; column_direction_phone=&#8221;default&#8221; scene_position=&#8221;center&#8221; text_color=&#8221;dark&#8221; text_align=&#8221;left&#8221; row_border_radius=&#8221;none&#8221; row_border_radius_applies=&#8221;bg&#8221; overlay_strength=&#8221;0.3&#8243; gradient_direction=&#8221;left_to_right&#8221; shape_divider_position=&#8221;bottom&#8221; bg_image_animation=&#8221;none&#8221;][vc_column column_padding=&#8221;no-extra-padding&#8221; column_padding_tablet=&#8221;inherit&#8221; column_padding_phone=&#8221;inherit&#8221; column_padding_position=&#8221;all&#8221; background_color_opacity=&#8221;1&#8243; background_hover_color_opacity=&#8221;1&#8243; column_shadow=&#8221;none&#8221; column_border_radius=&#8221;none&#8221; column_link_target=&#8221;_self&#8221; gradient_direction=&#8221;left_to_right&#8221; overlay_strength=&#8221;0.3&#8243; width=&#8221;1\/1&#8243; tablet_width_inherit=&#8221;default&#8221; tablet_text_alignment=&#8221;default&#8221; phone_text_alignment=&#8221;default&#8221; column_border_width=&#8221;none&#8221; column_border_style=&#8221;solid&#8221; bg_image_animation=&#8221;none&#8221;][\/vc_column][\/vc_row]\n","protected":false},"excerpt":{"rendered":"<p>[vc_row type=&#8221;in_container&#8221; full_screen_row_position=&#8221;middle&#8221; column_margin=&#8221;default&#8221; column_direction=&#8221;default&#8221; column_direction_tablet=&#8221;default&#8221; column_direction_phone=&#8221;default&#8221; scene_position=&#8221;center&#8221; text_color=&#8221;dark&#8221; text_align=&#8221;left&#8221; row_border_radius=&#8221;none&#8221; row_border_radius_applies=&#8221;bg&#8221; overlay_strength=&#8221;0.3&#8243; gradient_direction=&#8221;left_to_right&#8221; shape_divider_position=&#8221;bottom&#8221; bg_image_animation=&#8221;none&#8221;][vc_column column_padding=&#8221;no-extra-padding&#8221; column_padding_tablet=&#8221;inherit&#8221; column_padding_phone=&#8221;inherit&#8221; column_padding_position=&#8221;all&#8221; background_color_opacity=&#8221;1&#8243; background_hover_color_opacity=&#8221;1&#8243; column_shadow=&#8221;none&#8221; column_border_radius=&#8221;none&#8221; column_link_target=&#8221;_self&#8221;&#8230;<\/p>\n","protected":false},"author":1,"featured_media":0,"parent":0,"menu_order":0,"comment_status":"closed","ping_status":"closed","template":"","meta":{"_monsterinsights_skip_tracking":false,"_monsterinsights_sitenote_active":false,"_monsterinsights_sitenote_note":"","_monsterinsights_sitenote_category":0},"_links":{"self":[{"href":"https:\/\/cachoeiradoc.com.br\/festival\/wp-json\/wp\/v2\/pages\/7121"}],"collection":[{"href":"https:\/\/cachoeiradoc.com.br\/festival\/wp-json\/wp\/v2\/pages"}],"about":[{"href":"https:\/\/cachoeiradoc.com.br\/festival\/wp-json\/wp\/v2\/types\/page"}],"author":[{"embeddable":true,"href":"https:\/\/cachoeiradoc.com.br\/festival\/wp-json\/wp\/v2\/users\/1"}],"replies":[{"embeddable":true,"href":"https:\/\/cachoeiradoc.com.br\/festival\/wp-json\/wp\/v2\/comments?post=7121"}],"version-history":[{"count":43,"href":"https:\/\/cachoeiradoc.com.br\/festival\/wp-json\/wp\/v2\/pages\/7121\/revisions"}],"predecessor-version":[{"id":7579,"href":"https:\/\/cachoeiradoc.com.br\/festival\/wp-json\/wp\/v2\/pages\/7121\/revisions\/7579"}],"wp:attachment":[{"href":"https:\/\/cachoeiradoc.com.br\/festival\/wp-json\/wp\/v2\/media?parent=7121"}],"curies":[{"name":"wp","href":"https:\/\/api.w.org\/{rel}","templated":true}]}}