{"id":6976,"date":"2020-12-01T13:03:20","date_gmt":"2020-12-01T16:03:20","guid":{"rendered":"http:\/\/cachoeiradoc.com.br\/festival\/?page_id=6976"},"modified":"2020-12-07T14:11:28","modified_gmt":"2020-12-07T17:11:28","slug":"programa4","status":"publish","type":"page","link":"https:\/\/cachoeiradoc.com.br\/festival\/mostra-de-documentarios-brasileiros\/programa4\/","title":{"rendered":"Programa 4"},"content":{"rendered":"[vc_row type=&#8221;in_container&#8221; full_screen_row_position=&#8221;middle&#8221; column_margin=&#8221;default&#8221; column_direction=&#8221;default&#8221; column_direction_tablet=&#8221;default&#8221; column_direction_phone=&#8221;default&#8221; scene_position=&#8221;center&#8221; text_color=&#8221;dark&#8221; text_align=&#8221;left&#8221; row_border_radius=&#8221;none&#8221; row_border_radius_applies=&#8221;bg&#8221; overlay_strength=&#8221;0.3&#8243; gradient_direction=&#8221;left_to_right&#8221; shape_divider_position=&#8221;bottom&#8221; bg_image_animation=&#8221;none&#8221; shape_type=&#8221;&#8221;][vc_column column_padding=&#8221;no-extra-padding&#8221; column_padding_tablet=&#8221;inherit&#8221; column_padding_phone=&#8221;inherit&#8221; column_padding_position=&#8221;all&#8221; background_color_opacity=&#8221;1&#8243; background_hover_color_opacity=&#8221;1&#8243; column_shadow=&#8221;none&#8221; column_border_radius=&#8221;none&#8221; column_link_target=&#8221;_self&#8221; gradient_direction=&#8221;left_to_right&#8221; overlay_strength=&#8221;0.3&#8243; width=&#8221;1\/1&#8243; tablet_width_inherit=&#8221;default&#8221; tablet_text_alignment=&#8221;default&#8221; phone_text_alignment=&#8221;default&#8221; column_border_width=&#8221;none&#8221; column_border_style=&#8221;solid&#8221; bg_image_animation=&#8221;none&#8221;][vc_column_text]\n<h2><b>\u201cToda articula\u00e7\u00e3o pol\u00edtica \u00e9 fic\u00e7\u00e3o cient\u00edfica\u201d<\/b><span style=\"font-weight: 400;\"><a href=\"#*\">*<\/a><\/span><\/h2>\n[\/vc_column_text][vc_column_text]\n<p style=\"text-align: right;\"><em>por Evelyn Sacramento, K\u00eania Freitas e Ramayana Lira<\/em><\/p>\n[\/vc_column_text][vc_column_text]<span style=\"font-weight: 400;\">A constela\u00e7\u00e3o de filmes aqui proposta nos desafia a pensar nos confins das imagens e dos sons e de n\u00f3s mesmos. Filmes que de maneiras subterr\u00e2neas e\/ou explosivas vislumbram futuros &#8212; e os seus depois e os seus antes (o sempre-j\u00e1 l\u00e1). Especulam um Brasil que n\u00e3o existe e, n\u00e3o existindo, permanece e se reinventa. Hiperficcionalizando e abrindo a ideia do document\u00e1rio como registro do real para tamb\u00e9m tratar do hiper, do intra e do sub, que atravessam as nossas realidades. \u00a0 \u00a0 <\/span>[\/vc_column_text][vc_column_text]\n<h3><b>Sess\u00e3o 11 &#8211;\u00a0 <\/b><b>\u201c<\/b><b>Vibra o vazio no invis\u00edvel movimento<\/b><b>\u201d<span style=\"font-weight: 400;\"><a href=\"#*\">**<\/a><\/span><\/b><\/h3>\n[\/vc_column_text][vc_column_text]<i><span style=\"font-weight: 400;\">Obatala film<\/span><\/i><span style=\"font-weight: 400;\"> (Sebastian Wiedemann) e <\/span><i><span style=\"font-weight: 400;\">POPXOP <\/span><\/i><span style=\"font-weight: 400;\">(Natalino Maxakali e Ana Estrela) celebram e se oferecem como narrativas de cria\u00e7\u00e3o e cura do mundo &#8212; com fa\u00edscas de luz, escurid\u00e3o, auroras; cantos-encantadores e percuss\u00e3o. <\/span><i><span style=\"font-weight: 400;\">POPXOP <\/span><\/i><span style=\"font-weight: 400;\">acompanha o ritual Maxakali dos esp\u00edritos-macacos, pontuado pelo recontar dos mitos. Reafirmando o cinema como espa\u00e7o para a partilha das experi\u00eancias dos eventos-encontros, <\/span><i><span style=\"font-weight: 400;\">POPXOP<\/span><\/i><span style=\"font-weight: 400;\"> permite a imers\u00e3o no jogo de aparecer\/esconder, demandando uma conex\u00e3o com a imagem que, ao mesmo tempo, materializa e reinventa uma cosmologia. <\/span><i><span style=\"font-weight: 400;\">Obatala film<\/span><\/i><span style=\"font-weight: 400;\">, um &#8220;filme-oferenda&#8221;, tamb\u00e9m aposta nas estrat\u00e9gias da luminesc\u00eancia e do ritual para criar uma experi\u00eancia sensorial que se aproxime de uma experi\u00eancia de conex\u00e3o espiritual. Os dois filmes nos permitem pensar e sentir a pot\u00eancia da imagem e do som para invocar cosmologias e fazer vibrar o corpo. Ao mesmo tempo, s\u00e3o document\u00e1rios em que reverberam os limites entre o sagrado e o segredo, o que se d\u00e1 a possibilidade de imagear (e o que n\u00e3o), criando presen\u00e7as ativas do invis\u00edvel.\u00a0 <\/span>[\/vc_column_text]\t\t\t\t\r\n\t\t\t\t\r\n\t\t\t\t\r\n\t\t\t\t<div class=\"portfolio-wrap \">\r\n\t\t\t\t\t\r\n\t\t\t\t\t\t\t\t\t\t\r\n\t\t\t\t\t<span class=\"portfolio-loading  none\">   <\/span>\r\n\t\t\t\t\t\r\n\t\t\t\t\t\t\t\t\t\t\r\n\t\t\t\t\t<div class=\"row portfolio-items no-masonry  \" data-rcp=\"false\" data-masonry-type=\"default\" data-ps=\"1\" data-starting-filter=\"\" data-gutter=\"default\" data-categories-to-show=\"vibra-o-vazio-no-invisivel-movimento\" data-bypass-cropping=\"\" data-lightbox-only=\"0\" data-col-num=\"cols-4\">\r\n\t\t\t\t\t\t\t\t\t\t\t\t\r\n\t\t\t\t\t\t\t\t\t\t\t\t\r\n\t\t\t\t\t\t<div class=\"col span_3  element toda-articulacao-politica-e-ficcao-cientifica vibra-o-vazio-no-invisivel-movimento \"  data-project-cat=\"toda-articulacao-politica-e-ficcao-cientifica vibra-o-vazio-no-invisivel-movimento \" data-default-color=\"true\" data-title-color=\"\" data-subtitle-color=\"\">\r\n\t\t\t\t\t\t\t\r\n\t\t\t\t\t\t\t<div class=\"inner-wrap animated\" data-animation=\"none\">\r\n\t\t\t\t\t\t\t\t\r\n\t\t\t\t\t\t\t\t\t\t\t\t\t\t\t\t\t\r\n\t\t\t\t\t\t\t\t\t<div class=\"work-item style-1\" data-custom-content=\"off\">\r\n\t\t\t\t\t\t\t\t\t\t\r\n\t\t\t\t\t\t\t\t\t\t<img class=\"size- skip-lazy\" src=\"https:\/\/cachoeiradoc.com.br\/festival\/wp-content\/uploads\/2020\/12\/Obatala-film-01-600x403.jpg\" alt=\"\" height=\"403\" width=\"600\" srcset=\"https:\/\/cachoeiradoc.com.br\/festival\/wp-content\/uploads\/2020\/12\/Obatala-film-01-900x604.jpg 900w, https:\/\/cachoeiradoc.com.br\/festival\/wp-content\/uploads\/2020\/12\/Obatala-film-01-600x403.jpg 600w, https:\/\/cachoeiradoc.com.br\/festival\/wp-content\/uploads\/2020\/12\/Obatala-film-01-400x269.jpg 400w\" sizes=\"(min-width: 1000px) 25vw, (min-width: 690px) 50vw, 100vw\" \/>\t\t\t\t\t\t\t\t\t\t\r\n\t\t\t\t\t\t\t\t\t\t<div class=\"work-info-bg\"><\/div>\r\n\t\t\t\t\t\t\t\t\t\t<div class=\"work-info\"> \r\n\t\t\t\t\t\t\t\t\t\t\t\r\n\t\t\t\t\t\t\t\t\t\t\t\t\t\t\t\t\t\t\t\t\t\t\t\r\n\t\t\t\t\t\t\t\t\t\t\t\t<div class=\"vert-center\">\r\n\t\t\t\t\t\t\t\t\t\t\t\t\t<a href=\"https:\/\/cachoeiradoc.com.br\/festival\/wp-content\/uploads\/2020\/12\/Obatala-film-01.jpg\" class=\"pretty_photo default-link\">Ampliar imagem<\/a> <a class=\"default-link\" href=\"https:\/\/cachoeiradoc.com.br\/festival\/filmes\/obatala-film\/\">Informa\u00e7\u00f5es<\/a>\t\t\t\t\t\t\t\t\t\t\t\t\t\r\n\t\t\t\t\t\t\t\t\t\t\t\t<\/div><!--\/vert-center-->\r\n\t\t\t\t\t\t\t\t\t\t\t<\/div>\r\n\t\t\t\t\t\t\t\t\t\t<\/div><!--\/work-item-->\r\n\t\t\t\t\t\t\t\t\t\t\r\n\t\t\t\t\t\t\t\t\t\t<div class=\"work-meta\">\r\n\t\t\t\t\t\t\t\t\t\t\t<h4 class=\"title\">Obatala film (Minas Gerais, 2019, 7 min.), de Sebastian Wiedemann<\/h4>\r\n\t\t\t\t\t\t\t\t\t\t\t\r\n\t\t\t\t\t\t\t\t\t\t\t\t\t\t\t\t\t\t\t\t\t\t\r\n\t\t\t\t\t\t\t\t\t\t<\/div>\r\n\t\t\t\t\t\t\t\t\t\t<div class=\"nectar-love-wrap\">\r\n\t\t\t\t\t\t\t\t\t\t\t\t\t\t\t\t\t\t\t\t\t<\/div><!--\/nectar-love-wrap-->\t\r\n\t\t\t\t\t\t\t\t\t\t\r\n\t\t\t\t\t\t\t\t\t\t\t\t\t\t\t\t\t\r\n\t\t\t\t\t\t\t\t\r\n\t\t\t\t\t\t\t<\/div><!--\/inner-wrap-->\r\n\t\t\t\t\t\t<\/div><!--\/col-->\r\n\t\t\t\t\t\t\r\n\t\t\t\t\t\t\t\t\t\t\t\r\n\t\t\t\t\t\t\t\t\t\t\t\t\r\n\t\t\t\t\t\t<div class=\"col span_3  element toda-articulacao-politica-e-ficcao-cientifica vibra-o-vazio-no-invisivel-movimento \"  data-project-cat=\"toda-articulacao-politica-e-ficcao-cientifica vibra-o-vazio-no-invisivel-movimento \" data-default-color=\"true\" data-title-color=\"\" data-subtitle-color=\"\">\r\n\t\t\t\t\t\t\t\r\n\t\t\t\t\t\t\t<div class=\"inner-wrap animated\" data-animation=\"none\">\r\n\t\t\t\t\t\t\t\t\r\n\t\t\t\t\t\t\t\t\t\t\t\t\t\t\t\t\t\r\n\t\t\t\t\t\t\t\t\t<div class=\"work-item style-1\" data-custom-content=\"off\">\r\n\t\t\t\t\t\t\t\t\t\t\r\n\t\t\t\t\t\t\t\t\t\t<img class=\"size- skip-lazy\" src=\"https:\/\/cachoeiradoc.com.br\/festival\/wp-content\/uploads\/2020\/12\/POPXOP-01-600x403.jpg\" alt=\"\" height=\"403\" width=\"600\" srcset=\"https:\/\/cachoeiradoc.com.br\/festival\/wp-content\/uploads\/2020\/12\/POPXOP-01-900x604.jpg 900w, https:\/\/cachoeiradoc.com.br\/festival\/wp-content\/uploads\/2020\/12\/POPXOP-01-600x403.jpg 600w, https:\/\/cachoeiradoc.com.br\/festival\/wp-content\/uploads\/2020\/12\/POPXOP-01-400x269.jpg 400w\" sizes=\"(min-width: 1000px) 25vw, (min-width: 690px) 50vw, 100vw\" \/>\t\t\t\t\t\t\t\t\t\t\r\n\t\t\t\t\t\t\t\t\t\t<div class=\"work-info-bg\"><\/div>\r\n\t\t\t\t\t\t\t\t\t\t<div class=\"work-info\"> \r\n\t\t\t\t\t\t\t\t\t\t\t\r\n\t\t\t\t\t\t\t\t\t\t\t\t\t\t\t\t\t\t\t\t\t\t\t\r\n\t\t\t\t\t\t\t\t\t\t\t\t<div class=\"vert-center\">\r\n\t\t\t\t\t\t\t\t\t\t\t\t\t<a href=\"https:\/\/cachoeiradoc.com.br\/festival\/wp-content\/uploads\/2020\/12\/POPXOP-01.jpg\" class=\"pretty_photo default-link\">Ampliar imagem<\/a> <a class=\"default-link\" href=\"https:\/\/cachoeiradoc.com.br\/festival\/filmes\/popxop\/\">Informa\u00e7\u00f5es<\/a>\t\t\t\t\t\t\t\t\t\t\t\t\t\r\n\t\t\t\t\t\t\t\t\t\t\t\t<\/div><!--\/vert-center-->\r\n\t\t\t\t\t\t\t\t\t\t\t<\/div>\r\n\t\t\t\t\t\t\t\t\t\t<\/div><!--\/work-item-->\r\n\t\t\t\t\t\t\t\t\t\t\r\n\t\t\t\t\t\t\t\t\t\t<div class=\"work-meta\">\r\n\t\t\t\t\t\t\t\t\t\t\t<h4 class=\"title\">POPXOP (Minas Gerais, 2019, 102 min.), de Natalino Maxakali e Ana Estrela<\/h4>\r\n\t\t\t\t\t\t\t\t\t\t\t\r\n\t\t\t\t\t\t\t\t\t\t\t\t\t\t\t\t\t\t\t\t\t\t\r\n\t\t\t\t\t\t\t\t\t\t<\/div>\r\n\t\t\t\t\t\t\t\t\t\t<div class=\"nectar-love-wrap\">\r\n\t\t\t\t\t\t\t\t\t\t\t\t\t\t\t\t\t\t\t\t\t<\/div><!--\/nectar-love-wrap-->\t\r\n\t\t\t\t\t\t\t\t\t\t\r\n\t\t\t\t\t\t\t\t\t\t\t\t\t\t\t\t\t\r\n\t\t\t\t\t\t\t\t\r\n\t\t\t\t\t\t\t<\/div><!--\/inner-wrap-->\r\n\t\t\t\t\t\t<\/div><!--\/col-->\r\n\t\t\t\t\t\t\r\n\t\t\t\t\t\t\t\t\t\t\r\n\t\t\t\t<\/div><!--\/portfolio-->\r\n\t\t\t<\/div><!--\/portfolio wrap-->\r\n\t\t\t\r\n\t\t\t[vc_column_text]\n<h5>Dispon\u00edveis online entre 12 e 20\/12.<\/h5>\n[\/vc_column_text][divider line_type=&#8221;Full Width Line&#8221; line_thickness=&#8221;1&#8243; divider_color=&#8221;default&#8221;][vc_column_text]\n<h3><b>Sess\u00e3o 12 &#8211; <\/b><b>\u201cAs naves pousaram anos atr\u00e1s\u201d<a href=\"#*\">***<\/a><\/b><\/h3>\n[\/vc_column_text][vc_column_text]<i><span style=\"font-weight: 400;\">A Cristaliza\u00e7\u00e3o de Bras\u00edlia <\/span><\/i><span style=\"font-weight: 400;\">(Guerreiro do Divino Amor), <\/span><i><span style=\"font-weight: 400;\">Reduto <\/span><\/i><span style=\"font-weight: 400;\">(Michel Santos),<\/span><i><span style=\"font-weight: 400;\"> Invas\u00e3o Espacial<\/span><\/i><span style=\"font-weight: 400;\"> (Thiago Foresti) e <\/span><i><span style=\"font-weight: 400;\">VAZ\u00c3O<\/span><\/i><span style=\"font-weight: 400;\"> (Cecilia Assy e Marcia Rezende) transitam entre a hiperfic\u00e7\u00e3o, o escrache, o realismo m\u00e1gico e a experimenta\u00e7\u00e3o para se interrogarem sobre os encontros imposs\u00edveis entre o absurdo e o belo, o geol\u00f3gico e as espa\u00e7onaves (que hoje s\u00e3o foguetes, mas j\u00e1 foram caravelas &#8211; e ainda desapropriam tudo ao redor). S\u00e3o filmes que confrontam a mentira fundadora colonial do mito Brasil. Em a <\/span><i><span style=\"font-weight: 400;\">A Cristaliza\u00e7\u00e3o de Bras\u00edlia <\/span><\/i><span style=\"font-weight: 400;\">a capital federal<\/span> <span style=\"font-weight: 400;\">\u00e9 desnudada pelo ac\u00famulo de imagens e narrativas que a cercam: desbravamento bandeirante, centro de poder, promessa do recome\u00e7o no vazio, charlatanismo <\/span><i><span style=\"font-weight: 400;\">new age. <\/span><\/i><span style=\"font-weight: 400;\">No filme tudo \u00e9 excesso e, ainda assim, n\u00e3o t\u00e3o falso quanto o que se considera a vers\u00e3o oficial. Excesso que tamb\u00e9m transborda em <\/span><i><span style=\"font-weight: 400;\">Reduto, <\/span><\/i><span style=\"font-weight: 400;\">que nos situa dentro do pesadelo do agro \u00e9 pop &#8211; \u201co sul do pa\u00eds na Bahia\u201d. Por meio do estranhamento e recusa da pr\u00f3pria narrativa familiar, o document\u00e1rio busca um reencantamento pelo singelo e pelo poss\u00edvel contra o grotesco. Em <\/span><i><span style=\"font-weight: 400;\">Invas\u00e3o Espacial<\/span><\/i><span style=\"font-weight: 400;\"> e <\/span><i><span style=\"font-weight: 400;\">VAZ\u00c3O <\/span><\/i><span style=\"font-weight: 400;\">o projeto desenvolvimentista industrial e militar atravessa e invade de forma ins\u00f3lita a vida das pessoas, dos rios, dos bichos, da floresta. S\u00e3o filmes que partem da investiga\u00e7\u00e3o sobre a expropria\u00e7\u00e3o e os projetos de poder para abordar as nossas distopias em curso.<\/span>[\/vc_column_text]\t\t\t\t\r\n\t\t\t\t\r\n\t\t\t\t\r\n\t\t\t\t<div class=\"portfolio-wrap \">\r\n\t\t\t\t\t\r\n\t\t\t\t\t\t\t\t\t\t\r\n\t\t\t\t\t<span class=\"portfolio-loading  none\">   <\/span>\r\n\t\t\t\t\t\r\n\t\t\t\t\t\t\t\t\t\t\r\n\t\t\t\t\t<div class=\"row portfolio-items no-masonry  \" data-rcp=\"false\" data-masonry-type=\"default\" data-ps=\"1\" data-starting-filter=\"\" data-gutter=\"default\" data-categories-to-show=\"as-naves-pousaram-anos-atras\" data-bypass-cropping=\"\" data-lightbox-only=\"0\" data-col-num=\"cols-4\">\r\n\t\t\t\t\t\t\t\t\t\t\t\t\r\n\t\t\t\t\t\t\t\t\t\t\t\t\r\n\t\t\t\t\t\t<div class=\"col span_3  element as-naves-pousaram-anos-atras toda-articulacao-politica-e-ficcao-cientifica \"  data-project-cat=\"as-naves-pousaram-anos-atras toda-articulacao-politica-e-ficcao-cientifica \" data-default-color=\"true\" data-title-color=\"\" data-subtitle-color=\"\">\r\n\t\t\t\t\t\t\t\r\n\t\t\t\t\t\t\t<div class=\"inner-wrap animated\" data-animation=\"none\">\r\n\t\t\t\t\t\t\t\t\r\n\t\t\t\t\t\t\t\t\t\t\t\t\t\t\t\t\t\r\n\t\t\t\t\t\t\t\t\t<div class=\"work-item style-1\" data-custom-content=\"off\">\r\n\t\t\t\t\t\t\t\t\t\t\r\n\t\t\t\t\t\t\t\t\t\t<img class=\"size- skip-lazy\" src=\"https:\/\/cachoeiradoc.com.br\/festival\/wp-content\/uploads\/2020\/12\/A-Cristalizacao-de-Brasilia-01-600x403.jpg\" alt=\"\" height=\"403\" width=\"600\" srcset=\"https:\/\/cachoeiradoc.com.br\/festival\/wp-content\/uploads\/2020\/12\/A-Cristalizacao-de-Brasilia-01-900x604.jpg 900w, https:\/\/cachoeiradoc.com.br\/festival\/wp-content\/uploads\/2020\/12\/A-Cristalizacao-de-Brasilia-01-600x403.jpg 600w, https:\/\/cachoeiradoc.com.br\/festival\/wp-content\/uploads\/2020\/12\/A-Cristalizacao-de-Brasilia-01-400x269.jpg 400w\" sizes=\"(min-width: 1000px) 25vw, (min-width: 690px) 50vw, 100vw\" \/>\t\t\t\t\t\t\t\t\t\t\r\n\t\t\t\t\t\t\t\t\t\t<div class=\"work-info-bg\"><\/div>\r\n\t\t\t\t\t\t\t\t\t\t<div class=\"work-info\"> \r\n\t\t\t\t\t\t\t\t\t\t\t\r\n\t\t\t\t\t\t\t\t\t\t\t\t\t\t\t\t\t\t\t\t\t\t\t\r\n\t\t\t\t\t\t\t\t\t\t\t\t<div class=\"vert-center\">\r\n\t\t\t\t\t\t\t\t\t\t\t\t\t<a href=\"https:\/\/cachoeiradoc.com.br\/festival\/wp-content\/uploads\/2020\/12\/A-Cristalizacao-de-Brasilia-01.jpg\" class=\"pretty_photo default-link\">Ampliar imagem<\/a> <a class=\"default-link\" href=\"https:\/\/cachoeiradoc.com.br\/festival\/filmes\/a-cristalizacao-de-brasilia-distrito-federal\/\">Informa\u00e7\u00f5es<\/a>\t\t\t\t\t\t\t\t\t\t\t\t\t\r\n\t\t\t\t\t\t\t\t\t\t\t\t<\/div><!--\/vert-center-->\r\n\t\t\t\t\t\t\t\t\t\t\t<\/div>\r\n\t\t\t\t\t\t\t\t\t\t<\/div><!--\/work-item-->\r\n\t\t\t\t\t\t\t\t\t\t\r\n\t\t\t\t\t\t\t\t\t\t<div class=\"work-meta\">\r\n\t\t\t\t\t\t\t\t\t\t\t<h4 class=\"title\">A Cristaliza\u00e7\u00e3o de Bras\u00edlia (Distrito Federal, 2019, 7 min.), de Guerreiro do Divino Amor<\/h4>\r\n\t\t\t\t\t\t\t\t\t\t\t\r\n\t\t\t\t\t\t\t\t\t\t\t\t\t\t\t\t\t\t\t\t\t\t\r\n\t\t\t\t\t\t\t\t\t\t<\/div>\r\n\t\t\t\t\t\t\t\t\t\t<div class=\"nectar-love-wrap\">\r\n\t\t\t\t\t\t\t\t\t\t\t\t\t\t\t\t\t\t\t\t\t<\/div><!--\/nectar-love-wrap-->\t\r\n\t\t\t\t\t\t\t\t\t\t\r\n\t\t\t\t\t\t\t\t\t\t\t\t\t\t\t\t\t\r\n\t\t\t\t\t\t\t\t\r\n\t\t\t\t\t\t\t<\/div><!--\/inner-wrap-->\r\n\t\t\t\t\t\t<\/div><!--\/col-->\r\n\t\t\t\t\t\t\r\n\t\t\t\t\t\t\t\t\t\t\t\r\n\t\t\t\t\t\t\t\t\t\t\t\t\r\n\t\t\t\t\t\t<div class=\"col span_3  element as-naves-pousaram-anos-atras toda-articulacao-politica-e-ficcao-cientifica \"  data-project-cat=\"as-naves-pousaram-anos-atras toda-articulacao-politica-e-ficcao-cientifica \" data-default-color=\"true\" data-title-color=\"\" data-subtitle-color=\"\">\r\n\t\t\t\t\t\t\t\r\n\t\t\t\t\t\t\t<div class=\"inner-wrap animated\" data-animation=\"none\">\r\n\t\t\t\t\t\t\t\t\r\n\t\t\t\t\t\t\t\t\t\t\t\t\t\t\t\t\t\r\n\t\t\t\t\t\t\t\t\t<div class=\"work-item style-1\" data-custom-content=\"off\">\r\n\t\t\t\t\t\t\t\t\t\t\r\n\t\t\t\t\t\t\t\t\t\t<img class=\"size- skip-lazy\" src=\"https:\/\/cachoeiradoc.com.br\/festival\/wp-content\/uploads\/2020\/12\/Reduto-01-600x403.jpg\" alt=\"\" height=\"403\" width=\"600\" srcset=\"https:\/\/cachoeiradoc.com.br\/festival\/wp-content\/uploads\/2020\/12\/Reduto-01-900x604.jpg 900w, https:\/\/cachoeiradoc.com.br\/festival\/wp-content\/uploads\/2020\/12\/Reduto-01-600x403.jpg 600w, https:\/\/cachoeiradoc.com.br\/festival\/wp-content\/uploads\/2020\/12\/Reduto-01-400x269.jpg 400w\" sizes=\"(min-width: 1000px) 25vw, (min-width: 690px) 50vw, 100vw\" \/>\t\t\t\t\t\t\t\t\t\t\r\n\t\t\t\t\t\t\t\t\t\t<div class=\"work-info-bg\"><\/div>\r\n\t\t\t\t\t\t\t\t\t\t<div class=\"work-info\"> \r\n\t\t\t\t\t\t\t\t\t\t\t\r\n\t\t\t\t\t\t\t\t\t\t\t\t\t\t\t\t\t\t\t\t\t\t\t\r\n\t\t\t\t\t\t\t\t\t\t\t\t<div class=\"vert-center\">\r\n\t\t\t\t\t\t\t\t\t\t\t\t\t<a href=\"https:\/\/cachoeiradoc.com.br\/festival\/wp-content\/uploads\/2020\/12\/Reduto-01.jpg\" class=\"pretty_photo default-link\">Ampliar imagem<\/a> <a class=\"default-link\" href=\"https:\/\/cachoeiradoc.com.br\/festival\/filmes\/reduto\/\">Informa\u00e7\u00f5es<\/a>\t\t\t\t\t\t\t\t\t\t\t\t\t\r\n\t\t\t\t\t\t\t\t\t\t\t\t<\/div><!--\/vert-center-->\r\n\t\t\t\t\t\t\t\t\t\t\t<\/div>\r\n\t\t\t\t\t\t\t\t\t\t<\/div><!--\/work-item-->\r\n\t\t\t\t\t\t\t\t\t\t\r\n\t\t\t\t\t\t\t\t\t\t<div class=\"work-meta\">\r\n\t\t\t\t\t\t\t\t\t\t\t<h4 class=\"title\">Reduto (Bahia, 2020, 13 min.), de Michel Santos<\/h4>\r\n\t\t\t\t\t\t\t\t\t\t\t\r\n\t\t\t\t\t\t\t\t\t\t\t\t\t\t\t\t\t\t\t\t\t\t\r\n\t\t\t\t\t\t\t\t\t\t<\/div>\r\n\t\t\t\t\t\t\t\t\t\t<div class=\"nectar-love-wrap\">\r\n\t\t\t\t\t\t\t\t\t\t\t\t\t\t\t\t\t\t\t\t\t<\/div><!--\/nectar-love-wrap-->\t\r\n\t\t\t\t\t\t\t\t\t\t\r\n\t\t\t\t\t\t\t\t\t\t\t\t\t\t\t\t\t\r\n\t\t\t\t\t\t\t\t\r\n\t\t\t\t\t\t\t<\/div><!--\/inner-wrap-->\r\n\t\t\t\t\t\t<\/div><!--\/col-->\r\n\t\t\t\t\t\t\r\n\t\t\t\t\t\t\t\t\t\t\t\r\n\t\t\t\t\t\t\t\t\t\t\t\t\r\n\t\t\t\t\t\t<div class=\"col span_3  element as-naves-pousaram-anos-atras toda-articulacao-politica-e-ficcao-cientifica \"  data-project-cat=\"as-naves-pousaram-anos-atras toda-articulacao-politica-e-ficcao-cientifica \" data-default-color=\"true\" data-title-color=\"\" data-subtitle-color=\"\">\r\n\t\t\t\t\t\t\t\r\n\t\t\t\t\t\t\t<div class=\"inner-wrap animated\" data-animation=\"none\">\r\n\t\t\t\t\t\t\t\t\r\n\t\t\t\t\t\t\t\t\t\t\t\t\t\t\t\t\t\r\n\t\t\t\t\t\t\t\t\t<div class=\"work-item style-1\" data-custom-content=\"off\">\r\n\t\t\t\t\t\t\t\t\t\t\r\n\t\t\t\t\t\t\t\t\t\t<img class=\"size- skip-lazy\" src=\"https:\/\/cachoeiradoc.com.br\/festival\/wp-content\/uploads\/2020\/12\/Invasao-espacial-02-600x403.jpg\" alt=\"\" height=\"403\" width=\"600\" srcset=\"https:\/\/cachoeiradoc.com.br\/festival\/wp-content\/uploads\/2020\/12\/Invasao-espacial-02-900x604.jpg 900w, https:\/\/cachoeiradoc.com.br\/festival\/wp-content\/uploads\/2020\/12\/Invasao-espacial-02-600x403.jpg 600w, https:\/\/cachoeiradoc.com.br\/festival\/wp-content\/uploads\/2020\/12\/Invasao-espacial-02-400x269.jpg 400w\" sizes=\"(min-width: 1000px) 25vw, (min-width: 690px) 50vw, 100vw\" \/>\t\t\t\t\t\t\t\t\t\t\r\n\t\t\t\t\t\t\t\t\t\t<div class=\"work-info-bg\"><\/div>\r\n\t\t\t\t\t\t\t\t\t\t<div class=\"work-info\"> \r\n\t\t\t\t\t\t\t\t\t\t\t\r\n\t\t\t\t\t\t\t\t\t\t\t\t\t\t\t\t\t\t\t\t\t\t\t\r\n\t\t\t\t\t\t\t\t\t\t\t\t<div class=\"vert-center\">\r\n\t\t\t\t\t\t\t\t\t\t\t\t\t<a href=\"https:\/\/cachoeiradoc.com.br\/festival\/wp-content\/uploads\/2020\/12\/Invasao-espacial-02-scaled.jpg\" class=\"pretty_photo default-link\">Ampliar imagem<\/a> <a class=\"default-link\" href=\"https:\/\/cachoeiradoc.com.br\/festival\/filmes\/invasao-espacial\/\">Informa\u00e7\u00f5es<\/a>\t\t\t\t\t\t\t\t\t\t\t\t\t\r\n\t\t\t\t\t\t\t\t\t\t\t\t<\/div><!--\/vert-center-->\r\n\t\t\t\t\t\t\t\t\t\t\t<\/div>\r\n\t\t\t\t\t\t\t\t\t\t<\/div><!--\/work-item-->\r\n\t\t\t\t\t\t\t\t\t\t\r\n\t\t\t\t\t\t\t\t\t\t<div class=\"work-meta\">\r\n\t\t\t\t\t\t\t\t\t\t\t<h4 class=\"title\">Invas\u00e3o Espacial (Distrito Federal, 2019, 15 min.), de Thiago Foresti<\/h4>\r\n\t\t\t\t\t\t\t\t\t\t\t\r\n\t\t\t\t\t\t\t\t\t\t\t\t\t\t\t\t\t\t\t\t\t\t\r\n\t\t\t\t\t\t\t\t\t\t<\/div>\r\n\t\t\t\t\t\t\t\t\t\t<div class=\"nectar-love-wrap\">\r\n\t\t\t\t\t\t\t\t\t\t\t\t\t\t\t\t\t\t\t\t\t<\/div><!--\/nectar-love-wrap-->\t\r\n\t\t\t\t\t\t\t\t\t\t\r\n\t\t\t\t\t\t\t\t\t\t\t\t\t\t\t\t\t\r\n\t\t\t\t\t\t\t\t\r\n\t\t\t\t\t\t\t<\/div><!--\/inner-wrap-->\r\n\t\t\t\t\t\t<\/div><!--\/col-->\r\n\t\t\t\t\t\t\r\n\t\t\t\t\t\t\t\t\t\t\t\r\n\t\t\t\t\t\t\t\t\t\t\t\t\r\n\t\t\t\t\t\t<div class=\"col span_3  element as-naves-pousaram-anos-atras toda-articulacao-politica-e-ficcao-cientifica \"  data-project-cat=\"as-naves-pousaram-anos-atras toda-articulacao-politica-e-ficcao-cientifica \" data-default-color=\"true\" data-title-color=\"\" data-subtitle-color=\"\">\r\n\t\t\t\t\t\t\t\r\n\t\t\t\t\t\t\t<div class=\"inner-wrap animated\" data-animation=\"none\">\r\n\t\t\t\t\t\t\t\t\r\n\t\t\t\t\t\t\t\t\t\t\t\t\t\t\t\t\t\r\n\t\t\t\t\t\t\t\t\t<div class=\"work-item style-1\" data-custom-content=\"off\">\r\n\t\t\t\t\t\t\t\t\t\t\r\n\t\t\t\t\t\t\t\t\t\t<img class=\"size- skip-lazy\" src=\"https:\/\/cachoeiradoc.com.br\/festival\/wp-content\/uploads\/2020\/12\/Vazao-01-600x403.jpg\" alt=\"\" height=\"403\" width=\"600\" srcset=\"https:\/\/cachoeiradoc.com.br\/festival\/wp-content\/uploads\/2020\/12\/Vazao-01-900x604.jpg 900w, https:\/\/cachoeiradoc.com.br\/festival\/wp-content\/uploads\/2020\/12\/Vazao-01-600x403.jpg 600w, https:\/\/cachoeiradoc.com.br\/festival\/wp-content\/uploads\/2020\/12\/Vazao-01-400x269.jpg 400w\" sizes=\"(min-width: 1000px) 25vw, (min-width: 690px) 50vw, 100vw\" \/>\t\t\t\t\t\t\t\t\t\t\r\n\t\t\t\t\t\t\t\t\t\t<div class=\"work-info-bg\"><\/div>\r\n\t\t\t\t\t\t\t\t\t\t<div class=\"work-info\"> \r\n\t\t\t\t\t\t\t\t\t\t\t\r\n\t\t\t\t\t\t\t\t\t\t\t\t\t\t\t\t\t\t\t\t\t\t\t\r\n\t\t\t\t\t\t\t\t\t\t\t\t<div class=\"vert-center\">\r\n\t\t\t\t\t\t\t\t\t\t\t\t\t<a href=\"https:\/\/cachoeiradoc.com.br\/festival\/wp-content\/uploads\/2020\/12\/Vazao-01.jpg\" class=\"pretty_photo default-link\">Ampliar imagem<\/a> <a class=\"default-link\" href=\"https:\/\/cachoeiradoc.com.br\/festival\/filmes\/vazao\/\">Informa\u00e7\u00f5es<\/a>\t\t\t\t\t\t\t\t\t\t\t\t\t\r\n\t\t\t\t\t\t\t\t\t\t\t\t<\/div><!--\/vert-center-->\r\n\t\t\t\t\t\t\t\t\t\t\t<\/div>\r\n\t\t\t\t\t\t\t\t\t\t<\/div><!--\/work-item-->\r\n\t\t\t\t\t\t\t\t\t\t\r\n\t\t\t\t\t\t\t\t\t\t<div class=\"work-meta\">\r\n\t\t\t\t\t\t\t\t\t\t\t<h4 class=\"title\">VAZ\u00c3O (Pernambuco, 2019, 9 min.), de Cecilia Assy e Marcia Rezende<\/h4>\r\n\t\t\t\t\t\t\t\t\t\t\t\r\n\t\t\t\t\t\t\t\t\t\t\t\t\t\t\t\t\t\t\t\t\t\t\r\n\t\t\t\t\t\t\t\t\t\t<\/div>\r\n\t\t\t\t\t\t\t\t\t\t<div class=\"nectar-love-wrap\">\r\n\t\t\t\t\t\t\t\t\t\t\t\t\t\t\t\t\t\t\t\t\t<\/div><!--\/nectar-love-wrap-->\t\r\n\t\t\t\t\t\t\t\t\t\t\r\n\t\t\t\t\t\t\t\t\t\t\t\t\t\t\t\t\t\r\n\t\t\t\t\t\t\t\t\r\n\t\t\t\t\t\t\t<\/div><!--\/inner-wrap-->\r\n\t\t\t\t\t\t<\/div><!--\/col-->\r\n\t\t\t\t\t\t\r\n\t\t\t\t\t\t\t\t\t\t\r\n\t\t\t\t<\/div><!--\/portfolio-->\r\n\t\t\t<\/div><!--\/portfolio wrap-->\r\n\t\t\t\r\n\t\t\t[vc_column_text]\n<h5>Dispon\u00edveis online entre 12 e 20\/12.<\/h5>\n[\/vc_column_text][divider line_type=&#8221;Full Width Line&#8221; line_thickness=&#8221;1&#8243; divider_color=&#8221;default&#8221;][vc_column_text]\n<h3><b>Sess\u00e3o 13 &#8211;\u00a0 <\/b><b>\u201cA fuga s\u00f3 acontece porque \u00e9 imposs\u00edvel\u201d<a href=\"#*\">****<\/a><\/b><\/h3>\n[\/vc_column_text][vc_column_text]<i><span style=\"font-weight: 400;\">Lembrar daquilo que esqueci<\/span><\/i><span style=\"font-weight: 400;\"> (Castiel Vitorino Brasileiro), <\/span><i><span style=\"font-weight: 400;\">Rua Augusta, 1029<\/span><\/i><span style=\"font-weight: 400;\"> (Mirrah Ia\u00f1ez), <\/span><i><span style=\"font-weight: 400;\">Relatos Tecnopobres<\/span><\/i><span style=\"font-weight: 400;\"> (Jo\u00e3o Batista Gabriel Carvalho Silva) e <\/span><i><span style=\"font-weight: 400;\">Veias de Fogo <\/span><\/i><span style=\"font-weight: 400;\">(Coletivo &#8211; Carnaval no Inferno) costuram rotas de fuga: na cura, na a\u00e7\u00e3o pol\u00edtica e na alegria. Uma promessa feita ao av\u00f4 guia os percursos de cura em<\/span><i><span style=\"font-weight: 400;\"> Lembrar daquilo que esqueci. <\/span><\/i><span style=\"font-weight: 400;\">Uma cura processo e ritual, coletiva e individual, de um trauma brasileiro que nos funda. Cura que se articula na luta em <\/span><i><span style=\"font-weight: 400;\">Rua Augusta, 1029 <\/span><\/i><span style=\"font-weight: 400;\">e em <\/span><i><span style=\"font-weight: 400;\">Relatos Tecnopobres.<\/span><\/i> <span style=\"font-weight: 400;\">O primeiro, um filme imers\u00e3o que se implica est\u00e9tica e politicamente no processo de resist\u00eancia e cria\u00e7\u00e3o de mundo das ocupa\u00e7\u00f5es urbanas. E o segundo, uma carta do futuro das lutas subterr\u00e2neas j\u00e1 em curso no agora mesmo. Cura e luta encontram-se na festa em <\/span><i><span style=\"font-weight: 400;\">Veias de Fogo. <\/span><\/i><span style=\"font-weight: 400;\">Se a guerra est\u00e1 declarada e o apocalipse se aproxima, as dem\u00f4nyas est\u00e3o montadas e preparadas. Como na fuga musical, h\u00e1 um tema <\/span><span style=\"font-weight: 400;\">repetido nos filmes que se espraia pelas obras: o corpo. O<\/span><span style=\"font-weight: 400;\">s corpos s\u00e3o colocados no centro das d\u00favidas, ambiguidades, promessas e travessias que os filmes figuram. Vulner\u00e1veis e resistentes em <\/span><i><span style=\"font-weight: 400;\">Rua Augusta <\/span><\/i><span style=\"font-weight: 400;\">e <\/span><i><span style=\"font-weight: 400;\">Relatos Tecnopobres<\/span><\/i><span style=\"font-weight: 400;\">, ponto de conex\u00e3o com a ancestralidade em <\/span><i><span style=\"font-weight: 400;\">Lembrar daquilo que esqueci<\/span><\/i><span style=\"font-weight: 400;\"> e em furiosa vibra\u00e7\u00e3o de afirma\u00e7\u00e3o da vida em<\/span><i><span style=\"font-weight: 400;\"> Veias de Fogo<\/span><\/i><span style=\"font-weight: 400;\">.\u00a0<\/span><span style=\"font-weight: 400;\">\u00a0<\/span>[\/vc_column_text]\t\t\t\t\r\n\t\t\t\t\r\n\t\t\t\t\r\n\t\t\t\t<div class=\"portfolio-wrap \">\r\n\t\t\t\t\t\r\n\t\t\t\t\t\t\t\t\t\t\r\n\t\t\t\t\t<span class=\"portfolio-loading  none\">   <\/span>\r\n\t\t\t\t\t\r\n\t\t\t\t\t\t\t\t\t\t\r\n\t\t\t\t\t<div class=\"row portfolio-items no-masonry  \" data-rcp=\"false\" data-masonry-type=\"default\" data-ps=\"1\" data-starting-filter=\"\" data-gutter=\"default\" data-categories-to-show=\"a-fuga-so-acontece-porque-e-impossivel\" data-bypass-cropping=\"\" data-lightbox-only=\"0\" data-col-num=\"cols-4\">\r\n\t\t\t\t\t\t\t\t\t\t\t\t\r\n\t\t\t\t\t\t\t\t\t\t\t\t\r\n\t\t\t\t\t\t<div class=\"col span_3  element a-fuga-so-acontece-porque-e-impossivel toda-articulacao-politica-e-ficcao-cientifica \"  data-project-cat=\"a-fuga-so-acontece-porque-e-impossivel toda-articulacao-politica-e-ficcao-cientifica \" data-default-color=\"true\" data-title-color=\"\" data-subtitle-color=\"\">\r\n\t\t\t\t\t\t\t\r\n\t\t\t\t\t\t\t<div class=\"inner-wrap animated\" data-animation=\"none\">\r\n\t\t\t\t\t\t\t\t\r\n\t\t\t\t\t\t\t\t\t\t\t\t\t\t\t\t\t\r\n\t\t\t\t\t\t\t\t\t<div class=\"work-item style-1\" data-custom-content=\"off\">\r\n\t\t\t\t\t\t\t\t\t\t\r\n\t\t\t\t\t\t\t\t\t\t<img class=\"size- skip-lazy\" src=\"https:\/\/cachoeiradoc.com.br\/festival\/wp-content\/uploads\/2020\/12\/Lembrar-daquilo-que-esqueci-02-600x403.jpg\" alt=\"\" height=\"403\" width=\"600\" srcset=\"https:\/\/cachoeiradoc.com.br\/festival\/wp-content\/uploads\/2020\/12\/Lembrar-daquilo-que-esqueci-02-900x604.jpg 900w, https:\/\/cachoeiradoc.com.br\/festival\/wp-content\/uploads\/2020\/12\/Lembrar-daquilo-que-esqueci-02-600x403.jpg 600w, https:\/\/cachoeiradoc.com.br\/festival\/wp-content\/uploads\/2020\/12\/Lembrar-daquilo-que-esqueci-02-400x269.jpg 400w\" sizes=\"(min-width: 1000px) 25vw, (min-width: 690px) 50vw, 100vw\" \/>\t\t\t\t\t\t\t\t\t\t\r\n\t\t\t\t\t\t\t\t\t\t<div class=\"work-info-bg\"><\/div>\r\n\t\t\t\t\t\t\t\t\t\t<div class=\"work-info\"> \r\n\t\t\t\t\t\t\t\t\t\t\t\r\n\t\t\t\t\t\t\t\t\t\t\t\t\t\t\t\t\t\t\t\t\t\t\t\r\n\t\t\t\t\t\t\t\t\t\t\t\t<div class=\"vert-center\">\r\n\t\t\t\t\t\t\t\t\t\t\t\t\t<a href=\"https:\/\/cachoeiradoc.com.br\/festival\/wp-content\/uploads\/2020\/12\/Lembrar-daquilo-que-esqueci-02.jpg\" class=\"pretty_photo default-link\">Ampliar imagem<\/a> <a class=\"default-link\" href=\"https:\/\/cachoeiradoc.com.br\/festival\/filmes\/lembrar-daquilo-que-esqueci\/\">Informa\u00e7\u00f5es<\/a>\t\t\t\t\t\t\t\t\t\t\t\t\t\r\n\t\t\t\t\t\t\t\t\t\t\t\t<\/div><!--\/vert-center-->\r\n\t\t\t\t\t\t\t\t\t\t\t<\/div>\r\n\t\t\t\t\t\t\t\t\t\t<\/div><!--\/work-item-->\r\n\t\t\t\t\t\t\t\t\t\t\r\n\t\t\t\t\t\t\t\t\t\t<div class=\"work-meta\">\r\n\t\t\t\t\t\t\t\t\t\t\t<h4 class=\"title\">Lembrar daquilo que esqueci (Esp\u00edrito Santo, 2020, 20 min.), de Castiel Vitorino Brasileiro<\/h4>\r\n\t\t\t\t\t\t\t\t\t\t\t\r\n\t\t\t\t\t\t\t\t\t\t\t\t\t\t\t\t\t\t\t\t\t\t\r\n\t\t\t\t\t\t\t\t\t\t<\/div>\r\n\t\t\t\t\t\t\t\t\t\t<div class=\"nectar-love-wrap\">\r\n\t\t\t\t\t\t\t\t\t\t\t\t\t\t\t\t\t\t\t\t\t<\/div><!--\/nectar-love-wrap-->\t\r\n\t\t\t\t\t\t\t\t\t\t\r\n\t\t\t\t\t\t\t\t\t\t\t\t\t\t\t\t\t\r\n\t\t\t\t\t\t\t\t\r\n\t\t\t\t\t\t\t<\/div><!--\/inner-wrap-->\r\n\t\t\t\t\t\t<\/div><!--\/col-->\r\n\t\t\t\t\t\t\r\n\t\t\t\t\t\t\t\t\t\t\t\r\n\t\t\t\t\t\t\t\t\t\t\t\t\r\n\t\t\t\t\t\t<div class=\"col span_3  element a-fuga-so-acontece-porque-e-impossivel toda-articulacao-politica-e-ficcao-cientifica \"  data-project-cat=\"a-fuga-so-acontece-porque-e-impossivel toda-articulacao-politica-e-ficcao-cientifica \" data-default-color=\"true\" data-title-color=\"\" data-subtitle-color=\"\">\r\n\t\t\t\t\t\t\t\r\n\t\t\t\t\t\t\t<div class=\"inner-wrap animated\" data-animation=\"none\">\r\n\t\t\t\t\t\t\t\t\r\n\t\t\t\t\t\t\t\t\t\t\t\t\t\t\t\t\t\r\n\t\t\t\t\t\t\t\t\t<div class=\"work-item style-1\" data-custom-content=\"off\">\r\n\t\t\t\t\t\t\t\t\t\t\r\n\t\t\t\t\t\t\t\t\t\t<img class=\"size- skip-lazy\" src=\"https:\/\/cachoeiradoc.com.br\/festival\/wp-content\/uploads\/2020\/12\/Rua-Augusta-1029-imagem-01-600x403.jpg\" alt=\"\" height=\"403\" width=\"600\" srcset=\"https:\/\/cachoeiradoc.com.br\/festival\/wp-content\/uploads\/2020\/12\/Rua-Augusta-1029-imagem-01-900x604.jpg 900w, https:\/\/cachoeiradoc.com.br\/festival\/wp-content\/uploads\/2020\/12\/Rua-Augusta-1029-imagem-01-600x403.jpg 600w, https:\/\/cachoeiradoc.com.br\/festival\/wp-content\/uploads\/2020\/12\/Rua-Augusta-1029-imagem-01-400x269.jpg 400w\" sizes=\"(min-width: 1000px) 25vw, (min-width: 690px) 50vw, 100vw\" \/>\t\t\t\t\t\t\t\t\t\t\r\n\t\t\t\t\t\t\t\t\t\t<div class=\"work-info-bg\"><\/div>\r\n\t\t\t\t\t\t\t\t\t\t<div class=\"work-info\"> \r\n\t\t\t\t\t\t\t\t\t\t\t\r\n\t\t\t\t\t\t\t\t\t\t\t\t\t\t\t\t\t\t\t\t\t\t\t\r\n\t\t\t\t\t\t\t\t\t\t\t\t<div class=\"vert-center\">\r\n\t\t\t\t\t\t\t\t\t\t\t\t\t<a href=\"https:\/\/cachoeiradoc.com.br\/festival\/wp-content\/uploads\/2020\/12\/Rua-Augusta-1029-imagem-01-scaled.jpg\" class=\"pretty_photo default-link\">Ampliar imagem<\/a> <a class=\"default-link\" href=\"https:\/\/cachoeiradoc.com.br\/festival\/filmes\/rua-augusta-1029\/\">Informa\u00e7\u00f5es<\/a>\t\t\t\t\t\t\t\t\t\t\t\t\t\r\n\t\t\t\t\t\t\t\t\t\t\t\t<\/div><!--\/vert-center-->\r\n\t\t\t\t\t\t\t\t\t\t\t<\/div>\r\n\t\t\t\t\t\t\t\t\t\t<\/div><!--\/work-item-->\r\n\t\t\t\t\t\t\t\t\t\t\r\n\t\t\t\t\t\t\t\t\t\t<div class=\"work-meta\">\r\n\t\t\t\t\t\t\t\t\t\t\t<h4 class=\"title\">Rua Augusta, 1029 (S\u00e3o Paulo, 2019, 11 min.), de Mirrah Ia\u00f1ez<\/h4>\r\n\t\t\t\t\t\t\t\t\t\t\t\r\n\t\t\t\t\t\t\t\t\t\t\t\t\t\t\t\t\t\t\t\t\t\t\r\n\t\t\t\t\t\t\t\t\t\t<\/div>\r\n\t\t\t\t\t\t\t\t\t\t<div class=\"nectar-love-wrap\">\r\n\t\t\t\t\t\t\t\t\t\t\t\t\t\t\t\t\t\t\t\t\t<\/div><!--\/nectar-love-wrap-->\t\r\n\t\t\t\t\t\t\t\t\t\t\r\n\t\t\t\t\t\t\t\t\t\t\t\t\t\t\t\t\t\r\n\t\t\t\t\t\t\t\t\r\n\t\t\t\t\t\t\t<\/div><!--\/inner-wrap-->\r\n\t\t\t\t\t\t<\/div><!--\/col-->\r\n\t\t\t\t\t\t\r\n\t\t\t\t\t\t\t\t\t\t\t\r\n\t\t\t\t\t\t\t\t\t\t\t\t\r\n\t\t\t\t\t\t<div class=\"col span_3  element a-fuga-so-acontece-porque-e-impossivel toda-articulacao-politica-e-ficcao-cientifica \"  data-project-cat=\"a-fuga-so-acontece-porque-e-impossivel toda-articulacao-politica-e-ficcao-cientifica \" data-default-color=\"true\" data-title-color=\"\" data-subtitle-color=\"\">\r\n\t\t\t\t\t\t\t\r\n\t\t\t\t\t\t\t<div class=\"inner-wrap animated\" data-animation=\"none\">\r\n\t\t\t\t\t\t\t\t\r\n\t\t\t\t\t\t\t\t\t\t\t\t\t\t\t\t\t\r\n\t\t\t\t\t\t\t\t\t<div class=\"work-item style-1\" data-custom-content=\"off\">\r\n\t\t\t\t\t\t\t\t\t\t\r\n\t\t\t\t\t\t\t\t\t\t<img class=\"size- skip-lazy\" src=\"https:\/\/cachoeiradoc.com.br\/festival\/wp-content\/uploads\/2020\/12\/Relatos-Tecnopobres-01-600x403.jpg\" alt=\"\" height=\"403\" width=\"600\" srcset=\"https:\/\/cachoeiradoc.com.br\/festival\/wp-content\/uploads\/2020\/12\/Relatos-Tecnopobres-01-900x604.jpg 900w, https:\/\/cachoeiradoc.com.br\/festival\/wp-content\/uploads\/2020\/12\/Relatos-Tecnopobres-01-600x403.jpg 600w, https:\/\/cachoeiradoc.com.br\/festival\/wp-content\/uploads\/2020\/12\/Relatos-Tecnopobres-01-400x269.jpg 400w\" sizes=\"(min-width: 1000px) 25vw, (min-width: 690px) 50vw, 100vw\" \/>\t\t\t\t\t\t\t\t\t\t\r\n\t\t\t\t\t\t\t\t\t\t<div class=\"work-info-bg\"><\/div>\r\n\t\t\t\t\t\t\t\t\t\t<div class=\"work-info\"> \r\n\t\t\t\t\t\t\t\t\t\t\t\r\n\t\t\t\t\t\t\t\t\t\t\t\t\t\t\t\t\t\t\t\t\t\t\t\r\n\t\t\t\t\t\t\t\t\t\t\t\t<div class=\"vert-center\">\r\n\t\t\t\t\t\t\t\t\t\t\t\t\t<a href=\"https:\/\/cachoeiradoc.com.br\/festival\/wp-content\/uploads\/2020\/12\/Relatos-Tecnopobres-01.jpg\" class=\"pretty_photo default-link\">Ampliar imagem<\/a> <a class=\"default-link\" href=\"https:\/\/cachoeiradoc.com.br\/festival\/filmes\/relatos-tecnopobres\/\">Informa\u00e7\u00f5es<\/a>\t\t\t\t\t\t\t\t\t\t\t\t\t\r\n\t\t\t\t\t\t\t\t\t\t\t\t<\/div><!--\/vert-center-->\r\n\t\t\t\t\t\t\t\t\t\t\t<\/div>\r\n\t\t\t\t\t\t\t\t\t\t<\/div><!--\/work-item-->\r\n\t\t\t\t\t\t\t\t\t\t\r\n\t\t\t\t\t\t\t\t\t\t<div class=\"work-meta\">\r\n\t\t\t\t\t\t\t\t\t\t\t<h4 class=\"title\">Relatos Tecnopobres (Goi\u00e1s, 2019, 13 min.), de Jo\u00e3o Batista Gabriel Carvalho Silva<\/h4>\r\n\t\t\t\t\t\t\t\t\t\t\t\r\n\t\t\t\t\t\t\t\t\t\t\t\t\t\t\t\t\t\t\t\t\t\t\r\n\t\t\t\t\t\t\t\t\t\t<\/div>\r\n\t\t\t\t\t\t\t\t\t\t<div class=\"nectar-love-wrap\">\r\n\t\t\t\t\t\t\t\t\t\t\t\t\t\t\t\t\t\t\t\t\t<\/div><!--\/nectar-love-wrap-->\t\r\n\t\t\t\t\t\t\t\t\t\t\r\n\t\t\t\t\t\t\t\t\t\t\t\t\t\t\t\t\t\r\n\t\t\t\t\t\t\t\t\r\n\t\t\t\t\t\t\t<\/div><!--\/inner-wrap-->\r\n\t\t\t\t\t\t<\/div><!--\/col-->\r\n\t\t\t\t\t\t\r\n\t\t\t\t\t\t\t\t\t\t\t\r\n\t\t\t\t\t\t\t\t\t\t\t\t\r\n\t\t\t\t\t\t<div class=\"col span_3  element a-fuga-so-acontece-porque-e-impossivel toda-articulacao-politica-e-ficcao-cientifica \"  data-project-cat=\"a-fuga-so-acontece-porque-e-impossivel toda-articulacao-politica-e-ficcao-cientifica \" data-default-color=\"true\" data-title-color=\"\" data-subtitle-color=\"\">\r\n\t\t\t\t\t\t\t\r\n\t\t\t\t\t\t\t<div class=\"inner-wrap animated\" data-animation=\"none\">\r\n\t\t\t\t\t\t\t\t\r\n\t\t\t\t\t\t\t\t\t\t\t\t\t\t\t\t\t\r\n\t\t\t\t\t\t\t\t\t<div class=\"work-item style-1\" data-custom-content=\"off\">\r\n\t\t\t\t\t\t\t\t\t\t\r\n\t\t\t\t\t\t\t\t\t\t<img class=\"size- skip-lazy\" src=\"https:\/\/cachoeiradoc.com.br\/festival\/wp-content\/uploads\/2020\/12\/Veias-de-fogo-foto-01-credito-Camila-de-Almeida-600x403.jpg\" alt=\"\" height=\"403\" width=\"600\" srcset=\"https:\/\/cachoeiradoc.com.br\/festival\/wp-content\/uploads\/2020\/12\/Veias-de-fogo-foto-01-credito-Camila-de-Almeida-900x604.jpg 900w, https:\/\/cachoeiradoc.com.br\/festival\/wp-content\/uploads\/2020\/12\/Veias-de-fogo-foto-01-credito-Camila-de-Almeida-600x403.jpg 600w, https:\/\/cachoeiradoc.com.br\/festival\/wp-content\/uploads\/2020\/12\/Veias-de-fogo-foto-01-credito-Camila-de-Almeida-400x269.jpg 400w\" sizes=\"(min-width: 1000px) 25vw, (min-width: 690px) 50vw, 100vw\" \/>\t\t\t\t\t\t\t\t\t\t\r\n\t\t\t\t\t\t\t\t\t\t<div class=\"work-info-bg\"><\/div>\r\n\t\t\t\t\t\t\t\t\t\t<div class=\"work-info\"> \r\n\t\t\t\t\t\t\t\t\t\t\t\r\n\t\t\t\t\t\t\t\t\t\t\t\t\t\t\t\t\t\t\t\t\t\t\t\r\n\t\t\t\t\t\t\t\t\t\t\t\t<div class=\"vert-center\">\r\n\t\t\t\t\t\t\t\t\t\t\t\t\t<a href=\"https:\/\/cachoeiradoc.com.br\/festival\/wp-content\/uploads\/2020\/12\/Veias-de-fogo-foto-01-credito-Camila-de-Almeida-scaled.jpg\" class=\"pretty_photo default-link\">Ampliar imagem<\/a> <a class=\"default-link\" href=\"https:\/\/cachoeiradoc.com.br\/festival\/filmes\/veias-de-fogo\/\">Informa\u00e7\u00f5es<\/a>\t\t\t\t\t\t\t\t\t\t\t\t\t\r\n\t\t\t\t\t\t\t\t\t\t\t\t<\/div><!--\/vert-center-->\r\n\t\t\t\t\t\t\t\t\t\t\t<\/div>\r\n\t\t\t\t\t\t\t\t\t\t<\/div><!--\/work-item-->\r\n\t\t\t\t\t\t\t\t\t\t\r\n\t\t\t\t\t\t\t\t\t\t<div class=\"work-meta\">\r\n\t\t\t\t\t\t\t\t\t\t\t<h4 class=\"title\">Veias de Fogo (Cear\u00e1, 2020, 18 min.), de coletivo Carnaval no Inferno<\/h4>\r\n\t\t\t\t\t\t\t\t\t\t\t\r\n\t\t\t\t\t\t\t\t\t\t\t\t\t\t\t\t\t\t\t\t\t\t\r\n\t\t\t\t\t\t\t\t\t\t<\/div>\r\n\t\t\t\t\t\t\t\t\t\t<div class=\"nectar-love-wrap\">\r\n\t\t\t\t\t\t\t\t\t\t\t\t\t\t\t\t\t\t\t\t\t<\/div><!--\/nectar-love-wrap-->\t\r\n\t\t\t\t\t\t\t\t\t\t\r\n\t\t\t\t\t\t\t\t\t\t\t\t\t\t\t\t\t\r\n\t\t\t\t\t\t\t\t\r\n\t\t\t\t\t\t\t<\/div><!--\/inner-wrap-->\r\n\t\t\t\t\t\t<\/div><!--\/col-->\r\n\t\t\t\t\t\t\r\n\t\t\t\t\t\t\t\t\t\t\r\n\t\t\t\t<\/div><!--\/portfolio-->\r\n\t\t\t<\/div><!--\/portfolio wrap-->\r\n\t\t\t\r\n\t\t\t[vc_column_text]\n<h5>Dispon\u00edveis online entre 12 e 20\/12.<\/h5>\n[\/vc_column_text][divider line_type=&#8221;Full Width Line&#8221; line_thickness=&#8221;1&#8243; divider_color=&#8221;default&#8221;][vc_raw_html]JTNDYSUyMGlkJTNEJTIyJTJBJTIyJTNFJTNDJTJGYSUzRQ==[\/vc_raw_html][vc_column_text]<span style=\"font-weight: 400;\">* <\/span><span style=\"font-weight: 400;\">\u201cReescrevendo o futuro: usando fic\u00e7\u00e3o cient\u00edfica para rever a justi\u00e7a\u201d, de Walidah Imarisha, 2020 (2015)<\/span><\/p>\n<p><span style=\"font-weight: 400;\">\u00a0<\/span><span style=\"font-weight: 400;\">**<\/span><span style=\"font-weight: 400;\"> Tradu\u00e7\u00e3o livre de\u00a0 &#8220;La indetenible quietud\u201d, de Clara Jan\u00e9s, 2008<\/span><\/p>\n<p><span style=\"font-weight: 400;\">***<\/span><span style=\"font-weight: 400;\"> Tradu\u00e7\u00e3o livre do t\u00edtulo do texto de Mark Bould, 2007<\/span><\/p>\n<p><span style=\"font-weight: 400;\">**** <\/span><span style=\"font-weight: 400;\">Refer\u00eancia \u00e0 obra \u201cSem t\u00edtulo (a fuga s\u00f3 acontece porque \u00e9 imposs\u00edvel)\u201d de Jota Momba\u00e7a. Interven\u00e7\u00e3o na parede, \u00abArte Democracia Utopia\u00bb, Museu de Arte do Rio, 2018.<\/span>[\/vc_column_text][\/vc_column][\/vc_row]\n","protected":false},"excerpt":{"rendered":"<p>[vc_row type=&#8221;in_container&#8221; full_screen_row_position=&#8221;middle&#8221; column_margin=&#8221;default&#8221; column_direction=&#8221;default&#8221; column_direction_tablet=&#8221;default&#8221; column_direction_phone=&#8221;default&#8221; scene_position=&#8221;center&#8221; text_color=&#8221;dark&#8221; text_align=&#8221;left&#8221; row_border_radius=&#8221;none&#8221; row_border_radius_applies=&#8221;bg&#8221; overlay_strength=&#8221;0.3&#8243; gradient_direction=&#8221;left_to_right&#8221; shape_divider_position=&#8221;bottom&#8221; bg_image_animation=&#8221;none&#8221; shape_type=&#8221;&#8221;][vc_column column_padding=&#8221;no-extra-padding&#8221; column_padding_tablet=&#8221;inherit&#8221; column_padding_phone=&#8221;inherit&#8221; column_padding_position=&#8221;all&#8221; background_color_opacity=&#8221;1&#8243; background_hover_color_opacity=&#8221;1&#8243; column_shadow=&#8221;none&#8221; column_border_radius=&#8221;none&#8221;&#8230;<\/p>\n","protected":false},"author":1,"featured_media":0,"parent":5861,"menu_order":0,"comment_status":"closed","ping_status":"closed","template":"","meta":{"_monsterinsights_skip_tracking":false,"_monsterinsights_sitenote_active":false,"_monsterinsights_sitenote_note":"","_monsterinsights_sitenote_category":0},"_links":{"self":[{"href":"https:\/\/cachoeiradoc.com.br\/festival\/wp-json\/wp\/v2\/pages\/6976"}],"collection":[{"href":"https:\/\/cachoeiradoc.com.br\/festival\/wp-json\/wp\/v2\/pages"}],"about":[{"href":"https:\/\/cachoeiradoc.com.br\/festival\/wp-json\/wp\/v2\/types\/page"}],"author":[{"embeddable":true,"href":"https:\/\/cachoeiradoc.com.br\/festival\/wp-json\/wp\/v2\/users\/1"}],"replies":[{"embeddable":true,"href":"https:\/\/cachoeiradoc.com.br\/festival\/wp-json\/wp\/v2\/comments?post=6976"}],"version-history":[{"count":8,"href":"https:\/\/cachoeiradoc.com.br\/festival\/wp-json\/wp\/v2\/pages\/6976\/revisions"}],"predecessor-version":[{"id":7415,"href":"https:\/\/cachoeiradoc.com.br\/festival\/wp-json\/wp\/v2\/pages\/6976\/revisions\/7415"}],"up":[{"embeddable":true,"href":"https:\/\/cachoeiradoc.com.br\/festival\/wp-json\/wp\/v2\/pages\/5861"}],"wp:attachment":[{"href":"https:\/\/cachoeiradoc.com.br\/festival\/wp-json\/wp\/v2\/media?parent=6976"}],"curies":[{"name":"wp","href":"https:\/\/api.w.org\/{rel}","templated":true}]}}