{"id":6930,"date":"2020-12-01T12:22:06","date_gmt":"2020-12-01T15:22:06","guid":{"rendered":"http:\/\/cachoeiradoc.com.br\/festival\/?page_id=6930"},"modified":"2020-12-19T10:20:38","modified_gmt":"2020-12-19T13:20:38","slug":"programa3","status":"publish","type":"page","link":"https:\/\/cachoeiradoc.com.br\/festival\/mostra-de-documentarios-brasileiros\/programa3\/","title":{"rendered":"Programa 3"},"content":{"rendered":"[vc_row type=&#8221;in_container&#8221; full_screen_row_position=&#8221;middle&#8221; column_margin=&#8221;default&#8221; column_direction=&#8221;default&#8221; column_direction_tablet=&#8221;default&#8221; column_direction_phone=&#8221;default&#8221; scene_position=&#8221;center&#8221; text_color=&#8221;dark&#8221; text_align=&#8221;left&#8221; row_border_radius=&#8221;none&#8221; row_border_radius_applies=&#8221;bg&#8221; overlay_strength=&#8221;0.3&#8243; gradient_direction=&#8221;left_to_right&#8221; shape_divider_position=&#8221;bottom&#8221; bg_image_animation=&#8221;none&#8221; shape_type=&#8221;&#8221;][vc_column column_padding=&#8221;no-extra-padding&#8221; column_padding_tablet=&#8221;inherit&#8221; column_padding_phone=&#8221;inherit&#8221; column_padding_position=&#8221;all&#8221; background_color_opacity=&#8221;1&#8243; background_hover_color_opacity=&#8221;1&#8243; column_shadow=&#8221;none&#8221; column_border_radius=&#8221;none&#8221; column_link_target=&#8221;_self&#8221; gradient_direction=&#8221;left_to_right&#8221; overlay_strength=&#8221;0.3&#8243; width=&#8221;1\/1&#8243; tablet_width_inherit=&#8221;default&#8221; tablet_text_alignment=&#8221;default&#8221; phone_text_alignment=&#8221;default&#8221; column_border_width=&#8221;none&#8221; column_border_style=&#8221;solid&#8221; bg_image_animation=&#8221;none&#8221;][vc_column_text]\n<h2><b>E<\/b><b>, <\/b><b>de repente<\/b><b>,<\/b><b> o tempo voltou a se mover<\/b><\/h2>\n[\/vc_column_text][vc_column_text]\n<p style=\"text-align: right;\"><em>por Fabio Rodrigues, Patr\u00edcia Mour\u00e3o e Rayanne Layssa<\/em><\/p>\n[\/vc_column_text][vc_column_text]<span style=\"font-weight: 400;\">Neste conjunto, est\u00e3o reunidos filmes que descongelam o tempo ao trazer \u00e0 tona uma mem\u00f3ria esquecida, apagada ou silenciada nas fotografias e arquivos. Aqui, a mem\u00f3ria latente reacende a brasa no cora\u00e7\u00e3o do arquivo. Poder\u00edamos resumir assim, tal como na cita\u00e7\u00e3o de Guimar\u00e3es Rosa, pixada em letras garrafais no muro de uma loteria, em Cachoeira (BA): \u201cfui fogo depois de ser cinza\u201d. Em grande parte das obras desta constela\u00e7\u00e3o, o gesto \u00e9 de retornar para avan\u00e7ar, resgatar-se entre ou para al\u00e9m das imagens e documentos.<\/span>[\/vc_column_text][vc_column_text]\n<h3><b>Sess\u00e3o 8 &#8211; Em campo<\/b><\/h3>\n[\/vc_column_text][vc_column_text]<span style=\"font-weight: 400;\">Em coment\u00e1rio sobre Garrincha, Nei da Concei\u00e7\u00e3o, protagonista do <\/span><i><span style=\"font-weight: 400;\">NC5 contra a lei do impedimento<\/span><\/i><span style=\"font-weight: 400;\">, diz: \u201ca bola chegava nele e o tempo era suspenso. O Garrincha criava espa\u00e7o onde ele n\u00e3o existia antes. (&#8230;) O Man\u00e9 era o Ex\u00fa\u201d. No filme, <\/span><span style=\"font-weight: 400;\">entre divaga\u00e7\u00f5es, derivas, lampejos e lucidez cortantes, o ex-jogador Nei Concei\u00e7\u00e3o reaviva uma hist\u00f3ria de resist\u00eancia e ginga do futebol e do pa\u00eds, recriando a realidade pela mem\u00f3ria e reinventando a vida pela dan\u00e7a. Desloca-se, assim, a centralidade da bola para a dan\u00e7a no seu entorno, transcendendo tamb\u00e9m as quatro linhas do campo de jogo e do vis\u00edvel. Em <\/span><i><span style=\"font-weight: 400;\">Um de vermelho e um de amarelo<\/span><\/i><span style=\"font-weight: 400;\">, segundo filme do programa, \u00e9 do extracampo que dois jovens aprendendo a filmar criam imagens e tamb\u00e9m recriam a realidade jogando com ela. Narrando, a expandem; aproximando-se com zoom, reencontram e recontam a paisagem.<\/span>[\/vc_column_text]\t\t\t\t\r\n\t\t\t\t\r\n\t\t\t\t\r\n\t\t\t\t<div class=\"portfolio-wrap \">\r\n\t\t\t\t\t\r\n\t\t\t\t\t\t\t\t\t\t\r\n\t\t\t\t\t<span class=\"portfolio-loading  none\">   <\/span>\r\n\t\t\t\t\t\r\n\t\t\t\t\t\t\t\t\t\t\r\n\t\t\t\t\t<div class=\"row portfolio-items no-masonry  \" data-rcp=\"false\" data-masonry-type=\"default\" data-ps=\"1\" data-starting-filter=\"\" data-gutter=\"default\" data-categories-to-show=\"em-campo\" data-bypass-cropping=\"\" data-lightbox-only=\"0\" data-col-num=\"cols-4\">\r\n\t\t\t\t\t\t\t\t\t\t\t\t\r\n\t\t\t\t\t\t\t\t\t\t\t\t\r\n\t\t\t\t\t\t<div class=\"col span_3  element e-de-repente-o-tempo-voltou-a-se-mover em-campo \"  data-project-cat=\"e-de-repente-o-tempo-voltou-a-se-mover em-campo \" data-default-color=\"true\" data-title-color=\"\" data-subtitle-color=\"\">\r\n\t\t\t\t\t\t\t\r\n\t\t\t\t\t\t\t<div class=\"inner-wrap animated\" data-animation=\"none\">\r\n\t\t\t\t\t\t\t\t\r\n\t\t\t\t\t\t\t\t\t\t\t\t\t\t\t\t\t\r\n\t\t\t\t\t\t\t\t\t<div class=\"work-item style-1\" data-custom-content=\"off\">\r\n\t\t\t\t\t\t\t\t\t\t\r\n\t\t\t\t\t\t\t\t\t\t<img class=\"size- skip-lazy\" src=\"https:\/\/cachoeiradoc.com.br\/festival\/wp-content\/uploads\/2020\/12\/NC5-contra-a-lei-do-impedimento-01-600x403.jpg\" alt=\"\" height=\"403\" width=\"600\" srcset=\"https:\/\/cachoeiradoc.com.br\/festival\/wp-content\/uploads\/2020\/12\/NC5-contra-a-lei-do-impedimento-01-900x604.jpg 900w, https:\/\/cachoeiradoc.com.br\/festival\/wp-content\/uploads\/2020\/12\/NC5-contra-a-lei-do-impedimento-01-600x403.jpg 600w, https:\/\/cachoeiradoc.com.br\/festival\/wp-content\/uploads\/2020\/12\/NC5-contra-a-lei-do-impedimento-01-400x269.jpg 400w\" sizes=\"(min-width: 1000px) 25vw, (min-width: 690px) 50vw, 100vw\" \/>\t\t\t\t\t\t\t\t\t\t\r\n\t\t\t\t\t\t\t\t\t\t<div class=\"work-info-bg\"><\/div>\r\n\t\t\t\t\t\t\t\t\t\t<div class=\"work-info\"> \r\n\t\t\t\t\t\t\t\t\t\t\t\r\n\t\t\t\t\t\t\t\t\t\t\t\t\t\t\t\t\t\t\t\t\t\t\t\r\n\t\t\t\t\t\t\t\t\t\t\t\t<div class=\"vert-center\">\r\n\t\t\t\t\t\t\t\t\t\t\t\t\t<a href=\"https:\/\/cachoeiradoc.com.br\/festival\/wp-content\/uploads\/2020\/12\/NC5-contra-a-lei-do-impedimento-01-scaled.jpg\" class=\"pretty_photo default-link\">Ampliar imagem<\/a> <a class=\"default-link\" href=\"https:\/\/cachoeiradoc.com.br\/festival\/filmes\/nc5-contra-a-lei-do-impedimento\/\">Informa\u00e7\u00f5es<\/a>\t\t\t\t\t\t\t\t\t\t\t\t\t\r\n\t\t\t\t\t\t\t\t\t\t\t\t<\/div><!--\/vert-center-->\r\n\t\t\t\t\t\t\t\t\t\t\t<\/div>\r\n\t\t\t\t\t\t\t\t\t\t<\/div><!--\/work-item-->\r\n\t\t\t\t\t\t\t\t\t\t\r\n\t\t\t\t\t\t\t\t\t\t<div class=\"work-meta\">\r\n\t\t\t\t\t\t\t\t\t\t\t<h4 class=\"title\">NC5 contra a lei do impedimento (Rio de Janeiro, 2019, 24 min.), de Lucio Branco<\/h4>\r\n\t\t\t\t\t\t\t\t\t\t\t\r\n\t\t\t\t\t\t\t\t\t\t\t\t\t\t\t\t\t\t\t\t\t\t\r\n\t\t\t\t\t\t\t\t\t\t<\/div>\r\n\t\t\t\t\t\t\t\t\t\t<div class=\"nectar-love-wrap\">\r\n\t\t\t\t\t\t\t\t\t\t\t\t\t\t\t\t\t\t\t\t\t<\/div><!--\/nectar-love-wrap-->\t\r\n\t\t\t\t\t\t\t\t\t\t\r\n\t\t\t\t\t\t\t\t\t\t\t\t\t\t\t\t\t\r\n\t\t\t\t\t\t\t\t\r\n\t\t\t\t\t\t\t<\/div><!--\/inner-wrap-->\r\n\t\t\t\t\t\t<\/div><!--\/col-->\r\n\t\t\t\t\t\t\r\n\t\t\t\t\t\t\t\t\t\t\t\r\n\t\t\t\t\t\t\t\t\t\t\t\t\r\n\t\t\t\t\t\t<div class=\"col span_3  element e-de-repente-o-tempo-voltou-a-se-mover em-campo \"  data-project-cat=\"e-de-repente-o-tempo-voltou-a-se-mover em-campo \" data-default-color=\"true\" data-title-color=\"\" data-subtitle-color=\"\">\r\n\t\t\t\t\t\t\t\r\n\t\t\t\t\t\t\t<div class=\"inner-wrap animated\" data-animation=\"none\">\r\n\t\t\t\t\t\t\t\t\r\n\t\t\t\t\t\t\t\t\t\t\t\t\t\t\t\t\t\r\n\t\t\t\t\t\t\t\t\t<div class=\"work-item style-1\" data-custom-content=\"off\">\r\n\t\t\t\t\t\t\t\t\t\t\r\n\t\t\t\t\t\t\t\t\t\t<img class=\"size- skip-lazy\" src=\"https:\/\/cachoeiradoc.com.br\/festival\/wp-content\/uploads\/2020\/12\/Um-de-vermelho-e-um-de-amarelo-imagem-01_-600x403.jpg\" alt=\"\" height=\"403\" width=\"600\" srcset=\"https:\/\/cachoeiradoc.com.br\/festival\/wp-content\/uploads\/2020\/12\/Um-de-vermelho-e-um-de-amarelo-imagem-01_-900x604.jpg 900w, https:\/\/cachoeiradoc.com.br\/festival\/wp-content\/uploads\/2020\/12\/Um-de-vermelho-e-um-de-amarelo-imagem-01_-600x403.jpg 600w, https:\/\/cachoeiradoc.com.br\/festival\/wp-content\/uploads\/2020\/12\/Um-de-vermelho-e-um-de-amarelo-imagem-01_-400x269.jpg 400w\" sizes=\"(min-width: 1000px) 25vw, (min-width: 690px) 50vw, 100vw\" \/>\t\t\t\t\t\t\t\t\t\t\r\n\t\t\t\t\t\t\t\t\t\t<div class=\"work-info-bg\"><\/div>\r\n\t\t\t\t\t\t\t\t\t\t<div class=\"work-info\"> \r\n\t\t\t\t\t\t\t\t\t\t\t\r\n\t\t\t\t\t\t\t\t\t\t\t\t\t\t\t\t\t\t\t\t\t\t\t\r\n\t\t\t\t\t\t\t\t\t\t\t\t<div class=\"vert-center\">\r\n\t\t\t\t\t\t\t\t\t\t\t\t\t<a href=\"https:\/\/cachoeiradoc.com.br\/festival\/wp-content\/uploads\/2020\/12\/Um-de-vermelho-e-um-de-amarelo-imagem-01_.jpg\" class=\"pretty_photo default-link\">Ampliar imagem<\/a> <a class=\"default-link\" href=\"https:\/\/cachoeiradoc.com.br\/festival\/filmes\/um-de-vermelho-e-um-de-amarelo\/\">Informa\u00e7\u00f5es<\/a>\t\t\t\t\t\t\t\t\t\t\t\t\t\r\n\t\t\t\t\t\t\t\t\t\t\t\t<\/div><!--\/vert-center-->\r\n\t\t\t\t\t\t\t\t\t\t\t<\/div>\r\n\t\t\t\t\t\t\t\t\t\t<\/div><!--\/work-item-->\r\n\t\t\t\t\t\t\t\t\t\t\r\n\t\t\t\t\t\t\t\t\t\t<div class=\"work-meta\">\r\n\t\t\t\t\t\t\t\t\t\t\t<h4 class=\"title\">Um de vermelho e um de amarelo (Minas Gerais, 2020, 14 min.), de Frad, GM, Lipe<\/h4>\r\n\t\t\t\t\t\t\t\t\t\t\t\r\n\t\t\t\t\t\t\t\t\t\t\t\t\t\t\t\t\t\t\t\t\t\t\r\n\t\t\t\t\t\t\t\t\t\t<\/div>\r\n\t\t\t\t\t\t\t\t\t\t<div class=\"nectar-love-wrap\">\r\n\t\t\t\t\t\t\t\t\t\t\t\t\t\t\t\t\t\t\t\t\t<\/div><!--\/nectar-love-wrap-->\t\r\n\t\t\t\t\t\t\t\t\t\t\r\n\t\t\t\t\t\t\t\t\t\t\t\t\t\t\t\t\t\r\n\t\t\t\t\t\t\t\t\r\n\t\t\t\t\t\t\t<\/div><!--\/inner-wrap-->\r\n\t\t\t\t\t\t<\/div><!--\/col-->\r\n\t\t\t\t\t\t\r\n\t\t\t\t\t\t\t\t\t\t\r\n\t\t\t\t<\/div><!--\/portfolio-->\r\n\t\t\t<\/div><!--\/portfolio wrap-->\r\n\t\t\t\r\n\t\t\t[vc_column_text]\n<h5>Dispon\u00edveis online entre 12 e 20\/12.<\/h5>\n[\/vc_column_text][divider line_type=&#8221;Full Width Line&#8221; line_thickness=&#8221;1&#8243; divider_color=&#8221;default&#8221;][vc_column_text]\n<h3><b>Sess\u00e3o 9 &#8211; A imagem que me traz<\/b><\/h3>\n[\/vc_column_text][vc_column_text]<span style=\"font-weight: 400;\">Nos filmes <\/span><i><span style=\"font-weight: 400;\">Vander<\/span><\/i><span style=\"font-weight: 400;\">, <\/span><i><span style=\"font-weight: 400;\">Cinema Contempor\u00e2neo<\/span><\/i><span style=\"font-weight: 400;\"> e <\/span><i><span style=\"font-weight: 400;\">Formatura<\/span><\/i><span style=\"font-weight: 400;\">, atrav\u00e9s de um arquivo m\u00ednimo confronta-se uma Hist\u00f3ria de viol\u00eancia. Em<\/span><i><span style=\"font-weight: 400;\"> Vander<\/span><\/i><span style=\"font-weight: 400;\">, o testemunho da\u00a0 filha desmonta a fotografia 3&#215;4 do pai, tornando vis\u00edvel aquilo que, por assim dizer, o documento oficial n\u00e3o documenta. No caso de <\/span><i><span style=\"font-weight: 400;\">Cinema Contempor\u00e2neo, <\/span><\/i><span style=\"font-weight: 400;\">uma mesma fotografia \u00e9 insistentemente reenquadrada, revelando a forte dimens\u00e3o de viol\u00eancia inscrita em cada sorriso registrado. Discutindo dilemas do cinema em primeira pessoa, \u00e9 justamente o filme, enquanto terceira margem, que torna poss\u00edvel a emerg\u00eancia do grito silenciado. Em<\/span><i><span style=\"font-weight: 400;\"> Formatura<\/span><\/i><span style=\"font-weight: 400;\">, a hist\u00f3ria do filho, em contracampo com a da m\u00e3e, exp\u00f5e a espessa dimens\u00e3o pol\u00edtica que separa duas formaturas. A imagem de arquivo da fam\u00edlia, um \u201cponto de encontro com o que aconteceu brevemente\u201d, \u00e9 remontada de modo a expor no cora\u00e7\u00e3o da imagem a ambiguidade entre o que se guarda e o que se esquece. Por fim, <\/span><i><span style=\"font-weight: 400;\">Quando era primavera<\/span><\/i><span style=\"font-weight: 400;\"> e <\/span><i><span style=\"font-weight: 400;\">Entre o c\u00e9u e o subsolo <\/span><\/i><span style=\"font-weight: 400;\">tamb\u00e9m lan\u00e7am m\u00e3o de imagens de arquivo ora para engajar-se na luta em defesa da educa\u00e7\u00e3o, ora para refletir sobre a pr\u00f3pria luta, retomando registros de atos e voltando \u00e0 escola para projetar as mem\u00f3rias e reescrever a hist\u00f3ria.<\/span>[\/vc_column_text]\t\t\t\t\r\n\t\t\t\t\r\n\t\t\t\t\r\n\t\t\t\t<div class=\"portfolio-wrap \">\r\n\t\t\t\t\t\r\n\t\t\t\t\t\t\t\t\t\t\r\n\t\t\t\t\t<span class=\"portfolio-loading  none\">   <\/span>\r\n\t\t\t\t\t\r\n\t\t\t\t\t\t\t\t\t\t\r\n\t\t\t\t\t<div class=\"row portfolio-items no-masonry  \" data-rcp=\"false\" data-masonry-type=\"default\" data-ps=\"1\" data-starting-filter=\"\" data-gutter=\"default\" data-categories-to-show=\"a-imagem-que-me-traz\" data-bypass-cropping=\"\" data-lightbox-only=\"0\" data-col-num=\"cols-4\">\r\n\t\t\t\t\t\t\t\t\t\t\t\t\r\n\t\t\t\t\t\t\t\t\t\t\t\t\r\n\t\t\t\t\t\t<div class=\"col span_3  element a-imagem-que-me-traz e-de-repente-o-tempo-voltou-a-se-mover \"  data-project-cat=\"a-imagem-que-me-traz e-de-repente-o-tempo-voltou-a-se-mover \" data-default-color=\"true\" data-title-color=\"\" data-subtitle-color=\"\">\r\n\t\t\t\t\t\t\t\r\n\t\t\t\t\t\t\t<div class=\"inner-wrap animated\" data-animation=\"none\">\r\n\t\t\t\t\t\t\t\t\r\n\t\t\t\t\t\t\t\t\t\t\t\t\t\t\t\t\t\r\n\t\t\t\t\t\t\t\t\t<div class=\"work-item style-1\" data-custom-content=\"off\">\r\n\t\t\t\t\t\t\t\t\t\t\r\n\t\t\t\t\t\t\t\t\t\t<img class=\"size- skip-lazy\" src=\"https:\/\/cachoeiradoc.com.br\/festival\/wp-content\/uploads\/2020\/11\/vanderstill1-600x403.jpg\" alt=\"\" height=\"403\" width=\"600\" srcset=\"https:\/\/cachoeiradoc.com.br\/festival\/wp-content\/uploads\/2020\/11\/vanderstill1-900x604.jpg 900w, https:\/\/cachoeiradoc.com.br\/festival\/wp-content\/uploads\/2020\/11\/vanderstill1-600x403.jpg 600w, https:\/\/cachoeiradoc.com.br\/festival\/wp-content\/uploads\/2020\/11\/vanderstill1-400x269.jpg 400w\" sizes=\"(min-width: 1000px) 25vw, (min-width: 690px) 50vw, 100vw\" \/>\t\t\t\t\t\t\t\t\t\t\r\n\t\t\t\t\t\t\t\t\t\t<div class=\"work-info-bg\"><\/div>\r\n\t\t\t\t\t\t\t\t\t\t<div class=\"work-info\"> \r\n\t\t\t\t\t\t\t\t\t\t\t\r\n\t\t\t\t\t\t\t\t\t\t\t\t\t\t\t\t\t\t\t\t\t\t\t\r\n\t\t\t\t\t\t\t\t\t\t\t\t<div class=\"vert-center\">\r\n\t\t\t\t\t\t\t\t\t\t\t\t\t<a href=\"https:\/\/cachoeiradoc.com.br\/festival\/wp-content\/uploads\/2020\/11\/vanderstill1-scaled.jpg\" class=\"pretty_photo default-link\">Ampliar imagem<\/a> <a class=\"default-link\" href=\"https:\/\/cachoeiradoc.com.br\/festival\/filmes\/vander\/\">Informa\u00e7\u00f5es<\/a>\t\t\t\t\t\t\t\t\t\t\t\t\t\r\n\t\t\t\t\t\t\t\t\t\t\t\t<\/div><!--\/vert-center-->\r\n\t\t\t\t\t\t\t\t\t\t\t<\/div>\r\n\t\t\t\t\t\t\t\t\t\t<\/div><!--\/work-item-->\r\n\t\t\t\t\t\t\t\t\t\t\r\n\t\t\t\t\t\t\t\t\t\t<div class=\"work-meta\">\r\n\t\t\t\t\t\t\t\t\t\t\t<h4 class=\"title\">Vander (Bahia, 2019, 2 min.), de Barbara Carmo<\/h4>\r\n\t\t\t\t\t\t\t\t\t\t\t\r\n\t\t\t\t\t\t\t\t\t\t\t\t\t\t\t\t\t\t\t\t\t\t\r\n\t\t\t\t\t\t\t\t\t\t<\/div>\r\n\t\t\t\t\t\t\t\t\t\t<div class=\"nectar-love-wrap\">\r\n\t\t\t\t\t\t\t\t\t\t\t\t\t\t\t\t\t\t\t\t\t<\/div><!--\/nectar-love-wrap-->\t\r\n\t\t\t\t\t\t\t\t\t\t\r\n\t\t\t\t\t\t\t\t\t\t\t\t\t\t\t\t\t\r\n\t\t\t\t\t\t\t\t\r\n\t\t\t\t\t\t\t<\/div><!--\/inner-wrap-->\r\n\t\t\t\t\t\t<\/div><!--\/col-->\r\n\t\t\t\t\t\t\r\n\t\t\t\t\t\t\t\t\t\t\t\r\n\t\t\t\t\t\t\t\t\t\t\t\t\r\n\t\t\t\t\t\t<div class=\"col span_3  element a-imagem-que-me-traz e-de-repente-o-tempo-voltou-a-se-mover \"  data-project-cat=\"a-imagem-que-me-traz e-de-repente-o-tempo-voltou-a-se-mover \" data-default-color=\"true\" data-title-color=\"\" data-subtitle-color=\"\">\r\n\t\t\t\t\t\t\t\r\n\t\t\t\t\t\t\t<div class=\"inner-wrap animated\" data-animation=\"none\">\r\n\t\t\t\t\t\t\t\t\r\n\t\t\t\t\t\t\t\t\t\t\t\t\t\t\t\t\t\r\n\t\t\t\t\t\t\t\t\t<div class=\"work-item style-1\" data-custom-content=\"off\">\r\n\t\t\t\t\t\t\t\t\t\t\r\n\t\t\t\t\t\t\t\t\t\t<img class=\"size- skip-lazy\" src=\"https:\/\/cachoeiradoc.com.br\/festival\/wp-content\/uploads\/2020\/12\/Cinema-contemporaneo-01-600x403.jpg\" alt=\"\" height=\"403\" width=\"600\" srcset=\"https:\/\/cachoeiradoc.com.br\/festival\/wp-content\/uploads\/2020\/12\/Cinema-contemporaneo-01-900x604.jpg 900w, https:\/\/cachoeiradoc.com.br\/festival\/wp-content\/uploads\/2020\/12\/Cinema-contemporaneo-01-600x403.jpg 600w, https:\/\/cachoeiradoc.com.br\/festival\/wp-content\/uploads\/2020\/12\/Cinema-contemporaneo-01-400x269.jpg 400w\" sizes=\"(min-width: 1000px) 25vw, (min-width: 690px) 50vw, 100vw\" \/>\t\t\t\t\t\t\t\t\t\t\r\n\t\t\t\t\t\t\t\t\t\t<div class=\"work-info-bg\"><\/div>\r\n\t\t\t\t\t\t\t\t\t\t<div class=\"work-info\"> \r\n\t\t\t\t\t\t\t\t\t\t\t\r\n\t\t\t\t\t\t\t\t\t\t\t\t\t\t\t\t\t\t\t\t\t\t\t\r\n\t\t\t\t\t\t\t\t\t\t\t\t<div class=\"vert-center\">\r\n\t\t\t\t\t\t\t\t\t\t\t\t\t<a href=\"https:\/\/cachoeiradoc.com.br\/festival\/wp-content\/uploads\/2020\/12\/Cinema-contemporaneo-01.jpg\" class=\"pretty_photo default-link\">Ampliar imagem<\/a> <a class=\"default-link\" href=\"https:\/\/cachoeiradoc.com.br\/festival\/filmes\/cinema-contemporaneo\/\">Informa\u00e7\u00f5es<\/a>\t\t\t\t\t\t\t\t\t\t\t\t\t\r\n\t\t\t\t\t\t\t\t\t\t\t\t<\/div><!--\/vert-center-->\r\n\t\t\t\t\t\t\t\t\t\t\t<\/div>\r\n\t\t\t\t\t\t\t\t\t\t<\/div><!--\/work-item-->\r\n\t\t\t\t\t\t\t\t\t\t\r\n\t\t\t\t\t\t\t\t\t\t<div class=\"work-meta\">\r\n\t\t\t\t\t\t\t\t\t\t\t<h4 class=\"title\">Cinema contempor\u00e2neo (Pernambuco, 2019, 5 min.), de Felipe Andr\u00e9 Silva<\/h4>\r\n\t\t\t\t\t\t\t\t\t\t\t\r\n\t\t\t\t\t\t\t\t\t\t\t\t\t\t\t\t\t\t\t\t\t\t\r\n\t\t\t\t\t\t\t\t\t\t<\/div>\r\n\t\t\t\t\t\t\t\t\t\t<div class=\"nectar-love-wrap\">\r\n\t\t\t\t\t\t\t\t\t\t\t\t\t\t\t\t\t\t\t\t\t<\/div><!--\/nectar-love-wrap-->\t\r\n\t\t\t\t\t\t\t\t\t\t\r\n\t\t\t\t\t\t\t\t\t\t\t\t\t\t\t\t\t\r\n\t\t\t\t\t\t\t\t\r\n\t\t\t\t\t\t\t<\/div><!--\/inner-wrap-->\r\n\t\t\t\t\t\t<\/div><!--\/col-->\r\n\t\t\t\t\t\t\r\n\t\t\t\t\t\t\t\t\t\t\t\r\n\t\t\t\t\t\t\t\t\t\t\t\t\r\n\t\t\t\t\t\t<div class=\"col span_3  element a-imagem-que-me-traz e-de-repente-o-tempo-voltou-a-se-mover \"  data-project-cat=\"a-imagem-que-me-traz e-de-repente-o-tempo-voltou-a-se-mover \" data-default-color=\"true\" data-title-color=\"\" data-subtitle-color=\"\">\r\n\t\t\t\t\t\t\t\r\n\t\t\t\t\t\t\t<div class=\"inner-wrap animated\" data-animation=\"none\">\r\n\t\t\t\t\t\t\t\t\r\n\t\t\t\t\t\t\t\t\t\t\t\t\t\t\t\t\t\r\n\t\t\t\t\t\t\t\t\t<div class=\"work-item style-1\" data-custom-content=\"off\">\r\n\t\t\t\t\t\t\t\t\t\t\r\n\t\t\t\t\t\t\t\t\t\t<img class=\"size- skip-lazy\" src=\"https:\/\/cachoeiradoc.com.br\/festival\/wp-content\/uploads\/2020\/12\/Formatura-02-600x403.jpg\" alt=\"\" height=\"403\" width=\"600\" srcset=\"https:\/\/cachoeiradoc.com.br\/festival\/wp-content\/uploads\/2020\/12\/Formatura-02-900x604.jpg 900w, https:\/\/cachoeiradoc.com.br\/festival\/wp-content\/uploads\/2020\/12\/Formatura-02-600x403.jpg 600w, https:\/\/cachoeiradoc.com.br\/festival\/wp-content\/uploads\/2020\/12\/Formatura-02-400x269.jpg 400w\" sizes=\"(min-width: 1000px) 25vw, (min-width: 690px) 50vw, 100vw\" \/>\t\t\t\t\t\t\t\t\t\t\r\n\t\t\t\t\t\t\t\t\t\t<div class=\"work-info-bg\"><\/div>\r\n\t\t\t\t\t\t\t\t\t\t<div class=\"work-info\"> \r\n\t\t\t\t\t\t\t\t\t\t\t\r\n\t\t\t\t\t\t\t\t\t\t\t\t\t\t\t\t\t\t\t\t\t\t\t\r\n\t\t\t\t\t\t\t\t\t\t\t\t<div class=\"vert-center\">\r\n\t\t\t\t\t\t\t\t\t\t\t\t\t<a href=\"https:\/\/cachoeiradoc.com.br\/festival\/wp-content\/uploads\/2020\/12\/Formatura-02.jpg\" class=\"pretty_photo default-link\">Ampliar imagem<\/a> <a class=\"default-link\" href=\"https:\/\/cachoeiradoc.com.br\/festival\/filmes\/formatura\/\">Informa\u00e7\u00f5es<\/a>\t\t\t\t\t\t\t\t\t\t\t\t\t\r\n\t\t\t\t\t\t\t\t\t\t\t\t<\/div><!--\/vert-center-->\r\n\t\t\t\t\t\t\t\t\t\t\t<\/div>\r\n\t\t\t\t\t\t\t\t\t\t<\/div><!--\/work-item-->\r\n\t\t\t\t\t\t\t\t\t\t\r\n\t\t\t\t\t\t\t\t\t\t<div class=\"work-meta\">\r\n\t\t\t\t\t\t\t\t\t\t\t<h4 class=\"title\">Formatura (S\u00e3o Paulo, 2020, 8 min.), de Caio Franco<\/h4>\r\n\t\t\t\t\t\t\t\t\t\t\t\r\n\t\t\t\t\t\t\t\t\t\t\t\t\t\t\t\t\t\t\t\t\t\t\r\n\t\t\t\t\t\t\t\t\t\t<\/div>\r\n\t\t\t\t\t\t\t\t\t\t<div class=\"nectar-love-wrap\">\r\n\t\t\t\t\t\t\t\t\t\t\t\t\t\t\t\t\t\t\t\t\t<\/div><!--\/nectar-love-wrap-->\t\r\n\t\t\t\t\t\t\t\t\t\t\r\n\t\t\t\t\t\t\t\t\t\t\t\t\t\t\t\t\t\r\n\t\t\t\t\t\t\t\t\r\n\t\t\t\t\t\t\t<\/div><!--\/inner-wrap-->\r\n\t\t\t\t\t\t<\/div><!--\/col-->\r\n\t\t\t\t\t\t\r\n\t\t\t\t\t\t\t\t\t\t\t\r\n\t\t\t\t\t\t\t\t\t\t\t\t\r\n\t\t\t\t\t\t<div class=\"col span_3  element a-imagem-que-me-traz e-de-repente-o-tempo-voltou-a-se-mover \"  data-project-cat=\"a-imagem-que-me-traz e-de-repente-o-tempo-voltou-a-se-mover \" data-default-color=\"true\" data-title-color=\"\" data-subtitle-color=\"\">\r\n\t\t\t\t\t\t\t\r\n\t\t\t\t\t\t\t<div class=\"inner-wrap animated\" data-animation=\"none\">\r\n\t\t\t\t\t\t\t\t\r\n\t\t\t\t\t\t\t\t\t\t\t\t\t\t\t\t\t\r\n\t\t\t\t\t\t\t\t\t<div class=\"work-item style-1\" data-custom-content=\"off\">\r\n\t\t\t\t\t\t\t\t\t\t\r\n\t\t\t\t\t\t\t\t\t\t<img class=\"size- skip-lazy\" src=\"https:\/\/cachoeiradoc.com.br\/festival\/wp-content\/uploads\/2020\/12\/Quando-era-primavera-01-600x403.jpg\" alt=\"\" height=\"403\" width=\"600\" srcset=\"https:\/\/cachoeiradoc.com.br\/festival\/wp-content\/uploads\/2020\/12\/Quando-era-primavera-01-900x604.jpg 900w, https:\/\/cachoeiradoc.com.br\/festival\/wp-content\/uploads\/2020\/12\/Quando-era-primavera-01-600x403.jpg 600w, https:\/\/cachoeiradoc.com.br\/festival\/wp-content\/uploads\/2020\/12\/Quando-era-primavera-01-400x269.jpg 400w\" sizes=\"(min-width: 1000px) 25vw, (min-width: 690px) 50vw, 100vw\" \/>\t\t\t\t\t\t\t\t\t\t\r\n\t\t\t\t\t\t\t\t\t\t<div class=\"work-info-bg\"><\/div>\r\n\t\t\t\t\t\t\t\t\t\t<div class=\"work-info\"> \r\n\t\t\t\t\t\t\t\t\t\t\t\r\n\t\t\t\t\t\t\t\t\t\t\t\t\t\t\t\t\t\t\t\t\t\t\t\r\n\t\t\t\t\t\t\t\t\t\t\t\t<div class=\"vert-center\">\r\n\t\t\t\t\t\t\t\t\t\t\t\t\t<a href=\"https:\/\/cachoeiradoc.com.br\/festival\/wp-content\/uploads\/2020\/12\/Quando-era-primavera-01.jpg\" class=\"pretty_photo default-link\">Ampliar imagem<\/a> <a class=\"default-link\" href=\"https:\/\/cachoeiradoc.com.br\/festival\/filmes\/quando-era-primavera\/\">Informa\u00e7\u00f5es<\/a>\t\t\t\t\t\t\t\t\t\t\t\t\t\r\n\t\t\t\t\t\t\t\t\t\t\t\t<\/div><!--\/vert-center-->\r\n\t\t\t\t\t\t\t\t\t\t\t<\/div>\r\n\t\t\t\t\t\t\t\t\t\t<\/div><!--\/work-item-->\r\n\t\t\t\t\t\t\t\t\t\t\r\n\t\t\t\t\t\t\t\t\t\t<div class=\"work-meta\">\r\n\t\t\t\t\t\t\t\t\t\t\t<h4 class=\"title\">Quando Era Primavera (Goi\u00e1s, 2019, 13 min.), de Lara Damiane<\/h4>\r\n\t\t\t\t\t\t\t\t\t\t\t\r\n\t\t\t\t\t\t\t\t\t\t\t\t\t\t\t\t\t\t\t\t\t\t\r\n\t\t\t\t\t\t\t\t\t\t<\/div>\r\n\t\t\t\t\t\t\t\t\t\t<div class=\"nectar-love-wrap\">\r\n\t\t\t\t\t\t\t\t\t\t\t\t\t\t\t\t\t\t\t\t\t<\/div><!--\/nectar-love-wrap-->\t\r\n\t\t\t\t\t\t\t\t\t\t\r\n\t\t\t\t\t\t\t\t\t\t\t\t\t\t\t\t\t\r\n\t\t\t\t\t\t\t\t\r\n\t\t\t\t\t\t\t<\/div><!--\/inner-wrap-->\r\n\t\t\t\t\t\t<\/div><!--\/col-->\r\n\t\t\t\t\t\t\r\n\t\t\t\t\t\t\t\t\t\t\t\r\n\t\t\t\t\t\t\t\t\t\t\t\t\r\n\t\t\t\t\t\t<div class=\"col span_3  element a-imagem-que-me-traz e-de-repente-o-tempo-voltou-a-se-mover \"  data-project-cat=\"a-imagem-que-me-traz e-de-repente-o-tempo-voltou-a-se-mover \" data-default-color=\"true\" data-title-color=\"\" data-subtitle-color=\"\">\r\n\t\t\t\t\t\t\t\r\n\t\t\t\t\t\t\t<div class=\"inner-wrap animated\" data-animation=\"none\">\r\n\t\t\t\t\t\t\t\t\r\n\t\t\t\t\t\t\t\t\t\t\t\t\t\t\t\t\t\r\n\t\t\t\t\t\t\t\t\t<div class=\"work-item style-1\" data-custom-content=\"off\">\r\n\t\t\t\t\t\t\t\t\t\t\r\n\t\t\t\t\t\t\t\t\t\t<img class=\"size- skip-lazy\" src=\"https:\/\/cachoeiradoc.com.br\/festival\/wp-content\/uploads\/2020\/12\/Entre-o-ceu-e-o-subsolo-01-600x403.jpg\" alt=\"\" height=\"403\" width=\"600\" srcset=\"https:\/\/cachoeiradoc.com.br\/festival\/wp-content\/uploads\/2020\/12\/Entre-o-ceu-e-o-subsolo-01-900x604.jpg 900w, https:\/\/cachoeiradoc.com.br\/festival\/wp-content\/uploads\/2020\/12\/Entre-o-ceu-e-o-subsolo-01-600x403.jpg 600w, https:\/\/cachoeiradoc.com.br\/festival\/wp-content\/uploads\/2020\/12\/Entre-o-ceu-e-o-subsolo-01-400x269.jpg 400w\" sizes=\"(min-width: 1000px) 25vw, (min-width: 690px) 50vw, 100vw\" \/>\t\t\t\t\t\t\t\t\t\t\r\n\t\t\t\t\t\t\t\t\t\t<div class=\"work-info-bg\"><\/div>\r\n\t\t\t\t\t\t\t\t\t\t<div class=\"work-info\"> \r\n\t\t\t\t\t\t\t\t\t\t\t\r\n\t\t\t\t\t\t\t\t\t\t\t\t\t\t\t\t\t\t\t\t\t\t\t\r\n\t\t\t\t\t\t\t\t\t\t\t\t<div class=\"vert-center\">\r\n\t\t\t\t\t\t\t\t\t\t\t\t\t<a href=\"https:\/\/cachoeiradoc.com.br\/festival\/wp-content\/uploads\/2020\/12\/Entre-o-ceu-e-o-subsolo-01.jpg\" class=\"pretty_photo default-link\">Ampliar imagem<\/a> <a class=\"default-link\" href=\"https:\/\/cachoeiradoc.com.br\/festival\/filmes\/entre-o-ceu-e-o-subsolo\/\">Informa\u00e7\u00f5es<\/a>\t\t\t\t\t\t\t\t\t\t\t\t\t\r\n\t\t\t\t\t\t\t\t\t\t\t\t<\/div><!--\/vert-center-->\r\n\t\t\t\t\t\t\t\t\t\t\t<\/div>\r\n\t\t\t\t\t\t\t\t\t\t<\/div><!--\/work-item-->\r\n\t\t\t\t\t\t\t\t\t\t\r\n\t\t\t\t\t\t\t\t\t\t<div class=\"work-meta\">\r\n\t\t\t\t\t\t\t\t\t\t\t<h4 class=\"title\">Entre o c\u00e9u e o subsolo (Bahia, 2019, 43 min.), de Felipe da Silva Borges<\/h4>\r\n\t\t\t\t\t\t\t\t\t\t\t\r\n\t\t\t\t\t\t\t\t\t\t\t\t\t\t\t\t\t\t\t\t\t\t\r\n\t\t\t\t\t\t\t\t\t\t<\/div>\r\n\t\t\t\t\t\t\t\t\t\t<div class=\"nectar-love-wrap\">\r\n\t\t\t\t\t\t\t\t\t\t\t\t\t\t\t\t\t\t\t\t\t<\/div><!--\/nectar-love-wrap-->\t\r\n\t\t\t\t\t\t\t\t\t\t\r\n\t\t\t\t\t\t\t\t\t\t\t\t\t\t\t\t\t\r\n\t\t\t\t\t\t\t\t\r\n\t\t\t\t\t\t\t<\/div><!--\/inner-wrap-->\r\n\t\t\t\t\t\t<\/div><!--\/col-->\r\n\t\t\t\t\t\t\r\n\t\t\t\t\t\t\t\t\t\t\r\n\t\t\t\t<\/div><!--\/portfolio-->\r\n\t\t\t<\/div><!--\/portfolio wrap-->\r\n\t\t\t\r\n\t\t\t[vc_column_text]\n<h5>Dispon\u00edveis online entre 12 e 20\/12.<\/h5>\n[\/vc_column_text][divider line_type=&#8221;Full Width Line&#8221; line_thickness=&#8221;1&#8243; divider_color=&#8221;default&#8221;][vc_column_text]\n<h3><b>Sess\u00e3o 10 &#8211; N\u00e3o existe o eu fora do n\u00f3s<\/b><\/h3>\n[\/vc_column_text][vc_column_text]<span style=\"font-weight: 400;\">O t\u00edtulo deste programa \u00e9 uma cita\u00e7\u00e3o \u00e0 can\u00e7\u00e3o de Caio Prado presente no curta<i> N\u00e3o fique triste menino<\/i>. Neste filme, comp\u00f5em-se fotografias pessoais, registros da enorme ressaca mar\u00edtima que atingiu Fortaleza (CE) em 2018 e pinturas dos irm\u00e3os Jo\u00e3o e Arthur Tim\u00f3theo. A costura singular com essa diversidade de arquivos produz um jogo de temporalidades, uma travessia atenta a um passado que n\u00e3o passou e a um ba\u00fa de mem\u00f3ria encharcado de sarga\u00e7o e l\u00e1grimas, tal como sugerido na pintura de Arthur Tim\u00f3theo<a href=\"#*\">*<\/a>. Avizinhamos este curta ao longa-metragem <i>O Bem Vir\u00e1, <\/i>filme que parte de uma \u00fanica fotografia de 1983, onde se v\u00ea treze mulheres trabalhando numa frente de combate \u00e0 seca, para ir ao encontro dessas personagens. Forte, o testemunho dessas mulheres exp\u00f5e um passado de latente resist\u00eancia feminina, hist\u00f3rica neglig\u00eancia do estado e viol\u00eancias acumuladas impostas \u00e0s fam\u00edlias nordestinas. A um s\u00f3 tempo vemos um contundente documento da barb\u00e1rie e um incontest\u00e1vel documento da luta por justi\u00e7a social.<\/span>[\/vc_column_text]\t\t\t\t\r\n\t\t\t\t\r\n\t\t\t\t\r\n\t\t\t\t<div class=\"portfolio-wrap \">\r\n\t\t\t\t\t\r\n\t\t\t\t\t\t\t\t\t\t\r\n\t\t\t\t\t<span class=\"portfolio-loading  none\">   <\/span>\r\n\t\t\t\t\t\r\n\t\t\t\t\t\t\t\t\t\t\r\n\t\t\t\t\t<div class=\"row portfolio-items no-masonry  \" data-rcp=\"false\" data-masonry-type=\"default\" data-ps=\"1\" data-starting-filter=\"\" data-gutter=\"default\" data-categories-to-show=\"nao-existe-o-eu-fora-do-nos\" data-bypass-cropping=\"\" data-lightbox-only=\"0\" data-col-num=\"cols-4\">\r\n\t\t\t\t\t\t\t\t\t\t\t\t\r\n\t\t\t\t\t\t\t\t\t\t\t\t\r\n\t\t\t\t\t\t<div class=\"col span_3  element e-de-repente-o-tempo-voltou-a-se-mover nao-existe-o-eu-fora-do-nos \"  data-project-cat=\"e-de-repente-o-tempo-voltou-a-se-mover nao-existe-o-eu-fora-do-nos \" data-default-color=\"true\" data-title-color=\"\" data-subtitle-color=\"\">\r\n\t\t\t\t\t\t\t\r\n\t\t\t\t\t\t\t<div class=\"inner-wrap animated\" data-animation=\"none\">\r\n\t\t\t\t\t\t\t\t\r\n\t\t\t\t\t\t\t\t\t\t\t\t\t\t\t\t\t\r\n\t\t\t\t\t\t\t\t\t<div class=\"work-item style-1\" data-custom-content=\"off\">\r\n\t\t\t\t\t\t\t\t\t\t\r\n\t\t\t\t\t\t\t\t\t\t<img class=\"size- skip-lazy\" src=\"https:\/\/cachoeiradoc.com.br\/festival\/wp-content\/uploads\/2020\/12\/Nao-fique-triste-menino-02-600x403.jpg\" alt=\"\" height=\"403\" width=\"600\" srcset=\"https:\/\/cachoeiradoc.com.br\/festival\/wp-content\/uploads\/2020\/12\/Nao-fique-triste-menino-02-900x604.jpg 900w, https:\/\/cachoeiradoc.com.br\/festival\/wp-content\/uploads\/2020\/12\/Nao-fique-triste-menino-02-600x403.jpg 600w, https:\/\/cachoeiradoc.com.br\/festival\/wp-content\/uploads\/2020\/12\/Nao-fique-triste-menino-02-400x269.jpg 400w\" sizes=\"(min-width: 1000px) 25vw, (min-width: 690px) 50vw, 100vw\" \/>\t\t\t\t\t\t\t\t\t\t\r\n\t\t\t\t\t\t\t\t\t\t<div class=\"work-info-bg\"><\/div>\r\n\t\t\t\t\t\t\t\t\t\t<div class=\"work-info\"> \r\n\t\t\t\t\t\t\t\t\t\t\t\r\n\t\t\t\t\t\t\t\t\t\t\t\t\t\t\t\t\t\t\t\t\t\t\t\r\n\t\t\t\t\t\t\t\t\t\t\t\t<div class=\"vert-center\">\r\n\t\t\t\t\t\t\t\t\t\t\t\t\t<a href=\"https:\/\/cachoeiradoc.com.br\/festival\/wp-content\/uploads\/2020\/12\/Nao-fique-triste-menino-02.jpg\" class=\"pretty_photo default-link\">Ampliar imagem<\/a> <a class=\"default-link\" href=\"https:\/\/cachoeiradoc.com.br\/festival\/filmes\/nao-fique-triste-menino\/\">Informa\u00e7\u00f5es<\/a>\t\t\t\t\t\t\t\t\t\t\t\t\t\r\n\t\t\t\t\t\t\t\t\t\t\t\t<\/div><!--\/vert-center-->\r\n\t\t\t\t\t\t\t\t\t\t\t<\/div>\r\n\t\t\t\t\t\t\t\t\t\t<\/div><!--\/work-item-->\r\n\t\t\t\t\t\t\t\t\t\t\r\n\t\t\t\t\t\t\t\t\t\t<div class=\"work-meta\">\r\n\t\t\t\t\t\t\t\t\t\t\t<h4 class=\"title\">N\u00e3o fique triste, menino (Cear\u00e1, 2018, 8 min.), de Cl\u00e9bson Francisco<\/h4>\r\n\t\t\t\t\t\t\t\t\t\t\t\r\n\t\t\t\t\t\t\t\t\t\t\t\t\t\t\t\t\t\t\t\t\t\t\r\n\t\t\t\t\t\t\t\t\t\t<\/div>\r\n\t\t\t\t\t\t\t\t\t\t<div class=\"nectar-love-wrap\">\r\n\t\t\t\t\t\t\t\t\t\t\t\t\t\t\t\t\t\t\t\t\t<\/div><!--\/nectar-love-wrap-->\t\r\n\t\t\t\t\t\t\t\t\t\t\r\n\t\t\t\t\t\t\t\t\t\t\t\t\t\t\t\t\t\r\n\t\t\t\t\t\t\t\t\r\n\t\t\t\t\t\t\t<\/div><!--\/inner-wrap-->\r\n\t\t\t\t\t\t<\/div><!--\/col-->\r\n\t\t\t\t\t\t\r\n\t\t\t\t\t\t\t\t\t\t\t\r\n\t\t\t\t\t\t\t\t\t\t\t\t\r\n\t\t\t\t\t\t<div class=\"col span_3  element e-de-repente-o-tempo-voltou-a-se-mover nao-existe-o-eu-fora-do-nos \"  data-project-cat=\"e-de-repente-o-tempo-voltou-a-se-mover nao-existe-o-eu-fora-do-nos \" data-default-color=\"true\" data-title-color=\"\" data-subtitle-color=\"\">\r\n\t\t\t\t\t\t\t\r\n\t\t\t\t\t\t\t<div class=\"inner-wrap animated\" data-animation=\"none\">\r\n\t\t\t\t\t\t\t\t\r\n\t\t\t\t\t\t\t\t\t\t\t\t\t\t\t\t\t\r\n\t\t\t\t\t\t\t\t\t<div class=\"work-item style-1\" data-custom-content=\"off\">\r\n\t\t\t\t\t\t\t\t\t\t\r\n\t\t\t\t\t\t\t\t\t\t<img class=\"size- skip-lazy\" src=\"https:\/\/cachoeiradoc.com.br\/festival\/wp-content\/uploads\/2020\/12\/O-bem-vira-01-600x403.jpg\" alt=\"\" height=\"403\" width=\"600\" srcset=\"https:\/\/cachoeiradoc.com.br\/festival\/wp-content\/uploads\/2020\/12\/O-bem-vira-01-900x604.jpg 900w, https:\/\/cachoeiradoc.com.br\/festival\/wp-content\/uploads\/2020\/12\/O-bem-vira-01-600x403.jpg 600w, https:\/\/cachoeiradoc.com.br\/festival\/wp-content\/uploads\/2020\/12\/O-bem-vira-01-400x269.jpg 400w\" sizes=\"(min-width: 1000px) 25vw, (min-width: 690px) 50vw, 100vw\" \/>\t\t\t\t\t\t\t\t\t\t\r\n\t\t\t\t\t\t\t\t\t\t<div class=\"work-info-bg\"><\/div>\r\n\t\t\t\t\t\t\t\t\t\t<div class=\"work-info\"> \r\n\t\t\t\t\t\t\t\t\t\t\t\r\n\t\t\t\t\t\t\t\t\t\t\t\t\t\t\t\t\t\t\t\t\t\t\t\r\n\t\t\t\t\t\t\t\t\t\t\t\t<div class=\"vert-center\">\r\n\t\t\t\t\t\t\t\t\t\t\t\t\t<a href=\"https:\/\/cachoeiradoc.com.br\/festival\/wp-content\/uploads\/2020\/12\/O-bem-vira-01.jpg\" class=\"pretty_photo default-link\">Ampliar imagem<\/a> <a class=\"default-link\" href=\"https:\/\/cachoeiradoc.com.br\/festival\/filmes\/o-bem-vira\/\">Informa\u00e7\u00f5es<\/a>\t\t\t\t\t\t\t\t\t\t\t\t\t\r\n\t\t\t\t\t\t\t\t\t\t\t\t<\/div><!--\/vert-center-->\r\n\t\t\t\t\t\t\t\t\t\t\t<\/div>\r\n\t\t\t\t\t\t\t\t\t\t<\/div><!--\/work-item-->\r\n\t\t\t\t\t\t\t\t\t\t\r\n\t\t\t\t\t\t\t\t\t\t<div class=\"work-meta\">\r\n\t\t\t\t\t\t\t\t\t\t\t<h4 class=\"title\">O Bem Vir\u00e1 (Pernambuco, 2020, 80 min.), de Uilma Queiroz<\/h4>\r\n\t\t\t\t\t\t\t\t\t\t\t\r\n\t\t\t\t\t\t\t\t\t\t\t\t\t\t\t\t\t\t\t\t\t\t\r\n\t\t\t\t\t\t\t\t\t\t<\/div>\r\n\t\t\t\t\t\t\t\t\t\t<div class=\"nectar-love-wrap\">\r\n\t\t\t\t\t\t\t\t\t\t\t\t\t\t\t\t\t\t\t\t\t<\/div><!--\/nectar-love-wrap-->\t\r\n\t\t\t\t\t\t\t\t\t\t\r\n\t\t\t\t\t\t\t\t\t\t\t\t\t\t\t\t\t\r\n\t\t\t\t\t\t\t\t\r\n\t\t\t\t\t\t\t<\/div><!--\/inner-wrap-->\r\n\t\t\t\t\t\t<\/div><!--\/col-->\r\n\t\t\t\t\t\t\r\n\t\t\t\t\t\t\t\t\t\t\r\n\t\t\t\t<\/div><!--\/portfolio-->\r\n\t\t\t<\/div><!--\/portfolio wrap-->\r\n\t\t\t\r\n\t\t\t[vc_column_text]\n<h5>Dispon\u00edveis online entre 12 e 20\/12.<\/h5>\n[\/vc_column_text][divider line_type=&#8221;Full Width Line&#8221; line_thickness=&#8221;1&#8243; divider_color=&#8221;default&#8221;][vc_raw_html]JTNDYSUyMGlkJTNEJTIyJTJBJTIyJTNFJTNDJTJGYSUzRQ==[\/vc_raw_html][vc_column_text]* F<span style=\"font-weight: 400;\">rame do &#8220;N\u00e3o fique triste menino&#8221;, onde se v\u00ea a pintura &#8220;O presente: caixa de j\u00f3ias azul e anel de ouro&#8221;, de Arthur Tim\u00f3theo (1910).<\/span>[\/vc_column_text][image_with_animation image_url=&#8221;6932&#8243; animation=&#8221;Fade In&#8221; hover_animation=&#8221;none&#8221; alignment=&#8221;center&#8221; border_radius=&#8221;none&#8221; box_shadow=&#8221;none&#8221; image_loading=&#8221;default&#8221; max_width=&#8221;50%&#8221; max_width_mobile=&#8221;default&#8221;][\/vc_column][\/vc_row]\n","protected":false},"excerpt":{"rendered":"<p>[vc_row type=&#8221;in_container&#8221; full_screen_row_position=&#8221;middle&#8221; column_margin=&#8221;default&#8221; column_direction=&#8221;default&#8221; column_direction_tablet=&#8221;default&#8221; column_direction_phone=&#8221;default&#8221; scene_position=&#8221;center&#8221; text_color=&#8221;dark&#8221; text_align=&#8221;left&#8221; row_border_radius=&#8221;none&#8221; row_border_radius_applies=&#8221;bg&#8221; overlay_strength=&#8221;0.3&#8243; gradient_direction=&#8221;left_to_right&#8221; shape_divider_position=&#8221;bottom&#8221; bg_image_animation=&#8221;none&#8221; shape_type=&#8221;&#8221;][vc_column column_padding=&#8221;no-extra-padding&#8221; column_padding_tablet=&#8221;inherit&#8221; column_padding_phone=&#8221;inherit&#8221; column_padding_position=&#8221;all&#8221; background_color_opacity=&#8221;1&#8243; background_hover_color_opacity=&#8221;1&#8243; column_shadow=&#8221;none&#8221; column_border_radius=&#8221;none&#8221;&#8230;<\/p>\n","protected":false},"author":1,"featured_media":0,"parent":5861,"menu_order":0,"comment_status":"closed","ping_status":"closed","template":"","meta":{"_monsterinsights_skip_tracking":false,"_monsterinsights_sitenote_active":false,"_monsterinsights_sitenote_note":"","_monsterinsights_sitenote_category":0},"_links":{"self":[{"href":"https:\/\/cachoeiradoc.com.br\/festival\/wp-json\/wp\/v2\/pages\/6930"}],"collection":[{"href":"https:\/\/cachoeiradoc.com.br\/festival\/wp-json\/wp\/v2\/pages"}],"about":[{"href":"https:\/\/cachoeiradoc.com.br\/festival\/wp-json\/wp\/v2\/types\/page"}],"author":[{"embeddable":true,"href":"https:\/\/cachoeiradoc.com.br\/festival\/wp-json\/wp\/v2\/users\/1"}],"replies":[{"embeddable":true,"href":"https:\/\/cachoeiradoc.com.br\/festival\/wp-json\/wp\/v2\/comments?post=6930"}],"version-history":[{"count":11,"href":"https:\/\/cachoeiradoc.com.br\/festival\/wp-json\/wp\/v2\/pages\/6930\/revisions"}],"predecessor-version":[{"id":7545,"href":"https:\/\/cachoeiradoc.com.br\/festival\/wp-json\/wp\/v2\/pages\/6930\/revisions\/7545"}],"up":[{"embeddable":true,"href":"https:\/\/cachoeiradoc.com.br\/festival\/wp-json\/wp\/v2\/pages\/5861"}],"wp:attachment":[{"href":"https:\/\/cachoeiradoc.com.br\/festival\/wp-json\/wp\/v2\/media?parent=6930"}],"curies":[{"name":"wp","href":"https:\/\/api.w.org\/{rel}","templated":true}]}}