{"id":6881,"date":"2020-12-01T11:25:32","date_gmt":"2020-12-01T14:25:32","guid":{"rendered":"http:\/\/cachoeiradoc.com.br\/festival\/?page_id=6881"},"modified":"2020-12-07T14:06:02","modified_gmt":"2020-12-07T17:06:02","slug":"programa2","status":"publish","type":"page","link":"https:\/\/cachoeiradoc.com.br\/festival\/mostra-de-documentarios-brasileiros\/programa2\/","title":{"rendered":"Programa 2"},"content":{"rendered":"[vc_row type=&#8221;in_container&#8221; full_screen_row_position=&#8221;middle&#8221; column_margin=&#8221;default&#8221; column_direction=&#8221;default&#8221; column_direction_tablet=&#8221;default&#8221; column_direction_phone=&#8221;default&#8221; scene_position=&#8221;center&#8221; text_color=&#8221;dark&#8221; text_align=&#8221;left&#8221; row_border_radius=&#8221;none&#8221; row_border_radius_applies=&#8221;bg&#8221; overlay_strength=&#8221;0.3&#8243; gradient_direction=&#8221;left_to_right&#8221; shape_divider_position=&#8221;bottom&#8221; bg_image_animation=&#8221;none&#8221; shape_type=&#8221;&#8221;][vc_column column_padding=&#8221;no-extra-padding&#8221; column_padding_tablet=&#8221;inherit&#8221; column_padding_phone=&#8221;inherit&#8221; column_padding_position=&#8221;all&#8221; background_color_opacity=&#8221;1&#8243; background_hover_color_opacity=&#8221;1&#8243; column_shadow=&#8221;none&#8221; column_border_radius=&#8221;none&#8221; column_link_target=&#8221;_self&#8221; gradient_direction=&#8221;left_to_right&#8221; overlay_strength=&#8221;0.3&#8243; width=&#8221;1\/1&#8243; tablet_width_inherit=&#8221;default&#8221; tablet_text_alignment=&#8221;default&#8221; phone_text_alignment=&#8221;default&#8221; column_border_width=&#8221;none&#8221; column_border_style=&#8221;solid&#8221; bg_image_animation=&#8221;none&#8221;][vc_column_text]\n<h2><b>Nem todo trajeto \u00e9 reto <\/b><\/h2>\n[\/vc_column_text][vc_column_text]\n<p style=\"text-align: right;\"><em>por Fabio Rodrigues, Patr\u00edcia Mour\u00e3o e Rayanne Layssa,<\/em><\/p>\n[\/vc_column_text][vc_row_inner column_margin=&#8221;default&#8221; column_direction=&#8221;default&#8221; column_direction_tablet=&#8221;default&#8221; column_direction_phone=&#8221;default&#8221; text_align=&#8221;left&#8221;][vc_column_inner column_padding=&#8221;no-extra-padding&#8221; column_padding_tablet=&#8221;inherit&#8221; column_padding_phone=&#8221;inherit&#8221; column_padding_position=&#8221;all&#8221; background_color_opacity=&#8221;1&#8243; background_hover_color_opacity=&#8221;1&#8243; column_shadow=&#8221;none&#8221; column_border_radius=&#8221;none&#8221; column_link_target=&#8221;_self&#8221; gradient_direction=&#8221;left_to_right&#8221; overlay_strength=&#8221;0.3&#8243; width=&#8221;1\/2&#8243; tablet_width_inherit=&#8221;default&#8221; column_border_width=&#8221;none&#8221; column_border_style=&#8221;solid&#8221; bg_image_animation=&#8221;none&#8221;][\/vc_column_inner][vc_column_inner column_padding=&#8221;no-extra-padding&#8221; column_padding_tablet=&#8221;inherit&#8221; column_padding_phone=&#8221;inherit&#8221; column_padding_position=&#8221;all&#8221; background_color_opacity=&#8221;1&#8243; background_hover_color_opacity=&#8221;1&#8243; column_shadow=&#8221;none&#8221; column_border_radius=&#8221;none&#8221; column_link_target=&#8221;_self&#8221; gradient_direction=&#8221;left_to_right&#8221; overlay_strength=&#8221;0.3&#8243; width=&#8221;1\/2&#8243; tablet_width_inherit=&#8221;default&#8221; column_border_width=&#8221;none&#8221; column_border_style=&#8221;solid&#8221; bg_image_animation=&#8221;none&#8221;][vc_column_text]\n<blockquote>\n<p>\u201cPara fazer um novo mundo, voc\u00ea come\u00e7a com um antigo, certamente. Para achar um mundo, talvez voc\u00ea precise ter perdido um. Talvez voc\u00ea precise estar perdida. A dan\u00e7a da renova\u00e7\u00e3o, a dan\u00e7a que criou o mundo, sempre foi dan\u00e7ada nas bordas das coisas, no limite, na costa enevoada\u201d<\/p>\n<\/blockquote>\n<p style=\"text-align: right;\"><span style=\"font-weight: 400;\">(Ursula Le Guin, em <\/span><i><span style=\"font-weight: 400;\">World making<\/span><\/i><span style=\"font-weight: 400;\">)<\/span><\/p>\n[\/vc_column_text][\/vc_column_inner][\/vc_row_inner][vc_column_text]<span style=\"font-weight: 400;\">Comp\u00f5em esse programa filmes que habitam e semeiam espa\u00e7os intersticiais, com cenas de encontros emancipat\u00f3rios e que se mobilizam com movimentos de luta. S\u00e3o filmes que, \u00e0 sua maneira, constroem rela\u00e7\u00f5es e interven\u00e7\u00f5es no presente, ora caminhando nas esquinas do mundo, \u201cdan\u00e7ando nas bordas das coisas\u201d, ora engajando-se frontalmente na \u201crefunda\u00e7\u00e3o do poss\u00edvel\u201d, como diz Jota Momba\u00e7a (2018)<a href=\"#*\">*<\/a>. Atentando-se aos m\u00faltiplos trajetos da luta e das exist\u00eancias, tomamos emprestada um trecho da can\u00e7\u00e3o \u201cCobra Rasteira\u201d, de Kiko Dinucci, para nomear esse programa: \u201cNem todo trajeto \u00e9 reto, nem o mar \u00e9 regular&#8230;.\u201d<\/span>[\/vc_column_text][vc_column_text]\n<h3><strong>Sess\u00e3o 4 &#8211;<\/strong> <b>O negrume da noite reluziu o dia <\/b><\/h3>\n[\/vc_column_text][vc_column_text]<span style=\"font-weight: 400;\">Inspiradas pela famosa can\u00e7\u00e3o do bloco afro Il\u00ea Aiy\u00ea, \u201cNegrume da Noite\u201d, iniciamos com a sess\u00e3o do longa-metragem <i>Negro em Mim <\/i>(2020), filme m\u00faltiplo que re\u00fane um elenco vigoroso de artistas e pensadoras\/es negras, construindo nessa conflu\u00eancia de vozes um retrato coletivo de um movimento em curso. Este filme cumpre um papel decisivo em documentar o pensamento, <i>saberes est\u00e9ticos-corp\u00f3reos<\/i><a href=\"#*\">**<\/a><\/span><span style=\"font-weight: 400;\">, as imagens e vozes de sujeitos negros historicamente invisibilizados. Confrontando a grande narrativa de um pa\u00eds \u201cracialmente democr\u00e1tico\u201d, eles afirmam seus lugares no mundo atrav\u00e9s da arte; com suas presen\u00e7as e seus desejos, esbo\u00e7am outros futuros porvir. Como no paradigm\u00e1tico <i>Aboli\u00e7\u00e3o <\/i>(Z\u00f3zimo Bulbul, 1988), vemos em <i>Negro em Mim <\/i>um necess\u00e1rio documento da luta, das po\u00e9ticas e do levante negro no Brasil. <\/span>[\/vc_column_text]\t\t\t\t\r\n\t\t\t\t\r\n\t\t\t\t\r\n\t\t\t\t<div class=\"portfolio-wrap \">\r\n\t\t\t\t\t\r\n\t\t\t\t\t\t\t\t\t\t\r\n\t\t\t\t\t<span class=\"portfolio-loading  none\">   <\/span>\r\n\t\t\t\t\t\r\n\t\t\t\t\t\t\t\t\t\t\r\n\t\t\t\t\t<div class=\"row portfolio-items no-masonry  \" data-rcp=\"false\" data-masonry-type=\"default\" data-ps=\"1\" data-starting-filter=\"\" data-gutter=\"default\" data-categories-to-show=\"o-negrume-da-noite-reluziu-o-dia\" data-bypass-cropping=\"\" data-lightbox-only=\"0\" data-col-num=\"cols-4\">\r\n\t\t\t\t\t\t\t\t\t\t\t\t\r\n\t\t\t\t\t\t\t\t\t\t\t\t\r\n\t\t\t\t\t\t<div class=\"col span_3  element nem-todo-trajeto-e-reto o-negrume-da-noite-reluziu-o-dia \"  data-project-cat=\"nem-todo-trajeto-e-reto o-negrume-da-noite-reluziu-o-dia \" data-default-color=\"true\" data-title-color=\"\" data-subtitle-color=\"\">\r\n\t\t\t\t\t\t\t\r\n\t\t\t\t\t\t\t<div class=\"inner-wrap animated\" data-animation=\"none\">\r\n\t\t\t\t\t\t\t\t\r\n\t\t\t\t\t\t\t\t\t\t\t\t\t\t\t\t\t\r\n\t\t\t\t\t\t\t\t\t<div class=\"work-item style-1\" data-custom-content=\"off\">\r\n\t\t\t\t\t\t\t\t\t\t\r\n\t\t\t\t\t\t\t\t\t\t<img class=\"size- skip-lazy\" src=\"https:\/\/cachoeiradoc.com.br\/festival\/wp-content\/uploads\/2020\/12\/Negro-em-mim-02-600x403.jpg\" alt=\"\" height=\"403\" width=\"600\" srcset=\"https:\/\/cachoeiradoc.com.br\/festival\/wp-content\/uploads\/2020\/12\/Negro-em-mim-02-900x604.jpg 900w, https:\/\/cachoeiradoc.com.br\/festival\/wp-content\/uploads\/2020\/12\/Negro-em-mim-02-600x403.jpg 600w, https:\/\/cachoeiradoc.com.br\/festival\/wp-content\/uploads\/2020\/12\/Negro-em-mim-02-400x269.jpg 400w\" sizes=\"(min-width: 1000px) 25vw, (min-width: 690px) 50vw, 100vw\" \/>\t\t\t\t\t\t\t\t\t\t\r\n\t\t\t\t\t\t\t\t\t\t<div class=\"work-info-bg\"><\/div>\r\n\t\t\t\t\t\t\t\t\t\t<div class=\"work-info\"> \r\n\t\t\t\t\t\t\t\t\t\t\t\r\n\t\t\t\t\t\t\t\t\t\t\t\t\t\t\t\t\t\t\t\t\t\t\t\r\n\t\t\t\t\t\t\t\t\t\t\t\t<div class=\"vert-center\">\r\n\t\t\t\t\t\t\t\t\t\t\t\t\t<a href=\"https:\/\/cachoeiradoc.com.br\/festival\/wp-content\/uploads\/2020\/12\/Negro-em-mim-02.jpg\" class=\"pretty_photo default-link\">Ampliar imagem<\/a> <a class=\"default-link\" href=\"https:\/\/cachoeiradoc.com.br\/festival\/filmes\/negro-em-mim\/\">Informa\u00e7\u00f5es<\/a>\t\t\t\t\t\t\t\t\t\t\t\t\t\r\n\t\t\t\t\t\t\t\t\t\t\t\t<\/div><!--\/vert-center-->\r\n\t\t\t\t\t\t\t\t\t\t\t<\/div>\r\n\t\t\t\t\t\t\t\t\t\t<\/div><!--\/work-item-->\r\n\t\t\t\t\t\t\t\t\t\t\r\n\t\t\t\t\t\t\t\t\t\t<div class=\"work-meta\">\r\n\t\t\t\t\t\t\t\t\t\t\t<h4 class=\"title\">Negro Em Mim (S\u00e3o Paulo, 2020, 112 min.), de Macca Ramos<\/h4>\r\n\t\t\t\t\t\t\t\t\t\t\t\r\n\t\t\t\t\t\t\t\t\t\t\t\t\t\t\t\t\t\t\t\t\t\t\r\n\t\t\t\t\t\t\t\t\t\t<\/div>\r\n\t\t\t\t\t\t\t\t\t\t<div class=\"nectar-love-wrap\">\r\n\t\t\t\t\t\t\t\t\t\t\t\t\t\t\t\t\t\t\t\t\t<\/div><!--\/nectar-love-wrap-->\t\r\n\t\t\t\t\t\t\t\t\t\t\r\n\t\t\t\t\t\t\t\t\t\t\t\t\t\t\t\t\t\r\n\t\t\t\t\t\t\t\t\r\n\t\t\t\t\t\t\t<\/div><!--\/inner-wrap-->\r\n\t\t\t\t\t\t<\/div><!--\/col-->\r\n\t\t\t\t\t\t\r\n\t\t\t\t\t\t\t\t\t\t\r\n\t\t\t\t<\/div><!--\/portfolio-->\r\n\t\t\t<\/div><!--\/portfolio wrap-->\r\n\t\t\t\r\n\t\t\t[vc_column_text]\n<h5>Dispon\u00edveis online entre 05 e 11\/12 e 19 e 20\/12.<\/h5>\n[\/vc_column_text][divider line_type=&#8221;Full Width Line&#8221; line_thickness=&#8221;1&#8243; divider_color=&#8221;default&#8221;][vc_column_text]\n<h3><b>Sess\u00e3o 5 &#8211; <\/b><b>Inventar a liberdade<\/b><\/h3>\n[\/vc_column_text][vc_column_text]<span style=\"font-weight: 400;\">Como escreve Judith Butler em refer\u00eancia a Trinh Minh-ha, \u00e9 poss\u00edvel &#8220;enquadrar o enquadramento&#8221; ou ainda \u201cenquadrar o enquadrador\u201d. Ambas as express\u00f5es parecem justas aos dois filmes desta sess\u00e3o. <\/span><i><span style=\"font-weight: 400;\">Cad\u00ea Edson?<\/span><\/i><span style=\"font-weight: 400;\"> (2019), ao desviar imagens feitas pela pol\u00edcia e utiliz\u00e1-las como contraprova, exp\u00f5e a mise-en-sc\u00e8ne do poder e assume a guerra das imagens como decisiva para a luta do movimento popular por moradia em curso.<\/span><span style=\"font-weight: 400;\"> Como um aliado ativo da luta, este filme constr\u00f3i uma arquitetura sens\u00edvel para a milit\u00e2ncia, tanto quando remonta arquivos ou quando re\u00fane pessoas, provas e hist\u00f3rias dispersadas pela trucul\u00eancia do estado. Em <\/span><i><span style=\"font-weight: 400;\">\u00c9 sim de verdade<\/span><\/i><span style=\"font-weight: 400;\"> (2018), mulheres em situa\u00e7\u00e3o de c\u00e1rcere inventam coletivamente uma narrativa de amor e liberdade. O filme \u00e9 resultado de a\u00e7\u00f5es do projeto de pesquisa e extens\u00e3o da UFRB, o Laborat\u00f3rio de Estudos e Pesquisas em Lesbianidade, junto a um grupo de mulheres do Complexo Prisional de Feira de Santana.<\/span>[\/vc_column_text]\t\t\t\t\r\n\t\t\t\t\r\n\t\t\t\t\r\n\t\t\t\t<div class=\"portfolio-wrap \">\r\n\t\t\t\t\t\r\n\t\t\t\t\t\t\t\t\t\t\r\n\t\t\t\t\t<span class=\"portfolio-loading  none\">   <\/span>\r\n\t\t\t\t\t\r\n\t\t\t\t\t\t\t\t\t\t\r\n\t\t\t\t\t<div class=\"row portfolio-items no-masonry  \" data-rcp=\"false\" data-masonry-type=\"default\" data-ps=\"1\" data-starting-filter=\"\" data-gutter=\"default\" data-categories-to-show=\"inventar-a-liberdade\" data-bypass-cropping=\"\" data-lightbox-only=\"0\" data-col-num=\"cols-4\">\r\n\t\t\t\t\t\t\t\t\t\t\t\t\r\n\t\t\t\t\t\t\t\t\t\t\t\t\r\n\t\t\t\t\t\t<div class=\"col span_3  element inventar-a-liberdade nem-todo-trajeto-e-reto \"  data-project-cat=\"inventar-a-liberdade nem-todo-trajeto-e-reto \" data-default-color=\"true\" data-title-color=\"\" data-subtitle-color=\"\">\r\n\t\t\t\t\t\t\t\r\n\t\t\t\t\t\t\t<div class=\"inner-wrap animated\" data-animation=\"none\">\r\n\t\t\t\t\t\t\t\t\r\n\t\t\t\t\t\t\t\t\t\t\t\t\t\t\t\t\t\r\n\t\t\t\t\t\t\t\t\t<div class=\"work-item style-1\" data-custom-content=\"off\">\r\n\t\t\t\t\t\t\t\t\t\t\r\n\t\t\t\t\t\t\t\t\t\t<img class=\"size- skip-lazy\" src=\"https:\/\/cachoeiradoc.com.br\/festival\/wp-content\/uploads\/2020\/12\/E-sim-de-verdade-01-600x403.jpg\" alt=\"\" height=\"403\" width=\"600\" srcset=\"https:\/\/cachoeiradoc.com.br\/festival\/wp-content\/uploads\/2020\/12\/E-sim-de-verdade-01-900x604.jpg 900w, https:\/\/cachoeiradoc.com.br\/festival\/wp-content\/uploads\/2020\/12\/E-sim-de-verdade-01-600x403.jpg 600w, https:\/\/cachoeiradoc.com.br\/festival\/wp-content\/uploads\/2020\/12\/E-sim-de-verdade-01-400x269.jpg 400w\" sizes=\"(min-width: 1000px) 25vw, (min-width: 690px) 50vw, 100vw\" \/>\t\t\t\t\t\t\t\t\t\t\r\n\t\t\t\t\t\t\t\t\t\t<div class=\"work-info-bg\"><\/div>\r\n\t\t\t\t\t\t\t\t\t\t<div class=\"work-info\"> \r\n\t\t\t\t\t\t\t\t\t\t\t\r\n\t\t\t\t\t\t\t\t\t\t\t\t\t\t\t\t\t\t\t\t\t\t\t\r\n\t\t\t\t\t\t\t\t\t\t\t\t<div class=\"vert-center\">\r\n\t\t\t\t\t\t\t\t\t\t\t\t\t<a href=\"https:\/\/cachoeiradoc.com.br\/festival\/wp-content\/uploads\/2020\/12\/E-sim-de-verdade-01.jpg\" class=\"pretty_photo default-link\">Ampliar imagem<\/a> <a class=\"default-link\" href=\"https:\/\/cachoeiradoc.com.br\/festival\/filmes\/e-sim-de-verdade\/\">Informa\u00e7\u00f5es<\/a>\t\t\t\t\t\t\t\t\t\t\t\t\t\r\n\t\t\t\t\t\t\t\t\t\t\t\t<\/div><!--\/vert-center-->\r\n\t\t\t\t\t\t\t\t\t\t\t<\/div>\r\n\t\t\t\t\t\t\t\t\t\t<\/div><!--\/work-item-->\r\n\t\t\t\t\t\t\t\t\t\t\r\n\t\t\t\t\t\t\t\t\t\t<div class=\"work-meta\">\r\n\t\t\t\t\t\t\t\t\t\t\t<h4 class=\"title\">\u00c9 sim de verdade (Bahia, 2018, 22 min.), dire\u00e7\u00e3o coletiva de mulheres em priva\u00e7\u00e3o de liberdade junto ao Complexo Prisional de Feira de Santana<\/h4>\r\n\t\t\t\t\t\t\t\t\t\t\t\r\n\t\t\t\t\t\t\t\t\t\t\t\t\t\t\t\t\t\t\t\t\t\t\r\n\t\t\t\t\t\t\t\t\t\t<\/div>\r\n\t\t\t\t\t\t\t\t\t\t<div class=\"nectar-love-wrap\">\r\n\t\t\t\t\t\t\t\t\t\t\t\t\t\t\t\t\t\t\t\t\t<\/div><!--\/nectar-love-wrap-->\t\r\n\t\t\t\t\t\t\t\t\t\t\r\n\t\t\t\t\t\t\t\t\t\t\t\t\t\t\t\t\t\r\n\t\t\t\t\t\t\t\t\r\n\t\t\t\t\t\t\t<\/div><!--\/inner-wrap-->\r\n\t\t\t\t\t\t<\/div><!--\/col-->\r\n\t\t\t\t\t\t\r\n\t\t\t\t\t\t\t\t\t\t\t\r\n\t\t\t\t\t\t\t\t\t\t\t\t\r\n\t\t\t\t\t\t<div class=\"col span_3  element inventar-a-liberdade nem-todo-trajeto-e-reto \"  data-project-cat=\"inventar-a-liberdade nem-todo-trajeto-e-reto \" data-default-color=\"true\" data-title-color=\"\" data-subtitle-color=\"\">\r\n\t\t\t\t\t\t\t\r\n\t\t\t\t\t\t\t<div class=\"inner-wrap animated\" data-animation=\"none\">\r\n\t\t\t\t\t\t\t\t\r\n\t\t\t\t\t\t\t\t\t\t\t\t\t\t\t\t\t\r\n\t\t\t\t\t\t\t\t\t<div class=\"work-item style-1\" data-custom-content=\"off\">\r\n\t\t\t\t\t\t\t\t\t\t\r\n\t\t\t\t\t\t\t\t\t\t<img class=\"size- skip-lazy\" src=\"https:\/\/cachoeiradoc.com.br\/festival\/wp-content\/uploads\/2020\/12\/Cade-Edson_-01-600x403.jpg\" alt=\"\" height=\"403\" width=\"600\" srcset=\"https:\/\/cachoeiradoc.com.br\/festival\/wp-content\/uploads\/2020\/12\/Cade-Edson_-01-900x604.jpg 900w, https:\/\/cachoeiradoc.com.br\/festival\/wp-content\/uploads\/2020\/12\/Cade-Edson_-01-600x403.jpg 600w, https:\/\/cachoeiradoc.com.br\/festival\/wp-content\/uploads\/2020\/12\/Cade-Edson_-01-400x269.jpg 400w\" sizes=\"(min-width: 1000px) 25vw, (min-width: 690px) 50vw, 100vw\" \/>\t\t\t\t\t\t\t\t\t\t\r\n\t\t\t\t\t\t\t\t\t\t<div class=\"work-info-bg\"><\/div>\r\n\t\t\t\t\t\t\t\t\t\t<div class=\"work-info\"> \r\n\t\t\t\t\t\t\t\t\t\t\t\r\n\t\t\t\t\t\t\t\t\t\t\t\t\t\t\t\t\t\t\t\t\t\t\t\r\n\t\t\t\t\t\t\t\t\t\t\t\t<div class=\"vert-center\">\r\n\t\t\t\t\t\t\t\t\t\t\t\t\t<a href=\"https:\/\/cachoeiradoc.com.br\/festival\/wp-content\/uploads\/2020\/12\/Cade-Edson_-01.jpg\" class=\"pretty_photo default-link\">Ampliar imagem<\/a> <a class=\"default-link\" href=\"https:\/\/cachoeiradoc.com.br\/festival\/filmes\/cade-edson\/\">Informa\u00e7\u00f5es<\/a>\t\t\t\t\t\t\t\t\t\t\t\t\t\r\n\t\t\t\t\t\t\t\t\t\t\t\t<\/div><!--\/vert-center-->\r\n\t\t\t\t\t\t\t\t\t\t\t<\/div>\r\n\t\t\t\t\t\t\t\t\t\t<\/div><!--\/work-item-->\r\n\t\t\t\t\t\t\t\t\t\t\r\n\t\t\t\t\t\t\t\t\t\t<div class=\"work-meta\">\r\n\t\t\t\t\t\t\t\t\t\t\t<h4 class=\"title\">Cad\u00ea Edson? (Distrito Federal, 2019, 73 min.), de D\u00e1cia Ibiapina da Silva<\/h4>\r\n\t\t\t\t\t\t\t\t\t\t\t\r\n\t\t\t\t\t\t\t\t\t\t\t\t\t\t\t\t\t\t\t\t\t\t\r\n\t\t\t\t\t\t\t\t\t\t<\/div>\r\n\t\t\t\t\t\t\t\t\t\t<div class=\"nectar-love-wrap\">\r\n\t\t\t\t\t\t\t\t\t\t\t\t\t\t\t\t\t\t\t\t\t<\/div><!--\/nectar-love-wrap-->\t\r\n\t\t\t\t\t\t\t\t\t\t\r\n\t\t\t\t\t\t\t\t\t\t\t\t\t\t\t\t\t\r\n\t\t\t\t\t\t\t\t\r\n\t\t\t\t\t\t\t<\/div><!--\/inner-wrap-->\r\n\t\t\t\t\t\t<\/div><!--\/col-->\r\n\t\t\t\t\t\t\r\n\t\t\t\t\t\t\t\t\t\t\r\n\t\t\t\t<\/div><!--\/portfolio-->\r\n\t\t\t<\/div><!--\/portfolio wrap-->\r\n\t\t\t\r\n\t\t\t[vc_column_text]\n<h5>Dispon\u00edveis online entre 05 e 11\/12 e 19 e 20\/12.<\/h5>\n[\/vc_column_text][divider line_type=&#8221;Full Width Line&#8221; line_thickness=&#8221;1&#8243; divider_color=&#8221;default&#8221;][vc_column_text]\n<h3><b>Sess\u00e3o 6 &#8211; <\/b><b>Entre o tempo e n\u00f3s<\/b><\/h3>\n[\/vc_column_text][vc_column_text]<span style=\"font-weight: 400;\">Para aqueles para quem parar \u00e9 um risco, a vida precisa ser correria.<\/span><span style=\"font-weight: 400;\"> \u201cEntre o Tempo e N\u00f3s\u201d re\u00fane filmes que se encontram no respirar do descanso, na calmaria de uma crian\u00e7a preta dormindo como em uma das cenas de <\/span><i><span style=\"font-weight: 400;\">Entre N\u00f3s e o Mundo<\/span><\/i><span style=\"font-weight: 400;\">, ou na tomada de for\u00e7a pela parceria, pelo canto e pelo abra\u00e7o que fazem a luta seguir. O respirar aparece no encontro para o cultivo do cuidado, como em <\/span><i><span style=\"font-weight: 400;\">Minha Hist\u00f3ria \u00e9 Outra <\/span><\/i><span style=\"font-weight: 400;\">onde<\/span> <span style=\"font-weight: 400;\">duas amigas retocam a cor dos cabelos. Neste curta, celebram-se as exist\u00eancias e hist\u00f3rias plurais. Por fim, em <\/span><i><span style=\"font-weight: 400;\">Arco do Tempo<\/span><\/i><span style=\"font-weight: 400;\">, o corpo atravessa o tempo para contrariar um desaparecimento programado. Se no come\u00e7o do curta um abismo amea\u00e7a sugar o sujeito, as conversas \u00edntimas confluem na defesa da liberdade, que se insinua, finalmente, num retrato da fam\u00edlia respirando feliz no quintal. &#8220;Eu n\u00e3o estou sozinho. Voc\u00ea n\u00e3o est\u00e1 sozinha&#8221;<\/span>[\/vc_column_text]\t\t\t\t\r\n\t\t\t\t\r\n\t\t\t\t\r\n\t\t\t\t<div class=\"portfolio-wrap \">\r\n\t\t\t\t\t\r\n\t\t\t\t\t\t\t\t\t\t\r\n\t\t\t\t\t<span class=\"portfolio-loading  none\">   <\/span>\r\n\t\t\t\t\t\r\n\t\t\t\t\t\t\t\t\t\t\r\n\t\t\t\t\t<div class=\"row portfolio-items no-masonry  \" data-rcp=\"false\" data-masonry-type=\"default\" data-ps=\"1\" data-starting-filter=\"\" data-gutter=\"default\" data-categories-to-show=\"entre-o-tempo-e-nos\" data-bypass-cropping=\"\" data-lightbox-only=\"0\" data-col-num=\"cols-4\">\r\n\t\t\t\t\t\t\t\t\t\t\t\t\r\n\t\t\t\t\t\t\t\t\t\t\t\t\r\n\t\t\t\t\t\t<div class=\"col span_3  element entre-o-tempo-e-nos nem-todo-trajeto-e-reto \"  data-project-cat=\"entre-o-tempo-e-nos nem-todo-trajeto-e-reto \" data-default-color=\"true\" data-title-color=\"\" data-subtitle-color=\"\">\r\n\t\t\t\t\t\t\t\r\n\t\t\t\t\t\t\t<div class=\"inner-wrap animated\" data-animation=\"none\">\r\n\t\t\t\t\t\t\t\t\r\n\t\t\t\t\t\t\t\t\t\t\t\t\t\t\t\t\t\r\n\t\t\t\t\t\t\t\t\t<div class=\"work-item style-1\" data-custom-content=\"off\">\r\n\t\t\t\t\t\t\t\t\t\t\r\n\t\t\t\t\t\t\t\t\t\t<img class=\"size- skip-lazy\" src=\"https:\/\/cachoeiradoc.com.br\/festival\/wp-content\/uploads\/2020\/12\/Entre-nos-e-o-mundo-03-600x403.jpg\" alt=\"\" height=\"403\" width=\"600\" srcset=\"https:\/\/cachoeiradoc.com.br\/festival\/wp-content\/uploads\/2020\/12\/Entre-nos-e-o-mundo-03-900x604.jpg 900w, https:\/\/cachoeiradoc.com.br\/festival\/wp-content\/uploads\/2020\/12\/Entre-nos-e-o-mundo-03-600x403.jpg 600w, https:\/\/cachoeiradoc.com.br\/festival\/wp-content\/uploads\/2020\/12\/Entre-nos-e-o-mundo-03-400x269.jpg 400w\" sizes=\"(min-width: 1000px) 25vw, (min-width: 690px) 50vw, 100vw\" \/>\t\t\t\t\t\t\t\t\t\t\r\n\t\t\t\t\t\t\t\t\t\t<div class=\"work-info-bg\"><\/div>\r\n\t\t\t\t\t\t\t\t\t\t<div class=\"work-info\"> \r\n\t\t\t\t\t\t\t\t\t\t\t\r\n\t\t\t\t\t\t\t\t\t\t\t\t\t\t\t\t\t\t\t\t\t\t\t\r\n\t\t\t\t\t\t\t\t\t\t\t\t<div class=\"vert-center\">\r\n\t\t\t\t\t\t\t\t\t\t\t\t\t<a href=\"https:\/\/cachoeiradoc.com.br\/festival\/wp-content\/uploads\/2020\/12\/Entre-nos-e-o-mundo-03.jpg\" class=\"pretty_photo default-link\">Ampliar imagem<\/a> <a class=\"default-link\" href=\"https:\/\/cachoeiradoc.com.br\/festival\/filmes\/entre-nos-e-o-mundo\/\">Informa\u00e7\u00f5es<\/a>\t\t\t\t\t\t\t\t\t\t\t\t\t\r\n\t\t\t\t\t\t\t\t\t\t\t\t<\/div><!--\/vert-center-->\r\n\t\t\t\t\t\t\t\t\t\t\t<\/div>\r\n\t\t\t\t\t\t\t\t\t\t<\/div><!--\/work-item-->\r\n\t\t\t\t\t\t\t\t\t\t\r\n\t\t\t\t\t\t\t\t\t\t<div class=\"work-meta\">\r\n\t\t\t\t\t\t\t\t\t\t\t<h4 class=\"title\">Entre N\u00f3s e o Mundo (S\u00e3o Paulo, 2019, 17 min.), de Fabio Rodrigo<\/h4>\r\n\t\t\t\t\t\t\t\t\t\t\t\r\n\t\t\t\t\t\t\t\t\t\t\t\t\t\t\t\t\t\t\t\t\t\t\r\n\t\t\t\t\t\t\t\t\t\t<\/div>\r\n\t\t\t\t\t\t\t\t\t\t<div class=\"nectar-love-wrap\">\r\n\t\t\t\t\t\t\t\t\t\t\t\t\t\t\t\t\t\t\t\t\t<\/div><!--\/nectar-love-wrap-->\t\r\n\t\t\t\t\t\t\t\t\t\t\r\n\t\t\t\t\t\t\t\t\t\t\t\t\t\t\t\t\t\r\n\t\t\t\t\t\t\t\t\r\n\t\t\t\t\t\t\t<\/div><!--\/inner-wrap-->\r\n\t\t\t\t\t\t<\/div><!--\/col-->\r\n\t\t\t\t\t\t\r\n\t\t\t\t\t\t\t\t\t\t\t\r\n\t\t\t\t\t\t\t\t\t\t\t\t\r\n\t\t\t\t\t\t<div class=\"col span_3  element entre-o-tempo-e-nos nem-todo-trajeto-e-reto \"  data-project-cat=\"entre-o-tempo-e-nos nem-todo-trajeto-e-reto \" data-default-color=\"true\" data-title-color=\"\" data-subtitle-color=\"\">\r\n\t\t\t\t\t\t\t\r\n\t\t\t\t\t\t\t<div class=\"inner-wrap animated\" data-animation=\"none\">\r\n\t\t\t\t\t\t\t\t\r\n\t\t\t\t\t\t\t\t\t\t\t\t\t\t\t\t\t\r\n\t\t\t\t\t\t\t\t\t<div class=\"work-item style-1\" data-custom-content=\"off\">\r\n\t\t\t\t\t\t\t\t\t\t\r\n\t\t\t\t\t\t\t\t\t\t<img class=\"size- skip-lazy\" src=\"https:\/\/cachoeiradoc.com.br\/festival\/wp-content\/uploads\/2020\/12\/Minha-historia-e-outra-02-600x403.jpg\" alt=\"\" height=\"403\" width=\"600\" srcset=\"https:\/\/cachoeiradoc.com.br\/festival\/wp-content\/uploads\/2020\/12\/Minha-historia-e-outra-02-900x604.jpg 900w, https:\/\/cachoeiradoc.com.br\/festival\/wp-content\/uploads\/2020\/12\/Minha-historia-e-outra-02-600x403.jpg 600w, https:\/\/cachoeiradoc.com.br\/festival\/wp-content\/uploads\/2020\/12\/Minha-historia-e-outra-02-400x269.jpg 400w\" sizes=\"(min-width: 1000px) 25vw, (min-width: 690px) 50vw, 100vw\" \/>\t\t\t\t\t\t\t\t\t\t\r\n\t\t\t\t\t\t\t\t\t\t<div class=\"work-info-bg\"><\/div>\r\n\t\t\t\t\t\t\t\t\t\t<div class=\"work-info\"> \r\n\t\t\t\t\t\t\t\t\t\t\t\r\n\t\t\t\t\t\t\t\t\t\t\t\t\t\t\t\t\t\t\t\t\t\t\t\r\n\t\t\t\t\t\t\t\t\t\t\t\t<div class=\"vert-center\">\r\n\t\t\t\t\t\t\t\t\t\t\t\t\t<a href=\"https:\/\/cachoeiradoc.com.br\/festival\/wp-content\/uploads\/2020\/12\/Minha-historia-e-outra-02.jpg\" class=\"pretty_photo default-link\">Ampliar imagem<\/a> <a class=\"default-link\" href=\"https:\/\/cachoeiradoc.com.br\/festival\/filmes\/minha-historia-e-outra\/\">Informa\u00e7\u00f5es<\/a>\t\t\t\t\t\t\t\t\t\t\t\t\t\r\n\t\t\t\t\t\t\t\t\t\t\t\t<\/div><!--\/vert-center-->\r\n\t\t\t\t\t\t\t\t\t\t\t<\/div>\r\n\t\t\t\t\t\t\t\t\t\t<\/div><!--\/work-item-->\r\n\t\t\t\t\t\t\t\t\t\t\r\n\t\t\t\t\t\t\t\t\t\t<div class=\"work-meta\">\r\n\t\t\t\t\t\t\t\t\t\t\t<h4 class=\"title\">Minha Hist\u00f3ria \u00e9 Outra (Rio de Janeiro, 2019, 22 min.), de Mariana Campos<\/h4>\r\n\t\t\t\t\t\t\t\t\t\t\t\r\n\t\t\t\t\t\t\t\t\t\t\t\t\t\t\t\t\t\t\t\t\t\t\r\n\t\t\t\t\t\t\t\t\t\t<\/div>\r\n\t\t\t\t\t\t\t\t\t\t<div class=\"nectar-love-wrap\">\r\n\t\t\t\t\t\t\t\t\t\t\t\t\t\t\t\t\t\t\t\t\t<\/div><!--\/nectar-love-wrap-->\t\r\n\t\t\t\t\t\t\t\t\t\t\r\n\t\t\t\t\t\t\t\t\t\t\t\t\t\t\t\t\t\r\n\t\t\t\t\t\t\t\t\r\n\t\t\t\t\t\t\t<\/div><!--\/inner-wrap-->\r\n\t\t\t\t\t\t<\/div><!--\/col-->\r\n\t\t\t\t\t\t\r\n\t\t\t\t\t\t\t\t\t\t\t\r\n\t\t\t\t\t\t\t\t\t\t\t\t\r\n\t\t\t\t\t\t<div class=\"col span_3  element entre-o-tempo-e-nos nem-todo-trajeto-e-reto \"  data-project-cat=\"entre-o-tempo-e-nos nem-todo-trajeto-e-reto \" data-default-color=\"true\" data-title-color=\"\" data-subtitle-color=\"\">\r\n\t\t\t\t\t\t\t\r\n\t\t\t\t\t\t\t<div class=\"inner-wrap animated\" data-animation=\"none\">\r\n\t\t\t\t\t\t\t\t\r\n\t\t\t\t\t\t\t\t\t\t\t\t\t\t\t\t\t\r\n\t\t\t\t\t\t\t\t\t<div class=\"work-item style-1\" data-custom-content=\"off\">\r\n\t\t\t\t\t\t\t\t\t\t\r\n\t\t\t\t\t\t\t\t\t\t<img class=\"size- skip-lazy\" src=\"https:\/\/cachoeiradoc.com.br\/festival\/wp-content\/uploads\/2020\/12\/Arco-do-tempo-01-600x403.jpg\" alt=\"\" height=\"403\" width=\"600\" srcset=\"https:\/\/cachoeiradoc.com.br\/festival\/wp-content\/uploads\/2020\/12\/Arco-do-tempo-01-900x604.jpg 900w, https:\/\/cachoeiradoc.com.br\/festival\/wp-content\/uploads\/2020\/12\/Arco-do-tempo-01-600x403.jpg 600w, https:\/\/cachoeiradoc.com.br\/festival\/wp-content\/uploads\/2020\/12\/Arco-do-tempo-01-400x269.jpg 400w\" sizes=\"(min-width: 1000px) 25vw, (min-width: 690px) 50vw, 100vw\" \/>\t\t\t\t\t\t\t\t\t\t\r\n\t\t\t\t\t\t\t\t\t\t<div class=\"work-info-bg\"><\/div>\r\n\t\t\t\t\t\t\t\t\t\t<div class=\"work-info\"> \r\n\t\t\t\t\t\t\t\t\t\t\t\r\n\t\t\t\t\t\t\t\t\t\t\t\t\t\t\t\t\t\t\t\t\t\t\t\r\n\t\t\t\t\t\t\t\t\t\t\t\t<div class=\"vert-center\">\r\n\t\t\t\t\t\t\t\t\t\t\t\t\t<a href=\"https:\/\/cachoeiradoc.com.br\/festival\/wp-content\/uploads\/2020\/12\/Arco-do-tempo-01.jpg\" class=\"pretty_photo default-link\">Ampliar imagem<\/a> <a class=\"default-link\" href=\"https:\/\/cachoeiradoc.com.br\/festival\/filmes\/arco-do-tempo\/\">Informa\u00e7\u00f5es<\/a>\t\t\t\t\t\t\t\t\t\t\t\t\t\r\n\t\t\t\t\t\t\t\t\t\t\t\t<\/div><!--\/vert-center-->\r\n\t\t\t\t\t\t\t\t\t\t\t<\/div>\r\n\t\t\t\t\t\t\t\t\t\t<\/div><!--\/work-item-->\r\n\t\t\t\t\t\t\t\t\t\t\r\n\t\t\t\t\t\t\t\t\t\t<div class=\"work-meta\">\r\n\t\t\t\t\t\t\t\t\t\t\t<h4 class=\"title\">Arco do tempo (Bahia, 2019, 17 min.), de Juan Rodrigues<\/h4>\r\n\t\t\t\t\t\t\t\t\t\t\t\r\n\t\t\t\t\t\t\t\t\t\t\t\t\t\t\t\t\t\t\t\t\t\t\r\n\t\t\t\t\t\t\t\t\t\t<\/div>\r\n\t\t\t\t\t\t\t\t\t\t<div class=\"nectar-love-wrap\">\r\n\t\t\t\t\t\t\t\t\t\t\t\t\t\t\t\t\t\t\t\t\t<\/div><!--\/nectar-love-wrap-->\t\r\n\t\t\t\t\t\t\t\t\t\t\r\n\t\t\t\t\t\t\t\t\t\t\t\t\t\t\t\t\t\r\n\t\t\t\t\t\t\t\t\r\n\t\t\t\t\t\t\t<\/div><!--\/inner-wrap-->\r\n\t\t\t\t\t\t<\/div><!--\/col-->\r\n\t\t\t\t\t\t\r\n\t\t\t\t\t\t\t\t\t\t\r\n\t\t\t\t<\/div><!--\/portfolio-->\r\n\t\t\t<\/div><!--\/portfolio wrap-->\r\n\t\t\t\r\n\t\t\t[vc_column_text]\n<h5>Dispon\u00edveis online entre 05 e 11\/12 e 19 e 20\/12.<\/h5>\n[\/vc_column_text][divider line_type=&#8221;Full Width Line&#8221; line_thickness=&#8221;1&#8243; divider_color=&#8221;default&#8221;][vc_column_text]\n<h3><b>Sess\u00e3o 7 &#8211; <\/b><b>Dan\u00e7o porque preciso<\/b><\/h3>\n[\/vc_column_text][vc_column_text]<span style=\"font-weight: 400;\">Esta sess\u00e3o surge a partir de filmes que dan\u00e7am com suas imagens, documentando corpos que atualizam a resist\u00eancia em cada passo, em cada canto. Numa bela coreografia das transforma\u00e7\u00f5es e sobreviv\u00eancias, <\/span><i><span style=\"font-weight: 400;\">Ainda te amo demais<\/span><\/i><span style=\"font-weight: 400;\"> resgata a cena de reggae em Macei\u00f3 (AL), atentando-se \u00e0s mudan\u00e7as no ritmo, \u00e0s saudades latentes, \u00e0s dores de um tempo eternizadas em can\u00e7\u00f5es e aos reencontros que reativam a for\u00e7a reggaeira. Em <\/span><i><span style=\"font-weight: 400;\">Essa Festa \u00e9 Minha Vida<\/span><\/i><span style=\"font-weight: 400;\">, ao longo de uma madrugada, observamos Piteco arrumar-se para a t\u00e3o esperada Festa da Nossa Senhora D\u2019Ajuda, em Cachoeira (BA). Piteco, junto \u00e0s suas amigas, prepara-se para a festa como uma estrela a aguardar o ano inteiro pela sua gl\u00f3ria. <\/span><i><span style=\"font-weight: 400;\">Aurora <\/span><\/i><span style=\"font-weight: 400;\">nos faz mergulhar no lento movimento das dan\u00e7as da vida de tr\u00eas diferentes mulheres. No palco, no teatro da vida, se separam; no cinema, se reaproximam. Tr\u00eas mulheres, tr\u00eas janelas. No jogo de olhares, no aflorar do tempo, <\/span><i><span style=\"font-weight: 400;\">Aurora <\/span><\/i><span style=\"font-weight: 400;\">atualiza e reescreve com os corpos a conhecida frase de Emma Goldman: \u201cSe eu n\u00e3o puder dan\u00e7ar, n\u00e3o \u00e9 a minha revolu\u00e7\u00e3o\u201d.<\/span>[\/vc_column_text]\t\t\t\t\r\n\t\t\t\t\r\n\t\t\t\t\r\n\t\t\t\t<div class=\"portfolio-wrap \">\r\n\t\t\t\t\t\r\n\t\t\t\t\t\t\t\t\t\t\r\n\t\t\t\t\t<span class=\"portfolio-loading  none\">   <\/span>\r\n\t\t\t\t\t\r\n\t\t\t\t\t\t\t\t\t\t\r\n\t\t\t\t\t<div class=\"row portfolio-items no-masonry  \" data-rcp=\"false\" data-masonry-type=\"default\" data-ps=\"1\" data-starting-filter=\"\" data-gutter=\"default\" data-categories-to-show=\"danco-porque-preciso\" data-bypass-cropping=\"\" data-lightbox-only=\"0\" data-col-num=\"cols-4\">\r\n\t\t\t\t\t\t\t\t\t\t\t\t\r\n\t\t\t\t\t\t\t\t\t\t\t\t\r\n\t\t\t\t\t\t<div class=\"col span_3  element danco-porque-preciso nem-todo-trajeto-e-reto \"  data-project-cat=\"danco-porque-preciso nem-todo-trajeto-e-reto \" data-default-color=\"true\" data-title-color=\"\" data-subtitle-color=\"\">\r\n\t\t\t\t\t\t\t\r\n\t\t\t\t\t\t\t<div class=\"inner-wrap animated\" data-animation=\"none\">\r\n\t\t\t\t\t\t\t\t\r\n\t\t\t\t\t\t\t\t\t\t\t\t\t\t\t\t\t\r\n\t\t\t\t\t\t\t\t\t<div class=\"work-item style-1\" data-custom-content=\"off\">\r\n\t\t\t\t\t\t\t\t\t\t\r\n\t\t\t\t\t\t\t\t\t\t<img class=\"size- skip-lazy\" src=\"https:\/\/cachoeiradoc.com.br\/festival\/wp-content\/uploads\/2020\/12\/Ainda-te-amo-demais-01-credito-Janderson-Felipe-600x403.jpg\" alt=\"\" height=\"403\" width=\"600\" srcset=\"https:\/\/cachoeiradoc.com.br\/festival\/wp-content\/uploads\/2020\/12\/Ainda-te-amo-demais-01-credito-Janderson-Felipe-900x604.jpg 900w, https:\/\/cachoeiradoc.com.br\/festival\/wp-content\/uploads\/2020\/12\/Ainda-te-amo-demais-01-credito-Janderson-Felipe-600x403.jpg 600w, https:\/\/cachoeiradoc.com.br\/festival\/wp-content\/uploads\/2020\/12\/Ainda-te-amo-demais-01-credito-Janderson-Felipe-400x269.jpg 400w\" sizes=\"(min-width: 1000px) 25vw, (min-width: 690px) 50vw, 100vw\" \/>\t\t\t\t\t\t\t\t\t\t\r\n\t\t\t\t\t\t\t\t\t\t<div class=\"work-info-bg\"><\/div>\r\n\t\t\t\t\t\t\t\t\t\t<div class=\"work-info\"> \r\n\t\t\t\t\t\t\t\t\t\t\t\r\n\t\t\t\t\t\t\t\t\t\t\t\t\t\t\t\t\t\t\t\t\t\t\t\r\n\t\t\t\t\t\t\t\t\t\t\t\t<div class=\"vert-center\">\r\n\t\t\t\t\t\t\t\t\t\t\t\t\t<a href=\"https:\/\/cachoeiradoc.com.br\/festival\/wp-content\/uploads\/2020\/12\/Ainda-te-amo-demais-01-credito-Janderson-Felipe-scaled.jpg\" class=\"pretty_photo default-link\">Ampliar imagem<\/a> <a class=\"default-link\" href=\"https:\/\/cachoeiradoc.com.br\/festival\/filmes\/ainda-te-amo-demais\/\">Informa\u00e7\u00f5es<\/a>\t\t\t\t\t\t\t\t\t\t\t\t\t\r\n\t\t\t\t\t\t\t\t\t\t\t\t<\/div><!--\/vert-center-->\r\n\t\t\t\t\t\t\t\t\t\t\t<\/div>\r\n\t\t\t\t\t\t\t\t\t\t<\/div><!--\/work-item-->\r\n\t\t\t\t\t\t\t\t\t\t\r\n\t\t\t\t\t\t\t\t\t\t<div class=\"work-meta\">\r\n\t\t\t\t\t\t\t\t\t\t\t<h4 class=\"title\">Ainda te amo demais (Alagoas, 2020, 21 min.), de Fl\u00e1via Correia<\/h4>\r\n\t\t\t\t\t\t\t\t\t\t\t\r\n\t\t\t\t\t\t\t\t\t\t\t\t\t\t\t\t\t\t\t\t\t\t\r\n\t\t\t\t\t\t\t\t\t\t<\/div>\r\n\t\t\t\t\t\t\t\t\t\t<div class=\"nectar-love-wrap\">\r\n\t\t\t\t\t\t\t\t\t\t\t\t\t\t\t\t\t\t\t\t\t<\/div><!--\/nectar-love-wrap-->\t\r\n\t\t\t\t\t\t\t\t\t\t\r\n\t\t\t\t\t\t\t\t\t\t\t\t\t\t\t\t\t\r\n\t\t\t\t\t\t\t\t\r\n\t\t\t\t\t\t\t<\/div><!--\/inner-wrap-->\r\n\t\t\t\t\t\t<\/div><!--\/col-->\r\n\t\t\t\t\t\t\r\n\t\t\t\t\t\t\t\t\t\t\t\r\n\t\t\t\t\t\t\t\t\t\t\t\t\r\n\t\t\t\t\t\t<div class=\"col span_3  element danco-porque-preciso nem-todo-trajeto-e-reto \"  data-project-cat=\"danco-porque-preciso nem-todo-trajeto-e-reto \" data-default-color=\"true\" data-title-color=\"\" data-subtitle-color=\"\">\r\n\t\t\t\t\t\t\t\r\n\t\t\t\t\t\t\t<div class=\"inner-wrap animated\" data-animation=\"none\">\r\n\t\t\t\t\t\t\t\t\r\n\t\t\t\t\t\t\t\t\t\t\t\t\t\t\t\t\t\r\n\t\t\t\t\t\t\t\t\t<div class=\"work-item style-1\" data-custom-content=\"off\">\r\n\t\t\t\t\t\t\t\t\t\t\r\n\t\t\t\t\t\t\t\t\t\t<img class=\"size- skip-lazy\" src=\"https:\/\/cachoeiradoc.com.br\/festival\/wp-content\/uploads\/2020\/12\/Essa-festa-e-a-minha-vida-02-600x403.jpg\" alt=\"\" height=\"403\" width=\"600\" srcset=\"https:\/\/cachoeiradoc.com.br\/festival\/wp-content\/uploads\/2020\/12\/Essa-festa-e-a-minha-vida-02-900x604.jpg 900w, https:\/\/cachoeiradoc.com.br\/festival\/wp-content\/uploads\/2020\/12\/Essa-festa-e-a-minha-vida-02-600x403.jpg 600w, https:\/\/cachoeiradoc.com.br\/festival\/wp-content\/uploads\/2020\/12\/Essa-festa-e-a-minha-vida-02-400x269.jpg 400w\" sizes=\"(min-width: 1000px) 25vw, (min-width: 690px) 50vw, 100vw\" \/>\t\t\t\t\t\t\t\t\t\t\r\n\t\t\t\t\t\t\t\t\t\t<div class=\"work-info-bg\"><\/div>\r\n\t\t\t\t\t\t\t\t\t\t<div class=\"work-info\"> \r\n\t\t\t\t\t\t\t\t\t\t\t\r\n\t\t\t\t\t\t\t\t\t\t\t\t\t\t\t\t\t\t\t\t\t\t\t\r\n\t\t\t\t\t\t\t\t\t\t\t\t<div class=\"vert-center\">\r\n\t\t\t\t\t\t\t\t\t\t\t\t\t<a href=\"https:\/\/cachoeiradoc.com.br\/festival\/wp-content\/uploads\/2020\/12\/Essa-festa-e-a-minha-vida-02.jpg\" class=\"pretty_photo default-link\">Ampliar imagem<\/a> <a class=\"default-link\" href=\"https:\/\/cachoeiradoc.com.br\/festival\/filmes\/essa-festa-e-a-minha-vida\/\">Informa\u00e7\u00f5es<\/a>\t\t\t\t\t\t\t\t\t\t\t\t\t\r\n\t\t\t\t\t\t\t\t\t\t\t\t<\/div><!--\/vert-center-->\r\n\t\t\t\t\t\t\t\t\t\t\t<\/div>\r\n\t\t\t\t\t\t\t\t\t\t<\/div><!--\/work-item-->\r\n\t\t\t\t\t\t\t\t\t\t\r\n\t\t\t\t\t\t\t\t\t\t<div class=\"work-meta\">\r\n\t\t\t\t\t\t\t\t\t\t\t<h4 class=\"title\">Essa festa \u00e9 a minha vida (Bahia\/Alagoas, 2020, 18 min.), de Ulisses Arthur<\/h4>\r\n\t\t\t\t\t\t\t\t\t\t\t\r\n\t\t\t\t\t\t\t\t\t\t\t\t\t\t\t\t\t\t\t\t\t\t\r\n\t\t\t\t\t\t\t\t\t\t<\/div>\r\n\t\t\t\t\t\t\t\t\t\t<div class=\"nectar-love-wrap\">\r\n\t\t\t\t\t\t\t\t\t\t\t\t\t\t\t\t\t\t\t\t\t<\/div><!--\/nectar-love-wrap-->\t\r\n\t\t\t\t\t\t\t\t\t\t\r\n\t\t\t\t\t\t\t\t\t\t\t\t\t\t\t\t\t\r\n\t\t\t\t\t\t\t\t\r\n\t\t\t\t\t\t\t<\/div><!--\/inner-wrap-->\r\n\t\t\t\t\t\t<\/div><!--\/col-->\r\n\t\t\t\t\t\t\r\n\t\t\t\t\t\t\t\t\t\t\t\r\n\t\t\t\t\t\t\t\t\t\t\t\t\r\n\t\t\t\t\t\t<div class=\"col span_3  element danco-porque-preciso nem-todo-trajeto-e-reto \"  data-project-cat=\"danco-porque-preciso nem-todo-trajeto-e-reto \" data-default-color=\"true\" data-title-color=\"\" data-subtitle-color=\"\">\r\n\t\t\t\t\t\t\t\r\n\t\t\t\t\t\t\t<div class=\"inner-wrap animated\" data-animation=\"none\">\r\n\t\t\t\t\t\t\t\t\r\n\t\t\t\t\t\t\t\t\t\t\t\t\t\t\t\t\t\r\n\t\t\t\t\t\t\t\t\t<div class=\"work-item style-1\" data-custom-content=\"off\">\r\n\t\t\t\t\t\t\t\t\t\t\r\n\t\t\t\t\t\t\t\t\t\t<img class=\"size- skip-lazy\" src=\"https:\/\/cachoeiradoc.com.br\/festival\/wp-content\/uploads\/2020\/12\/Aurora-01-600x403.jpg\" alt=\"\" height=\"403\" width=\"600\" srcset=\"https:\/\/cachoeiradoc.com.br\/festival\/wp-content\/uploads\/2020\/12\/Aurora-01-900x604.jpg 900w, https:\/\/cachoeiradoc.com.br\/festival\/wp-content\/uploads\/2020\/12\/Aurora-01-600x403.jpg 600w, https:\/\/cachoeiradoc.com.br\/festival\/wp-content\/uploads\/2020\/12\/Aurora-01-400x269.jpg 400w\" sizes=\"(min-width: 1000px) 25vw, (min-width: 690px) 50vw, 100vw\" \/>\t\t\t\t\t\t\t\t\t\t\r\n\t\t\t\t\t\t\t\t\t\t<div class=\"work-info-bg\"><\/div>\r\n\t\t\t\t\t\t\t\t\t\t<div class=\"work-info\"> \r\n\t\t\t\t\t\t\t\t\t\t\t\r\n\t\t\t\t\t\t\t\t\t\t\t\t\t\t\t\t\t\t\t\t\t\t\t\r\n\t\t\t\t\t\t\t\t\t\t\t\t<div class=\"vert-center\">\r\n\t\t\t\t\t\t\t\t\t\t\t\t\t<a href=\"https:\/\/cachoeiradoc.com.br\/festival\/wp-content\/uploads\/2020\/12\/Aurora-01.jpg\" class=\"pretty_photo default-link\">Ampliar imagem<\/a> <a class=\"default-link\" href=\"https:\/\/cachoeiradoc.com.br\/festival\/filmes\/aurora\/\">Informa\u00e7\u00f5es<\/a>\t\t\t\t\t\t\t\t\t\t\t\t\t\r\n\t\t\t\t\t\t\t\t\t\t\t\t<\/div><!--\/vert-center-->\r\n\t\t\t\t\t\t\t\t\t\t\t<\/div>\r\n\t\t\t\t\t\t\t\t\t\t<\/div><!--\/work-item-->\r\n\t\t\t\t\t\t\t\t\t\t\r\n\t\t\t\t\t\t\t\t\t\t<div class=\"work-meta\">\r\n\t\t\t\t\t\t\t\t\t\t\t<h4 class=\"title\">Aurora (Bahia, 2018, 15 min.), de Everlane Moraes<\/h4>\r\n\t\t\t\t\t\t\t\t\t\t\t\r\n\t\t\t\t\t\t\t\t\t\t\t\t\t\t\t\t\t\t\t\t\t\t\r\n\t\t\t\t\t\t\t\t\t\t<\/div>\r\n\t\t\t\t\t\t\t\t\t\t<div class=\"nectar-love-wrap\">\r\n\t\t\t\t\t\t\t\t\t\t\t\t\t\t\t\t\t\t\t\t\t<\/div><!--\/nectar-love-wrap-->\t\r\n\t\t\t\t\t\t\t\t\t\t\r\n\t\t\t\t\t\t\t\t\t\t\t\t\t\t\t\t\t\r\n\t\t\t\t\t\t\t\t\r\n\t\t\t\t\t\t\t<\/div><!--\/inner-wrap-->\r\n\t\t\t\t\t\t<\/div><!--\/col-->\r\n\t\t\t\t\t\t\r\n\t\t\t\t\t\t\t\t\t\t\r\n\t\t\t\t<\/div><!--\/portfolio-->\r\n\t\t\t<\/div><!--\/portfolio wrap-->\r\n\t\t\t\r\n\t\t\t[vc_column_text]\n<h5>Dispon\u00edveis online entre 05 e 11\/12 e 19 e 20\/12.<\/h5>\n[\/vc_column_text][divider line_type=&#8221;Full Width Line&#8221; line_thickness=&#8221;1&#8243; divider_color=&#8221;default&#8221;][vc_raw_html]JTNDYSUyMGlkJTNEJTIyJTJBJTIyJTNFJTNDJTJGYSUzRQ==[\/vc_raw_html][vc_column_text]* <span style=\"font-weight: 400;\">Dispon\u00edvel em: <a href=\"https:\/\/www.youtube.com\/watch?v=p1krp7_bA20\" target=\"_blank\" rel=\"noopener noreferrer\">https:\/\/www.youtube.com\/watch?v=p1krp7_bA20<\/a><\/span><\/p>\n<p><span style=\"font-weight: 400;\">** GOMES, Nilma Lino. <\/span><i><span style=\"font-weight: 400;\">O movimento negro educador: saberes constru\u00eddos nas lutas por emancipa\u00e7\u00e3o. <\/span><\/i><span style=\"font-weight: 400;\">Petr\u00f3polis, RJ: Vozes, 2017.<\/span>[\/vc_column_text][\/vc_column][\/vc_row]\n","protected":false},"excerpt":{"rendered":"<p>[vc_row type=&#8221;in_container&#8221; full_screen_row_position=&#8221;middle&#8221; column_margin=&#8221;default&#8221; column_direction=&#8221;default&#8221; column_direction_tablet=&#8221;default&#8221; column_direction_phone=&#8221;default&#8221; scene_position=&#8221;center&#8221; text_color=&#8221;dark&#8221; text_align=&#8221;left&#8221; row_border_radius=&#8221;none&#8221; row_border_radius_applies=&#8221;bg&#8221; overlay_strength=&#8221;0.3&#8243; gradient_direction=&#8221;left_to_right&#8221; shape_divider_position=&#8221;bottom&#8221; bg_image_animation=&#8221;none&#8221; shape_type=&#8221;&#8221;][vc_column column_padding=&#8221;no-extra-padding&#8221; column_padding_tablet=&#8221;inherit&#8221; column_padding_phone=&#8221;inherit&#8221; column_padding_position=&#8221;all&#8221; background_color_opacity=&#8221;1&#8243; background_hover_color_opacity=&#8221;1&#8243; column_shadow=&#8221;none&#8221; column_border_radius=&#8221;none&#8221;&#8230;<\/p>\n","protected":false},"author":1,"featured_media":0,"parent":5861,"menu_order":0,"comment_status":"closed","ping_status":"closed","template":"","meta":{"_monsterinsights_skip_tracking":false,"_monsterinsights_sitenote_active":false,"_monsterinsights_sitenote_note":"","_monsterinsights_sitenote_category":0},"_links":{"self":[{"href":"https:\/\/cachoeiradoc.com.br\/festival\/wp-json\/wp\/v2\/pages\/6881"}],"collection":[{"href":"https:\/\/cachoeiradoc.com.br\/festival\/wp-json\/wp\/v2\/pages"}],"about":[{"href":"https:\/\/cachoeiradoc.com.br\/festival\/wp-json\/wp\/v2\/types\/page"}],"author":[{"embeddable":true,"href":"https:\/\/cachoeiradoc.com.br\/festival\/wp-json\/wp\/v2\/users\/1"}],"replies":[{"embeddable":true,"href":"https:\/\/cachoeiradoc.com.br\/festival\/wp-json\/wp\/v2\/comments?post=6881"}],"version-history":[{"count":14,"href":"https:\/\/cachoeiradoc.com.br\/festival\/wp-json\/wp\/v2\/pages\/6881\/revisions"}],"predecessor-version":[{"id":7413,"href":"https:\/\/cachoeiradoc.com.br\/festival\/wp-json\/wp\/v2\/pages\/6881\/revisions\/7413"}],"up":[{"embeddable":true,"href":"https:\/\/cachoeiradoc.com.br\/festival\/wp-json\/wp\/v2\/pages\/5861"}],"wp:attachment":[{"href":"https:\/\/cachoeiradoc.com.br\/festival\/wp-json\/wp\/v2\/media?parent=6881"}],"curies":[{"name":"wp","href":"https:\/\/api.w.org\/{rel}","templated":true}]}}