{"id":6736,"date":"2020-11-30T13:30:58","date_gmt":"2020-11-30T16:30:58","guid":{"rendered":"http:\/\/cachoeiradoc.com.br\/festival\/?page_id=6736"},"modified":"2020-12-08T15:13:43","modified_gmt":"2020-12-08T18:13:43","slug":"cinema-em-vizinhanca","status":"publish","type":"page","link":"https:\/\/cachoeiradoc.com.br\/festival\/cinema-em-vizinhanca\/","title":{"rendered":"Cinema em Vizinhan\u00e7a"},"content":{"rendered":"[vc_row type=&#8221;in_container&#8221; full_screen_row_position=&#8221;middle&#8221; column_margin=&#8221;default&#8221; column_direction=&#8221;default&#8221; column_direction_tablet=&#8221;default&#8221; column_direction_phone=&#8221;default&#8221; scene_position=&#8221;center&#8221; text_color=&#8221;dark&#8221; text_align=&#8221;left&#8221; row_border_radius=&#8221;none&#8221; row_border_radius_applies=&#8221;bg&#8221; overlay_strength=&#8221;0.3&#8243; gradient_direction=&#8221;left_to_right&#8221; shape_divider_position=&#8221;bottom&#8221; bg_image_animation=&#8221;none&#8221;][vc_column column_padding=&#8221;no-extra-padding&#8221; column_padding_tablet=&#8221;inherit&#8221; column_padding_phone=&#8221;inherit&#8221; column_padding_position=&#8221;all&#8221; background_color_opacity=&#8221;1&#8243; background_hover_color_opacity=&#8221;1&#8243; column_shadow=&#8221;none&#8221; column_border_radius=&#8221;none&#8221; column_link_target=&#8221;_self&#8221; gradient_direction=&#8221;left_to_right&#8221; overlay_strength=&#8221;0.3&#8243; width=&#8221;1\/6&#8243; tablet_width_inherit=&#8221;default&#8221; tablet_text_alignment=&#8221;default&#8221; phone_text_alignment=&#8221;default&#8221; column_border_width=&#8221;none&#8221; column_border_style=&#8221;solid&#8221; bg_image_animation=&#8221;none&#8221;][vc_column_text][\/vc_column_text][\/vc_column][vc_column column_padding=&#8221;no-extra-padding&#8221; column_padding_tablet=&#8221;inherit&#8221; column_padding_phone=&#8221;inherit&#8221; column_padding_position=&#8221;all&#8221; background_color_opacity=&#8221;1&#8243; background_hover_color_opacity=&#8221;1&#8243; column_shadow=&#8221;none&#8221; column_border_radius=&#8221;none&#8221; column_link_target=&#8221;_self&#8221; gradient_direction=&#8221;left_to_right&#8221; overlay_strength=&#8221;0.3&#8243; width=&#8221;2\/3&#8243; tablet_width_inherit=&#8221;default&#8221; tablet_text_alignment=&#8221;default&#8221; phone_text_alignment=&#8221;default&#8221; column_border_width=&#8221;none&#8221; column_border_style=&#8221;solid&#8221; bg_image_animation=&#8221;none&#8221;][split_line_heading animation_type=&#8221;default&#8221;]\n<h2 style=\"text-align: center;\">Cinema em Vizinhan\u00e7a<\/h2>\n[\/split_line_heading][\/vc_column][vc_column column_padding=&#8221;no-extra-padding&#8221; column_padding_tablet=&#8221;inherit&#8221; column_padding_phone=&#8221;inherit&#8221; column_padding_position=&#8221;all&#8221; background_color_opacity=&#8221;1&#8243; background_hover_color_opacity=&#8221;1&#8243; column_shadow=&#8221;none&#8221; column_border_radius=&#8221;none&#8221; column_link_target=&#8221;_self&#8221; gradient_direction=&#8221;left_to_right&#8221; overlay_strength=&#8221;0.3&#8243; width=&#8221;1\/6&#8243; tablet_width_inherit=&#8221;default&#8221; tablet_text_alignment=&#8221;default&#8221; phone_text_alignment=&#8221;default&#8221; column_border_width=&#8221;none&#8221; column_border_style=&#8221;solid&#8221; bg_image_animation=&#8221;none&#8221;][\/vc_column][\/vc_row][vc_row type=&#8221;in_container&#8221; full_screen_row_position=&#8221;middle&#8221; column_margin=&#8221;default&#8221; column_direction=&#8221;default&#8221; column_direction_tablet=&#8221;default&#8221; column_direction_phone=&#8221;default&#8221; scene_position=&#8221;center&#8221; text_color=&#8221;dark&#8221; text_align=&#8221;left&#8221; row_border_radius=&#8221;none&#8221; row_border_radius_applies=&#8221;bg&#8221; overlay_strength=&#8221;0.3&#8243; gradient_direction=&#8221;left_to_right&#8221; shape_divider_position=&#8221;bottom&#8221; bg_image_animation=&#8221;none&#8221;][vc_column column_padding=&#8221;no-extra-padding&#8221; column_padding_tablet=&#8221;inherit&#8221; column_padding_phone=&#8221;inherit&#8221; column_padding_position=&#8221;all&#8221; background_color_opacity=&#8221;1&#8243; background_hover_color_opacity=&#8221;1&#8243; column_shadow=&#8221;none&#8221; column_border_radius=&#8221;none&#8221; column_link_target=&#8221;_self&#8221; gradient_direction=&#8221;left_to_right&#8221; overlay_strength=&#8221;0.3&#8243; width=&#8221;1\/1&#8243; tablet_width_inherit=&#8221;default&#8221; tablet_text_alignment=&#8221;default&#8221; phone_text_alignment=&#8221;default&#8221; column_border_width=&#8221;none&#8221; column_border_style=&#8221;solid&#8221; bg_image_animation=&#8221;none&#8221;][fancy_box box_style=&#8221;default&#8221; icon_family=&#8221;none&#8221; image_url=&#8221;6739&#8243; color=&#8221;accent-color&#8221; border_radius=&#8221;5px&#8221; image_loading=&#8221;default&#8221;]Exibi\u00e7\u00e3o em lares de Cachoeira e Santiago do Iguape &#8211; comunidade quilombola da zona rural de Cachoeira.[\/fancy_box][vc_column_text]\n<p style=\"text-align: justify;\"><span style=\"font-weight: 400;\">Um dos maiores desafios impostos pela pandemia ao CachoeiraDoc foi manter o contato com a comunidade do Rec\u00f4ncavo. Como encontrar com as pessoas se o v\u00edrus nos imp\u00f5e um distanciamento? Como estreitar os la\u00e7os que buscamos amarrar ao longo de dez anos de atividades? Mais uma vez o cinema nos apareceu como resposta. Se a ordem \u00e9 ficar em casa, iremos aos lares de Cachoeira e Santiago do Iguape, comunidade quilombola da zona rural do munic\u00edpio, com projetor, filmes e o desejo de pensar e repensar o mundo com o cinema.<\/span><\/p>\n<p style=\"text-align: justify;\"><span style=\"font-weight: 400;\">O Cinema em Vizinhan\u00e7a \u00e9 a continua\u00e7\u00e3o de uma <a href=\"http:\/\/cachoeiradoc.com.br\/2017\/2017\/09\/03\/cinema-em-vizinhanca\/\" target=\"_blank\" rel=\"noopener noreferrer\">a\u00e7\u00e3o concebida e desenvolvida em 2017<\/a> por estudantes e agora profissionais formados pela UFRB, adaptada ao contexto pand\u00eamico. Ao inv\u00e9s dos sucos e quitutes que animavam as conversas p\u00f3s-exibi\u00e7\u00e3o naquele ano, eles chegar\u00e3o mascarados e com litros de \u00e1lcool gel, mas com o mesmo entusiasmo de ver e debater os filmes. Para os jovens do projeto, \u00e9 uma experi\u00eancia de forma\u00e7\u00e3o cinematogr\u00e1fica e de vida, quando desenvolvem uma curadoria para propor \u00e0s fam\u00edlias que recebem a visita, estudam estrat\u00e9gias para difundir o cinema e construir comunidade a partir dos filmes.<\/span><\/p>\n<p style=\"text-align: justify;\"><span style=\"font-weight: 400;\">Porque aqui o que se busca inventar \u00e9 outra pr\u00e1tica espectatorial, verdadeiramente comunit\u00e1ria. Partilha-se n\u00e3o somente filmes \u2013 mas todo um processo para que a atividade aconte\u00e7a. A partir de um card\u00e1pio de filmes, as fam\u00edlias escolhem quais querem ver, quando, como e junto com os jovens, organizam o espa\u00e7o de exibi\u00e7\u00e3o. N\u00e3o s\u00e3o espectadores anfitri\u00f5es de um projeto pronto e acabado e sim participantes ativos da experi\u00eancia.\u00a0<\/span><\/p>\n<p style=\"text-align: justify;\"><strong>Coordena\u00e7\u00e3o<\/strong>: Ana Rosa Marques<br \/><strong>Curadoria<\/strong>: \u00c1lex Ant\u00f4nio e Ot\u00e1vio Concei\u00e7\u00e3o<br \/><strong>Media\u00e7\u00e3o em Cachoeira<\/strong>: \u00c1lex Ant\u00f4nio e Fabio Rodrigues<br \/><strong>Produ\u00e7\u00e3o em Cachoeira<\/strong>: \u00c1lex Ant\u00f4nio<br \/><strong>Produ\u00e7\u00e3o e Media\u00e7\u00e3o em Santiago do Iguape<\/strong>: Elen Linth<br \/><strong>Idealiza\u00e7\u00e3o:<\/strong> Olivia Barcellos<br \/><strong>Foto<\/strong>: Kelvin Marinho<\/p>\n[\/vc_column_text][\/vc_column][\/vc_row][vc_row type=&#8221;in_container&#8221; full_screen_row_position=&#8221;middle&#8221; column_margin=&#8221;default&#8221; column_direction=&#8221;default&#8221; column_direction_tablet=&#8221;default&#8221; column_direction_phone=&#8221;default&#8221; scene_position=&#8221;center&#8221; text_color=&#8221;dark&#8221; text_align=&#8221;left&#8221; row_border_radius=&#8221;none&#8221; row_border_radius_applies=&#8221;bg&#8221; overlay_strength=&#8221;0.3&#8243; gradient_direction=&#8221;left_to_right&#8221; shape_divider_position=&#8221;bottom&#8221; bg_image_animation=&#8221;none&#8221;][vc_column column_padding=&#8221;no-extra-padding&#8221; column_padding_tablet=&#8221;inherit&#8221; column_padding_phone=&#8221;inherit&#8221; column_padding_position=&#8221;all&#8221; background_color_opacity=&#8221;1&#8243; background_hover_color_opacity=&#8221;1&#8243; column_shadow=&#8221;none&#8221; column_border_radius=&#8221;none&#8221; column_link_target=&#8221;_self&#8221; gradient_direction=&#8221;left_to_right&#8221; overlay_strength=&#8221;0.3&#8243; width=&#8221;1\/1&#8243; tablet_width_inherit=&#8221;default&#8221; tablet_text_alignment=&#8221;default&#8221; phone_text_alignment=&#8221;default&#8221; column_border_width=&#8221;none&#8221; column_border_style=&#8221;solid&#8221; bg_image_animation=&#8221;none&#8221;][split_line_heading animation_type=&#8221;default&#8221;]Box <span style=\"font-weight: 400;\">\u00a0A liberdade se conjuga no feminino<\/span>[\/split_line_heading]\t\t\t\t\r\n\t\t\t\t\r\n\t\t\t\t\r\n\t\t\t\t<div class=\"portfolio-wrap \">\r\n\t\t\t\t\t\r\n\t\t\t\t\t\t\t\t\t\t\r\n\t\t\t\t\t<span class=\"portfolio-loading  none\">   <\/span>\r\n\t\t\t\t\t\r\n\t\t\t\t\t\t\t\t\t\t\r\n\t\t\t\t\t<div class=\"row portfolio-items no-masonry  \" data-rcp=\"false\" data-masonry-type=\"default\" data-ps=\"3\" data-starting-filter=\"\" data-gutter=\"default\" data-categories-to-show=\"a-liberdade-se-conjuga-no-feminino\" data-bypass-cropping=\"\" data-lightbox-only=\"0\" data-col-num=\"cols-4\">\r\n\t\t\t\t\t\t\t\t\t\t\t\t\r\n\t\t\t\t\t\t\t\t\t\t\t\t\r\n\t\t\t\t\t\t<div class=\"col span_3  element a-liberdade-se-conjuga-no-feminino cinema-em-vizinhanca \"  data-project-cat=\"a-liberdade-se-conjuga-no-feminino cinema-em-vizinhanca \" data-default-color=\"true\" data-title-color=\"\" data-subtitle-color=\"\">\r\n\t\t\t\t\t\t\t\r\n\t\t\t\t\t\t\t<div class=\"inner-wrap animated\" data-animation=\"none\">\r\n\t\t\t\t\t\t\t\t\r\n\t\t\t\t\t\t\t\t\t\t\t\t\t\t\t\t\t\r\n\t\t\t\t\t\t\t\t\t<div class=\"work-item style-3\" data-custom-content=\"off\" data-text-align=\"middle\">\r\n\t\t\t\t\t\t\t\t\t\t\r\n\t\t\t\t\t\t\t\t\t\t<img class=\"size- skip-lazy\" src=\"https:\/\/cachoeiradoc.com.br\/festival\/wp-content\/uploads\/2020\/11\/Beldade-600x403.jpg\" alt=\"\" height=\"403\" width=\"600\" srcset=\"https:\/\/cachoeiradoc.com.br\/festival\/wp-content\/uploads\/2020\/11\/Beldade-900x604.jpg 900w, https:\/\/cachoeiradoc.com.br\/festival\/wp-content\/uploads\/2020\/11\/Beldade-600x403.jpg 600w, https:\/\/cachoeiradoc.com.br\/festival\/wp-content\/uploads\/2020\/11\/Beldade-400x269.jpg 400w\" sizes=\"(min-width: 1000px) 25vw, (min-width: 690px) 50vw, 100vw\" \/>\t\t\t\t\t\t\t\t\t\t\r\n\t\t\t\t\t\t\t\t\t\t<div class=\"work-info-bg\"><\/div>\r\n\t\t\t\t\t\t\t\t\t\t<div class=\"work-info\">\r\n\t\t\t\t\t\t\t\t\t\t\t\r\n\t\t\t\t\t\t\t\t\t\t\t\t\t\t\t\t\t\t\t\t\t\t\t\t\r\n\t\t\t\t\t\t\t\t\t\t\t\t\t<a href=\"https:\/\/cachoeiradoc.com.br\/festival\/filmes\/beldade\/\"><\/a>\r\n\t\t\t\t\t\t\t\t\t\t\t\t\t\r\n\t\t\t\t\t\t\t\t\t\t\t\t\t\t\t\t\t\t\t\t\t\t\t\r\n\t\t\t\t\t\t\t\t\t\t\t<div class=\"vert-center\">\r\n\t\t\t\t\t\t\t\t\t\t\t\t\t\r\n\t\t\t\t\t\t\t\t\t\t\t\t\t<h3>Beldade <\/h3> \r\n\t\t\t\t\t\t\t\t\t\t\t\t\t\t\t\t\t\t\t\t\t\t\t\t\t\t\t\t\t\t\t\t\t\t\t\t<\/div><!--\/vert-center-->\r\n\t\t\t\t\t\t\t\t\t\t\t\r\n\t\t\t\t\t\t\t\t\t\t<\/div>\r\n\t\t\t\t\t\t\t\t\t<\/div><!--work-item-->\r\n\t\t\t\t\t\t\t\t\t\r\n\t\t\t\t\t\t\t\t\t\t\t\t\t\t\t\t\r\n\t\t\t\t\t\t\t\t\r\n\t\t\t\t\t\t\t<\/div><!--\/inner-wrap-->\r\n\t\t\t\t\t\t<\/div><!--\/col-->\r\n\t\t\t\t\t\t\r\n\t\t\t\t\t\t\t\t\t\t\t\r\n\t\t\t\t\t\t\t\t\t\t\t\t\r\n\t\t\t\t\t\t<div class=\"col span_3  element a-liberdade-se-conjuga-no-feminino cinema-em-vizinhanca \"  data-project-cat=\"a-liberdade-se-conjuga-no-feminino cinema-em-vizinhanca \" data-default-color=\"true\" data-title-color=\"\" data-subtitle-color=\"\">\r\n\t\t\t\t\t\t\t\r\n\t\t\t\t\t\t\t<div class=\"inner-wrap animated\" data-animation=\"none\">\r\n\t\t\t\t\t\t\t\t\r\n\t\t\t\t\t\t\t\t\t\t\t\t\t\t\t\t\t\r\n\t\t\t\t\t\t\t\t\t<div class=\"work-item style-3\" data-custom-content=\"off\" data-text-align=\"middle\">\r\n\t\t\t\t\t\t\t\t\t\t\r\n\t\t\t\t\t\t\t\t\t\t<img class=\"size- skip-lazy\" src=\"https:\/\/cachoeiradoc.com.br\/festival\/wp-content\/uploads\/2020\/11\/Filhas-de-Lavadeiras.00_30_55_23.Quadro007-600x403.png\" alt=\"\" height=\"403\" width=\"600\" srcset=\"https:\/\/cachoeiradoc.com.br\/festival\/wp-content\/uploads\/2020\/11\/Filhas-de-Lavadeiras.00_30_55_23.Quadro007-900x604.png 900w, https:\/\/cachoeiradoc.com.br\/festival\/wp-content\/uploads\/2020\/11\/Filhas-de-Lavadeiras.00_30_55_23.Quadro007-600x403.png 600w, https:\/\/cachoeiradoc.com.br\/festival\/wp-content\/uploads\/2020\/11\/Filhas-de-Lavadeiras.00_30_55_23.Quadro007-400x269.png 400w\" sizes=\"(min-width: 1000px) 25vw, (min-width: 690px) 50vw, 100vw\" \/>\t\t\t\t\t\t\t\t\t\t\r\n\t\t\t\t\t\t\t\t\t\t<div class=\"work-info-bg\"><\/div>\r\n\t\t\t\t\t\t\t\t\t\t<div class=\"work-info\">\r\n\t\t\t\t\t\t\t\t\t\t\t\r\n\t\t\t\t\t\t\t\t\t\t\t\t\t\t\t\t\t\t\t\t\t\t\t\t\r\n\t\t\t\t\t\t\t\t\t\t\t\t\t<a href=\"https:\/\/cachoeiradoc.com.br\/festival\/filmes\/filhas-de-lavadeiras\/\"><\/a>\r\n\t\t\t\t\t\t\t\t\t\t\t\t\t\r\n\t\t\t\t\t\t\t\t\t\t\t\t\t\t\t\t\t\t\t\t\t\t\t\r\n\t\t\t\t\t\t\t\t\t\t\t<div class=\"vert-center\">\r\n\t\t\t\t\t\t\t\t\t\t\t\t\t\r\n\t\t\t\t\t\t\t\t\t\t\t\t\t<h3>Filhas de Lavadeiras <\/h3> \r\n\t\t\t\t\t\t\t\t\t\t\t\t\t\t\t\t\t\t\t\t\t\t\t\t\t\t\t\t\t\t\t\t\t\t\t\t<\/div><!--\/vert-center-->\r\n\t\t\t\t\t\t\t\t\t\t\t\r\n\t\t\t\t\t\t\t\t\t\t<\/div>\r\n\t\t\t\t\t\t\t\t\t<\/div><!--work-item-->\r\n\t\t\t\t\t\t\t\t\t\r\n\t\t\t\t\t\t\t\t\t\t\t\t\t\t\t\t\r\n\t\t\t\t\t\t\t\t\r\n\t\t\t\t\t\t\t<\/div><!--\/inner-wrap-->\r\n\t\t\t\t\t\t<\/div><!--\/col-->\r\n\t\t\t\t\t\t\r\n\t\t\t\t\t\t\t\t\t\t\t\r\n\t\t\t\t\t\t\t\t\t\t\t\t\r\n\t\t\t\t\t\t<div class=\"col span_3  element a-liberdade-se-conjuga-no-feminino cinema-em-vizinhanca \"  data-project-cat=\"a-liberdade-se-conjuga-no-feminino cinema-em-vizinhanca \" data-default-color=\"true\" data-title-color=\"\" data-subtitle-color=\"\">\r\n\t\t\t\t\t\t\t\r\n\t\t\t\t\t\t\t<div class=\"inner-wrap animated\" data-animation=\"none\">\r\n\t\t\t\t\t\t\t\t\r\n\t\t\t\t\t\t\t\t\t\t\t\t\t\t\t\t\t\r\n\t\t\t\t\t\t\t\t\t<div class=\"work-item style-3\" data-custom-content=\"off\" data-text-align=\"middle\">\r\n\t\t\t\t\t\t\t\t\t\t\r\n\t\t\t\t\t\t\t\t\t\t<img class=\"size- skip-lazy\" src=\"https:\/\/cachoeiradoc.com.br\/festival\/wp-content\/uploads\/2020\/11\/Irun-Ori-02-600x403.jpg\" alt=\"\" height=\"403\" width=\"600\" srcset=\"https:\/\/cachoeiradoc.com.br\/festival\/wp-content\/uploads\/2020\/11\/Irun-Ori-02-900x604.jpg 900w, https:\/\/cachoeiradoc.com.br\/festival\/wp-content\/uploads\/2020\/11\/Irun-Ori-02-600x403.jpg 600w, https:\/\/cachoeiradoc.com.br\/festival\/wp-content\/uploads\/2020\/11\/Irun-Ori-02-400x269.jpg 400w\" sizes=\"(min-width: 1000px) 25vw, (min-width: 690px) 50vw, 100vw\" \/>\t\t\t\t\t\t\t\t\t\t\r\n\t\t\t\t\t\t\t\t\t\t<div class=\"work-info-bg\"><\/div>\r\n\t\t\t\t\t\t\t\t\t\t<div class=\"work-info\">\r\n\t\t\t\t\t\t\t\t\t\t\t\r\n\t\t\t\t\t\t\t\t\t\t\t\t\t\t\t\t\t\t\t\t\t\t\t\t\r\n\t\t\t\t\t\t\t\t\t\t\t\t\t<a href=\"https:\/\/cachoeiradoc.com.br\/festival\/filmes\/irun-ori-2\/\"><\/a>\r\n\t\t\t\t\t\t\t\t\t\t\t\t\t\r\n\t\t\t\t\t\t\t\t\t\t\t\t\t\t\t\t\t\t\t\t\t\t\t\r\n\t\t\t\t\t\t\t\t\t\t\t<div class=\"vert-center\">\r\n\t\t\t\t\t\t\t\t\t\t\t\t\t\r\n\t\t\t\t\t\t\t\t\t\t\t\t\t<h3>Irun Or\u00ed <\/h3> \r\n\t\t\t\t\t\t\t\t\t\t\t\t\t\t\t\t\t\t\t\t\t\t\t\t\t\t\t\t\t\t\t\t\t\t\t\t<\/div><!--\/vert-center-->\r\n\t\t\t\t\t\t\t\t\t\t\t\r\n\t\t\t\t\t\t\t\t\t\t<\/div>\r\n\t\t\t\t\t\t\t\t\t<\/div><!--work-item-->\r\n\t\t\t\t\t\t\t\t\t\r\n\t\t\t\t\t\t\t\t\t\t\t\t\t\t\t\t\r\n\t\t\t\t\t\t\t\t\r\n\t\t\t\t\t\t\t<\/div><!--\/inner-wrap-->\r\n\t\t\t\t\t\t<\/div><!--\/col-->\r\n\t\t\t\t\t\t\r\n\t\t\t\t\t\t\t\t\t\t\r\n\t\t\t\t<\/div><!--\/portfolio-->\r\n\t\t\t<\/div><!--\/portfolio wrap-->\r\n\t\t\t\r\n\t\t\t[split_line_heading animation_type=&#8221;default&#8221;]Box <span style=\"font-weight: 400;\"> Territ\u00f3rio: meu lugar, minha hist\u00f3ria <\/span>[\/split_line_heading]\t\t\t\t\r\n\t\t\t\t\r\n\t\t\t\t\r\n\t\t\t\t<div class=\"portfolio-wrap \">\r\n\t\t\t\t\t\r\n\t\t\t\t\t\t\t\t\t\t\r\n\t\t\t\t\t<span class=\"portfolio-loading  none\">   <\/span>\r\n\t\t\t\t\t\r\n\t\t\t\t\t\t\t\t\t\t\r\n\t\t\t\t\t<div class=\"row portfolio-items no-masonry  \" data-rcp=\"false\" data-masonry-type=\"default\" data-ps=\"3\" data-starting-filter=\"\" data-gutter=\"default\" data-categories-to-show=\"territorio-meu-lugar-minha-historia\" data-bypass-cropping=\"\" data-lightbox-only=\"0\" data-col-num=\"cols-4\">\r\n\t\t\t\t\t\t\t\t\t\t\t\t\r\n\t\t\t\t\t\t\t\t\t\t\t\t\r\n\t\t\t\t\t\t<div class=\"col span_3  element cinema-em-vizinhanca territorio-meu-lugar-minha-historia \"  data-project-cat=\"cinema-em-vizinhanca territorio-meu-lugar-minha-historia \" data-default-color=\"true\" data-title-color=\"\" data-subtitle-color=\"\">\r\n\t\t\t\t\t\t\t\r\n\t\t\t\t\t\t\t<div class=\"inner-wrap animated\" data-animation=\"none\">\r\n\t\t\t\t\t\t\t\t\r\n\t\t\t\t\t\t\t\t\t\t\t\t\t\t\t\t\t\r\n\t\t\t\t\t\t\t\t\t<div class=\"work-item style-3\" data-custom-content=\"off\" data-text-align=\"middle\">\r\n\t\t\t\t\t\t\t\t\t\t\r\n\t\t\t\t\t\t\t\t\t\t<img class=\"size- skip-lazy\" src=\"https:\/\/cachoeiradoc.com.br\/festival\/wp-content\/uploads\/2020\/11\/foto1-600x403.jpg\" alt=\"\" height=\"403\" width=\"600\" srcset=\"https:\/\/cachoeiradoc.com.br\/festival\/wp-content\/uploads\/2020\/11\/foto1-900x604.jpg 900w, https:\/\/cachoeiradoc.com.br\/festival\/wp-content\/uploads\/2020\/11\/foto1-600x403.jpg 600w, https:\/\/cachoeiradoc.com.br\/festival\/wp-content\/uploads\/2020\/11\/foto1-400x269.jpg 400w\" sizes=\"(min-width: 1000px) 25vw, (min-width: 690px) 50vw, 100vw\" \/>\t\t\t\t\t\t\t\t\t\t\r\n\t\t\t\t\t\t\t\t\t\t<div class=\"work-info-bg\"><\/div>\r\n\t\t\t\t\t\t\t\t\t\t<div class=\"work-info\">\r\n\t\t\t\t\t\t\t\t\t\t\t\r\n\t\t\t\t\t\t\t\t\t\t\t\t\t\t\t\t\t\t\t\t\t\t\t\t\r\n\t\t\t\t\t\t\t\t\t\t\t\t\t<a href=\"https:\/\/cachoeiradoc.com.br\/festival\/filmes\/correria\/\"><\/a>\r\n\t\t\t\t\t\t\t\t\t\t\t\t\t\r\n\t\t\t\t\t\t\t\t\t\t\t\t\t\t\t\t\t\t\t\t\t\t\t\r\n\t\t\t\t\t\t\t\t\t\t\t<div class=\"vert-center\">\r\n\t\t\t\t\t\t\t\t\t\t\t\t\t\r\n\t\t\t\t\t\t\t\t\t\t\t\t\t<h3>CORRERIA <\/h3> \r\n\t\t\t\t\t\t\t\t\t\t\t\t\t\t\t\t\t\t\t\t\t\t\t\t\t\t\t\t\t\t\t\t\t\t\t\t<\/div><!--\/vert-center-->\r\n\t\t\t\t\t\t\t\t\t\t\t\r\n\t\t\t\t\t\t\t\t\t\t<\/div>\r\n\t\t\t\t\t\t\t\t\t<\/div><!--work-item-->\r\n\t\t\t\t\t\t\t\t\t\r\n\t\t\t\t\t\t\t\t\t\t\t\t\t\t\t\t\r\n\t\t\t\t\t\t\t\t\r\n\t\t\t\t\t\t\t<\/div><!--\/inner-wrap-->\r\n\t\t\t\t\t\t<\/div><!--\/col-->\r\n\t\t\t\t\t\t\r\n\t\t\t\t\t\t\t\t\t\t\t\r\n\t\t\t\t\t\t\t\t\t\t\t\t\r\n\t\t\t\t\t\t<div class=\"col span_3  element cinema-em-vizinhanca territorio-meu-lugar-minha-historia \"  data-project-cat=\"cinema-em-vizinhanca territorio-meu-lugar-minha-historia \" data-default-color=\"true\" data-title-color=\"\" data-subtitle-color=\"\">\r\n\t\t\t\t\t\t\t\r\n\t\t\t\t\t\t\t<div class=\"inner-wrap animated\" data-animation=\"none\">\r\n\t\t\t\t\t\t\t\t\r\n\t\t\t\t\t\t\t\t\t\t\t\t\t\t\t\t\t\r\n\t\t\t\t\t\t\t\t\t<div class=\"work-item style-3\" data-custom-content=\"off\" data-text-align=\"middle\">\r\n\t\t\t\t\t\t\t\t\t\t\r\n\t\t\t\t\t\t\t\t\t\t<img class=\"size- skip-lazy\" src=\"https:\/\/cachoeiradoc.com.br\/festival\/wp-content\/uploads\/2020\/11\/IMG_947111111nova-600x403.jpg\" alt=\"\" height=\"403\" width=\"600\" srcset=\"https:\/\/cachoeiradoc.com.br\/festival\/wp-content\/uploads\/2020\/11\/IMG_947111111nova-900x604.jpg 900w, https:\/\/cachoeiradoc.com.br\/festival\/wp-content\/uploads\/2020\/11\/IMG_947111111nova-600x403.jpg 600w, https:\/\/cachoeiradoc.com.br\/festival\/wp-content\/uploads\/2020\/11\/IMG_947111111nova-400x269.jpg 400w\" sizes=\"(min-width: 1000px) 25vw, (min-width: 690px) 50vw, 100vw\" \/>\t\t\t\t\t\t\t\t\t\t\r\n\t\t\t\t\t\t\t\t\t\t<div class=\"work-info-bg\"><\/div>\r\n\t\t\t\t\t\t\t\t\t\t<div class=\"work-info\">\r\n\t\t\t\t\t\t\t\t\t\t\t\r\n\t\t\t\t\t\t\t\t\t\t\t\t\t\t\t\t\t\t\t\t\t\t\t\t\r\n\t\t\t\t\t\t\t\t\t\t\t\t\t<a href=\"https:\/\/cachoeiradoc.com.br\/festival\/filmes\/favela-onde-eu-cresci\/\"><\/a>\r\n\t\t\t\t\t\t\t\t\t\t\t\t\t\r\n\t\t\t\t\t\t\t\t\t\t\t\t\t\t\t\t\t\t\t\t\t\t\t\r\n\t\t\t\t\t\t\t\t\t\t\t<div class=\"vert-center\">\r\n\t\t\t\t\t\t\t\t\t\t\t\t\t\r\n\t\t\t\t\t\t\t\t\t\t\t\t\t<h3>Favela onde eu cresci <\/h3> \r\n\t\t\t\t\t\t\t\t\t\t\t\t\t\t\t\t\t\t\t\t\t\t\t\t\t\t\t\t\t\t\t\t\t\t\t\t<\/div><!--\/vert-center-->\r\n\t\t\t\t\t\t\t\t\t\t\t\r\n\t\t\t\t\t\t\t\t\t\t<\/div>\r\n\t\t\t\t\t\t\t\t\t<\/div><!--work-item-->\r\n\t\t\t\t\t\t\t\t\t\r\n\t\t\t\t\t\t\t\t\t\t\t\t\t\t\t\t\r\n\t\t\t\t\t\t\t\t\r\n\t\t\t\t\t\t\t<\/div><!--\/inner-wrap-->\r\n\t\t\t\t\t\t<\/div><!--\/col-->\r\n\t\t\t\t\t\t\r\n\t\t\t\t\t\t\t\t\t\t\t\r\n\t\t\t\t\t\t\t\t\t\t\t\t\r\n\t\t\t\t\t\t<div class=\"col span_3  element cinema-em-vizinhanca territorio-meu-lugar-minha-historia \"  data-project-cat=\"cinema-em-vizinhanca territorio-meu-lugar-minha-historia \" data-default-color=\"true\" data-title-color=\"\" data-subtitle-color=\"\">\r\n\t\t\t\t\t\t\t\r\n\t\t\t\t\t\t\t<div class=\"inner-wrap animated\" data-animation=\"none\">\r\n\t\t\t\t\t\t\t\t\r\n\t\t\t\t\t\t\t\t\t\t\t\t\t\t\t\t\t\r\n\t\t\t\t\t\t\t\t\t<div class=\"work-item style-3\" data-custom-content=\"off\" data-text-align=\"middle\">\r\n\t\t\t\t\t\t\t\t\t\t\r\n\t\t\t\t\t\t\t\t\t\t<img class=\"size- skip-lazy\" src=\"https:\/\/cachoeiradoc.com.br\/festival\/wp-content\/uploads\/2020\/11\/03.-Divulgacao-Interrogacao-600x403.jpg\" alt=\"\" height=\"403\" width=\"600\" srcset=\"https:\/\/cachoeiradoc.com.br\/festival\/wp-content\/uploads\/2020\/11\/03.-Divulgacao-Interrogacao-900x604.jpg 900w, https:\/\/cachoeiradoc.com.br\/festival\/wp-content\/uploads\/2020\/11\/03.-Divulgacao-Interrogacao-600x403.jpg 600w, https:\/\/cachoeiradoc.com.br\/festival\/wp-content\/uploads\/2020\/11\/03.-Divulgacao-Interrogacao-400x269.jpg 400w\" sizes=\"(min-width: 1000px) 25vw, (min-width: 690px) 50vw, 100vw\" \/>\t\t\t\t\t\t\t\t\t\t\r\n\t\t\t\t\t\t\t\t\t\t<div class=\"work-info-bg\"><\/div>\r\n\t\t\t\t\t\t\t\t\t\t<div class=\"work-info\">\r\n\t\t\t\t\t\t\t\t\t\t\t\r\n\t\t\t\t\t\t\t\t\t\t\t\t\t\t\t\t\t\t\t\t\t\t\t\t\r\n\t\t\t\t\t\t\t\t\t\t\t\t\t<a href=\"https:\/\/cachoeiradoc.com.br\/festival\/filmes\/interrogacao-ou-psicopata-legalizado\/\"><\/a>\r\n\t\t\t\t\t\t\t\t\t\t\t\t\t\r\n\t\t\t\t\t\t\t\t\t\t\t\t\t\t\t\t\t\t\t\t\t\t\t\r\n\t\t\t\t\t\t\t\t\t\t\t<div class=\"vert-center\">\r\n\t\t\t\t\t\t\t\t\t\t\t\t\t\r\n\t\t\t\t\t\t\t\t\t\t\t\t\t<h3>Interroga\u00e7\u00e3o (ou Psicopata Legalizado) <\/h3> \r\n\t\t\t\t\t\t\t\t\t\t\t\t\t\t\t\t\t\t\t\t\t\t\t\t\t\t\t\t\t\t\t\t\t\t\t\t<\/div><!--\/vert-center-->\r\n\t\t\t\t\t\t\t\t\t\t\t\r\n\t\t\t\t\t\t\t\t\t\t<\/div>\r\n\t\t\t\t\t\t\t\t\t<\/div><!--work-item-->\r\n\t\t\t\t\t\t\t\t\t\r\n\t\t\t\t\t\t\t\t\t\t\t\t\t\t\t\t\r\n\t\t\t\t\t\t\t\t\r\n\t\t\t\t\t\t\t<\/div><!--\/inner-wrap-->\r\n\t\t\t\t\t\t<\/div><!--\/col-->\r\n\t\t\t\t\t\t\r\n\t\t\t\t\t\t\t\t\t\t\t\r\n\t\t\t\t\t\t\t\t\t\t\t\t\r\n\t\t\t\t\t\t<div class=\"col span_3  element cinema-em-vizinhanca territorio-meu-lugar-minha-historia \"  data-project-cat=\"cinema-em-vizinhanca territorio-meu-lugar-minha-historia \" data-default-color=\"true\" data-title-color=\"\" data-subtitle-color=\"\">\r\n\t\t\t\t\t\t\t\r\n\t\t\t\t\t\t\t<div class=\"inner-wrap animated\" data-animation=\"none\">\r\n\t\t\t\t\t\t\t\t\r\n\t\t\t\t\t\t\t\t\t\t\t\t\t\t\t\t\t\r\n\t\t\t\t\t\t\t\t\t<div class=\"work-item style-3\" data-custom-content=\"off\" data-text-align=\"middle\">\r\n\t\t\t\t\t\t\t\t\t\t\r\n\t\t\t\t\t\t\t\t\t\t<img class=\"size- skip-lazy\" src=\"https:\/\/cachoeiradoc.com.br\/festival\/wp-content\/uploads\/2020\/11\/O-peixe000-600x403.jpg\" alt=\"\" height=\"403\" width=\"600\" srcset=\"https:\/\/cachoeiradoc.com.br\/festival\/wp-content\/uploads\/2020\/11\/O-peixe000-900x604.jpg 900w, https:\/\/cachoeiradoc.com.br\/festival\/wp-content\/uploads\/2020\/11\/O-peixe000-600x403.jpg 600w, https:\/\/cachoeiradoc.com.br\/festival\/wp-content\/uploads\/2020\/11\/O-peixe000-400x269.jpg 400w\" sizes=\"(min-width: 1000px) 25vw, (min-width: 690px) 50vw, 100vw\" \/>\t\t\t\t\t\t\t\t\t\t\r\n\t\t\t\t\t\t\t\t\t\t<div class=\"work-info-bg\"><\/div>\r\n\t\t\t\t\t\t\t\t\t\t<div class=\"work-info\">\r\n\t\t\t\t\t\t\t\t\t\t\t\r\n\t\t\t\t\t\t\t\t\t\t\t\t\t\t\t\t\t\t\t\t\t\t\t\t\r\n\t\t\t\t\t\t\t\t\t\t\t\t\t<a href=\"https:\/\/cachoeiradoc.com.br\/festival\/filmes\/o-peixe\/\"><\/a>\r\n\t\t\t\t\t\t\t\t\t\t\t\t\t\r\n\t\t\t\t\t\t\t\t\t\t\t\t\t\t\t\t\t\t\t\t\t\t\t\r\n\t\t\t\t\t\t\t\t\t\t\t<div class=\"vert-center\">\r\n\t\t\t\t\t\t\t\t\t\t\t\t\t\r\n\t\t\t\t\t\t\t\t\t\t\t\t\t<h3>O peixe <\/h3> \r\n\t\t\t\t\t\t\t\t\t\t\t\t\t\t\t\t\t\t\t\t\t\t\t\t\t\t\t\t\t\t\t\t\t\t\t\t<\/div><!--\/vert-center-->\r\n\t\t\t\t\t\t\t\t\t\t\t\r\n\t\t\t\t\t\t\t\t\t\t<\/div>\r\n\t\t\t\t\t\t\t\t\t<\/div><!--work-item-->\r\n\t\t\t\t\t\t\t\t\t\r\n\t\t\t\t\t\t\t\t\t\t\t\t\t\t\t\t\r\n\t\t\t\t\t\t\t\t\r\n\t\t\t\t\t\t\t<\/div><!--\/inner-wrap-->\r\n\t\t\t\t\t\t<\/div><!--\/col-->\r\n\t\t\t\t\t\t\r\n\t\t\t\t\t\t\t\t\t\t\r\n\t\t\t\t<\/div><!--\/portfolio-->\r\n\t\t\t<\/div><!--\/portfolio wrap-->\r\n\t\t\t\r\n\t\t\t[split_line_heading animation_type=&#8221;default&#8221;]Box <span style=\"font-weight: 400;\">Afeto, mem\u00f3ria e futuro<\/span>[\/split_line_heading]\t\t\t\t\r\n\t\t\t\t\r\n\t\t\t\t\r\n\t\t\t\t<div class=\"portfolio-wrap \">\r\n\t\t\t\t\t\r\n\t\t\t\t\t\t\t\t\t\t\r\n\t\t\t\t\t<span class=\"portfolio-loading  none\">   <\/span>\r\n\t\t\t\t\t\r\n\t\t\t\t\t\t\t\t\t\t\r\n\t\t\t\t\t<div class=\"row portfolio-items no-masonry  \" data-rcp=\"false\" data-masonry-type=\"default\" data-ps=\"3\" data-starting-filter=\"\" data-gutter=\"default\" data-categories-to-show=\"afeto-memoria-e-futuro\" data-bypass-cropping=\"\" data-lightbox-only=\"0\" data-col-num=\"cols-4\">\r\n\t\t\t\t\t\t\t\t\t\t\t\t\r\n\t\t\t\t\t\t\t\t\t\t\t\t\r\n\t\t\t\t\t\t<div class=\"col span_3  element afeto-memoria-e-futuro cinema-em-vizinhanca \"  data-project-cat=\"afeto-memoria-e-futuro cinema-em-vizinhanca \" data-default-color=\"true\" data-title-color=\"\" data-subtitle-color=\"\">\r\n\t\t\t\t\t\t\t\r\n\t\t\t\t\t\t\t<div class=\"inner-wrap animated\" data-animation=\"none\">\r\n\t\t\t\t\t\t\t\t\r\n\t\t\t\t\t\t\t\t\t\t\t\t\t\t\t\t\t\r\n\t\t\t\t\t\t\t\t\t<div class=\"work-item style-3\" data-custom-content=\"off\" data-text-align=\"middle\">\r\n\t\t\t\t\t\t\t\t\t\t\r\n\t\t\t\t\t\t\t\t\t\t<img class=\"size- skip-lazy\" src=\"https:\/\/cachoeiradoc.com.br\/festival\/wp-content\/uploads\/2020\/11\/fartura_02-600x403.png\" alt=\"\" height=\"403\" width=\"600\" srcset=\"https:\/\/cachoeiradoc.com.br\/festival\/wp-content\/uploads\/2020\/11\/fartura_02-900x604.png 900w, https:\/\/cachoeiradoc.com.br\/festival\/wp-content\/uploads\/2020\/11\/fartura_02-600x403.png 600w, https:\/\/cachoeiradoc.com.br\/festival\/wp-content\/uploads\/2020\/11\/fartura_02-400x269.png 400w\" sizes=\"(min-width: 1000px) 25vw, (min-width: 690px) 50vw, 100vw\" \/>\t\t\t\t\t\t\t\t\t\t\r\n\t\t\t\t\t\t\t\t\t\t<div class=\"work-info-bg\"><\/div>\r\n\t\t\t\t\t\t\t\t\t\t<div class=\"work-info\">\r\n\t\t\t\t\t\t\t\t\t\t\t\r\n\t\t\t\t\t\t\t\t\t\t\t\t\t\t\t\t\t\t\t\t\t\t\t\t\r\n\t\t\t\t\t\t\t\t\t\t\t\t\t<a href=\"https:\/\/cachoeiradoc.com.br\/festival\/filmes\/fartura\/\"><\/a>\r\n\t\t\t\t\t\t\t\t\t\t\t\t\t\r\n\t\t\t\t\t\t\t\t\t\t\t\t\t\t\t\t\t\t\t\t\t\t\t\r\n\t\t\t\t\t\t\t\t\t\t\t<div class=\"vert-center\">\r\n\t\t\t\t\t\t\t\t\t\t\t\t\t\r\n\t\t\t\t\t\t\t\t\t\t\t\t\t<h3>Fartura <\/h3> \r\n\t\t\t\t\t\t\t\t\t\t\t\t\t\t\t\t\t\t\t\t\t\t\t\t\t\t\t\t\t\t\t\t\t\t\t\t<\/div><!--\/vert-center-->\r\n\t\t\t\t\t\t\t\t\t\t\t\r\n\t\t\t\t\t\t\t\t\t\t<\/div>\r\n\t\t\t\t\t\t\t\t\t<\/div><!--work-item-->\r\n\t\t\t\t\t\t\t\t\t\r\n\t\t\t\t\t\t\t\t\t\t\t\t\t\t\t\t\r\n\t\t\t\t\t\t\t\t\r\n\t\t\t\t\t\t\t<\/div><!--\/inner-wrap-->\r\n\t\t\t\t\t\t<\/div><!--\/col-->\r\n\t\t\t\t\t\t\r\n\t\t\t\t\t\t\t\t\t\t\t\r\n\t\t\t\t\t\t\t\t\t\t\t\t\r\n\t\t\t\t\t\t<div class=\"col span_3  element afeto-memoria-e-futuro cinema-em-vizinhanca \"  data-project-cat=\"afeto-memoria-e-futuro cinema-em-vizinhanca \" data-default-color=\"true\" data-title-color=\"\" data-subtitle-color=\"\">\r\n\t\t\t\t\t\t\t\r\n\t\t\t\t\t\t\t<div class=\"inner-wrap animated\" data-animation=\"none\">\r\n\t\t\t\t\t\t\t\t\r\n\t\t\t\t\t\t\t\t\t\t\t\t\t\t\t\t\t\r\n\t\t\t\t\t\t\t\t\t<div class=\"work-item style-3\" data-custom-content=\"off\" data-text-align=\"middle\">\r\n\t\t\t\t\t\t\t\t\t\t\r\n\t\t\t\t\t\t\t\t\t\t<img class=\"size- skip-lazy\" src=\"https:\/\/cachoeiradoc.com.br\/festival\/wp-content\/uploads\/2020\/11\/Pega-se-Faccao-Still-01-600x403.jpg\" alt=\"\" height=\"403\" width=\"600\" srcset=\"https:\/\/cachoeiradoc.com.br\/festival\/wp-content\/uploads\/2020\/11\/Pega-se-Faccao-Still-01-900x604.jpg 900w, https:\/\/cachoeiradoc.com.br\/festival\/wp-content\/uploads\/2020\/11\/Pega-se-Faccao-Still-01-600x403.jpg 600w, https:\/\/cachoeiradoc.com.br\/festival\/wp-content\/uploads\/2020\/11\/Pega-se-Faccao-Still-01-400x269.jpg 400w\" sizes=\"(min-width: 1000px) 25vw, (min-width: 690px) 50vw, 100vw\" \/>\t\t\t\t\t\t\t\t\t\t\r\n\t\t\t\t\t\t\t\t\t\t<div class=\"work-info-bg\"><\/div>\r\n\t\t\t\t\t\t\t\t\t\t<div class=\"work-info\">\r\n\t\t\t\t\t\t\t\t\t\t\t\r\n\t\t\t\t\t\t\t\t\t\t\t\t\t\t\t\t\t\t\t\t\t\t\t\t\r\n\t\t\t\t\t\t\t\t\t\t\t\t\t<a href=\"https:\/\/cachoeiradoc.com.br\/festival\/filmes\/pega-se-faccao\/\"><\/a>\r\n\t\t\t\t\t\t\t\t\t\t\t\t\t\r\n\t\t\t\t\t\t\t\t\t\t\t\t\t\t\t\t\t\t\t\t\t\t\t\r\n\t\t\t\t\t\t\t\t\t\t\t<div class=\"vert-center\">\r\n\t\t\t\t\t\t\t\t\t\t\t\t\t\r\n\t\t\t\t\t\t\t\t\t\t\t\t\t<h3>Pega-se Fac\u00e7\u00e3o <\/h3> \r\n\t\t\t\t\t\t\t\t\t\t\t\t\t\t\t\t\t\t\t\t\t\t\t\t\t\t\t\t\t\t\t\t\t\t\t\t<\/div><!--\/vert-center-->\r\n\t\t\t\t\t\t\t\t\t\t\t\r\n\t\t\t\t\t\t\t\t\t\t<\/div>\r\n\t\t\t\t\t\t\t\t\t<\/div><!--work-item-->\r\n\t\t\t\t\t\t\t\t\t\r\n\t\t\t\t\t\t\t\t\t\t\t\t\t\t\t\t\r\n\t\t\t\t\t\t\t\t\r\n\t\t\t\t\t\t\t<\/div><!--\/inner-wrap-->\r\n\t\t\t\t\t\t<\/div><!--\/col-->\r\n\t\t\t\t\t\t\r\n\t\t\t\t\t\t\t\t\t\t\t\r\n\t\t\t\t\t\t\t\t\t\t\t\t\r\n\t\t\t\t\t\t<div class=\"col span_3  element afeto-memoria-e-futuro cinema-em-vizinhanca \"  data-project-cat=\"afeto-memoria-e-futuro cinema-em-vizinhanca \" data-default-color=\"true\" data-title-color=\"\" data-subtitle-color=\"\">\r\n\t\t\t\t\t\t\t\r\n\t\t\t\t\t\t\t<div class=\"inner-wrap animated\" data-animation=\"none\">\r\n\t\t\t\t\t\t\t\t\r\n\t\t\t\t\t\t\t\t\t\t\t\t\t\t\t\t\t\r\n\t\t\t\t\t\t\t\t\t<div class=\"work-item style-3\" data-custom-content=\"off\" data-text-align=\"middle\">\r\n\t\t\t\t\t\t\t\t\t\t\r\n\t\t\t\t\t\t\t\t\t\t<img class=\"size- skip-lazy\" src=\"https:\/\/cachoeiradoc.com.br\/festival\/wp-content\/uploads\/2020\/11\/cartaz-tv-ii-600x403.jpg\" alt=\"\" height=\"403\" width=\"600\" srcset=\"https:\/\/cachoeiradoc.com.br\/festival\/wp-content\/uploads\/2020\/11\/cartaz-tv-ii-900x604.jpg 900w, https:\/\/cachoeiradoc.com.br\/festival\/wp-content\/uploads\/2020\/11\/cartaz-tv-ii-600x403.jpg 600w, https:\/\/cachoeiradoc.com.br\/festival\/wp-content\/uploads\/2020\/11\/cartaz-tv-ii-400x269.jpg 400w\" sizes=\"(min-width: 1000px) 25vw, (min-width: 690px) 50vw, 100vw\" \/>\t\t\t\t\t\t\t\t\t\t\r\n\t\t\t\t\t\t\t\t\t\t<div class=\"work-info-bg\"><\/div>\r\n\t\t\t\t\t\t\t\t\t\t<div class=\"work-info\">\r\n\t\t\t\t\t\t\t\t\t\t\t\r\n\t\t\t\t\t\t\t\t\t\t\t\t\t\t\t\t\t\t\t\t\t\t\t\t\r\n\t\t\t\t\t\t\t\t\t\t\t\t\t<a href=\"https:\/\/cachoeiradoc.com.br\/festival\/filmes\/tempos-verbais\/\"><\/a>\r\n\t\t\t\t\t\t\t\t\t\t\t\t\t\r\n\t\t\t\t\t\t\t\t\t\t\t\t\t\t\t\t\t\t\t\t\t\t\t\r\n\t\t\t\t\t\t\t\t\t\t\t<div class=\"vert-center\">\r\n\t\t\t\t\t\t\t\t\t\t\t\t\t\r\n\t\t\t\t\t\t\t\t\t\t\t\t\t<h3>Tempos Verbais <\/h3> \r\n\t\t\t\t\t\t\t\t\t\t\t\t\t\t\t\t\t\t\t\t\t\t\t\t\t\t\t\t\t\t\t\t\t\t\t\t<\/div><!--\/vert-center-->\r\n\t\t\t\t\t\t\t\t\t\t\t\r\n\t\t\t\t\t\t\t\t\t\t<\/div>\r\n\t\t\t\t\t\t\t\t\t<\/div><!--work-item-->\r\n\t\t\t\t\t\t\t\t\t\r\n\t\t\t\t\t\t\t\t\t\t\t\t\t\t\t\t\r\n\t\t\t\t\t\t\t\t\r\n\t\t\t\t\t\t\t<\/div><!--\/inner-wrap-->\r\n\t\t\t\t\t\t<\/div><!--\/col-->\r\n\t\t\t\t\t\t\r\n\t\t\t\t\t\t\t\t\t\t\t\r\n\t\t\t\t\t\t\t\t\t\t\t\t\r\n\t\t\t\t\t\t<div class=\"col span_3  element afeto-memoria-e-futuro cinema-em-vizinhanca \"  data-project-cat=\"afeto-memoria-e-futuro cinema-em-vizinhanca \" data-default-color=\"true\" data-title-color=\"\" data-subtitle-color=\"\">\r\n\t\t\t\t\t\t\t\r\n\t\t\t\t\t\t\t<div class=\"inner-wrap animated\" data-animation=\"none\">\r\n\t\t\t\t\t\t\t\t\r\n\t\t\t\t\t\t\t\t\t\t\t\t\t\t\t\t\t\r\n\t\t\t\t\t\t\t\t\t<div class=\"work-item style-3\" data-custom-content=\"off\" data-text-align=\"middle\">\r\n\t\t\t\t\t\t\t\t\t\t\r\n\t\t\t\t\t\t\t\t\t\t<img class=\"size- skip-lazy\" src=\"https:\/\/cachoeiradoc.com.br\/festival\/wp-content\/uploads\/2020\/11\/vanderstill1-600x403.jpg\" alt=\"\" height=\"403\" width=\"600\" srcset=\"https:\/\/cachoeiradoc.com.br\/festival\/wp-content\/uploads\/2020\/11\/vanderstill1-900x604.jpg 900w, https:\/\/cachoeiradoc.com.br\/festival\/wp-content\/uploads\/2020\/11\/vanderstill1-600x403.jpg 600w, https:\/\/cachoeiradoc.com.br\/festival\/wp-content\/uploads\/2020\/11\/vanderstill1-400x269.jpg 400w\" sizes=\"(min-width: 1000px) 25vw, (min-width: 690px) 50vw, 100vw\" \/>\t\t\t\t\t\t\t\t\t\t\r\n\t\t\t\t\t\t\t\t\t\t<div class=\"work-info-bg\"><\/div>\r\n\t\t\t\t\t\t\t\t\t\t<div class=\"work-info\">\r\n\t\t\t\t\t\t\t\t\t\t\t\r\n\t\t\t\t\t\t\t\t\t\t\t\t\t\t\t\t\t\t\t\t\t\t\t\t\r\n\t\t\t\t\t\t\t\t\t\t\t\t\t<a href=\"https:\/\/cachoeiradoc.com.br\/festival\/filmes\/vanderv-2\/\"><\/a>\r\n\t\t\t\t\t\t\t\t\t\t\t\t\t\r\n\t\t\t\t\t\t\t\t\t\t\t\t\t\t\t\t\t\t\t\t\t\t\t\r\n\t\t\t\t\t\t\t\t\t\t\t<div class=\"vert-center\">\r\n\t\t\t\t\t\t\t\t\t\t\t\t\t\r\n\t\t\t\t\t\t\t\t\t\t\t\t\t<h3>Vander <\/h3> \r\n\t\t\t\t\t\t\t\t\t\t\t\t\t\t\t\t\t\t\t\t\t\t\t\t\t\t\t\t\t\t\t\t\t\t\t\t<\/div><!--\/vert-center-->\r\n\t\t\t\t\t\t\t\t\t\t\t\r\n\t\t\t\t\t\t\t\t\t\t<\/div>\r\n\t\t\t\t\t\t\t\t\t<\/div><!--work-item-->\r\n\t\t\t\t\t\t\t\t\t\r\n\t\t\t\t\t\t\t\t\t\t\t\t\t\t\t\t\r\n\t\t\t\t\t\t\t\t\r\n\t\t\t\t\t\t\t<\/div><!--\/inner-wrap-->\r\n\t\t\t\t\t\t<\/div><!--\/col-->\r\n\t\t\t\t\t\t\r\n\t\t\t\t\t\t\t\t\t\t\r\n\t\t\t\t<\/div><!--\/portfolio-->\r\n\t\t\t<\/div><!--\/portfolio wrap-->\r\n\t\t\t\r\n\t\t\t[split_line_heading animation_type=&#8221;default&#8221;]Box <span style=\"font-weight: 400;\">Gente \u00e9 para brilhar<\/span>[\/split_line_heading]\t\t\t\t\r\n\t\t\t\t\r\n\t\t\t\t\r\n\t\t\t\t<div class=\"portfolio-wrap \">\r\n\t\t\t\t\t\r\n\t\t\t\t\t\t\t\t\t\t\r\n\t\t\t\t\t<span class=\"portfolio-loading  none\">   <\/span>\r\n\t\t\t\t\t\r\n\t\t\t\t\t\t\t\t\t\t\r\n\t\t\t\t\t<div class=\"row portfolio-items no-masonry  \" data-rcp=\"false\" data-masonry-type=\"default\" data-ps=\"3\" data-starting-filter=\"\" data-gutter=\"default\" data-categories-to-show=\"gente-e-para-brilhar\" data-bypass-cropping=\"\" data-lightbox-only=\"0\" data-col-num=\"cols-4\">\r\n\t\t\t\t\t\t\t\t\t\t\t\t\r\n\t\t\t\t\t\t\t\t\t\t\t\t\r\n\t\t\t\t\t\t<div class=\"col span_3  element cinema-em-vizinhanca gente-e-para-brilhar \"  data-project-cat=\"cinema-em-vizinhanca gente-e-para-brilhar \" data-default-color=\"true\" data-title-color=\"\" data-subtitle-color=\"\">\r\n\t\t\t\t\t\t\t\r\n\t\t\t\t\t\t\t<div class=\"inner-wrap animated\" data-animation=\"none\">\r\n\t\t\t\t\t\t\t\t\r\n\t\t\t\t\t\t\t\t\t\t\t\t\t\t\t\t\t\r\n\t\t\t\t\t\t\t\t\t<div class=\"work-item style-3\" data-custom-content=\"off\" data-text-align=\"middle\">\r\n\t\t\t\t\t\t\t\t\t\t\r\n\t\t\t\t\t\t\t\t\t\t<img class=\"size- skip-lazy\" src=\"https:\/\/cachoeiradoc.com.br\/festival\/wp-content\/uploads\/2020\/11\/AsrendasdeDInho3-FOTO-DE-BARBARA-PETTRES-600x403.jpg\" alt=\"\" height=\"403\" width=\"600\" srcset=\"https:\/\/cachoeiradoc.com.br\/festival\/wp-content\/uploads\/2020\/11\/AsrendasdeDInho3-FOTO-DE-BARBARA-PETTRES-900x604.jpg 900w, https:\/\/cachoeiradoc.com.br\/festival\/wp-content\/uploads\/2020\/11\/AsrendasdeDInho3-FOTO-DE-BARBARA-PETTRES-600x403.jpg 600w, https:\/\/cachoeiradoc.com.br\/festival\/wp-content\/uploads\/2020\/11\/AsrendasdeDInho3-FOTO-DE-BARBARA-PETTRES-400x269.jpg 400w\" sizes=\"(min-width: 1000px) 25vw, (min-width: 690px) 50vw, 100vw\" \/>\t\t\t\t\t\t\t\t\t\t\r\n\t\t\t\t\t\t\t\t\t\t<div class=\"work-info-bg\"><\/div>\r\n\t\t\t\t\t\t\t\t\t\t<div class=\"work-info\">\r\n\t\t\t\t\t\t\t\t\t\t\t\r\n\t\t\t\t\t\t\t\t\t\t\t\t\t\t\t\t\t\t\t\t\t\t\t\t\r\n\t\t\t\t\t\t\t\t\t\t\t\t\t<a href=\"https:\/\/cachoeiradoc.com.br\/festival\/filmes\/as-rendas-de-dinho\/\"><\/a>\r\n\t\t\t\t\t\t\t\t\t\t\t\t\t\r\n\t\t\t\t\t\t\t\t\t\t\t\t\t\t\t\t\t\t\t\t\t\t\t\r\n\t\t\t\t\t\t\t\t\t\t\t<div class=\"vert-center\">\r\n\t\t\t\t\t\t\t\t\t\t\t\t\t\r\n\t\t\t\t\t\t\t\t\t\t\t\t\t<h3>As rendas de Dinho <\/h3> \r\n\t\t\t\t\t\t\t\t\t\t\t\t\t\t\t\t\t\t\t\t\t\t\t\t\t\t\t\t\t\t\t\t\t\t\t\t<\/div><!--\/vert-center-->\r\n\t\t\t\t\t\t\t\t\t\t\t\r\n\t\t\t\t\t\t\t\t\t\t<\/div>\r\n\t\t\t\t\t\t\t\t\t<\/div><!--work-item-->\r\n\t\t\t\t\t\t\t\t\t\r\n\t\t\t\t\t\t\t\t\t\t\t\t\t\t\t\t\r\n\t\t\t\t\t\t\t\t\r\n\t\t\t\t\t\t\t<\/div><!--\/inner-wrap-->\r\n\t\t\t\t\t\t<\/div><!--\/col-->\r\n\t\t\t\t\t\t\r\n\t\t\t\t\t\t\t\t\t\t\t\r\n\t\t\t\t\t\t\t\t\t\t\t\t\r\n\t\t\t\t\t\t<div class=\"col span_3  element cinema-em-vizinhanca gente-e-para-brilhar \"  data-project-cat=\"cinema-em-vizinhanca gente-e-para-brilhar \" data-default-color=\"true\" data-title-color=\"\" data-subtitle-color=\"\">\r\n\t\t\t\t\t\t\t\r\n\t\t\t\t\t\t\t<div class=\"inner-wrap animated\" data-animation=\"none\">\r\n\t\t\t\t\t\t\t\t\r\n\t\t\t\t\t\t\t\t\t\t\t\t\t\t\t\t\t\r\n\t\t\t\t\t\t\t\t\t<div class=\"work-item style-3\" data-custom-content=\"off\" data-text-align=\"middle\">\r\n\t\t\t\t\t\t\t\t\t\t\r\n\t\t\t\t\t\t\t\t\t\t<img class=\"size- skip-lazy\" src=\"https:\/\/cachoeiradoc.com.br\/festival\/wp-content\/uploads\/2020\/11\/Essa-festa-e-a-minha-vida-01-600x403.jpg\" alt=\"\" height=\"403\" width=\"600\" srcset=\"https:\/\/cachoeiradoc.com.br\/festival\/wp-content\/uploads\/2020\/11\/Essa-festa-e-a-minha-vida-01-900x604.jpg 900w, https:\/\/cachoeiradoc.com.br\/festival\/wp-content\/uploads\/2020\/11\/Essa-festa-e-a-minha-vida-01-600x403.jpg 600w, https:\/\/cachoeiradoc.com.br\/festival\/wp-content\/uploads\/2020\/11\/Essa-festa-e-a-minha-vida-01-400x269.jpg 400w\" sizes=\"(min-width: 1000px) 25vw, (min-width: 690px) 50vw, 100vw\" \/>\t\t\t\t\t\t\t\t\t\t\r\n\t\t\t\t\t\t\t\t\t\t<div class=\"work-info-bg\"><\/div>\r\n\t\t\t\t\t\t\t\t\t\t<div class=\"work-info\">\r\n\t\t\t\t\t\t\t\t\t\t\t\r\n\t\t\t\t\t\t\t\t\t\t\t\t\t\t\t\t\t\t\t\t\t\t\t\t\r\n\t\t\t\t\t\t\t\t\t\t\t\t\t<a href=\"https:\/\/cachoeiradoc.com.br\/festival\/filmes\/essa-festa-e-a-minha-vida-2\/\"><\/a>\r\n\t\t\t\t\t\t\t\t\t\t\t\t\t\r\n\t\t\t\t\t\t\t\t\t\t\t\t\t\t\t\t\t\t\t\t\t\t\t\r\n\t\t\t\t\t\t\t\t\t\t\t<div class=\"vert-center\">\r\n\t\t\t\t\t\t\t\t\t\t\t\t\t\r\n\t\t\t\t\t\t\t\t\t\t\t\t\t<h3>Essa festa \u00e9 a minha vida <\/h3> \r\n\t\t\t\t\t\t\t\t\t\t\t\t\t\t\t\t\t\t\t\t\t\t\t\t\t\t\t\t\t\t\t\t\t\t\t\t<\/div><!--\/vert-center-->\r\n\t\t\t\t\t\t\t\t\t\t\t\r\n\t\t\t\t\t\t\t\t\t\t<\/div>\r\n\t\t\t\t\t\t\t\t\t<\/div><!--work-item-->\r\n\t\t\t\t\t\t\t\t\t\r\n\t\t\t\t\t\t\t\t\t\t\t\t\t\t\t\t\r\n\t\t\t\t\t\t\t\t\r\n\t\t\t\t\t\t\t<\/div><!--\/inner-wrap-->\r\n\t\t\t\t\t\t<\/div><!--\/col-->\r\n\t\t\t\t\t\t\r\n\t\t\t\t\t\t\t\t\t\t\r\n\t\t\t\t<\/div><!--\/portfolio-->\r\n\t\t\t<\/div><!--\/portfolio wrap-->\r\n\t\t\t\r\n\t\t\t[\/vc_column][\/vc_row]\n","protected":false},"excerpt":{"rendered":"<p>[vc_row type=&#8221;in_container&#8221; full_screen_row_position=&#8221;middle&#8221; column_margin=&#8221;default&#8221; column_direction=&#8221;default&#8221; column_direction_tablet=&#8221;default&#8221; column_direction_phone=&#8221;default&#8221; scene_position=&#8221;center&#8221; text_color=&#8221;dark&#8221; text_align=&#8221;left&#8221; row_border_radius=&#8221;none&#8221; row_border_radius_applies=&#8221;bg&#8221; overlay_strength=&#8221;0.3&#8243; gradient_direction=&#8221;left_to_right&#8221; shape_divider_position=&#8221;bottom&#8221; bg_image_animation=&#8221;none&#8221;][vc_column column_padding=&#8221;no-extra-padding&#8221; column_padding_tablet=&#8221;inherit&#8221; column_padding_phone=&#8221;inherit&#8221; column_padding_position=&#8221;all&#8221; background_color_opacity=&#8221;1&#8243; background_hover_color_opacity=&#8221;1&#8243; column_shadow=&#8221;none&#8221; column_border_radius=&#8221;none&#8221; column_link_target=&#8221;_self&#8221;&#8230;<\/p>\n","protected":false},"author":1,"featured_media":6739,"parent":0,"menu_order":0,"comment_status":"closed","ping_status":"closed","template":"","meta":{"_monsterinsights_skip_tracking":false,"_monsterinsights_sitenote_active":false,"_monsterinsights_sitenote_note":"","_monsterinsights_sitenote_category":0},"_links":{"self":[{"href":"https:\/\/cachoeiradoc.com.br\/festival\/wp-json\/wp\/v2\/pages\/6736"}],"collection":[{"href":"https:\/\/cachoeiradoc.com.br\/festival\/wp-json\/wp\/v2\/pages"}],"about":[{"href":"https:\/\/cachoeiradoc.com.br\/festival\/wp-json\/wp\/v2\/types\/page"}],"author":[{"embeddable":true,"href":"https:\/\/cachoeiradoc.com.br\/festival\/wp-json\/wp\/v2\/users\/1"}],"replies":[{"embeddable":true,"href":"https:\/\/cachoeiradoc.com.br\/festival\/wp-json\/wp\/v2\/comments?post=6736"}],"version-history":[{"count":18,"href":"https:\/\/cachoeiradoc.com.br\/festival\/wp-json\/wp\/v2\/pages\/6736\/revisions"}],"predecessor-version":[{"id":7433,"href":"https:\/\/cachoeiradoc.com.br\/festival\/wp-json\/wp\/v2\/pages\/6736\/revisions\/7433"}],"wp:featuredmedia":[{"embeddable":true,"href":"https:\/\/cachoeiradoc.com.br\/festival\/wp-json\/wp\/v2\/media\/6739"}],"wp:attachment":[{"href":"https:\/\/cachoeiradoc.com.br\/festival\/wp-json\/wp\/v2\/media?parent=6736"}],"curies":[{"name":"wp","href":"https:\/\/api.w.org\/{rel}","templated":true}]}}