{"id":6575,"date":"2020-11-26T11:30:09","date_gmt":"2020-11-26T14:30:09","guid":{"rendered":"http:\/\/cachoeiradoc.com.br\/festival\/?page_id=6575"},"modified":"2020-12-07T14:17:13","modified_gmt":"2020-12-07T17:17:13","slug":"celebracao-de-abertura","status":"publish","type":"page","link":"https:\/\/cachoeiradoc.com.br\/festival\/celebracao-de-abertura\/","title":{"rendered":"Celebra\u00e7\u00e3o de Abertura"},"content":{"rendered":"[vc_row type=&#8221;full_width_background&#8221; full_screen_row_position=&#8221;middle&#8221; column_margin=&#8221;default&#8221; equal_height=&#8221;yes&#8221; content_placement=&#8221;middle&#8221; column_direction=&#8221;default&#8221; column_direction_tablet=&#8221;default&#8221; column_direction_phone=&#8221;default&#8221; scene_position=&#8221;center&#8221; top_padding=&#8221;3%&#8221; bottom_padding=&#8221;3%&#8221; text_color=&#8221;dark&#8221; text_align=&#8221;left&#8221; row_border_radius=&#8221;none&#8221; row_border_radius_applies=&#8221;bg&#8221; color_overlay=&#8221;#ffffff&#8221; overlay_strength=&#8221;1&#8243; gradient_direction=&#8221;top_to_bottom&#8221; shape_divider_color=&#8221;#f4f4f4&#8243; shape_divider_position=&#8221;bottom&#8221; shape_divider_height=&#8221;40%&#8221; bg_image_animation=&#8221;none&#8221; shape_type=&#8221;curve_opacity&#8221;][vc_column column_padding=&#8221;no-extra-padding&#8221; column_padding_tablet=&#8221;inherit&#8221; column_padding_phone=&#8221;inherit&#8221; column_padding_position=&#8221;right&#8221; background_color_opacity=&#8221;1&#8243; background_hover_color_opacity=&#8221;1&#8243; column_shadow=&#8221;none&#8221; column_border_radius=&#8221;none&#8221; column_link_target=&#8221;_self&#8221; gradient_direction=&#8221;left_to_right&#8221; overlay_strength=&#8221;0.3&#8243; width=&#8221;1\/1&#8243; tablet_width_inherit=&#8221;default&#8221; tablet_text_alignment=&#8221;default&#8221; phone_text_alignment=&#8221;default&#8221; column_border_width=&#8221;none&#8221; column_border_style=&#8221;solid&#8221; bg_image_animation=&#8221;none&#8221;][vc_row_inner column_margin=&#8221;default&#8221; column_direction=&#8221;default&#8221; column_direction_tablet=&#8221;default&#8221; column_direction_phone=&#8221;default&#8221; bottom_padding=&#8221;2%&#8221; text_align=&#8221;left&#8221;][vc_column_inner column_padding=&#8221;no-extra-padding&#8221; column_padding_tablet=&#8221;inherit&#8221; column_padding_phone=&#8221;inherit&#8221; column_padding_position=&#8221;all&#8221; background_color_opacity=&#8221;1&#8243; background_hover_color_opacity=&#8221;1&#8243; column_shadow=&#8221;none&#8221; column_border_radius=&#8221;none&#8221; column_link_target=&#8221;_self&#8221; gradient_direction=&#8221;left_to_right&#8221; overlay_strength=&#8221;0.3&#8243; width=&#8221;1\/6&#8243; tablet_width_inherit=&#8221;default&#8221; column_border_width=&#8221;none&#8221; column_border_style=&#8221;solid&#8221; bg_image_animation=&#8221;none&#8221;][\/vc_column_inner][vc_column_inner column_padding=&#8221;no-extra-padding&#8221; column_padding_tablet=&#8221;inherit&#8221; column_padding_phone=&#8221;inherit&#8221; column_padding_position=&#8221;all&#8221; centered_text=&#8221;true&#8221; background_color_opacity=&#8221;1&#8243; background_hover_color_opacity=&#8221;1&#8243; column_shadow=&#8221;none&#8221; column_border_radius=&#8221;none&#8221; column_link_target=&#8221;_self&#8221; gradient_direction=&#8221;left_to_right&#8221; overlay_strength=&#8221;0.3&#8243; width=&#8221;2\/3&#8243; tablet_width_inherit=&#8221;default&#8221; column_border_width=&#8221;none&#8221; column_border_style=&#8221;solid&#8221; bg_image_animation=&#8221;none&#8221;][split_line_heading animation_type=&#8221;line-reveal-by-space&#8221; font_style=&#8221;h2&#8243; text_content=&#8221;Celebra\u00e7\u00e3o de abertura do CachoeiraDoc&#8221;][\/split_line_heading][\/vc_column_inner][vc_column_inner column_padding=&#8221;no-extra-padding&#8221; column_padding_tablet=&#8221;inherit&#8221; column_padding_phone=&#8221;inherit&#8221; column_padding_position=&#8221;all&#8221; background_color_opacity=&#8221;1&#8243; background_hover_color_opacity=&#8221;1&#8243; column_shadow=&#8221;none&#8221; column_border_radius=&#8221;none&#8221; column_link_target=&#8221;_self&#8221; gradient_direction=&#8221;left_to_right&#8221; overlay_strength=&#8221;0.3&#8243; width=&#8221;1\/6&#8243; tablet_width_inherit=&#8221;default&#8221; column_border_width=&#8221;none&#8221; column_border_style=&#8221;solid&#8221; bg_image_animation=&#8221;none&#8221;][\/vc_column_inner][\/vc_row_inner][vc_row_inner column_margin=&#8221;20px&#8221; column_direction=&#8221;default&#8221; column_direction_tablet=&#8221;default&#8221; column_direction_phone=&#8221;default&#8221; text_align=&#8221;left&#8221;][vc_column_inner column_padding=&#8221;no-extra-padding&#8221; column_padding_tablet=&#8221;inherit&#8221; column_padding_phone=&#8221;inherit&#8221; column_padding_position=&#8221;all&#8221; background_color_opacity=&#8221;1&#8243; background_hover_color_opacity=&#8221;1&#8243; column_shadow=&#8221;none&#8221; column_border_radius=&#8221;none&#8221; column_link_target=&#8221;_self&#8221; gradient_direction=&#8221;left_to_right&#8221; overlay_strength=&#8221;0.3&#8243; width=&#8221;1\/1&#8243; tablet_width_inherit=&#8221;default&#8221; column_border_width=&#8221;none&#8221; column_border_style=&#8221;solid&#8221; bg_image_animation=&#8221;none&#8221; enable_animation=&#8221;true&#8221; animation=&#8221;fade-in-from-bottom&#8221;][fancy_box box_style=&#8221;hover_desc&#8221; icon_family=&#8221;none&#8221; image_url=&#8221;6576&#8243; hover_color=&#8221;accent-color&#8221; box_alignment=&#8221;left&#8221; hover_desc_bg_animation=&#8221;long_zoom&#8221; border_radius=&#8221;5px&#8221; image_loading=&#8221;lazy-load&#8221; color_scheme=&#8221;dark&#8221; secondary_content=&#8221;here&#8217;s some awesome text that would only be shown on hover&#8221; min_height=&#8221;350&#8243; hover_content=&#8221;Celebra\u00e7\u00e3o de abertura em homenagem \u00e0 Makota Valdina&#8221;]\n<h3>\u00a0Nzo Onimboy\u00e1 recebe Mateus Aleluia<\/h3>\n[\/fancy_box][\/vc_column_inner][\/vc_row_inner][\/vc_column][\/vc_row][vc_row type=&#8221;in_container&#8221; full_screen_row_position=&#8221;middle&#8221; column_margin=&#8221;default&#8221; column_direction=&#8221;default&#8221; column_direction_tablet=&#8221;default&#8221; column_direction_phone=&#8221;default&#8221; scene_position=&#8221;center&#8221; text_color=&#8221;dark&#8221; text_align=&#8221;left&#8221; row_border_radius=&#8221;none&#8221; row_border_radius_applies=&#8221;bg&#8221; overlay_strength=&#8221;0.3&#8243; gradient_direction=&#8221;left_to_right&#8221; shape_divider_position=&#8221;bottom&#8221; bg_image_animation=&#8221;none&#8221;][vc_column column_padding=&#8221;no-extra-padding&#8221; column_padding_tablet=&#8221;inherit&#8221; column_padding_phone=&#8221;inherit&#8221; column_padding_position=&#8221;all&#8221; background_color_opacity=&#8221;1&#8243; background_hover_color_opacity=&#8221;1&#8243; column_shadow=&#8221;none&#8221; column_border_radius=&#8221;none&#8221; column_link_target=&#8221;_self&#8221; gradient_direction=&#8221;left_to_right&#8221; overlay_strength=&#8221;0.3&#8243; width=&#8221;1\/1&#8243; tablet_width_inherit=&#8221;default&#8221; tablet_text_alignment=&#8221;default&#8221; phone_text_alignment=&#8221;default&#8221; column_border_width=&#8221;none&#8221; column_border_style=&#8221;solid&#8221; bg_image_animation=&#8221;none&#8221;][vc_column_text]\n<p style=\"text-align: justify;\">Nascida em 1943, no Engenho Velho da Federa\u00e7\u00e3o, bairro popular de Salvador onde passou toda sua vida, Valdina Pinto, conhecida como Makota Valdina, professora, militante negra, ambientalista, defensora dos direitos das mulheres e lideran\u00e7a religiosa, desde a sua juventude j\u00e1 dava li\u00e7\u00f5es em palavras e gestos que s\u00e3o cada dia mais atuais. Ela construiu uma trajet\u00f3ria de quem nunca se negou a ir com a sua voz e o seu corpo onde estava a luta, pela vida, pela liberdade, pela justi\u00e7a e contra o racismo.<\/p>\n<p style=\"text-align: justify;\">E o CachoeiraDoc teve a honra de receber sua presen\u00e7a em muitas de suas edi\u00e7\u00f5es. Em 2013, na ocasi\u00e3o da <em>Mostra \u00c1fricas: retorno \u00e0 terra natal<\/em>, ao debater um dos filmes, ela disse a uma plateia formada majoritariamente por realizadoras, professoras e estudantes de cinema: \u201cveja o quanto essa arte de voc\u00eas, essa profiss\u00e3o de voc\u00eas pode nos levar muito mais al\u00e9m\u201d. Foi neste ano que Seu Mateus Aleluia, c\u00e9lebre filho de Cachoeira, cantou e tocou ao lado de sua filha e de seu filho, na noite de abertura da quarta edi\u00e7\u00e3o do CachoeiraDoc. Na plateia, Makota Valdina os acompanhava, cantarolando: \u201cCachoeira, foi de Luanda que eu percebi a sua realidade. Olhe pra mim, sou de Cachoeira. Pe\u00e7o, falo, canto a sua liberdade&#8221;. Mateus Aleluia e Makota Valdina materializavam ali, numa pra\u00e7a de Cachoeira, os elos, cerzidos e recerzidos, entre a \u00c1frica e a Bahia.<\/p>\n<p style=\"text-align: justify;\">Em 04 de dezembro de 2020, pouco mais de um ano depois da passagem de Makota Valdina, o Nzo Onimboy\u00e1, terreiro de na\u00e7\u00e3o angola fundado sob sua lideran\u00e7a e da Nengwa Vulasese (Maria Ang\u00e9lica Pinto), receber\u00e1 a visita de Mateus Aleluia. Em uma homenagem a esta que agora \u00e9 nossa ancestral, ser\u00e1 mais uma celebra\u00e7\u00e3o de abertura do CachoeiraDoc para renovar os la\u00e7os entre mundos, o passado, o presente e o futuro.<\/p>\n<div class=\"o9v6fnle cxmmr5t8 oygrvhab hcukyx3x c1et5uql ii04i59q\">\n<div dir=\"auto\" style=\"text-align: justify;\">Acompanham Seu Mateus na celebra\u00e7\u00e3o os m\u00fasicos Queinho Pinto, Juninho Pakapim, Marcio Manchinha e Marinho Groove, a fam\u00edlia de Makota Valdina. A transmiss\u00e3o do show ser\u00e1 por nosso canal do YouTube: <a class=\"oajrlxb2 g5ia77u1 qu0x051f esr5mh6w e9989ue4 r7d6kgcz rq0escxv nhd2j8a9 nc684nl6 p7hjln8o kvgmc6g5 cxmmr5t8 oygrvhab hcukyx3x jb3vyjys rz4wbd8a qt6c0cv9 a8nywdso i1ao9s8h esuyzwwr f1sip0of lzcic4wl py34i1dx gpro0wi8\" tabindex=\"0\" role=\"link\" href=\"https:\/\/www.youtube.com\/cachoeiradoc?fbclid=IwAR0W4IU0q6XlfSiPxFWlHXLxQ8tLjpQtXzXi8coSR4d-ZvYREhHWQBzyEls\" target=\"_blank\" rel=\"nofollow noopener noreferrer\">www.youtube.com\/cachoeiradoc<\/a>.<\/div>\n<\/div>\n[\/vc_column_text][\/vc_column][\/vc_row][vc_row type=&#8221;in_container&#8221; full_screen_row_position=&#8221;middle&#8221; column_margin=&#8221;default&#8221; column_direction=&#8221;default&#8221; column_direction_tablet=&#8221;default&#8221; column_direction_phone=&#8221;default&#8221; scene_position=&#8221;center&#8221; text_color=&#8221;dark&#8221; text_align=&#8221;left&#8221; row_border_radius=&#8221;none&#8221; row_border_radius_applies=&#8221;bg&#8221; overlay_strength=&#8221;0.3&#8243; gradient_direction=&#8221;left_to_right&#8221; shape_divider_position=&#8221;bottom&#8221; bg_image_animation=&#8221;none&#8221;][vc_column column_padding=&#8221;no-extra-padding&#8221; column_padding_tablet=&#8221;inherit&#8221; column_padding_phone=&#8221;inherit&#8221; column_padding_position=&#8221;all&#8221; background_color_opacity=&#8221;1&#8243; background_hover_color_opacity=&#8221;1&#8243; column_shadow=&#8221;none&#8221; column_border_radius=&#8221;none&#8221; column_link_target=&#8221;_self&#8221; gradient_direction=&#8221;left_to_right&#8221; overlay_strength=&#8221;0.3&#8243; width=&#8221;1\/1&#8243; tablet_width_inherit=&#8221;default&#8221; tablet_text_alignment=&#8221;default&#8221; phone_text_alignment=&#8221;default&#8221; column_border_width=&#8221;none&#8221; column_border_style=&#8221;solid&#8221; bg_image_animation=&#8221;none&#8221;][vc_video link=&#8221;https:\/\/youtu.be\/2j-oVywHkzM&#8221;][divider line_type=&#8221;Full Width Line&#8221; line_thickness=&#8221;1&#8243; divider_color=&#8221;default&#8221;][vc_column_text]\n<p style=\"text-align: justify;\"><b>Ficha t\u00e9cnica do show<br \/>\n<\/b><span style=\"font-weight: 400;\">M\u00fasicos: Mateus Aleluia, Queinho Pinto, J\u00fanior Pakapym, M\u00e1rcio Manchinha, Marinho Groove e Adriano Pinto<br \/>\n<\/span><span style=\"font-weight: 400;\">Capta\u00e7\u00e3o som: Marcelo Lopes<br \/>\n<\/span><span style=\"font-weight: 400;\">Assistente de capta\u00e7\u00e3o: Jailson Paiva (Chulinha)<\/span><span style=\"font-weight: 400;\"><br \/>\n<\/span><span style=\"font-weight: 400;\">Mixagem: Braulio Passos<br \/>\n<\/span><span style=\"font-weight: 400;\">Roteiro: Amaranta Cesar, J\u00fanior Pakapym e Tenille Bezerra<br \/>\n<\/span><span style=\"font-weight: 400;\">Dire\u00e7\u00e3o de fotografia e Imagem: Danilo Scaldaferri, Bebeto Junior e Erick Lawrence<br \/>\n<\/span><span style=\"font-weight: 400;\">Montagem: Bebeto Junior<br \/>\n<\/span><span style=\"font-weight: 400;\">Tratamento de cor: Erick Lawrence<br \/>\n<\/span><span style=\"font-weight: 400;\">Produ\u00e7\u00e3o: Leonardo Costa<br \/>\nAgradecimentos especiais: Nengwa Vulasese (Maria Ang\u00e9lica Pinto), Tenille Bezerra<br \/>\n<\/span><\/p>\n<p style=\"text-align: justify;\"><b>Ficha t\u00e9cnica do v\u00eddeo de abertura<br \/>\n<\/b><span style=\"font-weight: 400;\">Roteiro: Amaranta Cesar<br \/>\n<\/span><span style=\"font-weight: 400;\">Narra\u00e7\u00e3o: Jamile Cazumb\u00e1<br \/>\n<\/span><span style=\"font-weight: 400;\">Programa\u00e7\u00e3o visual: Tiago Ribeiro<br \/>\n<\/span><span style=\"font-weight: 400;\">Edi\u00e7\u00e3o: Danilo Scaldaferri<br \/>\n<\/span><span style=\"font-weight: 400;\">Edi\u00e7\u00e3o de \u00e1udio: Marina Mapurunga<br \/>\nMonitores de montagem: Luan Santos, Luana Avelar e Nath\u00e1lia Luz<br \/>\n<\/span><span style=\"font-weight: 400;\">M\u00fasicas: Mateus Aleluia <\/span><\/p>\n[\/vc_column_text][\/vc_column][\/vc_row]\n","protected":false},"excerpt":{"rendered":"<p>[vc_row type=&#8221;full_width_background&#8221; full_screen_row_position=&#8221;middle&#8221; column_margin=&#8221;default&#8221; equal_height=&#8221;yes&#8221; content_placement=&#8221;middle&#8221; column_direction=&#8221;default&#8221; column_direction_tablet=&#8221;default&#8221; column_direction_phone=&#8221;default&#8221; scene_position=&#8221;center&#8221; top_padding=&#8221;3%&#8221; bottom_padding=&#8221;3%&#8221; text_color=&#8221;dark&#8221; text_align=&#8221;left&#8221; row_border_radius=&#8221;none&#8221; row_border_radius_applies=&#8221;bg&#8221; color_overlay=&#8221;#ffffff&#8221; overlay_strength=&#8221;1&#8243; gradient_direction=&#8221;top_to_bottom&#8221; shape_divider_color=&#8221;#f4f4f4&#8243; shape_divider_position=&#8221;bottom&#8221; shape_divider_height=&#8221;40%&#8221; bg_image_animation=&#8221;none&#8221; shape_type=&#8221;curve_opacity&#8221;][vc_column column_padding=&#8221;no-extra-padding&#8221;&#8230;<\/p>\n","protected":false},"author":1,"featured_media":0,"parent":0,"menu_order":0,"comment_status":"closed","ping_status":"closed","template":"","meta":{"_monsterinsights_skip_tracking":false,"_monsterinsights_sitenote_active":false,"_monsterinsights_sitenote_note":"","_monsterinsights_sitenote_category":0},"_links":{"self":[{"href":"https:\/\/cachoeiradoc.com.br\/festival\/wp-json\/wp\/v2\/pages\/6575"}],"collection":[{"href":"https:\/\/cachoeiradoc.com.br\/festival\/wp-json\/wp\/v2\/pages"}],"about":[{"href":"https:\/\/cachoeiradoc.com.br\/festival\/wp-json\/wp\/v2\/types\/page"}],"author":[{"embeddable":true,"href":"https:\/\/cachoeiradoc.com.br\/festival\/wp-json\/wp\/v2\/users\/1"}],"replies":[{"embeddable":true,"href":"https:\/\/cachoeiradoc.com.br\/festival\/wp-json\/wp\/v2\/comments?post=6575"}],"version-history":[{"count":22,"href":"https:\/\/cachoeiradoc.com.br\/festival\/wp-json\/wp\/v2\/pages\/6575\/revisions"}],"predecessor-version":[{"id":7418,"href":"https:\/\/cachoeiradoc.com.br\/festival\/wp-json\/wp\/v2\/pages\/6575\/revisions\/7418"}],"wp:attachment":[{"href":"https:\/\/cachoeiradoc.com.br\/festival\/wp-json\/wp\/v2\/media?parent=6575"}],"curies":[{"name":"wp","href":"https:\/\/api.w.org\/{rel}","templated":true}]}}