{"id":6244,"date":"2020-10-26T19:30:07","date_gmt":"2020-10-26T22:30:07","guid":{"rendered":"http:\/\/cachoeiradoc.com.br\/festival\/?page_id=6244"},"modified":"2020-12-07T15:19:20","modified_gmt":"2020-12-07T18:19:20","slug":"oficina","status":"publish","type":"page","link":"https:\/\/cachoeiradoc.com.br\/festival\/oficina\/","title":{"rendered":"Oficinas"},"content":{"rendered":"[vc_row type=&#8221;full_width_background&#8221; full_screen_row_position=&#8221;middle&#8221; column_margin=&#8221;default&#8221; equal_height=&#8221;yes&#8221; content_placement=&#8221;middle&#8221; column_direction=&#8221;default&#8221; column_direction_tablet=&#8221;default&#8221; column_direction_phone=&#8221;default&#8221; scene_position=&#8221;center&#8221; top_padding=&#8221;6%&#8221; bottom_padding=&#8221;6%&#8221; text_color=&#8221;dark&#8221; text_align=&#8221;left&#8221; row_border_radius=&#8221;none&#8221; row_border_radius_applies=&#8221;bg&#8221; color_overlay=&#8221;#ffffff&#8221; overlay_strength=&#8221;1&#8243; gradient_direction=&#8221;top_to_bottom&#8221; shape_divider_color=&#8221;#f4f4f4&#8243; shape_divider_position=&#8221;bottom&#8221; shape_divider_height=&#8221;40%&#8221; bg_image_animation=&#8221;none&#8221; shape_type=&#8221;curve_opacity&#8221;][vc_column column_padding=&#8221;no-extra-padding&#8221; column_padding_tablet=&#8221;inherit&#8221; column_padding_phone=&#8221;inherit&#8221; column_padding_position=&#8221;right&#8221; background_color_opacity=&#8221;1&#8243; background_hover_color_opacity=&#8221;1&#8243; column_shadow=&#8221;none&#8221; column_border_radius=&#8221;none&#8221; column_link_target=&#8221;_self&#8221; gradient_direction=&#8221;left_to_right&#8221; overlay_strength=&#8221;0.3&#8243; width=&#8221;1\/1&#8243; tablet_width_inherit=&#8221;default&#8221; tablet_text_alignment=&#8221;default&#8221; phone_text_alignment=&#8221;default&#8221; column_border_width=&#8221;none&#8221; column_border_style=&#8221;solid&#8221; bg_image_animation=&#8221;none&#8221;][vc_row_inner column_margin=&#8221;default&#8221; column_direction=&#8221;default&#8221; column_direction_tablet=&#8221;default&#8221; column_direction_phone=&#8221;default&#8221; bottom_padding=&#8221;2%&#8221; text_align=&#8221;left&#8221;][vc_column_inner column_padding=&#8221;no-extra-padding&#8221; column_padding_tablet=&#8221;inherit&#8221; column_padding_phone=&#8221;inherit&#8221; column_padding_position=&#8221;all&#8221; background_color_opacity=&#8221;1&#8243; background_hover_color_opacity=&#8221;1&#8243; column_shadow=&#8221;none&#8221; column_border_radius=&#8221;none&#8221; column_link_target=&#8221;_self&#8221; gradient_direction=&#8221;left_to_right&#8221; overlay_strength=&#8221;0.3&#8243; width=&#8221;1\/6&#8243; tablet_width_inherit=&#8221;default&#8221; column_border_width=&#8221;none&#8221; column_border_style=&#8221;solid&#8221; bg_image_animation=&#8221;none&#8221;][\/vc_column_inner][vc_column_inner column_padding=&#8221;no-extra-padding&#8221; column_padding_tablet=&#8221;inherit&#8221; column_padding_phone=&#8221;inherit&#8221; column_padding_position=&#8221;all&#8221; centered_text=&#8221;true&#8221; background_color_opacity=&#8221;1&#8243; background_hover_color_opacity=&#8221;1&#8243; column_shadow=&#8221;none&#8221; column_border_radius=&#8221;none&#8221; column_link_target=&#8221;_self&#8221; gradient_direction=&#8221;left_to_right&#8221; overlay_strength=&#8221;0.3&#8243; width=&#8221;2\/3&#8243; tablet_width_inherit=&#8221;default&#8221; column_border_width=&#8221;none&#8221; column_border_style=&#8221;solid&#8221; bg_image_animation=&#8221;none&#8221;][split_line_heading animation_type=&#8221;line-reveal-by-space&#8221; font_style=&#8221;h2&#8243; text_content=&#8221;Oficinas&#8221;][\/split_line_heading][\/vc_column_inner][vc_column_inner column_padding=&#8221;no-extra-padding&#8221; column_padding_tablet=&#8221;inherit&#8221; column_padding_phone=&#8221;inherit&#8221; column_padding_position=&#8221;all&#8221; background_color_opacity=&#8221;1&#8243; background_hover_color_opacity=&#8221;1&#8243; column_shadow=&#8221;none&#8221; column_border_radius=&#8221;none&#8221; column_link_target=&#8221;_self&#8221; gradient_direction=&#8221;left_to_right&#8221; overlay_strength=&#8221;0.3&#8243; width=&#8221;1\/6&#8243; tablet_width_inherit=&#8221;default&#8221; column_border_width=&#8221;none&#8221; column_border_style=&#8221;solid&#8221; bg_image_animation=&#8221;none&#8221;][vc_raw_html]JTNDYSUyMGlkJTNEJTIyVG9wbyUyMiUzRSUzQyUyRmElM0U=[\/vc_raw_html][\/vc_column_inner][\/vc_row_inner][vc_row_inner column_margin=&#8221;20px&#8221; column_direction=&#8221;default&#8221; column_direction_tablet=&#8221;default&#8221; column_direction_phone=&#8221;default&#8221; text_align=&#8221;left&#8221;][vc_column_inner column_padding=&#8221;no-extra-padding&#8221; column_padding_tablet=&#8221;inherit&#8221; column_padding_phone=&#8221;inherit&#8221; column_padding_position=&#8221;all&#8221; background_color_opacity=&#8221;1&#8243; background_hover_color_opacity=&#8221;1&#8243; column_shadow=&#8221;none&#8221; column_border_radius=&#8221;none&#8221; column_link_target=&#8221;_self&#8221; gradient_direction=&#8221;left_to_right&#8221; overlay_strength=&#8221;0.3&#8243; width=&#8221;1\/4&#8243; tablet_width_inherit=&#8221;default&#8221; column_border_width=&#8221;none&#8221; column_border_style=&#8221;solid&#8221; bg_image_animation=&#8221;none&#8221; enable_animation=&#8221;true&#8221; animation=&#8221;fade-in-from-bottom&#8221;][fancy_box box_style=&#8221;hover_desc&#8221; icon_family=&#8221;none&#8221; image_url=&#8221;6062&#8243; hover_color=&#8221;accent-color&#8221; box_alignment=&#8221;left&#8221; hover_desc_bg_animation=&#8221;long_zoom&#8221; border_radius=&#8221;5px&#8221; image_loading=&#8221;lazy-load&#8221; color_scheme=&#8221;dark&#8221; secondary_content=&#8221;here&#8217;s some awesome text that would only be shown on hover&#8221; min_height=&#8221;350&#8243; hover_content=&#8221;Oficina com a cineasta Safira Moreira&#8221; link_url=&#8221;#OlharesNegros&#8221;]\n<h3>Olhares Negros<\/h3>\n[\/fancy_box][\/vc_column_inner][vc_column_inner column_padding=&#8221;no-extra-padding&#8221; column_padding_tablet=&#8221;inherit&#8221; column_padding_phone=&#8221;inherit&#8221; column_padding_position=&#8221;all&#8221; background_color_opacity=&#8221;1&#8243; background_hover_color_opacity=&#8221;1&#8243; column_shadow=&#8221;none&#8221; column_border_radius=&#8221;none&#8221; column_link_target=&#8221;_self&#8221; gradient_direction=&#8221;left_to_right&#8221; overlay_strength=&#8221;0.3&#8243; width=&#8221;1\/4&#8243; tablet_width_inherit=&#8221;default&#8221; column_border_width=&#8221;none&#8221; column_border_style=&#8221;solid&#8221; bg_image_animation=&#8221;none&#8221;][fancy_box box_style=&#8221;hover_desc&#8221; icon_family=&#8221;none&#8221; image_url=&#8221;6499&#8243; hover_color=&#8221;accent-color&#8221; box_alignment=&#8221;left&#8221; hover_desc_bg_animation=&#8221;long_zoom&#8221; border_radius=&#8221;5px&#8221; image_loading=&#8221;lazy-load&#8221; color_scheme=&#8221;dark&#8221; secondary_content=&#8221;here&#8217;s some awesome text that would only be shown on hover&#8221; min_height=&#8221;350&#8243; hover_content=&#8221;Oficina com Michelle Mattiuzzi&#8221; link_url=&#8221;#Musa&#8221;]\n<h3><span style=\"font-weight: 400;\">Plano de fuga como imagina\u00e7\u00e3o<\/span><\/h3>\n[\/fancy_box][\/vc_column_inner][vc_column_inner column_padding=&#8221;no-extra-padding&#8221; column_padding_tablet=&#8221;inherit&#8221; column_padding_phone=&#8221;inherit&#8221; column_padding_position=&#8221;all&#8221; background_color_opacity=&#8221;1&#8243; background_hover_color_opacity=&#8221;1&#8243; column_shadow=&#8221;none&#8221; column_border_radius=&#8221;none&#8221; column_link_target=&#8221;_self&#8221; gradient_direction=&#8221;left_to_right&#8221; overlay_strength=&#8221;0.3&#8243; width=&#8221;1\/4&#8243; tablet_width_inherit=&#8221;default&#8221; column_border_width=&#8221;none&#8221; column_border_style=&#8221;solid&#8221; bg_image_animation=&#8221;none&#8221;][fancy_box box_style=&#8221;hover_desc&#8221; icon_family=&#8221;none&#8221; image_url=&#8221;6448&#8243; hover_color=&#8221;accent-color&#8221; box_alignment=&#8221;left&#8221; hover_desc_bg_animation=&#8221;long_zoom&#8221; border_radius=&#8221;5px&#8221; image_loading=&#8221;lazy-load&#8221; color_scheme=&#8221;dark&#8221; secondary_content=&#8221;here&#8217;s some awesome text that would only be shown on hover&#8221; min_height=&#8221;350&#8243; hover_content=&#8221;Oficina com Ing\u00e1 para exercitar o olhar cr\u00edtico no cinema&#8221; link_url=&#8221;#Inga&#8221;]\n<h3>Cr\u00edtica e crise, Cachoeira \u00e0 vista<\/h3>\n[\/fancy_box][\/vc_column_inner][vc_column_inner column_padding=&#8221;no-extra-padding&#8221; column_padding_tablet=&#8221;inherit&#8221; column_padding_phone=&#8221;inherit&#8221; column_padding_position=&#8221;all&#8221; background_color_opacity=&#8221;1&#8243; background_hover_color_opacity=&#8221;1&#8243; column_shadow=&#8221;none&#8221; column_border_radius=&#8221;none&#8221; column_link_target=&#8221;_self&#8221; gradient_direction=&#8221;left_to_right&#8221; overlay_strength=&#8221;0.3&#8243; width=&#8221;1\/4&#8243; tablet_width_inherit=&#8221;default&#8221; column_border_width=&#8221;none&#8221; column_border_style=&#8221;solid&#8221; bg_image_animation=&#8221;none&#8221;][fancy_box box_style=&#8221;hover_desc&#8221; icon_family=&#8221;none&#8221; image_url=&#8221;6393&#8243; hover_color=&#8221;accent-color&#8221; box_alignment=&#8221;left&#8221; hover_desc_bg_animation=&#8221;long_zoom&#8221; border_radius=&#8221;5px&#8221; image_loading=&#8221;lazy-load&#8221; color_scheme=&#8221;dark&#8221; secondary_content=&#8221;here&#8217;s some awesome text that would only be shown on hover&#8221; min_height=&#8221;350&#8243; hover_content=&#8221;Oficina audiovisual via WhatsApp para estudantes de ensino m\u00e9dio de Cachoeira e S\u00e3o F\u00e9lix&#8221; link_url=&#8221;#Zap&#8221;]\n<h3>Zap Doc<\/h3>\n[\/fancy_box][\/vc_column_inner][\/vc_row_inner][vc_row_inner column_margin=&#8221;default&#8221; column_direction=&#8221;default&#8221; column_direction_tablet=&#8221;default&#8221; column_direction_phone=&#8221;default&#8221; bottom_padding=&#8221;2%&#8221; text_align=&#8221;left&#8221;][vc_column_inner column_padding=&#8221;no-extra-padding&#8221; column_padding_tablet=&#8221;inherit&#8221; column_padding_phone=&#8221;inherit&#8221; column_padding_position=&#8221;all&#8221; background_color_opacity=&#8221;1&#8243; background_hover_color_opacity=&#8221;1&#8243; column_shadow=&#8221;none&#8221; column_border_radius=&#8221;none&#8221; column_link_target=&#8221;_self&#8221; gradient_direction=&#8221;left_to_right&#8221; overlay_strength=&#8221;0.3&#8243; width=&#8221;1\/6&#8243; tablet_width_inherit=&#8221;default&#8221; column_border_width=&#8221;none&#8221; column_border_style=&#8221;solid&#8221; bg_image_animation=&#8221;none&#8221;][\/vc_column_inner][vc_column_inner column_padding=&#8221;no-extra-padding&#8221; column_padding_tablet=&#8221;inherit&#8221; column_padding_phone=&#8221;inherit&#8221; column_padding_position=&#8221;all&#8221; centered_text=&#8221;true&#8221; background_color_opacity=&#8221;1&#8243; background_hover_color_opacity=&#8221;1&#8243; column_shadow=&#8221;none&#8221; column_border_radius=&#8221;none&#8221; column_link_target=&#8221;_self&#8221; gradient_direction=&#8221;left_to_right&#8221; overlay_strength=&#8221;0.3&#8243; width=&#8221;2\/3&#8243; tablet_width_inherit=&#8221;default&#8221; column_border_width=&#8221;none&#8221; column_border_style=&#8221;solid&#8221; bg_image_animation=&#8221;none&#8221;][split_line_heading animation_type=&#8221;line-reveal-by-space&#8221; font_style=&#8221;h3&#8243; text_content=&#8221;Inscri\u00e7\u00f5es encerradas no dia 23 de novembro. Em breve entraremos em contato com os selecionados!&#8221;][\/split_line_heading][\/vc_column_inner][vc_column_inner column_padding=&#8221;no-extra-padding&#8221; column_padding_tablet=&#8221;inherit&#8221; column_padding_phone=&#8221;inherit&#8221; column_padding_position=&#8221;all&#8221; background_color_opacity=&#8221;1&#8243; background_hover_color_opacity=&#8221;1&#8243; column_shadow=&#8221;none&#8221; column_border_radius=&#8221;none&#8221; column_link_target=&#8221;_self&#8221; gradient_direction=&#8221;left_to_right&#8221; overlay_strength=&#8221;0.3&#8243; width=&#8221;1\/6&#8243; tablet_width_inherit=&#8221;default&#8221; column_border_width=&#8221;none&#8221; column_border_style=&#8221;solid&#8221; bg_image_animation=&#8221;none&#8221;][\/vc_column_inner][\/vc_row_inner][\/vc_column][\/vc_row][vc_row type=&#8221;in_container&#8221; full_screen_row_position=&#8221;middle&#8221; column_margin=&#8221;default&#8221; column_direction=&#8221;default&#8221; column_direction_tablet=&#8221;default&#8221; column_direction_phone=&#8221;default&#8221; scene_position=&#8221;center&#8221; text_color=&#8221;dark&#8221; text_align=&#8221;left&#8221; row_border_radius=&#8221;none&#8221; row_border_radius_applies=&#8221;bg&#8221; overlay_strength=&#8221;0.3&#8243; gradient_direction=&#8221;left_to_right&#8221; shape_divider_position=&#8221;bottom&#8221; bg_image_animation=&#8221;none&#8221;][vc_column column_padding=&#8221;no-extra-padding&#8221; column_padding_tablet=&#8221;inherit&#8221; column_padding_phone=&#8221;inherit&#8221; column_padding_position=&#8221;all&#8221; background_color_opacity=&#8221;1&#8243; background_hover_color_opacity=&#8221;1&#8243; column_shadow=&#8221;none&#8221; column_border_radius=&#8221;none&#8221; column_link_target=&#8221;_self&#8221; gradient_direction=&#8221;left_to_right&#8221; overlay_strength=&#8221;0.3&#8243; width=&#8221;1\/2&#8243; tablet_width_inherit=&#8221;default&#8221; tablet_text_alignment=&#8221;default&#8221; phone_text_alignment=&#8221;default&#8221; column_border_width=&#8221;none&#8221; column_border_style=&#8221;solid&#8221; bg_image_animation=&#8221;none&#8221;][vc_column_text]\n<h4><a id=\"OlharesNegros\"><\/a>Oficina Olhares Negros<\/h4>\n[\/vc_column_text][image_with_animation image_url=&#8221;6264&#8243; animation=&#8221;Fade In&#8221; hover_animation=&#8221;none&#8221; alignment=&#8221;&#8221; border_radius=&#8221;10px&#8221; box_shadow=&#8221;none&#8221; image_loading=&#8221;default&#8221; max_width=&#8221;100%&#8221; max_width_mobile=&#8221;default&#8221;][\/vc_column][vc_column column_padding=&#8221;no-extra-padding&#8221; column_padding_tablet=&#8221;inherit&#8221; column_padding_phone=&#8221;inherit&#8221; column_padding_position=&#8221;all&#8221; background_color_opacity=&#8221;1&#8243; background_hover_color_opacity=&#8221;1&#8243; column_shadow=&#8221;none&#8221; column_border_radius=&#8221;none&#8221; column_link_target=&#8221;_self&#8221; gradient_direction=&#8221;left_to_right&#8221; overlay_strength=&#8221;0.3&#8243; width=&#8221;1\/2&#8243; tablet_width_inherit=&#8221;default&#8221; tablet_text_alignment=&#8221;default&#8221; phone_text_alignment=&#8221;default&#8221; column_border_width=&#8221;none&#8221; column_border_style=&#8221;solid&#8221; bg_image_animation=&#8221;none&#8221;][vc_column_text]\n<p style=\"text-align: justify;\"><span style=\"font-weight: 400;\">Como narrar a partir de uma fotografia? A oficina Olhares Negros investiga as possibilidades do uso da imagem de arquivo no cinema, com foco nas fotografias de fam\u00edlia. Quatro encontros te\u00f3rico-pr\u00e1ticos com visionamento de trechos de filmes, leituras de imagens, debates e estudos sobre montagem. Por fim, o participante \u00e9 convidado a criar um curta-metragem a partir de seus arquivos pessoais.<\/span><\/p>\n<p style=\"text-align: justify;\">A oficina inspira-se no projeto autoral de Safira Moreira, a s\u00e9rie Olhares Negros, inaugurada em 2020, e at\u00e9 o momento com sete epis\u00f3dios, tendo como plataforma o IGTV.<\/p>\n<p style=\"text-align: justify;\"><span style=\"font-weight: 400;\">A oficina \u00e9 gratuita e online. Acontecer\u00e1 entre <strong>16 e 19 de dezembro, das 15h \u00e0s 17h<\/strong>, para 20 pessoas.<\/span><\/p>\n<p style=\"text-align: justify;\"><span style=\"font-weight: 400;\">Os participantes que tiverem 75% de participa\u00e7\u00e3o receber\u00e3o certificado.<\/span><\/p>\n<p style=\"text-align: justify;\"><strong>Safira\u00a0Moreira<\/strong> \u00e9\u00a0diretora\u00a0de fotografia,\u00a0diretora\u00a0e roteirista, formou-se em cinema na Escola de Cinema Darcy Ribeiro.\u00a0Roteirizou, dirigiu e montou seu primeiro curta metragem &#8220;<i>Travessia&#8221;<\/i>,\u00a0premiado em diversos festivais nacionais e internacionais; distribu\u00eddo pela Vitrine Filmes em 2018; e em 2019 filme de abertura do Festival Internacional de Rotterdam.\u00a0Dirigiu a\u00a0fotografia do curta<i>\u00a0&#8220;Eu, minha m\u00e3e e Wallace&#8221;<\/i>\u00a0(Irm\u00e3os Carvalho) premiado como Melhor Filme pelo j\u00fari popular do Festival de Bras\u00edlia do Cinema Brasileiro e do longa-metragem\u00a0<i>&#8220;A Mat\u00e9ria Noturna&#8221;<\/i>\u00a0(Bernard Lessa), premiado como melhor filme na mostra Futuro Brasil no Festival de Bras\u00edlia do Cinema Brasileiro. Em 2019 roteirizou e dirigiu\u00a0a s\u00e9rie documental<i>\u00a0&#8220;Iyas Idanas &#8211; Mulheres da Cozinha&#8221;,<\/i> em fase de montagem. Este ano lan\u00e7ou a obra <i>&#8220;Nascente&#8221;<\/i>, no Programa Convida do\u00a0Instituto Moreira Salles.<\/p>\n<p style=\"text-align: justify;\"><a href=\"https:\/\/docs.google.com\/forms\/d\/e\/1FAIpQLSdxb8cj26s54bwPj5ImZTMsXvbuC9NXw51185r7rAm3ZoksTA\/viewform\" target=\"_blank\" rel=\"noopener noreferrer\">Inscri\u00e7\u00f5es encerradas!<\/a><\/p>\n[\/vc_column_text][nectar_cta btn_style=&#8221;underline&#8221; heading_tag=&#8221;h5&#8243; button_color=&#8221;default&#8221; link_type=&#8221;regular&#8221; alignment=&#8221;right&#8221; display=&#8221;block&#8221; link_text=&#8221;Oficinas&#8221; url=&#8221;#Topo&#8221;][\/vc_column][\/vc_row][vc_row type=&#8221;in_container&#8221; full_screen_row_position=&#8221;middle&#8221; column_margin=&#8221;default&#8221; column_direction=&#8221;default&#8221; column_direction_tablet=&#8221;default&#8221; column_direction_phone=&#8221;default&#8221; scene_position=&#8221;center&#8221; text_color=&#8221;dark&#8221; text_align=&#8221;left&#8221; row_border_radius=&#8221;none&#8221; row_border_radius_applies=&#8221;bg&#8221; overlay_strength=&#8221;0.3&#8243; gradient_direction=&#8221;left_to_right&#8221; shape_divider_position=&#8221;bottom&#8221; bg_image_animation=&#8221;none&#8221;][vc_column column_padding=&#8221;no-extra-padding&#8221; column_padding_tablet=&#8221;inherit&#8221; column_padding_phone=&#8221;inherit&#8221; column_padding_position=&#8221;all&#8221; background_color_opacity=&#8221;1&#8243; background_hover_color_opacity=&#8221;1&#8243; column_shadow=&#8221;none&#8221; column_border_radius=&#8221;none&#8221; column_link_target=&#8221;_self&#8221; gradient_direction=&#8221;left_to_right&#8221; overlay_strength=&#8221;0.3&#8243; width=&#8221;1\/1&#8243; tablet_width_inherit=&#8221;default&#8221; tablet_text_alignment=&#8221;default&#8221; phone_text_alignment=&#8221;default&#8221; column_border_width=&#8221;none&#8221; column_border_style=&#8221;solid&#8221; bg_image_animation=&#8221;none&#8221;][divider line_type=&#8221;Full Width Line&#8221; line_thickness=&#8221;1&#8243; divider_color=&#8221;default&#8221;][\/vc_column][\/vc_row][vc_row type=&#8221;in_container&#8221; full_screen_row_position=&#8221;middle&#8221; column_margin=&#8221;default&#8221; column_direction=&#8221;default&#8221; column_direction_tablet=&#8221;default&#8221; column_direction_phone=&#8221;default&#8221; scene_position=&#8221;center&#8221; text_color=&#8221;dark&#8221; text_align=&#8221;left&#8221; row_border_radius=&#8221;none&#8221; row_border_radius_applies=&#8221;bg&#8221; overlay_strength=&#8221;0.3&#8243; gradient_direction=&#8221;left_to_right&#8221; shape_divider_position=&#8221;bottom&#8221; bg_image_animation=&#8221;none&#8221;][vc_column column_padding=&#8221;no-extra-padding&#8221; column_padding_tablet=&#8221;inherit&#8221; column_padding_phone=&#8221;inherit&#8221; column_padding_position=&#8221;all&#8221; background_color_opacity=&#8221;1&#8243; background_hover_color_opacity=&#8221;1&#8243; column_shadow=&#8221;none&#8221; column_border_radius=&#8221;none&#8221; column_link_target=&#8221;_self&#8221; gradient_direction=&#8221;left_to_right&#8221; overlay_strength=&#8221;0.3&#8243; width=&#8221;1\/2&#8243; tablet_width_inherit=&#8221;default&#8221; tablet_text_alignment=&#8221;default&#8221; phone_text_alignment=&#8221;default&#8221; column_border_width=&#8221;none&#8221; column_border_style=&#8221;solid&#8221; bg_image_animation=&#8221;none&#8221;][vc_column_text]\n<h4><a id=\"Musa\"><\/a>Oficina Plano de Fuga como Imagina\u00e7\u00e3o &#8211; estudando o pensamento radical negro<\/h4>\n[\/vc_column_text][image_with_animation image_url=&#8221;6499&#8243; animation=&#8221;Fade In&#8221; hover_animation=&#8221;none&#8221; alignment=&#8221;&#8221; border_radius=&#8221;10px&#8221; box_shadow=&#8221;none&#8221; image_loading=&#8221;default&#8221; max_width=&#8221;100%&#8221; max_width_mobile=&#8221;default&#8221;][\/vc_column][vc_column column_padding=&#8221;no-extra-padding&#8221; column_padding_tablet=&#8221;inherit&#8221; column_padding_phone=&#8221;inherit&#8221; column_padding_position=&#8221;all&#8221; background_color_opacity=&#8221;1&#8243; background_hover_color_opacity=&#8221;1&#8243; column_shadow=&#8221;none&#8221; column_border_radius=&#8221;none&#8221; column_link_target=&#8221;_self&#8221; gradient_direction=&#8221;left_to_right&#8221; overlay_strength=&#8221;0.3&#8243; width=&#8221;1\/2&#8243; tablet_width_inherit=&#8221;default&#8221; tablet_text_alignment=&#8221;default&#8221; phone_text_alignment=&#8221;default&#8221; column_border_width=&#8221;none&#8221; column_border_style=&#8221;solid&#8221; bg_image_animation=&#8221;none&#8221;][vc_column_text]\n<p style=\"text-align: justify;\"><span style=\"font-weight: 400;\">&#8220;A fugitividade \u00e9 um conceito proposto por Fred Moten, meu intuito nesse curso \u00e9 criar um di\u00e1logo com esse conceito e pensar a radicalidade a partir das experi\u00eancias que tive no processo do fazer art\u00edstico. Proponho o estudo das cria\u00e7\u00f5es que produzem contra narrativas pretas, que s\u00e3o planos para a descoloniza\u00e7\u00e3o da imagem preta dentro do regime de visibilidade e representatividade, esse estudo s\u00e3o investiga\u00e7\u00f5es de cria\u00e7\u00f5es pautados na contradi\u00e7\u00e3o dos projetos coloniais de destrui\u00e7\u00e3o. S\u00e3o filmes realizados pelo processo de exclus\u00e3o e nega\u00e7\u00e3o. Esse curso tem o intuito de exercitar a imagina\u00e7\u00e3o para entender como um plano de fuga pode emergir de uma nega\u00e7\u00e3o hist\u00f3rica&#8221;. Musa Michelle Mattiuzzi<\/span><\/p>\n<p style=\"text-align: justify;\">Oficina gratuita e online para 45 pessoas.<\/p>\n<p style=\"text-align: justify;\">Per\u00edodo: de 11 a 13 de dezembro de 2020<br \/>\nHor\u00e1rio: 16h \u00e0s 19h (dias 11 e 12), 16h \u00e0s 18h (dia 13)<\/p>\n<p style=\"text-align: justify;\">H\u00e1 um conte\u00fado obrigat\u00f3rio de para os participantes, composto de tr\u00eas textos; uma s\u00e9rie e dois filmes.<\/p>\n<p style=\"text-align: justify;\">Os participantes que tiverem 75% de participa\u00e7\u00e3o receber\u00e3o certificado.<\/p>\n<p style=\"text-align: justify;\"><span style=\"font-weight: 400;\"><strong>Musa Michelle Mattiuzzi<\/strong> (S\u00e3o Paulo, SP, 1983) \u00e9 performer, artista visual, diretora de cinema, escritora e pesquisadora do pensamento radical negro. \u00c9 graduada em Comunica\u00e7\u00e3o das Artes do Corpo pela Pontif\u00edcia Universidade Cat\u00f3lica de S\u00e3o Paulo. Seus trabalhos se apropriam do\/e subvertem o lugar ex\u00f3tico atribu\u00eddo ao corpo da mulher negra pelo imagin\u00e1rio cisnormativo branco, que o transforma numa esp\u00e9cie de aberra\u00e7\u00e3o, entidade dividida entre o maravilhoso e o abjeto. Apresentou a obra Jardim da Aboli\u00e7\u00e3o para a Bienal do Mercosul, 2020. Participou da Exposi\u00e7\u00e3o coletiva Hubert Fichte Love and Ethnology na HKW, Berlin, 2019. Atualmente dirige a plataforma \u201crethinking aesthetics of the colony\u201d em parceria com o Goethe Institut S\u00e3o Paulo e Global Condition Working Group (GCWG).<\/span><\/p>\n<p style=\"text-align: justify;\"><a href=\"https:\/\/forms.gle\/XT6qq6jB2kQEGpTR9\" target=\"_blank\" rel=\"noopener noreferrer\">Inscri\u00e7\u00f5es encerradas!<\/a><\/p>\n[\/vc_column_text][nectar_cta btn_style=&#8221;underline&#8221; heading_tag=&#8221;h5&#8243; button_color=&#8221;default&#8221; link_type=&#8221;regular&#8221; alignment=&#8221;right&#8221; display=&#8221;block&#8221; link_text=&#8221;Oficinas&#8221; url=&#8221;#Topo&#8221;][\/vc_column][\/vc_row][vc_row type=&#8221;in_container&#8221; full_screen_row_position=&#8221;middle&#8221; column_margin=&#8221;default&#8221; column_direction=&#8221;default&#8221; column_direction_tablet=&#8221;default&#8221; column_direction_phone=&#8221;default&#8221; scene_position=&#8221;center&#8221; text_color=&#8221;dark&#8221; text_align=&#8221;left&#8221; row_border_radius=&#8221;none&#8221; row_border_radius_applies=&#8221;bg&#8221; overlay_strength=&#8221;0.3&#8243; gradient_direction=&#8221;left_to_right&#8221; shape_divider_position=&#8221;bottom&#8221; bg_image_animation=&#8221;none&#8221;][vc_column column_padding=&#8221;no-extra-padding&#8221; column_padding_tablet=&#8221;inherit&#8221; column_padding_phone=&#8221;inherit&#8221; column_padding_position=&#8221;all&#8221; background_color_opacity=&#8221;1&#8243; background_hover_color_opacity=&#8221;1&#8243; column_shadow=&#8221;none&#8221; column_border_radius=&#8221;none&#8221; column_link_target=&#8221;_self&#8221; gradient_direction=&#8221;left_to_right&#8221; overlay_strength=&#8221;0.3&#8243; width=&#8221;1\/1&#8243; tablet_width_inherit=&#8221;default&#8221; tablet_text_alignment=&#8221;default&#8221; phone_text_alignment=&#8221;default&#8221; column_border_width=&#8221;none&#8221; column_border_style=&#8221;solid&#8221; bg_image_animation=&#8221;none&#8221;][divider line_type=&#8221;Full Width Line&#8221; line_thickness=&#8221;1&#8243; divider_color=&#8221;default&#8221;][\/vc_column][\/vc_row][vc_row type=&#8221;in_container&#8221; full_screen_row_position=&#8221;middle&#8221; column_margin=&#8221;default&#8221; column_direction=&#8221;default&#8221; column_direction_tablet=&#8221;default&#8221; column_direction_phone=&#8221;default&#8221; scene_position=&#8221;center&#8221; text_color=&#8221;dark&#8221; text_align=&#8221;left&#8221; row_border_radius=&#8221;none&#8221; row_border_radius_applies=&#8221;bg&#8221; overlay_strength=&#8221;0.3&#8243; gradient_direction=&#8221;left_to_right&#8221; shape_divider_position=&#8221;bottom&#8221; bg_image_animation=&#8221;none&#8221;][vc_column column_padding=&#8221;no-extra-padding&#8221; column_padding_tablet=&#8221;inherit&#8221; column_padding_phone=&#8221;inherit&#8221; column_padding_position=&#8221;all&#8221; background_color_opacity=&#8221;1&#8243; background_hover_color_opacity=&#8221;1&#8243; column_shadow=&#8221;none&#8221; column_border_radius=&#8221;none&#8221; column_link_target=&#8221;_self&#8221; gradient_direction=&#8221;left_to_right&#8221; overlay_strength=&#8221;0.3&#8243; width=&#8221;1\/2&#8243; tablet_width_inherit=&#8221;default&#8221; tablet_text_alignment=&#8221;default&#8221; phone_text_alignment=&#8221;default&#8221; column_border_width=&#8221;none&#8221; column_border_style=&#8221;solid&#8221; bg_image_animation=&#8221;none&#8221;][vc_column_text]\n<h4><a id=\"Inga\"><\/a>Oficina Cr\u00edtica e crise, Cachoeira \u00e0 vista<\/h4>\n[\/vc_column_text][image_with_animation image_url=&#8221;6453&#8243; animation=&#8221;Fade In&#8221; hover_animation=&#8221;none&#8221; alignment=&#8221;&#8221; border_radius=&#8221;10px&#8221; box_shadow=&#8221;none&#8221; image_loading=&#8221;default&#8221; max_width=&#8221;100%&#8221; max_width_mobile=&#8221;default&#8221;][\/vc_column][vc_column column_padding=&#8221;no-extra-padding&#8221; column_padding_tablet=&#8221;inherit&#8221; column_padding_phone=&#8221;inherit&#8221; column_padding_position=&#8221;all&#8221; background_color_opacity=&#8221;1&#8243; background_hover_color_opacity=&#8221;1&#8243; column_shadow=&#8221;none&#8221; column_border_radius=&#8221;none&#8221; column_link_target=&#8221;_self&#8221; gradient_direction=&#8221;left_to_right&#8221; overlay_strength=&#8221;0.3&#8243; width=&#8221;1\/2&#8243; tablet_width_inherit=&#8221;default&#8221; tablet_text_alignment=&#8221;default&#8221; phone_text_alignment=&#8221;default&#8221; column_border_width=&#8221;none&#8221; column_border_style=&#8221;solid&#8221; bg_image_animation=&#8221;none&#8221;][vc_column_text]\n<p style=\"text-align: justify;\">Enquanto a possibilidade comunit\u00e1ria de um festival de cinema acontece no terreno virtual, nos deparamos com o desafio de reativar a cidade e o local no engajamento com os filmes, seus corpos e suas rela\u00e7\u00f5es com a vida. Noutro desafio contempor\u00e2neo, a cr\u00edtica na formalidade em que a conhecemos atinge um esgotamento e a necessidade de transmuta\u00e7\u00e3o dos seus pressupostos. Se a cidade de Cachoeira nos interpela a olhar para os filmes a partir das matizes e paisagens sonoras locais, como a produ\u00e7\u00e3o dessa presen\u00e7a em pot\u00eancia nos recoloca diante do exerc\u00edcio cr\u00edtico? De que maneira fazer um filme ressoar na escrita mobiliza uma energia de implica\u00e7\u00e3o na coletividade de um festival no qual n\u00e3o pisamos? Incorporar ferramentas que deem conta do inc\u00f4modo, do mal-estar e da gera\u00e7\u00e3o de sa\u00fade que podem ser colhidas em terrenos variados que n\u00e3o s\u00f3 o cinema propriamente dito, nessa zona movedi\u00e7a que constitui a pr\u00f3pria defini\u00e7\u00e3o de document\u00e1rio. Trabalharemos essas quest\u00f5es ao longo dos encontros em que a(o)s participantes exercitar\u00e3o a escrita e outros experimentos cr\u00edticos como um modo de acompanhar as sess\u00f5es do CachoeiraDoc. Os textos feitos durante a oficina ser\u00e3o publicados no site do festival.<\/p>\n<p style=\"text-align: justify;\">Oficina para com 5 encontro de 2 horas, totalizando uma carga hor\u00e1ria de 10h. Encontros remotos nos dias 04, 05, 06, 11 e 12 de dezembro, das 16h \u00e0s 18h (com exce\u00e7\u00e3o do dia 05\/12, que ser\u00e1 das 14h \u00e0s 16h).<\/p>\n<p style=\"text-align: justify;\">Os participantes que tiverem 75% de participa\u00e7\u00e3o receber\u00e3o certificado.<\/p>\n<p style=\"text-align: justify;\">Ing\u00e1 \u00e9 coeditora e redatora da Revista Cin\u00e9tica, onde tem se dedicado a investigar outros formatos de cr\u00edtica como a escrita coletiva e o v\u00eddeo ensaio. Fez a cobertura escrita dos festivais <a href=\"http:\/\/www.janeladecinema.com.br\/2015\/11\/19\/leia-todos-os-textos-publicados-no-janela-critica-2015\/\" target=\"_blank\" rel=\"noopener noreferrer\" data-saferedirecturl=\"https:\/\/www.google.com\/url?q=http:\/\/www.janeladecinema.com.br\/2015\/11\/19\/leia-todos-os-textos-publicados-no-janela-critica-2015\/&amp;source=gmail&amp;ust=1604623548287000&amp;usg=AFQjCNGS1LnuGPePnjr3Hc-CD9M480JP2w\">Janela Internacional de Cinema do Recife<\/a>,\u00a0<a href=\"http:\/\/www.fronteirafestival.com\/doc\/IV_Estado_Critico_Residencia_de_Critica_de_Cinema_Ebook.pdf\" target=\"_blank\" rel=\"noopener noreferrer\" data-saferedirecturl=\"https:\/\/www.google.com\/url?q=http:\/\/www.fronteirafestival.com\/doc\/IV_Estado_Critico_Residencia_de_Critica_de_Cinema_Ebook.pdf&amp;source=gmail&amp;ust=1604623548287000&amp;usg=AFQjCNFED34zZAz69z6FdRSfJUrnSLhwOg\">Fronteira Festival do Filme Experimental<\/a>\u00a0e\u00a0<a href=\"http:\/\/revistacinetica.com.br\/nova\/tag\/23a-mostra-de-cinema-de-tiradentes\/\" target=\"_blank\" rel=\"noopener noreferrer\" data-saferedirecturl=\"https:\/\/www.google.com\/url?q=http:\/\/revistacinetica.com.br\/nova\/tag\/23a-mostra-de-cinema-de-tiradentes\/&amp;source=gmail&amp;ust=1604623548288000&amp;usg=AFQjCNET1TVHXLKMg-a99oWs4dN61K3gvA\">Mostra de Cinema de Tiradentes<\/a>. Atuou facilitando oficinas de v\u00eddeo nos projetos Fazer o mundo, fazer o v\u00eddeo, Inventar com a diferen\u00e7a e V\u00eddeo nas aldeias. Programa sess\u00f5es de cinema com o coletivo Catuc\u00e1, a Aldeia Marakan\u00e3 e integrou a comiss\u00e3o de sele\u00e7\u00e3o de curtas-metragens no XII Janela Internacional de cinema do Recife. \u00c9 natural de Olinda (PE) e estuda licenciatura em cinema e v\u00eddeo na UFF.<\/p>\n<p style=\"text-align: justify;\"><a href=\"https:\/\/forms.gle\/BnpmA5nhRW4FUZnb8\" target=\"_blank\" rel=\"noopener noreferrer\">Inscri\u00e7\u00f5es encerradas!<\/a><\/p>\n[\/vc_column_text][nectar_cta btn_style=&#8221;underline&#8221; heading_tag=&#8221;h5&#8243; button_color=&#8221;default&#8221; link_type=&#8221;regular&#8221; alignment=&#8221;right&#8221; display=&#8221;block&#8221; link_text=&#8221;Oficinas&#8221; url=&#8221;#Topo&#8221;][\/vc_column][\/vc_row][vc_row type=&#8221;in_container&#8221; full_screen_row_position=&#8221;middle&#8221; column_margin=&#8221;default&#8221; column_direction=&#8221;default&#8221; column_direction_tablet=&#8221;default&#8221; column_direction_phone=&#8221;default&#8221; scene_position=&#8221;center&#8221; text_color=&#8221;dark&#8221; text_align=&#8221;left&#8221; row_border_radius=&#8221;none&#8221; row_border_radius_applies=&#8221;bg&#8221; overlay_strength=&#8221;0.3&#8243; gradient_direction=&#8221;left_to_right&#8221; shape_divider_position=&#8221;bottom&#8221; bg_image_animation=&#8221;none&#8221;][vc_column column_padding=&#8221;no-extra-padding&#8221; column_padding_tablet=&#8221;inherit&#8221; column_padding_phone=&#8221;inherit&#8221; column_padding_position=&#8221;all&#8221; background_color_opacity=&#8221;1&#8243; background_hover_color_opacity=&#8221;1&#8243; column_shadow=&#8221;none&#8221; column_border_radius=&#8221;none&#8221; column_link_target=&#8221;_self&#8221; gradient_direction=&#8221;left_to_right&#8221; overlay_strength=&#8221;0.3&#8243; width=&#8221;1\/1&#8243; tablet_width_inherit=&#8221;default&#8221; tablet_text_alignment=&#8221;default&#8221; phone_text_alignment=&#8221;default&#8221; column_border_width=&#8221;none&#8221; column_border_style=&#8221;solid&#8221; bg_image_animation=&#8221;none&#8221;][divider line_type=&#8221;Full Width Line&#8221; line_thickness=&#8221;1&#8243; divider_color=&#8221;default&#8221;][\/vc_column][\/vc_row][vc_row type=&#8221;in_container&#8221; full_screen_row_position=&#8221;middle&#8221; column_margin=&#8221;default&#8221; column_direction=&#8221;default&#8221; column_direction_tablet=&#8221;default&#8221; column_direction_phone=&#8221;default&#8221; scene_position=&#8221;center&#8221; text_color=&#8221;dark&#8221; text_align=&#8221;left&#8221; row_border_radius=&#8221;none&#8221; row_border_radius_applies=&#8221;bg&#8221; overlay_strength=&#8221;0.3&#8243; gradient_direction=&#8221;left_to_right&#8221; shape_divider_position=&#8221;bottom&#8221; bg_image_animation=&#8221;none&#8221;][vc_column column_padding=&#8221;no-extra-padding&#8221; column_padding_tablet=&#8221;inherit&#8221; column_padding_phone=&#8221;inherit&#8221; column_padding_position=&#8221;all&#8221; background_color_opacity=&#8221;1&#8243; background_hover_color_opacity=&#8221;1&#8243; column_shadow=&#8221;none&#8221; column_border_radius=&#8221;none&#8221; column_link_target=&#8221;_self&#8221; gradient_direction=&#8221;left_to_right&#8221; overlay_strength=&#8221;0.3&#8243; width=&#8221;1\/2&#8243; tablet_width_inherit=&#8221;default&#8221; tablet_text_alignment=&#8221;default&#8221; phone_text_alignment=&#8221;default&#8221; column_border_width=&#8221;none&#8221; column_border_style=&#8221;solid&#8221; bg_image_animation=&#8221;none&#8221;][vc_column_text]\n<h4><a id=\"Zap\"><\/a>Oficinas Zap Doc<\/h4>\n[\/vc_column_text][image_with_animation image_url=&#8221;6464&#8243; animation=&#8221;Fade In&#8221; hover_animation=&#8221;none&#8221; alignment=&#8221;&#8221; border_radius=&#8221;10px&#8221; box_shadow=&#8221;none&#8221; image_loading=&#8221;default&#8221; max_width=&#8221;100%&#8221; max_width_mobile=&#8221;default&#8221;][\/vc_column][vc_column column_padding=&#8221;no-extra-padding&#8221; column_padding_tablet=&#8221;inherit&#8221; column_padding_phone=&#8221;inherit&#8221; column_padding_position=&#8221;all&#8221; background_color_opacity=&#8221;1&#8243; background_hover_color_opacity=&#8221;1&#8243; column_shadow=&#8221;none&#8221; column_border_radius=&#8221;none&#8221; column_link_target=&#8221;_self&#8221; gradient_direction=&#8221;left_to_right&#8221; overlay_strength=&#8221;0.3&#8243; width=&#8221;1\/2&#8243; tablet_width_inherit=&#8221;default&#8221; tablet_text_alignment=&#8221;default&#8221; phone_text_alignment=&#8221;default&#8221; column_border_width=&#8221;none&#8221; column_border_style=&#8221;solid&#8221; bg_image_animation=&#8221;none&#8221;][vc_column_text]\n<p style=\"text-align: justify;\"><span style=\"font-weight: 400;\">Oficina de v\u00eddeo via WhatsApp para estudantes de escolas p\u00fablicas de Ensino M\u00e9dio de Cachoeira e\/ou S\u00e3o F\u00e9lix. Objetiva oferecer uma introdu\u00e7\u00e3o na linguagem e na pr\u00e1tica audiovisual. <\/span><\/p>\n<p style=\"text-align: justify;\">A oficina acontecer\u00e1 entre os dias <span style=\"font-weight: 400;\">\u00a0<\/span><span style=\"font-weight: 400;\">21 de novembro a 05 de dezembro, com at\u00e9 30 pessoas.\u00a0<\/span><\/p>\n<p style=\"text-align: justify;\">A oficina ser\u00e1 ministrada por <span style=\"font-weight: 400;\">Stephanie Sobral (Tepha) e Ot\u00e1vio Concei\u00e7\u00e3o, estudantes do curso de cinema da UFRB.<\/span><\/p>\n<p style=\"text-align: justify;\"><span style=\"font-weight: 400;\">Tepha trabalha com fotografia still desde 2013. Dirigiu dois curtas, atuou como assistente de fotografia em cinco filmes produzidos em Cachoeira (BA), trabalhou com registros fotogr\u00e1ficos de pe\u00e7as teatrais, produzidas na Escola de Teatro Macuna\u00edma (SP), e como oficineira de fotografia, pelo Movimento Cultural MOCUPIJA, em Pirituba (SP). Atualmente, participa dos grupos de pesquisa GEPDOC (Grupo de Estudos e Pr\u00e1ticas em Document\u00e1rio), VISU (Pesquisa e Extens\u00e3o em Arte, Imagem e Visualidades da Cena), al\u00e9m de SONat\u00f3rio (Laborat\u00f3rio de Pesquisa, Pr\u00e1tica e Experimenta\u00e7\u00e3o Sonora).<\/span><\/p>\n<p style=\"text-align: justify;\"><span style=\"font-weight: 400;\">Ot\u00e1vio trabalha como roteirista e captador de som em filmes. Participou do <\/span><span style=\"font-weight: 400;\">Cineclube M\u00e1rio Gusm\u00e3o <\/span><span style=\"font-weight: 400;\">ao longo de dois anos. Atuou na capta\u00e7\u00e3o de sete curtas-metragens e roteirizou dois filmes autorais, \u201cBlack Friends Forever\u201d e \u201cDesamor\u201d. Atualmente, \u00e9 assistente de curadoria no Cachoeiradoc 2020 e Coordena o Viu&amp;Review, blog de cr\u00edticas.<\/span><\/p>\n<p style=\"text-align: justify;\"><span style=\"font-weight: 400;\">Colaboraram tamb\u00e9m com a oficina Charles Morais, Gabriel Ferraz e Jo\u00e3o Paulo Rodrigues.<\/span><\/p>\n<p style=\"text-align: justify;\"><a href=\"https:\/\/docs.google.com\/forms\/d\/e\/1FAIpQLScJcAQSOSHCr-qRCFaGjbmalNjs2BXnW-JwpI80kRHlC6NJIg\/viewform\" target=\"_blank\" rel=\"noopener noreferrer\">Inscri\u00e7\u00f5es encerradas!<\/a><\/p>\n[\/vc_column_text][nectar_cta btn_style=&#8221;underline&#8221; heading_tag=&#8221;h5&#8243; button_color=&#8221;default&#8221; link_type=&#8221;regular&#8221; alignment=&#8221;right&#8221; display=&#8221;block&#8221; link_text=&#8221;Oficinas&#8221; url=&#8221;#Topo&#8221;][\/vc_column][\/vc_row]\n","protected":false},"excerpt":{"rendered":"<p>[vc_row type=&#8221;full_width_background&#8221; full_screen_row_position=&#8221;middle&#8221; column_margin=&#8221;default&#8221; equal_height=&#8221;yes&#8221; content_placement=&#8221;middle&#8221; column_direction=&#8221;default&#8221; column_direction_tablet=&#8221;default&#8221; column_direction_phone=&#8221;default&#8221; scene_position=&#8221;center&#8221; top_padding=&#8221;6%&#8221; bottom_padding=&#8221;6%&#8221; text_color=&#8221;dark&#8221; text_align=&#8221;left&#8221; row_border_radius=&#8221;none&#8221; row_border_radius_applies=&#8221;bg&#8221; color_overlay=&#8221;#ffffff&#8221; overlay_strength=&#8221;1&#8243; gradient_direction=&#8221;top_to_bottom&#8221; shape_divider_color=&#8221;#f4f4f4&#8243; shape_divider_position=&#8221;bottom&#8221; shape_divider_height=&#8221;40%&#8221; bg_image_animation=&#8221;none&#8221; shape_type=&#8221;curve_opacity&#8221;][vc_column column_padding=&#8221;no-extra-padding&#8221;&#8230;<\/p>\n","protected":false},"author":1,"featured_media":0,"parent":0,"menu_order":0,"comment_status":"closed","ping_status":"closed","template":"","meta":{"_monsterinsights_skip_tracking":false,"_monsterinsights_sitenote_active":false,"_monsterinsights_sitenote_note":"","_monsterinsights_sitenote_category":0},"_links":{"self":[{"href":"https:\/\/cachoeiradoc.com.br\/festival\/wp-json\/wp\/v2\/pages\/6244"}],"collection":[{"href":"https:\/\/cachoeiradoc.com.br\/festival\/wp-json\/wp\/v2\/pages"}],"about":[{"href":"https:\/\/cachoeiradoc.com.br\/festival\/wp-json\/wp\/v2\/types\/page"}],"author":[{"embeddable":true,"href":"https:\/\/cachoeiradoc.com.br\/festival\/wp-json\/wp\/v2\/users\/1"}],"replies":[{"embeddable":true,"href":"https:\/\/cachoeiradoc.com.br\/festival\/wp-json\/wp\/v2\/comments?post=6244"}],"version-history":[{"count":63,"href":"https:\/\/cachoeiradoc.com.br\/festival\/wp-json\/wp\/v2\/pages\/6244\/revisions"}],"predecessor-version":[{"id":7420,"href":"https:\/\/cachoeiradoc.com.br\/festival\/wp-json\/wp\/v2\/pages\/6244\/revisions\/7420"}],"wp:attachment":[{"href":"https:\/\/cachoeiradoc.com.br\/festival\/wp-json\/wp\/v2\/media?parent=6244"}],"curies":[{"name":"wp","href":"https:\/\/api.w.org\/{rel}","templated":true}]}}