{"id":6230,"date":"2020-10-26T19:02:39","date_gmt":"2020-10-26T22:02:39","guid":{"rendered":"http:\/\/cachoeiradoc.com.br\/festival\/?page_id=6230"},"modified":"2020-12-19T18:44:18","modified_gmt":"2020-12-19T21:44:18","slug":"ciclo-de-conferencias","status":"publish","type":"page","link":"https:\/\/cachoeiradoc.com.br\/festival\/ciclo-de-conferencias\/","title":{"rendered":"Ciclo de Confer\u00eancias"},"content":{"rendered":"[vc_row type=&#8221;full_width_background&#8221; full_screen_row_position=&#8221;middle&#8221; column_margin=&#8221;default&#8221; equal_height=&#8221;yes&#8221; content_placement=&#8221;middle&#8221; column_direction=&#8221;default&#8221; column_direction_tablet=&#8221;default&#8221; column_direction_phone=&#8221;default&#8221; bg_color=&#8221;#ffffff&#8221; scene_position=&#8221;center&#8221; top_padding=&#8221;3%&#8221; bottom_padding=&#8221;3%&#8221; text_color=&#8221;dark&#8221; text_align=&#8221;left&#8221; row_border_radius=&#8221;none&#8221; row_border_radius_applies=&#8221;bg&#8221; color_overlay=&#8221;#ffffff&#8221; overlay_strength=&#8221;1&#8243; gradient_direction=&#8221;top_to_bottom&#8221; shape_divider_color=&#8221;#f4f4f4&#8243; shape_divider_position=&#8221;bottom&#8221; shape_divider_height=&#8221;40%&#8221; bg_image_animation=&#8221;none&#8221; shape_type=&#8221;curve_opacity&#8221;][vc_column column_padding=&#8221;no-extra-padding&#8221; column_padding_tablet=&#8221;inherit&#8221; column_padding_phone=&#8221;inherit&#8221; column_padding_position=&#8221;right&#8221; background_color_opacity=&#8221;1&#8243; background_hover_color_opacity=&#8221;1&#8243; column_shadow=&#8221;none&#8221; column_border_radius=&#8221;none&#8221; column_link_target=&#8221;_self&#8221; gradient_direction=&#8221;left_to_right&#8221; overlay_strength=&#8221;0.3&#8243; width=&#8221;1\/1&#8243; tablet_width_inherit=&#8221;default&#8221; tablet_text_alignment=&#8221;default&#8221; phone_text_alignment=&#8221;default&#8221; column_border_width=&#8221;none&#8221; column_border_style=&#8221;solid&#8221; bg_image_animation=&#8221;none&#8221;][vc_row_inner column_margin=&#8221;default&#8221; column_direction=&#8221;default&#8221; column_direction_tablet=&#8221;default&#8221; column_direction_phone=&#8221;default&#8221; bottom_padding=&#8221;2%&#8221; text_align=&#8221;left&#8221;][vc_column_inner column_padding=&#8221;no-extra-padding&#8221; column_padding_tablet=&#8221;inherit&#8221; column_padding_phone=&#8221;inherit&#8221; column_padding_position=&#8221;all&#8221; background_color_opacity=&#8221;1&#8243; background_hover_color_opacity=&#8221;1&#8243; column_shadow=&#8221;none&#8221; column_border_radius=&#8221;none&#8221; column_link_target=&#8221;_self&#8221; gradient_direction=&#8221;left_to_right&#8221; overlay_strength=&#8221;0.3&#8243; width=&#8221;1\/6&#8243; tablet_width_inherit=&#8221;default&#8221; column_border_width=&#8221;none&#8221; column_border_style=&#8221;solid&#8221; bg_image_animation=&#8221;none&#8221;][\/vc_column_inner][vc_column_inner column_padding=&#8221;no-extra-padding&#8221; column_padding_tablet=&#8221;inherit&#8221; column_padding_phone=&#8221;inherit&#8221; column_padding_position=&#8221;all&#8221; centered_text=&#8221;true&#8221; background_color_opacity=&#8221;1&#8243; background_hover_color_opacity=&#8221;1&#8243; column_shadow=&#8221;none&#8221; column_border_radius=&#8221;none&#8221; column_link_target=&#8221;_self&#8221; gradient_direction=&#8221;left_to_right&#8221; overlay_strength=&#8221;0.3&#8243; width=&#8221;2\/3&#8243; tablet_width_inherit=&#8221;default&#8221; column_border_width=&#8221;none&#8221; column_border_style=&#8221;solid&#8221; bg_image_animation=&#8221;none&#8221;][split_line_heading animation_type=&#8221;line-reveal-by-space&#8221; font_style=&#8221;h2&#8243; text_content=&#8221;Ciclo de Confer\u00eancias&#8221;][\/split_line_heading][\/vc_column_inner][vc_column_inner column_padding=&#8221;no-extra-padding&#8221; column_padding_tablet=&#8221;inherit&#8221; column_padding_phone=&#8221;inherit&#8221; column_padding_position=&#8221;all&#8221; background_color_opacity=&#8221;1&#8243; background_hover_color_opacity=&#8221;1&#8243; column_shadow=&#8221;none&#8221; column_border_radius=&#8221;none&#8221; column_link_target=&#8221;_self&#8221; gradient_direction=&#8221;left_to_right&#8221; overlay_strength=&#8221;0.3&#8243; width=&#8221;1\/6&#8243; tablet_width_inherit=&#8221;default&#8221; column_border_width=&#8221;none&#8221; column_border_style=&#8221;solid&#8221; bg_image_animation=&#8221;none&#8221;][vc_raw_html]JTNDYSUyMGlkJTNEJTIyVG9wbyUyMiUzRSUzQyUyRmElM0U=[\/vc_raw_html][\/vc_column_inner][\/vc_row_inner][vc_row_inner column_margin=&#8221;20px&#8221; column_direction=&#8221;default&#8221; column_direction_tablet=&#8221;default&#8221; column_direction_phone=&#8221;default&#8221; text_align=&#8221;left&#8221;][vc_column_inner column_padding=&#8221;no-extra-padding&#8221; column_padding_tablet=&#8221;inherit&#8221; column_padding_phone=&#8221;inherit&#8221; column_padding_position=&#8221;all&#8221; background_color_opacity=&#8221;1&#8243; background_hover_color_opacity=&#8221;1&#8243; column_shadow=&#8221;none&#8221; column_border_radius=&#8221;none&#8221; column_link_target=&#8221;_self&#8221; gradient_direction=&#8221;left_to_right&#8221; overlay_strength=&#8221;0.3&#8243; width=&#8221;1\/1&#8243; tablet_width_inherit=&#8221;default&#8221; column_border_width=&#8221;none&#8221; column_border_style=&#8221;solid&#8221; bg_image_animation=&#8221;none&#8221; enable_animation=&#8221;true&#8221; animation=&#8221;fade-in-from-bottom&#8221;][fancy_box box_style=&#8221;hover_desc&#8221; icon_family=&#8221;none&#8221; image_url=&#8221;6052&#8243; link_new_tab=&#8221;true&#8221; hover_color=&#8221;accent-color&#8221; box_alignment=&#8221;left&#8221; hover_desc_bg_animation=&#8221;long_zoom&#8221; border_radius=&#8221;5px&#8221; image_loading=&#8221;lazy-load&#8221; color_scheme=&#8221;dark&#8221; secondary_content=&#8221;here&#8217;s some awesome text that would only be shown on hover&#8221; min_height=&#8221;350&#8243; hover_content=&#8221;Fala-performance de abertura&#8221; link_url=&#8221;#Denise&#8221;]\n<h3>Denise Ferreira da Silva<\/h3>\n[\/fancy_box][\/vc_column_inner][\/vc_row_inner][vc_row_inner column_margin=&#8221;20px&#8221; column_direction=&#8221;default&#8221; column_direction_tablet=&#8221;default&#8221; column_direction_phone=&#8221;default&#8221; text_align=&#8221;left&#8221;][vc_column_inner column_padding=&#8221;no-extra-padding&#8221; column_padding_tablet=&#8221;inherit&#8221; column_padding_phone=&#8221;inherit&#8221; column_padding_position=&#8221;all&#8221; background_color_opacity=&#8221;1&#8243; background_hover_color_opacity=&#8221;1&#8243; column_shadow=&#8221;none&#8221; column_border_radius=&#8221;none&#8221; column_link_target=&#8221;_self&#8221; gradient_direction=&#8221;left_to_right&#8221; overlay_strength=&#8221;0.3&#8243; width=&#8221;1\/2&#8243; tablet_width_inherit=&#8221;default&#8221; column_border_width=&#8221;none&#8221; column_border_style=&#8221;solid&#8221; bg_image_animation=&#8221;none&#8221; enable_animation=&#8221;true&#8221; animation=&#8221;fade-in-from-bottom&#8221;][fancy_box box_style=&#8221;hover_desc&#8221; icon_family=&#8221;none&#8221; image_url=&#8221;6235&#8243; hover_color=&#8221;accent-color&#8221; box_alignment=&#8221;left&#8221; hover_desc_bg_animation=&#8221;long_zoom&#8221; border_radius=&#8221;5px&#8221; image_loading=&#8221;lazy-load&#8221; color_scheme=&#8221;dark&#8221; secondary_content=&#8221;here&#8217;s some awesome text that would only be shown on hover&#8221; min_height=&#8221;350&#8243; hover_content=&#8221;Encontro de projetos de extens\u00e3o&#8221; link_url=&#8221;#Troca&#8221;]\n<h3>Troca de Saberes<\/h3>\n[\/fancy_box][\/vc_column_inner][vc_column_inner column_padding=&#8221;no-extra-padding&#8221; column_padding_tablet=&#8221;inherit&#8221; column_padding_phone=&#8221;inherit&#8221; column_padding_position=&#8221;all&#8221; background_color_opacity=&#8221;1&#8243; background_hover_color_opacity=&#8221;1&#8243; column_shadow=&#8221;none&#8221; column_border_radius=&#8221;none&#8221; column_link_target=&#8221;_self&#8221; gradient_direction=&#8221;left_to_right&#8221; overlay_strength=&#8221;0.3&#8243; width=&#8221;1\/2&#8243; tablet_width_inherit=&#8221;default&#8221; column_border_width=&#8221;none&#8221; column_border_style=&#8221;solid&#8221; bg_image_animation=&#8221;none&#8221;][fancy_box box_style=&#8221;hover_desc&#8221; icon_family=&#8221;none&#8221; image_url=&#8221;6366&#8243; hover_color=&#8221;accent-color&#8221; box_alignment=&#8221;left&#8221; hover_desc_bg_animation=&#8221;long_zoom&#8221; border_radius=&#8221;5px&#8221; image_loading=&#8221;lazy-load&#8221; color_scheme=&#8221;dark&#8221; secondary_content=&#8221;here&#8217;s some awesome text that would only be shown on hover&#8221; min_height=&#8221;350&#8243; hover_content=&#8221;Lan\u00e7amento do livro Desaguar em cinema: document\u00e1rio, mem\u00f3ria e a\u00e7\u00e3o com o CachoeiraDoc&#8221; link_url=&#8221;#Livro&#8221;]\n<h3>Desaguar em cinema<\/h3>\n[\/fancy_box][\/vc_column_inner][\/vc_row_inner][\/vc_column][\/vc_row][vc_row type=&#8221;in_container&#8221; full_screen_row_position=&#8221;middle&#8221; column_margin=&#8221;default&#8221; column_direction=&#8221;default&#8221; column_direction_tablet=&#8221;default&#8221; column_direction_phone=&#8221;default&#8221; scene_position=&#8221;center&#8221; text_color=&#8221;dark&#8221; text_align=&#8221;left&#8221; row_border_radius=&#8221;none&#8221; row_border_radius_applies=&#8221;bg&#8221; overlay_strength=&#8221;0.3&#8243; gradient_direction=&#8221;left_to_right&#8221; shape_divider_position=&#8221;bottom&#8221; bg_image_animation=&#8221;none&#8221;][vc_column column_padding=&#8221;no-extra-padding&#8221; column_padding_tablet=&#8221;inherit&#8221; column_padding_phone=&#8221;inherit&#8221; column_padding_position=&#8221;all&#8221; background_color_opacity=&#8221;1&#8243; background_hover_color_opacity=&#8221;1&#8243; column_shadow=&#8221;none&#8221; column_border_radius=&#8221;none&#8221; column_link_target=&#8221;_self&#8221; gradient_direction=&#8221;left_to_right&#8221; overlay_strength=&#8221;0.3&#8243; width=&#8221;1\/2&#8243; tablet_width_inherit=&#8221;default&#8221; tablet_text_alignment=&#8221;default&#8221; phone_text_alignment=&#8221;default&#8221; column_border_width=&#8221;none&#8221; column_border_style=&#8221;solid&#8221; bg_image_animation=&#8221;none&#8221;][vc_column_text]\n<h4><a id=\"Denise\"><\/a>Corpus Infinitum<br \/>\nfala-performance de abertura com Denise Ferreira da Silva<\/h4>\n[\/vc_column_text][image_with_animation image_url=&#8221;6514&#8243; animation=&#8221;Fade In&#8221; hover_animation=&#8221;none&#8221; alignment=&#8221;&#8221; border_radius=&#8221;10px&#8221; box_shadow=&#8221;none&#8221; image_loading=&#8221;default&#8221; max_width=&#8221;100%&#8221; max_width_mobile=&#8221;default&#8221;][vc_row_inner column_margin=&#8221;default&#8221; column_direction=&#8221;default&#8221; column_direction_tablet=&#8221;default&#8221; column_direction_phone=&#8221;default&#8221; text_align=&#8221;left&#8221;][vc_column_inner column_padding=&#8221;no-extra-padding&#8221; column_padding_tablet=&#8221;inherit&#8221; column_padding_phone=&#8221;inherit&#8221; column_padding_position=&#8221;all&#8221; background_color_opacity=&#8221;1&#8243; background_hover_color_opacity=&#8221;1&#8243; column_shadow=&#8221;none&#8221; column_border_radius=&#8221;none&#8221; column_link_target=&#8221;_self&#8221; gradient_direction=&#8221;left_to_right&#8221; overlay_strength=&#8221;0.3&#8243; width=&#8221;1\/1&#8243; tablet_width_inherit=&#8221;default&#8221; column_border_width=&#8221;none&#8221; column_border_style=&#8221;solid&#8221; bg_image_animation=&#8221;none&#8221;][\/vc_column_inner][\/vc_row_inner][\/vc_column][vc_column column_padding=&#8221;no-extra-padding&#8221; column_padding_tablet=&#8221;inherit&#8221; column_padding_phone=&#8221;inherit&#8221; column_padding_position=&#8221;all&#8221; background_color_opacity=&#8221;1&#8243; background_hover_color_opacity=&#8221;1&#8243; column_shadow=&#8221;none&#8221; column_border_radius=&#8221;none&#8221; column_link_target=&#8221;_self&#8221; gradient_direction=&#8221;left_to_right&#8221; overlay_strength=&#8221;0.3&#8243; width=&#8221;1\/2&#8243; tablet_width_inherit=&#8221;default&#8221; tablet_text_alignment=&#8221;default&#8221; phone_text_alignment=&#8221;default&#8221; column_border_width=&#8221;none&#8221; column_border_style=&#8221;solid&#8221; bg_image_animation=&#8221;none&#8221;][vc_column_text]Dia 05\/12, \u00e0s 16h.<br \/>\nTransmiss\u00e3o online no Facebook e no YouTube do CachoeiraDoc.<\/p>\n<p class=\"western\" align=\"justify\"><span style=\"color: #333333;\">Denise Ferreira da Silva<\/span><span style=\"color: #333333;\">,<\/span><span style=\"color: #333333;\"> fil\u00f3sofa e artista visual, nasceu no Morro do Pasmado (Botafogo), cresceu na Vila Alian\u00e7a (Bangu), Rio de Janeiro. Tendo morado e ensinado em universidades nos Estados Unidos, Austr\u00e1lia, Inglaterra, atualmente vive e trabalha nos territ\u00f3rios da na\u00e7\u00e3o ind\u00edgena Musqueam e \u00e9 Professora Titular e Diretora do Social Justice Institute da Universidade de British Columbia, em Vancouver, Canad\u00e1.<\/span><\/p>\n<p class=\"western\" align=\"justify\">Em um live, em junho de 2020, ela nos perguntou:<\/p>\n<p class=\"western\" align=\"justify\"><span style=\"color: #222222;\">\u201c<i>Quantas vezes mais deve o trabalho cr\u00edtico e criativo recitar os epis\u00f3dios de viol\u00eancia colonial e racial? Quantas vezes se deve exigir o reconhecimento de que ocorreu uma injusti\u00e7a? De que outra maneira se pode articular um grito por justi\u00e7a? Quantos corpos mortos teremos que acumular at\u00e9 que haja bastante evid\u00eancia?\u201d<a href=\"#sdfootnotesym\"><sup>1<\/sup><\/a><\/i><\/span><\/p>\n<p class=\"western\" align=\"justify\"><span style=\"color: #222222;\">Ao expor o insuport\u00e1vel ac\u00famulo de evid\u00eancias e a sua exaust\u00e3o enquanto estrat\u00e9gia discursiva e imag\u00e9tica num mundo estruturado pela viol\u00eancia racial e colonial, as interroga\u00e7\u00f5es de Denise Ferreira da Silva traduzem uma convoca\u00e7\u00e3o ao cinema documental, g\u00eanero que se funda e orbita em torno da produ\u00e7\u00e3o de evid\u00eancias do mundo vis\u00edvel e de suas injusti\u00e7as, para um trabalho de recomposi\u00e7\u00e3o cr\u00edtica e po\u00e9tica.<\/span><\/p>\n<p class=\"western\"><a id=\"sdfootnotesym\"><\/a>1<span style=\"font-size: small;\">\u00a0FERREIRA DA SILVA, Denise. Trecho de uma fala na live do Latitude Festival<\/span><span style=\"color: #050505;\"><span style=\"font-size: small;\">: <\/span><\/span><a href=\"https:\/\/www.facebook.com\/goetheinstitut\/videos\/1381084875613111\/\"><span style=\"font-size: small;\">https:\/\/www.facebook.com\/goetheinstitut\/videos\/1381084875613111\/<\/span><\/a><span style=\"color: #050505;\"><span style=\"font-size: small;\">, em 06 de junho de 2020.<\/span><\/span><\/p>\n[\/vc_column_text][vc_video link=&#8221;https:\/\/youtu.be\/2ljrPkbkCEM&#8221;][\/vc_column][\/vc_row][vc_row type=&#8221;in_container&#8221; full_screen_row_position=&#8221;middle&#8221; column_margin=&#8221;default&#8221; column_direction=&#8221;default&#8221; column_direction_tablet=&#8221;default&#8221; column_direction_phone=&#8221;default&#8221; scene_position=&#8221;center&#8221; text_color=&#8221;dark&#8221; text_align=&#8221;left&#8221; row_border_radius=&#8221;none&#8221; row_border_radius_applies=&#8221;bg&#8221; overlay_strength=&#8221;0.3&#8243; gradient_direction=&#8221;left_to_right&#8221; shape_divider_position=&#8221;bottom&#8221; bg_image_animation=&#8221;none&#8221;][vc_column column_padding=&#8221;no-extra-padding&#8221; column_padding_tablet=&#8221;inherit&#8221; column_padding_phone=&#8221;inherit&#8221; column_padding_position=&#8221;all&#8221; background_color_opacity=&#8221;1&#8243; background_hover_color_opacity=&#8221;1&#8243; column_shadow=&#8221;none&#8221; column_border_radius=&#8221;none&#8221; column_link_target=&#8221;_self&#8221; gradient_direction=&#8221;left_to_right&#8221; overlay_strength=&#8221;0.3&#8243; width=&#8221;1\/1&#8243; tablet_width_inherit=&#8221;default&#8221; tablet_text_alignment=&#8221;default&#8221; phone_text_alignment=&#8221;default&#8221; column_border_width=&#8221;none&#8221; column_border_style=&#8221;solid&#8221; bg_image_animation=&#8221;none&#8221;][nectar_cta btn_style=&#8221;underline&#8221; heading_tag=&#8221;h5&#8243; button_color=&#8221;default&#8221; link_type=&#8221;regular&#8221; alignment=&#8221;right&#8221; display=&#8221;block&#8221; link_text=&#8221;Ciclo de Confer\u00eancias&#8221; url=&#8221;#Topo&#8221;][divider line_type=&#8221;Full Width Line&#8221; line_thickness=&#8221;1&#8243; divider_color=&#8221;default&#8221;][\/vc_column][\/vc_row][vc_row type=&#8221;in_container&#8221; full_screen_row_position=&#8221;middle&#8221; column_margin=&#8221;default&#8221; column_direction=&#8221;default&#8221; column_direction_tablet=&#8221;default&#8221; column_direction_phone=&#8221;default&#8221; scene_position=&#8221;center&#8221; text_color=&#8221;dark&#8221; text_align=&#8221;left&#8221; row_border_radius=&#8221;none&#8221; row_border_radius_applies=&#8221;bg&#8221; overlay_strength=&#8221;0.3&#8243; gradient_direction=&#8221;left_to_right&#8221; shape_divider_position=&#8221;bottom&#8221; bg_image_animation=&#8221;none&#8221;][vc_column column_padding=&#8221;no-extra-padding&#8221; column_padding_tablet=&#8221;inherit&#8221; column_padding_phone=&#8221;inherit&#8221; column_padding_position=&#8221;all&#8221; background_color_opacity=&#8221;1&#8243; background_hover_color_opacity=&#8221;1&#8243; column_shadow=&#8221;none&#8221; column_border_radius=&#8221;none&#8221; column_link_target=&#8221;_self&#8221; gradient_direction=&#8221;left_to_right&#8221; overlay_strength=&#8221;0.3&#8243; width=&#8221;1\/2&#8243; tablet_width_inherit=&#8221;default&#8221; tablet_text_alignment=&#8221;default&#8221; phone_text_alignment=&#8221;default&#8221; column_border_width=&#8221;none&#8221; column_border_style=&#8221;solid&#8221; bg_image_animation=&#8221;none&#8221;][vc_column_text]\n<h4><a id=\"Troca\"><\/a>Troca de Saberes: encontro de projetos de extens\u00e3o<\/h4>\n[\/vc_column_text][image_with_animation image_url=&#8221;6519&#8243; animation=&#8221;Fade In&#8221; hover_animation=&#8221;none&#8221; alignment=&#8221;&#8221; border_radius=&#8221;10px&#8221; box_shadow=&#8221;none&#8221; image_loading=&#8221;default&#8221; max_width=&#8221;100%&#8221; max_width_mobile=&#8221;default&#8221;][\/vc_column][vc_column column_padding=&#8221;no-extra-padding&#8221; column_padding_tablet=&#8221;inherit&#8221; column_padding_phone=&#8221;inherit&#8221; column_padding_position=&#8221;all&#8221; background_color_opacity=&#8221;1&#8243; background_hover_color_opacity=&#8221;1&#8243; column_shadow=&#8221;none&#8221; column_border_radius=&#8221;none&#8221; column_link_target=&#8221;_self&#8221; gradient_direction=&#8221;left_to_right&#8221; overlay_strength=&#8221;0.3&#8243; width=&#8221;1\/2&#8243; tablet_width_inherit=&#8221;default&#8221; tablet_text_alignment=&#8221;default&#8221; phone_text_alignment=&#8221;default&#8221; column_border_width=&#8221;none&#8221; column_border_style=&#8221;solid&#8221; bg_image_animation=&#8221;none&#8221;][vc_column_text]\n<p style=\"text-align: justify;\">De 09 a 11\/12, \u00e0s 11h.<br \/>\nTransmiss\u00e3o online no Facebook e no YouTube do CachoeiraDoc.<\/p>\n<p style=\"text-align: justify;\"><span style=\"font-weight: 400;\">A atividade vai reunir representantes de projetos realizados por diversas universidades, de diferentes estados, para apresentar, conhecer e refletir juntos sobre essas experi\u00eancias, formando assim uma rede de trocas e de sonhos por novas a\u00e7\u00f5es.\u00a0<\/span><\/p>\n<p style=\"text-align: justify;\">Al\u00e9m do perfil extensionista, o que os projetos aqui reunidos tamb\u00e9m tem em comum \u00e9 o uso do audiovisual como ferramenta para a pr\u00e1tica e o pensamento. Dessa maneira, contribuem com o desenvolvimento de outras metodologias de pesquisa, ensino e aprendizagem.<\/p>\n<p style=\"text-align: justify;\"><span style=\"font-weight: 400;\">S\u00e3o cineclubes, mostras, cursos ou filmes que atravessam e conectam universidade e sociedade. Em tempos de isolamento e intoler\u00e2ncia, a extens\u00e3o aproxima e finca a universidade ao territ\u00f3rio, amplia o seu olhar ao fazer conviver sujeitos e grupos com hist\u00f3rias e perspectivas diversas. Essa conviv\u00eancia fertiliza tanto a universidade como a comunidade possibilitando que juntas ensinem, aprendam, construam e partilhem conhecimentos mais m\u00faltiplos.<\/span><\/p>\n[\/vc_column_text][\/vc_column][\/vc_row][vc_row type=&#8221;in_container&#8221; full_screen_row_position=&#8221;middle&#8221; column_margin=&#8221;default&#8221; column_direction=&#8221;default&#8221; column_direction_tablet=&#8221;default&#8221; column_direction_phone=&#8221;default&#8221; scene_position=&#8221;center&#8221; text_color=&#8221;dark&#8221; text_align=&#8221;left&#8221; row_border_radius=&#8221;none&#8221; row_border_radius_applies=&#8221;bg&#8221; overlay_strength=&#8221;0.3&#8243; gradient_direction=&#8221;left_to_right&#8221; shape_divider_position=&#8221;bottom&#8221; bg_image_animation=&#8221;none&#8221;][vc_column column_padding=&#8221;no-extra-padding&#8221; column_padding_tablet=&#8221;inherit&#8221; column_padding_phone=&#8221;inherit&#8221; column_padding_position=&#8221;all&#8221; background_color_opacity=&#8221;1&#8243; background_hover_color_opacity=&#8221;1&#8243; column_shadow=&#8221;none&#8221; column_border_radius=&#8221;none&#8221; column_link_target=&#8221;_self&#8221; gradient_direction=&#8221;left_to_right&#8221; overlay_strength=&#8221;0.3&#8243; width=&#8221;1\/2&#8243; tablet_width_inherit=&#8221;default&#8221; tablet_text_alignment=&#8221;default&#8221; phone_text_alignment=&#8221;default&#8221; column_border_width=&#8221;none&#8221; column_border_style=&#8221;solid&#8221; bg_image_animation=&#8221;none&#8221;][toggles style=&#8221;default&#8221;][toggle color=&#8221;Default&#8221; title=&#8221;09\/12, 11h &#8211; Diversificar os saberes, pluralizar a educa\u00e7\u00e3o&#8221;][vc_column_text]\n<p style=\"text-align: justify;\"><span style=\"font-weight: 400;\">A mesa re\u00fane projetos que pluralizam e ampliam a educa\u00e7\u00e3o, seja via descoloniza\u00e7\u00e3o do olhar, pela transdisciplinariedade ou pela incorpora\u00e7\u00e3o e dissemina\u00e7\u00e3o do conhecimento desenvolvido al\u00e9m do mundo acad\u00eamico. Ser\u00e3o apresentados processos, produtos e pr\u00e1ticas dos projetos discutindo-se quest\u00f5es como metodologias de ensino e aprendizagem, diversifica\u00e7\u00e3o dos espa\u00e7os de forma\u00e7\u00e3o e a articula\u00e7\u00e3o do cinema com a educa\u00e7\u00e3o e os direitos humanos.\u00a0\u00a0<\/span><\/p>\n<p style=\"text-align: justify;\"><b>Media\u00e7\u00e3o: Ana Paula Nunes &#8211;\u00a0<\/b><span style=\"font-weight: 400;\">Professora adjunta do curso de cinema e audiovisual da Universidade Federal do Rec\u00f4ncavo da Bahia, onde tamb\u00e9m \u00e9 tutora do PET Cinema e coordenadora do Grupo de Pesquisa Quadro a Quadro &#8211; projetando ideias, refletindo imagens, atuando na interface cinema e educa\u00e7\u00e3o. \u00c9 idealizadora e coordenadora da Mostra de Cinema Infantojuvenil de Cachoeira &#8211; ManduCA.\u00a0<\/span><\/p>\n<p style=\"text-align: justify;\"><b>Projetos e seus representantes<\/b><\/p>\n<p style=\"text-align: justify;\"><b>Etnovis \u2013 Universidade de Bras\u00edlia (UnB)\u00a0<\/b><\/p>\n<p style=\"text-align: justify;\"><span style=\"font-weight: 400;\">A disciplina Etnologia Visual da Imagem do Negro no Cinema \u2013 ETNOVIS acontece como uma atividade integrada do Decanato de Extens\u00e3o (DEX) e do N\u00facleo Estudos Afro-Brasileiros (NEAB) da Universidade de Bras\u00edlia (UnB), desde 2009, todas as sextas-feiras, das 14h \u00e0s 18h (totalizando 60 horas).\u00a0 Entre suas atividades, a disciplina \u00e9 respons\u00e1vel pela realiza\u00e7\u00e3o da Mostra Competitiva de Cinema Negro Ad\u00e9lia Sampaio.<\/span><\/p>\n<p style=\"text-align: justify;\"><span style=\"font-weight: 400;\">Como disciplina de extens\u00e3o, 70% das vagas s\u00e3o destinadas a estudantes de gradua\u00e7\u00e3o da UnB e 30% dividido entre estudantes, funcion\u00e1rios e professores da Universidade, bem como professores e professoras do GDF (Governo do Distrito Federal). O curso\/disciplina tem como objetivo abordar a produ\u00e7\u00e3o de imagens cinematogr\u00e1ficas do negro no cinema africano, ao longo da sua hist\u00f3ria, refletindo sobre o car\u00e1ter ideol\u00f3gico deste processo e as consequ\u00eancias do mesmo nos pleitos identit\u00e1rios. As formas de produ\u00e7\u00e3o e difus\u00e3o de imagens no cinema s\u00e3o abordadas na disciplina, discutindo-se sobre suas estrat\u00e9gias e recorr\u00eancias, bem como, breve introdu\u00e7\u00e3o \u00e0 hist\u00f3ria do cinema; a fun\u00e7\u00e3o educativa do cinema; panorama sobre o cinema negro africano. Territ\u00f3rio, Oralidade; Identidade, Mem\u00f3ria e Feminilidade.<\/span><\/p>\n<p style=\"text-align: justify;\"><b>Edileuza Penha de Souza &#8211;\u00a0<\/b><span style=\"font-weight: 400;\">Professora, documentarista e pesquisadora. \u00c9 a idealizadora, curadora e coordenadora da\u00a0Mostra Competitiva de Cinema Negro Ad\u00e9lia Sampaio. Curadora do Festival de Cinema do Parano\u00e1\u00a0\u2013 Bras\u00edlia\/DF e da Mostra de Cinema da Cova \u2013 Lisboa &#8211; Portugal. Roteirista e diretora dos curtas \u201cMulheres de Barro\u201d (2015) e \u201cFilhas de Lavadeiras\u201d. Organizou a Cole\u00e7\u00e3o: \u201cNegritude Cinema e Educa\u00e7\u00e3o \u2013 Caminhos para implementa\u00e7\u00e3o da lei 10.639\/2003.\u00a0<\/span><\/p>\n<p style=\"text-align: justify;\"><b>Programa de Forma\u00e7\u00e3o Transversal em Saberes Tradicionais \u2013 Universidade Federal de Minas Gerais (UFMG)<\/b><\/p>\n<p style=\"text-align: justify;\"><span style=\"font-weight: 400;\">Desde 2014, no esfor\u00e7o de criar pr\u00e1ticas pluri-epist\u00eamicas de ensino e pesquisa, o Programa de Forma\u00e7\u00e3o Transversal em Saberes Tradicionais acolheu dezenas de mestras e mestres das culturas afro-brasileiras, ind\u00edgenas e populares, que ministram disciplinas oferecidas a todos os cursos de gradua\u00e7\u00e3o. Em conson\u00e2ncia com a atenta escuta que essas disciplinas exigem, foram criados diferentes formatos audiovisuais\u00a0\u00a0\u2013 v\u00eddeo-aulas, document\u00e1rios e v\u00eddeo-retratos \u2013 que buscam colocar em cena o encontro entre os saberes tradicionais e o conhecimento acad\u00eamico.\u00a0<\/span><\/p>\n<p style=\"text-align: justify;\"><span style=\"font-weight: 400;\">Em seus diferentes formatos e com a peculiaridade de seus recursos expressivos, os v\u00eddeos documentam\u00a0\u00a0as complexas formas de sistematiza\u00e7\u00e3o e de transmiss\u00e3o \u2013 predominantemente orais \u2013 dos saberes produzidos pelas culturas tradicionais (ind\u00edgenas, afro-brasileiras e populares) e que nem sempre encontram formatos adequados no \u00e2mbito das publica\u00e7\u00f5es impressas. Em contraste com a mono-episteme euroc\u00eantrica,\u00a0\u00a0eles trazem, sob o signo do m\u00faltiplo,\u00a0\u00a0a palavra viva e os modos singulares de enuncia\u00e7\u00e3o do discurso protagonizado pelas mestras e mestres dos saberes das comunidades tradicionais.\u00a0<\/span><span style=\"font-weight: 400;\">Esse material audiovisual, feito de registros diversos, pode ser acessado no<a href=\"http:\/\/www.saberestradicionais.org\/\"> site<\/a>.<\/span><\/p>\n<p style=\"text-align: justify;\"><b>C\u00e1ssia Cristina da Silva &#8211; Makota Kidoiale\u00a0 &#8211; <\/b><span style=\"font-weight: 400;\">Mestra e professora no Programa de Forma\u00e7\u00e3o Transversal em Saberes Tradicionais.\u00a0\u00a0Lideran\u00e7a comunit\u00e1ria no kilombo urbano e candombl\u00e9 Manzo Ngunzo Kaiango, militante no movimento negro, e do Coletivo M\u00e3es Pela Diversidade. Coordenadora do Projeto Kizomba, Assessora do Conselho Municipal de Promo\u00e7\u00e3o da Igualdade Racial (Compir).\u00a0<\/span><\/p>\n<p style=\"text-align: justify;\"><b>C\u00e9sar Guimar\u00e3es &#8211;\u00a0<\/b><span style=\"font-weight: 400;\">Coordenador do Programa de Forma\u00e7\u00e3o Transversal em Saberes Tradicionais. Professor Titular da Faculdade de Filosofia e Ci\u00eancias Humanas (FAFICH) da UFMG e pesquisador do Conselho Nacional de Desenvolvimento Cient\u00edfico e Tecnol\u00f3gico (CNPq). Integrante do corpo permanente do Programa de P\u00f3s-Gradua\u00e7\u00e3o em Comunica\u00e7\u00e3o Social, do grupo de pesquisa Po\u00e9ticas da Experi\u00eancia. Editor da revista Devires: Cinema e Humanidades.\u00a0<\/span><\/p>\n<p style=\"text-align: justify;\"><b>Pedro Aspahan &#8211;\u00a0<\/b><span style=\"font-weight: 400;\">Coordenador do trabalho audiovisual do Programa de Forma\u00e7\u00e3o Transversal em Saberes Tradicionais da UFMG. Diretor, t\u00e9cnico de som e montador, especializado no campo do document\u00e1rio. Dirigiu o longa-metragem Mat\u00e9ria de Composi\u00e7\u00e3o (2013). Foi professor universit\u00e1rio e atuou em projetos de democratiza\u00e7\u00e3o do acesso aos meios de produ\u00e7\u00e3o audiovisual, como o Projeto Rede Jovem de Cidadania, em Belo Horizonte.\u00a0<\/span><\/p>\n<p style=\"text-align: justify;\"><b>Inventar com a diferen\u00e7a: cinema, educa\u00e7\u00e3o e direitos\u00a0humanos \u2013 Universidade Federal Fluminense (UFF)\u00a0<\/b><\/p>\n<p style=\"text-align: justify;\"><span style=\"font-weight: 400;\">Programa que desenvolve metodologias, pesquisas e processos que t\u00eam em comum uma interface entre o cinema, a educa\u00e7\u00e3o e a cl\u00ednica, em espa\u00e7os formais e n\u00e3o-formais de ensino e tratamento. Entre os anos de 2013-2017, em parceria com a extinta Secretaria de Direitos Humanos da Presid\u00eancia da Rep\u00fablica do Brasil, o programa promoveu e fomentou a cria\u00e7\u00e3o de uma rede de forma\u00e7\u00e3o em cinema e direitos humanos para todo o territ\u00f3rio brasileiro. Por meio da cria\u00e7\u00e3o dos\u00a0Cadernos do Inventar, colet\u00e2nea de dispositivos cinematogr\u00e1ficos para educadores e estudantes, o programa atuou como proponente e parceiro de pr\u00e1ticas audiovisuais em escolas, associa\u00e7\u00f5es de bairro, centros socioeducativos, ONG\u2019s, comunidades ind\u00edgenas, quilombos, escolas livres, ateli\u00eas, projetos de extens\u00e3o e grupos de pesquisa. Os\u00a0Cadernos\u00a0foram traduzidos para o espanhol e o ingl\u00eas e divulgados em pa\u00edses da Am\u00e9rica Latina, como Bol\u00edvia, Uruguai e Chile, e Europa, atingindo milhares de educadoras e estudantes. Desde 2018, o\u00a0Inventar com a Diferen\u00e7a\u00a0tem sua escala reduzida e desloca seu eixo de trabalho para uma maior aten\u00e7\u00e3o \u00e0s pr\u00e1ticas com educadores e educadoras, sobretudo da rede p\u00fablica de ensino, em grupos menores. Os grupos atuam como organismos aut\u00f4nomos e autogestionados, baseados na cria\u00e7\u00e3o coletiva, tendo as imagens e sons como intercessores. Mais recentemente, a dimens\u00e3o cl\u00ednica foi introduzida como foco de trabalho, expandindo o campo de a\u00e7\u00e3o do programa e incorporando no\u00e7\u00f5es e problemas ligadas ao cuidado e os processos subjetivos atravessados pelas artes.<\/span><\/p>\n<p style=\"text-align: justify;\"><b>Isaac Pipano &#8211; <\/b>\u00c9 um dos idealizadores do Inventar com a Diferen\u00e7a e integra a equipe do programa Semente Cinematogr\u00e1fica especializado em educa\u00e7\u00e3o audiovisual. Atua desde 2010 como educador em programas de forma\u00e7\u00e3o audiovisual para a rede b\u00e1sica, no ensino superior e t\u00e9cnico. \u00c9 coautor do livro Cinema de Brincar e prepara a publica\u00e7\u00e3o de sua tese Isso que n\u00e3o se v\u00ea: pistas para uma pedagogia das imagens. Doutor em Comunica\u00e7\u00e3o (UFF) e professor de Teorias do Cinema na Universidade de Fortaleza (UNIFOR).<\/p>\n[\/vc_column_text][\/toggle][\/toggles][\/vc_column][vc_column column_padding=&#8221;no-extra-padding&#8221; column_padding_tablet=&#8221;inherit&#8221; column_padding_phone=&#8221;inherit&#8221; column_padding_position=&#8221;all&#8221; background_color_opacity=&#8221;1&#8243; background_hover_color_opacity=&#8221;1&#8243; column_shadow=&#8221;none&#8221; column_border_radius=&#8221;none&#8221; column_link_target=&#8221;_self&#8221; gradient_direction=&#8221;left_to_right&#8221; overlay_strength=&#8221;0.3&#8243; width=&#8221;1\/2&#8243; tablet_width_inherit=&#8221;default&#8221; tablet_text_alignment=&#8221;default&#8221; phone_text_alignment=&#8221;default&#8221; column_border_width=&#8221;none&#8221; column_border_style=&#8221;solid&#8221; bg_image_animation=&#8221;none&#8221;][vc_video link=&#8221;https:\/\/youtu.be\/77705XcAu8c&#8221;][\/vc_column][\/vc_row][vc_row type=&#8221;in_container&#8221; full_screen_row_position=&#8221;middle&#8221; column_margin=&#8221;default&#8221; column_direction=&#8221;default&#8221; column_direction_tablet=&#8221;default&#8221; column_direction_phone=&#8221;default&#8221; scene_position=&#8221;center&#8221; text_color=&#8221;dark&#8221; text_align=&#8221;left&#8221; row_border_radius=&#8221;none&#8221; row_border_radius_applies=&#8221;bg&#8221; overlay_strength=&#8221;0.3&#8243; gradient_direction=&#8221;left_to_right&#8221; shape_divider_position=&#8221;bottom&#8221; bg_image_animation=&#8221;none&#8221;][vc_column column_padding=&#8221;no-extra-padding&#8221; column_padding_tablet=&#8221;inherit&#8221; column_padding_phone=&#8221;inherit&#8221; column_padding_position=&#8221;all&#8221; background_color_opacity=&#8221;1&#8243; background_hover_color_opacity=&#8221;1&#8243; column_shadow=&#8221;none&#8221; column_border_radius=&#8221;none&#8221; column_link_target=&#8221;_self&#8221; gradient_direction=&#8221;left_to_right&#8221; overlay_strength=&#8221;0.3&#8243; width=&#8221;1\/2&#8243; tablet_width_inherit=&#8221;default&#8221; tablet_text_alignment=&#8221;default&#8221; phone_text_alignment=&#8221;default&#8221; column_border_width=&#8221;none&#8221; column_border_style=&#8221;solid&#8221; bg_image_animation=&#8221;none&#8221;][toggles style=&#8221;default&#8221;][toggle color=&#8221;Default&#8221; title=&#8221;10\/12, 11h &#8211; Projetando espa\u00e7os e comunidades para e com o cinema&#8221;][vc_column_text]\n<p style=\"text-align: justify;\"><span style=\"font-weight: 400;\">As universidades t\u00eam um papel fundamental na difus\u00e3o e reflex\u00e3o sobre filmes e forma\u00e7\u00e3o de p\u00fablico.\u00a0 A\u00e7\u00f5es como cineclubes e festivais possibilitam ampliar e transgredir o circuito de exibi\u00e7\u00e3o, democratizam o acesso ao cinema e estimulam o pensamento com imagens e sons, al\u00e9m de desenhar espa\u00e7os comuns e tecer elos entre a universidade e a comunidade. A mesa promove o encontro de professores e uma estudante para pensar os frutos e perspectivas dos projetos que coordenam e que possuem em comum o fato de serem desenvolvidos em locais do interior do Nordeste.\u00a0<\/span><\/p>\n<p style=\"text-align: justify;\"><b>Media\u00e7\u00e3o:\u00a0 Ana Rosa Marques &#8211;\u00a0<\/b><span style=\"font-weight: 400;\">Professora e coordenadora do curso de cinema e audiovisual da Universidade Federal do Rec\u00f4ncavo da Bahia. \u00c9 co-diretora dos document\u00e1rios Dias de Feira (1999), A porta da Rua (2002) e\u00a0 Cordeiros (2009). Coordenadora pedag\u00f3gica do Cachoeiradoc. Curadora da Mostra de Cine Dia de Brasil (Barcelona).\u00a0<\/span><\/p>\n<p style=\"text-align: justify;\"><b>Projetos e seus representantes<\/b><\/p>\n<p style=\"text-align: justify;\"><b>Janela Indiscreta &#8211; Universidade Estadual do Sudoeste da Bahia (Uesb)\u00a0<\/b><\/p>\n<p style=\"text-align: justify;\"><span style=\"font-weight: 400;\">Sediado em Vit\u00f3ria da Conquista (BA), o <a href=\"https:\/\/www.facebook.com\/janelaindiscreta.cinema\/\">Janela Indiscreta<\/a> realiza, desde 1992, exibi\u00e7\u00e3o e debate coletivo de filmes em diversos espa\u00e7os sociais, procurando propiciar o exerc\u00edcio do olhar cr\u00edtico, a partir da especificidade da linguagem cinematogr\u00e1fica e das potencialidades do acesso qualificado a essa arte. Tamb\u00e9m realiza\/participa de pesquisas, publica\u00e7\u00f5es e produ\u00e7\u00f5es audiovisuais tem\u00e1ticas. As a\u00e7\u00f5es s\u00e3o gratuitas e voltadas para a comunidade universit\u00e1ria e a comunidade em geral, abrangendo p\u00fablicos diversificados, na cidade-sede e em outras da Bahia, especialmente da regi\u00e3o sudoeste do estado.\u00a0<\/span><\/p>\n<p style=\"text-align: justify;\"><span style=\"font-weight: 400;\">A programa\u00e7\u00e3o realizada nos \u00faltimos anos inclui a\u00e7\u00f5es permanentes, al\u00e9m de a\u00e7\u00f5es parceiras, a exemplo de: 1- Cinema na Uesb, sess\u00f5es comentadas semanais ; 2 &#8211; Cinema: Eis a Quest\u00e3o, voltado para a escolha e a discuss\u00e3o dos filmes indicados para o Vestibular da Uesb; 3 &#8211; Sess\u00f5es \u00a0Especiais, realizadas \u00a0em \u00a0atendimento \u00a0a \u00a0demandas \u00a0espec\u00edficas; \u00a04 &#8211; Semana \u00a0Glauber, \u00a0realizada \u00a0bianualmente \u00a0em \u00a0homenagem \u00a0ao \u00a0cineasta \u00a0conquistense; 5 &#8211; \u00a0Mostrinha de Cinema \u00a0Infantil e Mostra Juvenil de Vit\u00f3ria \u00a0da \u00a0Conquista, \u00a0voltadas \u00a0para \u00a0alunos \u00a0da \u00a0rede \u00a0p\u00fablica \u00a0de \u00a0ensino; \u00a06 \u2013 Cinema Itinerante, que leva atividades de exibi\u00e7\u00e3o, debate e forma\u00e7\u00e3o a espa\u00e7os externos \u00e0 Universidade; 7 &#8211; Programa\u00e7\u00e3o \u00a0de \u00a0mostras \u00a0e \u00a0festivais \u00a0da Uesb ou fora dela.<\/span><\/p>\n<p style=\"text-align: justify;\"><span style=\"font-weight: 400;\">O Janela Indiscreta tamb\u00e9m integra o Projeto Pedag\u00f3gico do \u00a0curso \u00a0de \u00a0cinema \u00a0e \u00a0audiovisual da Uesb e configura-se como espa\u00e7o de est\u00e1gio curricular dos alunos do curso. O programa faz gest\u00e3o ainda da Sala de Proje\u00e7\u00e3o Jorge \u00a0Melquisedeque e\u00a0mant\u00e9m em funcionamento um n\u00facleo de produ\u00e7\u00e3o audiovisual.\u00a0<\/span><\/p>\n<p style=\"text-align: justify;\"><b>Raquel Costa &#8211;<\/b> Coordenadora do programa Janela Indiscreta, ligado \u00e0 Pr\u00f3-Reitoria de Extens\u00e3o e Assuntos Comunit\u00e1rios e \u00e0 gradua\u00e7\u00e3o em Cinema e Audiovisual da Uesb. \u00c9 pesquisadora dos grupos de pesquisa Cinema e Audiovisual: mem\u00f3ria e processos de forma\u00e7\u00e3o cultural (Uesb) e Cultura, Mem\u00f3ria e Desenvolvimento (Universidade de Bras\u00edlia).<\/p>\n<p style=\"text-align: justify;\"><b>Circuito Penedo de Cinema &#8211; Universidade Federal de Alagoas (UFAL)<\/b><\/p>\n<p style=\"text-align: justify;\"><span style=\"font-weight: 400;\">O\u00a0Circuito Penedo de Cinema \u00e9 um evento que congrega o Festival de Cinema Universit\u00e1rio (10\u00aa Edi\u00e7\u00e3o), o Festival do Cinema Brasileiro de Penedo (13\u00aa Edi\u00e7\u00e3o), o Festival Velho Chico de Cinema Ambiental (7\u00aa Edi\u00e7\u00e3o) e o Encontro de Cinema Alagoano (10\u00aa Edi\u00e7\u00e3o), esta edi\u00e7\u00e3o marca a reabertura do majestoso\u00a0Cinema S\u00e3o Francisco na cidade de Penedo\/AL. O Circuito configura-se hoje como a mais importante atividade do audiovisual em Alagoas e atrai realizadores, cin\u00e9filos e amantes da s\u00e9tima arte de todos os recantos do pa\u00eds, al\u00e9m de personalidades do cinema e da TV. O evento constitui-se numa atividade cultural, de\u00a0abrang\u00eancia nacional, promovido pela Universidade Federal de Alagoas, em parceria com outras institui\u00e7\u00f5es, grupos e entidades representativas do setor audiovisual alagoano. Trata-se tamb\u00e9m de uma atividade de\u00a0car\u00e1ter educativo, com a\u00e7\u00f5es realizadas para alunos de todos os n\u00edveis de ensino e em parcerias com escolas e institui\u00e7\u00f5es de educa\u00e7\u00e3o p\u00fablicas e privadas.<\/span><\/p>\n<p style=\"text-align: justify;\"><b>S\u00e9rgio Onofre<\/b><span style=\"font-weight: 400;\"> &#8211;\u00a0<\/span><span style=\"font-weight: 400;\">Coordenador do Festival de Cinema Universit\u00e1rio de Alagoas. Professor da Universidade Federal de Alagoas, lotado na unidade Penedo. Exerceu a Coordena\u00e7\u00e3o de Assuntos Culturais da Pr\u00f3-reitoria de Extens\u00e3o e a dire\u00e7\u00e3o do Espa\u00e7o Cultural Universit\u00e1rio Salom\u00e3o de Almeida Barros Lima (dez\/2012 a jan\/2016). Coordena o Projeto Tambores o Cineclube Cine Artepopular.\u00a0<\/span><\/p>\n<p style=\"text-align: justify;\"><b>Cineclube M\u00e1rio Gusm\u00e3o \u2013 Universidade Federal do Rec\u00f4ncavo da Bahia (UFRB)<\/b><\/p>\n<p style=\"text-align: justify;\"><span style=\"font-weight: 400;\">O projeto de pesquisa e extens\u00e3o<a href=\"https:\/\/cinemariogusmao.wordpress.com\/\"> Cineclube M\u00e1rio Gusm\u00e3o<\/a>, vinculado ao curso de cinema e audiovisual da Universidade Federal do Rec\u00f4ncavo da Bahia, completou dez anos de exist\u00eancia em 2020, atuando em Cachoeira e em outros munic\u00edpios do Rec\u00f4ncavo, um dos principais destinos da di\u00e1spora africana no mundo. A partir do di\u00e1logo com esse territ\u00f3rio e com a trajet\u00f3ria art\u00edstica e de vida do ator negro, cachoeirano, \u00edcone do teatro, do cinema e da dan\u00e7a afro na Bahia, M\u00e1rio Gusm\u00e3o, o projeto tem se constitu\u00eddo, nesse per\u00edodo, como um importante espa\u00e7o de constru\u00e7\u00e3o de passados-presentes para o cinema negro brasileiro contempor\u00e2neo, em di\u00e1logo com os cinemas africanos e afrodiasp\u00f3ricos.\u00a0<\/span><span style=\"font-weight: 400;\">O projeto conta no momento com 8 integrantes \u2013 a professora Cyntia Nogueira, as\/os estudantes universit\u00e1rios Jamile Cazumb\u00e1 (Museologia), \u00c1lex Ant\u00f4nio (Cinema), Emily Ribeiro (Cinema), Reifra Pimenta (Cinema), Danielle Almeida (Comunica\u00e7\u00e3o) e Adrielly Novaes (Comunica\u00e7\u00e3o) e o estudante do Col\u00e9gio Estadual da Cachoeira Alderivo Amorim &#8211; envolvidos na atividade peri\u00f3dica de exibi\u00e7\u00e3o de filmes, o que inclui a pesquisa, a curadoria, a negocia\u00e7\u00e3o de direitos autorais, a localiza\u00e7\u00e3o de c\u00f3pias em acervos diversos, a mobiliza\u00e7\u00e3o de p\u00fablico, a produ\u00e7\u00e3o das sess\u00f5es, escrita de textos cr\u00edticos, media\u00e7\u00e3o de debates e realiza\u00e7\u00e3o de oficinas, com atua\u00e7\u00e3o tamb\u00e9m em escolas do territ\u00f3rio.\u00a0<\/span><\/p>\n<p style=\"text-align: justify;\"><b>Jamile Cazumb\u00e1 &#8211; <\/b><span style=\"font-weight: 400;\">Coordenadora do Cineclube M\u00e1rio Gusm\u00e3o, integra o projeto Pr\u00e1ticas Desobedientes, o Coletivo Angela Davis, o corpo editorial e curatorial da Revista Gravidade. \u00c9 graduanda em Museologia na UFRB. \u00c9 artista das multilinguagens e atualmente dedica-se ao campo das artes visuais e ao trabalho ritual-recital-perform\u00e1tico, pesquisando mem\u00f3rias ancoradas nos corpos de mulheres negras e l\u00e9sbicas.<\/span><\/p>\n[\/vc_column_text][\/toggle][\/toggles][\/vc_column][vc_column column_padding=&#8221;no-extra-padding&#8221; column_padding_tablet=&#8221;inherit&#8221; column_padding_phone=&#8221;inherit&#8221; column_padding_position=&#8221;all&#8221; background_color_opacity=&#8221;1&#8243; background_hover_color_opacity=&#8221;1&#8243; column_shadow=&#8221;none&#8221; column_border_radius=&#8221;none&#8221; column_link_target=&#8221;_self&#8221; gradient_direction=&#8221;left_to_right&#8221; overlay_strength=&#8221;0.3&#8243; width=&#8221;1\/2&#8243; tablet_width_inherit=&#8221;default&#8221; tablet_text_alignment=&#8221;default&#8221; phone_text_alignment=&#8221;default&#8221; column_border_width=&#8221;none&#8221; column_border_style=&#8221;solid&#8221; bg_image_animation=&#8221;none&#8221;][vc_video link=&#8221;https:\/\/youtu.be\/ivRmrX9ILK8&#8243;][\/vc_column][\/vc_row][vc_row type=&#8221;in_container&#8221; full_screen_row_position=&#8221;middle&#8221; column_margin=&#8221;default&#8221; column_direction=&#8221;default&#8221; column_direction_tablet=&#8221;default&#8221; column_direction_phone=&#8221;default&#8221; scene_position=&#8221;center&#8221; text_color=&#8221;dark&#8221; text_align=&#8221;left&#8221; row_border_radius=&#8221;none&#8221; row_border_radius_applies=&#8221;bg&#8221; overlay_strength=&#8221;0.3&#8243; gradient_direction=&#8221;left_to_right&#8221; shape_divider_position=&#8221;bottom&#8221; bg_image_animation=&#8221;none&#8221;][vc_column column_padding=&#8221;no-extra-padding&#8221; column_padding_tablet=&#8221;inherit&#8221; column_padding_phone=&#8221;inherit&#8221; column_padding_position=&#8221;all&#8221; background_color_opacity=&#8221;1&#8243; background_hover_color_opacity=&#8221;1&#8243; column_shadow=&#8221;none&#8221; column_border_radius=&#8221;none&#8221; column_link_target=&#8221;_self&#8221; gradient_direction=&#8221;left_to_right&#8221; overlay_strength=&#8221;0.3&#8243; width=&#8221;1\/2&#8243; tablet_width_inherit=&#8221;default&#8221; tablet_text_alignment=&#8221;default&#8221; phone_text_alignment=&#8221;default&#8221; column_border_width=&#8221;none&#8221; column_border_style=&#8221;solid&#8221; bg_image_animation=&#8221;none&#8221;][toggles style=&#8221;default&#8221;][toggle color=&#8221;Default&#8221; title=&#8221;11\/12, 11h &#8211; Pensar e fazer o mundo e outros mundos&#8221;][vc_column_text]\n<p style=\"text-align: justify;\"><span style=\"font-weight: 400;\">A mesa traz projetos que desenvolvem a\u00e7\u00f5es variadas para refletir e agir criticamente sobre o mundo contempor\u00e2neo pelo cinema. S\u00e3o grupos de estudo, atividades de pesquisa, cineclubes ou produ\u00e7\u00e3o audiovisual que fomentam e ampliam as discuss\u00f5es sobre quest\u00f5es fundamentais da atualidade, a exemplo dos temas \u00e9tnico-raciais. A mesa ainda abordar\u00e1 a rela\u00e7\u00e3o extens\u00e3o-pesquisa e a parceria com outras organiza\u00e7\u00f5es.<\/span><\/p>\n<p style=\"text-align: justify;\"><b>Media\u00e7\u00e3o: Cyntia Nogueira &#8211;\u00a0<\/b><span style=\"font-weight: 400;\">Professora do curso de cinema e audiovisual da Universidade Federal do Rec\u00f4ncavo da Bahia. Co-fundadora e coordenadora pedag\u00f3gica do Projeto de Pesquisa e Extens\u00e3o Cineclube M\u00e1rio Gusm\u00e3o. Organizou a\u00a0<\/span><i><span style=\"font-weight: 400;\">Caixa Anjo Negro: Cineclube M\u00e1rio Gusm\u00e3o 2010-2011<\/span><\/i><span style=\"font-weight: 400;\">\u00a0(2013) e o livro\u00a0<\/span><i><span style=\"font-weight: 400;\">Walter da Silveira e o cinema moderno no Brasil\u00a0<\/span><\/i><span style=\"font-weight: 400;\">(2020).\u00a0<\/span><\/p>\n<p style=\"text-align: justify;\"><b>Projetos e seus representantes<\/b><\/p>\n<p style=\"text-align: justify;\"><b>Pretan\u00e7a &#8211;\u00a0 Centro Universit\u00e1rio UNA<\/b><\/p>\n<p style=\"text-align: justify;\"><span style=\"font-weight: 400;\">O <a href=\"https:\/\/www.facebook.com\/projetopretancauna\">projeto<\/a> existe desde 2016 e propo\u0303e a ampliac\u0327a\u0303o de espac\u0327os de discussa\u0303o de questo\u0303es e\u0301tnico-raciais e suas intercesso\u0303es no ambiente acade\u0302mico, chamando a\u0300 participac\u0327a\u0303o pessoas que s\u00e3o estudantes, colaboradoras da instituic\u0327a\u0303o e que integram a comunidade externa. As ac\u0327o\u0303es te\u0302m como foco a difusa\u0303o do conhecimento sobre as tema\u0301ticas relativas a\u0300 afrobrasilidade e aos Direitos Humanos por meio de um grupo de estudos, de um cineclube, de promo\u00e7\u00e3o de rodas de conversas, da criac\u0327a\u0303o de um acervo de livros especi\u0301ficos para a biblioteca do campus e da curadoria e produc\u0327a\u0303o de material informativo multimi\u0301dia online, em parceria com outros projetos e laborat\u00f3rios dos cursos do centro universit\u00e1rio. O projeto tamb\u00e9m tem atividades em parceria com entidades da sociedade civil. Todas as atividades s\u00e3o realizadas com envolvimento orientado de estudantes da Una e representantes de entidades parceiras e s\u00e3o abertas ao p\u00fablico em geral. Em 2020, o projeto envolveu estudantes, egressas e professoras dos cursos de gradua\u00e7\u00e3o em Arquitetura e Urbanismo, Cinema, Direito, Economia, Jornalismo, Publicidade e Propaganda, Psicologia e Servi\u00e7o Social da Una e estudantes de p\u00f3s-gradua\u00e7\u00e3o integrantes do laborat\u00f3rio de pesquisa Cosm\u00f3polis, da Escola de Arquitetura da UFMG.<\/span><\/p>\n<p style=\"text-align: justify;\"><b>Tatiana Carvalho Costa<\/b><span style=\"font-weight: 400;\"> &#8211;\u00a0<\/span><span style=\"font-weight: 400;\">Professora do Centro Universit\u00e1rio UNA desde 2007 e coordenadora do PRETAN\u00c7A. Na Universidade Federal de Minas Gerais, integra os grupos de estudos\/pesquisa CORAGEM- Comunica\u00e7\u00e3o, Ra\u00e7a e G\u00eanero e Po\u00e9ticas da Experi\u00eancia, al\u00e9m de ser colaboradora do NUH \u2013 N\u00facleo de Direitos Humanos e Cidadania LGBT. Colabora com mostras e festivais como curadora, programadora e j\u00fari. Atua tamb\u00e9m como consultora de roteiros de filmes e outros produtos audiovisuais.\u00a0<\/span><\/p>\n<p style=\"text-align: justify;\"><b>N\u00facleo de Estudos Afro-brasileiros (NEAB) &#8211; Universidade do Estado do Rio de Janeiro (UERJ)<\/b><\/p>\n<p style=\"text-align: justify;\"><span style=\"font-weight: 400;\">O <a href=\"https:\/\/www.facebook.com\/NucleodeEstudosAfrobrasileiros\">NEAB UERJ<\/a> tem como objetivos estimular a produ\u00e7\u00e3o de pesquisas, projetos de extens\u00e3o e de cursos de extens\u00e3o e aperfei\u00e7oamento vinculados \u00e0 quest\u00e3o \u00e9tnico-racial brasileira. Registrado em 2006, conta hoje com a participa\u00e7\u00e3o de oito professoras e professores da Faculdade de Educa\u00e7\u00e3o da Baixada Fluminense, sob coordena\u00e7\u00e3o da Profa. Dra. Maria Alice Rezende Gon\u00e7alves.\u00a0<\/span><\/p>\n<p style=\"text-align: justify;\"><span style=\"font-weight: 400;\">Desde os anos 2000, o NEAB oferece cursos gratuitos para a comunidade interna e externa e tem desenvolvido pesquisas e a\u00e7\u00f5es que possibilitaram a publica\u00e7\u00e3o, a partir de 2013, da S\u00e9rie \u201cA Lei 10639\/03 e a Forma\u00e7\u00e3o de Educadores\u201d, que hoje conta com 5 volumes. Trazemos para este debate a experi\u00eancia com a produ\u00e7\u00e3o de dois dos volumes, <a href=\"http:\/\/www.museuafrorio.uerj.br\/?work=a-lenda-da-criacao-do-mundo-e-dos-orixas\">v\u00eddeos<\/a> em anima\u00e7\u00e3o <\/span><i><span style=\"font-weight: 400;\">stop motion<\/span><\/i><span style=\"font-weight: 400;\"> realizados na Universidade do Estado do Rio de Janeiro, com estudantes da gradua\u00e7\u00e3o e financiados pelo MEC\/Uniafro\/FNDE (3\u00ba volume, 2013) e pela FAPERJ \u2013 Edital de Apoio \u00e0 produ\u00e7\u00e3o de material did\u00e1tico para atividades de ensino e\/ou pesquisa (5\u00ba volume, 2017).<\/span><\/p>\n<p style=\"text-align: justify;\"><b>Ana Paula Alves Ribeiro &#8211; <\/b><span style=\"font-weight: 400;\">Pesquisadora do N\u00facleo de Estudos Afro-brasileiros\/UERJ desde 2006.<\/span> <span style=\"font-weight: 400;\">Antrop\u00f3loga, professora adjunta da Universidade do Estado do Rio de Janeiro (Faculdade de Educa\u00e7\u00e3o da Baixada Fluminense, Departamento de Forma\u00e7\u00e3o de Professores). Procientista\/UERJ. Coordenadora do Programa de Extens\u00e3o Museu Afrodigital Rio de Janeiro (Decult\/PR-3\/UERJ) e do Laborat\u00f3rio de Experimenta\u00e7\u00f5es Art\u00edsticas e Reflex\u00f5es Criativas sobre Cidades, Sa\u00fade e Educa\u00e7\u00e3o (LEARCC\/FEBF\/UERJ).\u00a0\u00a0<\/span><\/p>\n<p style=\"text-align: justify;\"><b>Cineclube Cinema em Transe \u2013 Universidade do Sul de Santa Catarina (Unisul)\u00a0<\/b><\/p>\n<p style=\"text-align: justify;\"><span style=\"font-weight: 400;\">O Cineclube Cinema em Transe surge em 2009 como potencializa\u00e7\u00e3o da troca de saberes, oferecendo oportunidade para que alunos e professores, de qualquer curso da Unisul, possam se reunir em torno da obra audiovisual para a reflex\u00e3o sobre temas, est\u00e9ticas e pol\u00edticas e sua relev\u00e2ncia para o mundo contempor\u00e2neo. Contudo, observou-se nas primeiras exibi\u00e7\u00f5es do Cineclube que muitas vezes os debates tinham que terminar devido ao tempo, mas que as discuss\u00f5es ainda estavam longe de serem encerradas. Havia a necessidade de ampliar os espa\u00e7os para a reflex\u00e3o sobre os filmes. Diante dessa urg\u00eancia, em parceria com o programa de P\u00f3s-Gradua\u00e7\u00e3o em Ci\u00eancias da Linguagem, criamos um grupo de estudo para intensificar o debate e incrementar o pensamento criativo a respeito do cinema, partindo de textos selecionados pela relev\u00e2ncia na teoria do cinema contempor\u00e2neo. A curadoria \u00e9 feita de forma compartilhada entre extensionistas e professores e busca um recorte que possibilite o acesso \u00e0 diversidade de linguagens e c\u00f3digos culturais, procurando pela fric\u00e7\u00e3o entre imagem e mundo.\u00a0<\/span><\/p>\n<p style=\"text-align: justify;\"><b>Ramayana Lira &#8211;\u00a0<\/b><span style=\"font-weight: 400;\">Coordenadora do Cineclube Cinema em Transe. Professora do Programa de P\u00f3s-Gradua\u00e7\u00e3o em Ci\u00eancias da Linguagem e do curso de gradua\u00e7\u00e3o em cinema e realiza\u00e7\u00e3o audiovisual da Universidade do Sul de Santa Catarina. Co-organizadora de tr\u00eas livros sobre cinema. Pesquisadora permanente do Instituto de Estudos de G\u00eanero (UFSC). Presidente do Fundo Municipal de Cinema de Florian\u00f3polis.\u00a0<\/span><\/p>\n[\/vc_column_text][\/toggle][\/toggles][\/vc_column][vc_column column_padding=&#8221;no-extra-padding&#8221; column_padding_tablet=&#8221;inherit&#8221; column_padding_phone=&#8221;inherit&#8221; column_padding_position=&#8221;all&#8221; background_color_opacity=&#8221;1&#8243; background_hover_color_opacity=&#8221;1&#8243; column_shadow=&#8221;none&#8221; column_border_radius=&#8221;none&#8221; column_link_target=&#8221;_self&#8221; gradient_direction=&#8221;left_to_right&#8221; overlay_strength=&#8221;0.3&#8243; width=&#8221;1\/2&#8243; tablet_width_inherit=&#8221;default&#8221; tablet_text_alignment=&#8221;default&#8221; phone_text_alignment=&#8221;default&#8221; column_border_width=&#8221;none&#8221; column_border_style=&#8221;solid&#8221; bg_image_animation=&#8221;none&#8221;][vc_video link=&#8221;https:\/\/youtu.be\/nVslhVte5Cs&#8221;][\/vc_column][\/vc_row][vc_row type=&#8221;in_container&#8221; full_screen_row_position=&#8221;middle&#8221; column_margin=&#8221;default&#8221; column_direction=&#8221;default&#8221; column_direction_tablet=&#8221;default&#8221; column_direction_phone=&#8221;default&#8221; scene_position=&#8221;center&#8221; text_color=&#8221;dark&#8221; text_align=&#8221;left&#8221; row_border_radius=&#8221;none&#8221; row_border_radius_applies=&#8221;bg&#8221; overlay_strength=&#8221;0.3&#8243; gradient_direction=&#8221;left_to_right&#8221; shape_divider_position=&#8221;bottom&#8221; bg_image_animation=&#8221;none&#8221;][vc_column column_padding=&#8221;no-extra-padding&#8221; column_padding_tablet=&#8221;inherit&#8221; column_padding_phone=&#8221;inherit&#8221; column_padding_position=&#8221;all&#8221; background_color_opacity=&#8221;1&#8243; background_hover_color_opacity=&#8221;1&#8243; column_shadow=&#8221;none&#8221; column_border_radius=&#8221;none&#8221; column_link_target=&#8221;_self&#8221; gradient_direction=&#8221;left_to_right&#8221; overlay_strength=&#8221;0.3&#8243; width=&#8221;1\/1&#8243; tablet_width_inherit=&#8221;default&#8221; tablet_text_alignment=&#8221;default&#8221; phone_text_alignment=&#8221;default&#8221; column_border_width=&#8221;none&#8221; column_border_style=&#8221;solid&#8221; bg_image_animation=&#8221;none&#8221;][nectar_cta btn_style=&#8221;underline&#8221; heading_tag=&#8221;h5&#8243; button_color=&#8221;default&#8221; link_type=&#8221;regular&#8221; alignment=&#8221;right&#8221; display=&#8221;block&#8221; link_text=&#8221;Ciclo de Confer\u00eancias&#8221; url=&#8221;#Topo&#8221;][divider line_type=&#8221;Full Width Line&#8221; line_thickness=&#8221;1&#8243; divider_color=&#8221;default&#8221;][\/vc_column][\/vc_row][vc_row type=&#8221;in_container&#8221; full_screen_row_position=&#8221;middle&#8221; column_margin=&#8221;default&#8221; column_direction=&#8221;default&#8221; column_direction_tablet=&#8221;default&#8221; column_direction_phone=&#8221;default&#8221; scene_position=&#8221;center&#8221; text_color=&#8221;dark&#8221; text_align=&#8221;left&#8221; row_border_radius=&#8221;none&#8221; row_border_radius_applies=&#8221;bg&#8221; overlay_strength=&#8221;0.3&#8243; gradient_direction=&#8221;left_to_right&#8221; shape_divider_position=&#8221;bottom&#8221; bg_image_animation=&#8221;none&#8221;][vc_column column_padding=&#8221;no-extra-padding&#8221; column_padding_tablet=&#8221;inherit&#8221; column_padding_phone=&#8221;inherit&#8221; column_padding_position=&#8221;all&#8221; background_color_opacity=&#8221;1&#8243; background_hover_color_opacity=&#8221;1&#8243; column_shadow=&#8221;none&#8221; column_border_radius=&#8221;none&#8221; column_link_target=&#8221;_self&#8221; gradient_direction=&#8221;left_to_right&#8221; overlay_strength=&#8221;0.3&#8243; width=&#8221;1\/2&#8243; tablet_width_inherit=&#8221;default&#8221; tablet_text_alignment=&#8221;default&#8221; phone_text_alignment=&#8221;default&#8221; column_border_width=&#8221;none&#8221; column_border_style=&#8221;solid&#8221; bg_image_animation=&#8221;none&#8221;][vc_column_text]\n<h4>Lan\u00e7amento do livro <a id=\"Livro\"><\/a><em>Desaguar em Cinema: document\u00e1rio, mem\u00f3ria e a\u00e7\u00e3o com o CachoeiraDoc<\/em><\/h4>\n[\/vc_column_text][image_with_animation image_url=&#8221;6517&#8243; animation=&#8221;Fade In&#8221; hover_animation=&#8221;none&#8221; alignment=&#8221;&#8221; border_radius=&#8221;10px&#8221; box_shadow=&#8221;none&#8221; image_loading=&#8221;default&#8221; max_width=&#8221;100%&#8221; max_width_mobile=&#8221;default&#8221;][\/vc_column][vc_column column_padding=&#8221;no-extra-padding&#8221; column_padding_tablet=&#8221;inherit&#8221; column_padding_phone=&#8221;inherit&#8221; column_padding_position=&#8221;all&#8221; background_color_opacity=&#8221;1&#8243; background_hover_color_opacity=&#8221;1&#8243; column_shadow=&#8221;none&#8221; column_border_radius=&#8221;none&#8221; column_link_target=&#8221;_self&#8221; gradient_direction=&#8221;left_to_right&#8221; overlay_strength=&#8221;0.3&#8243; width=&#8221;1\/2&#8243; tablet_width_inherit=&#8221;default&#8221; tablet_text_alignment=&#8221;default&#8221; phone_text_alignment=&#8221;default&#8221; column_border_width=&#8221;none&#8221; column_border_style=&#8221;solid&#8221; bg_image_animation=&#8221;none&#8221;][vc_column_text]\n<p style=\"text-align: justify;\"><span style=\"font-weight: 400;\">Dias 17 e 18\/12, \u00e0s 11h.<br \/>\nTransmiss\u00e3o online no Facebook e no YouTube do CachoeiraDoc.<br \/>\n<\/span><\/p>\n<p style=\"text-align: justify;\"><span style=\"font-weight: 400;\"><em>Desaguar em cinema: document\u00e1rio, mem\u00f3ria e a\u00e7\u00e3o com o CachoeiraDoc<\/em> re\u00fane um conjunto de reflex\u00f5es que emergiram nos dez anos de realiza\u00e7\u00e3o do festival, num registro memorial em di\u00e1logo com diversas \u00e1reas do conhecimento, como cinema, antropologia, educa\u00e7\u00e3o, pol\u00edtica, arte e cultura.\u00a0<\/span><\/p>\n<p style=\"text-align: justify;\"><span style=\"font-weight: 400;\">Convidamos alguns dos 17 autores que fazem parte do livro <\/span><span style=\"font-weight: 400;\">para falar um pouco sobre seu trabalho e as reflex\u00f5es no, com e do CachoeiraDoc.<\/span><\/p>\n<p style=\"text-align: justify;\">O livro poder\u00e1 ser adquirido a partir do dia 17 de dezembro, atrav\u00e9s da <a href=\"https:\/\/www.amazon.com.br\/Desaguar-cinema-document%C3%A1rio-mem%C3%B3ria-CachoeiraDoc\/dp\/6556300543\">Amazon<\/a>, <a href=\"https:\/\/www.estantevirtual.com.br\/editora-universitaria\/amaranta-c-fernanda-p-leonardo-costa-org--desaguar-em-cinema-documentario-memoria-e-acao-com-o-cachoeiradoc-2631035109?show_suggestion=0\">Estante Virtual<\/a> ou pelo contato de WhatsApp da EDUFBA: (71) 99732-6726. O valor \u00e9 R$ 45,00.<\/p>\n[\/vc_column_text][\/vc_column][\/vc_row][vc_row type=&#8221;in_container&#8221; full_screen_row_position=&#8221;middle&#8221; column_margin=&#8221;default&#8221; column_direction=&#8221;default&#8221; column_direction_tablet=&#8221;default&#8221; column_direction_phone=&#8221;default&#8221; scene_position=&#8221;center&#8221; text_color=&#8221;dark&#8221; text_align=&#8221;left&#8221; row_border_radius=&#8221;none&#8221; row_border_radius_applies=&#8221;bg&#8221; overlay_strength=&#8221;0.3&#8243; gradient_direction=&#8221;left_to_right&#8221; shape_divider_position=&#8221;bottom&#8221; bg_image_animation=&#8221;none&#8221;][vc_column column_padding=&#8221;no-extra-padding&#8221; column_padding_tablet=&#8221;inherit&#8221; column_padding_phone=&#8221;inherit&#8221; column_padding_position=&#8221;all&#8221; background_color_opacity=&#8221;1&#8243; background_hover_color_opacity=&#8221;1&#8243; column_shadow=&#8221;none&#8221; column_border_radius=&#8221;none&#8221; column_link_target=&#8221;_self&#8221; gradient_direction=&#8221;left_to_right&#8221; overlay_strength=&#8221;0.3&#8243; width=&#8221;1\/2&#8243; tablet_width_inherit=&#8221;default&#8221; tablet_text_alignment=&#8221;default&#8221; phone_text_alignment=&#8221;default&#8221; column_border_width=&#8221;none&#8221; column_border_style=&#8221;solid&#8221; bg_image_animation=&#8221;none&#8221;][toggles style=&#8221;default&#8221;][toggle color=&#8221;Default&#8221; title=&#8221;17\/12, 11h&#8221;][vc_column_text]\n<p style=\"text-align: justify;\"><strong>No dia 17, quinta-feira, \u00e0s 11h<\/strong>, participam do encontro Adriano Garrett, Izabel Melo e Maria Cardozo. Mediados por Leonardo Costa, cada um apresenta um pouco sobre os trabalhos de sua autoria. Enquanto o jornalista, cr\u00edtico e pesquisador de cinema, Adriano Garrett, escreveu sobre as particularidades do CachoeiraDoc no cen\u00e1rio de festivais brasileiros, Izabel Melo, que \u00e9 professora da UNEB e doutora em meios e processos audiovisuais (ECA\/USP), pensa sobre pontos de aproxima\u00e7\u00e3o entre os eventos Jornada de Cinema da Bahia e o CachoeiraDoc. J\u00e1 Maria Cardozo reflete sobre curadoria da perspectiva das mulheres. Ela \u00e9 idealizadora e diretora de programa\u00e7\u00e3o do Fincar \u2013 Festival Internacional de Cinema de Realizadoras.<\/p>\n[\/vc_column_text][\/toggle][\/toggles][\/vc_column][vc_column column_padding=&#8221;no-extra-padding&#8221; column_padding_tablet=&#8221;inherit&#8221; column_padding_phone=&#8221;inherit&#8221; column_padding_position=&#8221;all&#8221; background_color_opacity=&#8221;1&#8243; background_hover_color_opacity=&#8221;1&#8243; column_shadow=&#8221;none&#8221; column_border_radius=&#8221;none&#8221; column_link_target=&#8221;_self&#8221; gradient_direction=&#8221;left_to_right&#8221; overlay_strength=&#8221;0.3&#8243; width=&#8221;1\/2&#8243; tablet_width_inherit=&#8221;default&#8221; tablet_text_alignment=&#8221;default&#8221; phone_text_alignment=&#8221;default&#8221; column_border_width=&#8221;none&#8221; column_border_style=&#8221;solid&#8221; bg_image_animation=&#8221;none&#8221;][vc_video link=&#8221;https:\/\/youtu.be\/eqO8DSbt3iI&#8221;][\/vc_column][\/vc_row][vc_row type=&#8221;in_container&#8221; full_screen_row_position=&#8221;middle&#8221; column_margin=&#8221;default&#8221; column_direction=&#8221;default&#8221; column_direction_tablet=&#8221;default&#8221; column_direction_phone=&#8221;default&#8221; scene_position=&#8221;center&#8221; text_color=&#8221;dark&#8221; text_align=&#8221;left&#8221; row_border_radius=&#8221;none&#8221; row_border_radius_applies=&#8221;bg&#8221; overlay_strength=&#8221;0.3&#8243; gradient_direction=&#8221;left_to_right&#8221; shape_divider_position=&#8221;bottom&#8221; bg_image_animation=&#8221;none&#8221;][vc_column column_padding=&#8221;no-extra-padding&#8221; column_padding_tablet=&#8221;inherit&#8221; column_padding_phone=&#8221;inherit&#8221; column_padding_position=&#8221;all&#8221; background_color_opacity=&#8221;1&#8243; background_hover_color_opacity=&#8221;1&#8243; column_shadow=&#8221;none&#8221; column_border_radius=&#8221;none&#8221; column_link_target=&#8221;_self&#8221; gradient_direction=&#8221;left_to_right&#8221; overlay_strength=&#8221;0.3&#8243; width=&#8221;1\/2&#8243; tablet_width_inherit=&#8221;default&#8221; tablet_text_alignment=&#8221;default&#8221; phone_text_alignment=&#8221;default&#8221; column_border_width=&#8221;none&#8221; column_border_style=&#8221;solid&#8221; bg_image_animation=&#8221;none&#8221;][toggles style=&#8221;default&#8221;][toggle color=&#8221;Default&#8221; title=&#8221;18\/12, 11h&#8221;][vc_column_text]\n<p style=\"text-align: justify;\">O segundo encontro online ser\u00e1 no <strong>dia 18, sexta-feira, \u00e0s 11h<\/strong>, com a presen\u00e7a online de Osmundo Pinho e Ros\u00e2ngela de Tugny, com media\u00e7\u00e3o de Amaranta Cesar. O antrop\u00f3logo Osmundo Pinho comenta seu artigo \u201cBlack Border: o corpo e a luta no cinema negro\u201d, no qual coloca quest\u00f5es de natureza te\u00f3rica, pol\u00edtica e est\u00e9tica em di\u00e1logo com filmes exibidos no CachoeiraDoc em 2017, sobre as possibilidades da representa\u00e7\u00e3o do corpo negro, que n\u00e3o est\u00e1 apenas em luta, mas \u00e9 a conflu\u00eancia objetivada do concerto de massacres sem repara\u00e7\u00e3o. J\u00e1 Ros\u00e2ngela de Tugny, professora da Universidade Federal do Sul da Bahia (UFSB), falar\u00e1 sobre o texto escrito com Bernard Belis\u00e1rio: \u201cCantos, luto e resist\u00eancia Tikm\u0169\u2019\u0169n (Maxakali) no filme GRIN (2016)\u201d.<\/p>\n[\/vc_column_text][\/toggle][\/toggles][\/vc_column][vc_column column_padding=&#8221;no-extra-padding&#8221; column_padding_tablet=&#8221;inherit&#8221; column_padding_phone=&#8221;inherit&#8221; column_padding_position=&#8221;all&#8221; background_color_opacity=&#8221;1&#8243; background_hover_color_opacity=&#8221;1&#8243; column_shadow=&#8221;none&#8221; column_border_radius=&#8221;none&#8221; column_link_target=&#8221;_self&#8221; gradient_direction=&#8221;left_to_right&#8221; overlay_strength=&#8221;0.3&#8243; width=&#8221;1\/2&#8243; tablet_width_inherit=&#8221;default&#8221; tablet_text_alignment=&#8221;default&#8221; phone_text_alignment=&#8221;default&#8221; column_border_width=&#8221;none&#8221; column_border_style=&#8221;solid&#8221; bg_image_animation=&#8221;none&#8221;][vc_video link=&#8221;https:\/\/youtu.be\/A727jDpOcZo&#8221;][nectar_cta btn_style=&#8221;underline&#8221; heading_tag=&#8221;h5&#8243; button_color=&#8221;default&#8221; link_type=&#8221;regular&#8221; alignment=&#8221;right&#8221; display=&#8221;block&#8221; link_text=&#8221;Ciclo de Confer\u00eancias&#8221; url=&#8221;#Topo&#8221;][\/vc_column][\/vc_row]\n","protected":false},"excerpt":{"rendered":"<p>[vc_row type=&#8221;full_width_background&#8221; full_screen_row_position=&#8221;middle&#8221; column_margin=&#8221;default&#8221; equal_height=&#8221;yes&#8221; content_placement=&#8221;middle&#8221; column_direction=&#8221;default&#8221; column_direction_tablet=&#8221;default&#8221; column_direction_phone=&#8221;default&#8221; bg_color=&#8221;#ffffff&#8221; scene_position=&#8221;center&#8221; top_padding=&#8221;3%&#8221; bottom_padding=&#8221;3%&#8221; text_color=&#8221;dark&#8221; text_align=&#8221;left&#8221; row_border_radius=&#8221;none&#8221; row_border_radius_applies=&#8221;bg&#8221; color_overlay=&#8221;#ffffff&#8221; overlay_strength=&#8221;1&#8243; gradient_direction=&#8221;top_to_bottom&#8221; shape_divider_color=&#8221;#f4f4f4&#8243; shape_divider_position=&#8221;bottom&#8221; shape_divider_height=&#8221;40%&#8221; bg_image_animation=&#8221;none&#8221; shape_type=&#8221;curve_opacity&#8221;][vc_column&#8230;<\/p>\n","protected":false},"author":1,"featured_media":0,"parent":0,"menu_order":0,"comment_status":"closed","ping_status":"closed","template":"","meta":{"_monsterinsights_skip_tracking":false,"_monsterinsights_sitenote_active":false,"_monsterinsights_sitenote_note":"","_monsterinsights_sitenote_category":0},"_links":{"self":[{"href":"https:\/\/cachoeiradoc.com.br\/festival\/wp-json\/wp\/v2\/pages\/6230"}],"collection":[{"href":"https:\/\/cachoeiradoc.com.br\/festival\/wp-json\/wp\/v2\/pages"}],"about":[{"href":"https:\/\/cachoeiradoc.com.br\/festival\/wp-json\/wp\/v2\/types\/page"}],"author":[{"embeddable":true,"href":"https:\/\/cachoeiradoc.com.br\/festival\/wp-json\/wp\/v2\/users\/1"}],"replies":[{"embeddable":true,"href":"https:\/\/cachoeiradoc.com.br\/festival\/wp-json\/wp\/v2\/comments?post=6230"}],"version-history":[{"count":62,"href":"https:\/\/cachoeiradoc.com.br\/festival\/wp-json\/wp\/v2\/pages\/6230\/revisions"}],"predecessor-version":[{"id":7560,"href":"https:\/\/cachoeiradoc.com.br\/festival\/wp-json\/wp\/v2\/pages\/6230\/revisions\/7560"}],"wp:attachment":[{"href":"https:\/\/cachoeiradoc.com.br\/festival\/wp-json\/wp\/v2\/media?parent=6230"}],"curies":[{"name":"wp","href":"https:\/\/api.w.org\/{rel}","templated":true}]}}