{"id":6078,"date":"2020-10-25T17:50:14","date_gmt":"2020-10-25T20:50:14","guid":{"rendered":"http:\/\/cachoeiradoc.com.br\/festival\/?page_id=6078"},"modified":"2020-12-06T20:31:02","modified_gmt":"2020-12-06T23:31:02","slug":"programa1","status":"publish","type":"page","link":"https:\/\/cachoeiradoc.com.br\/festival\/mostra-de-documentarios-brasileiros\/programa1\/","title":{"rendered":"Programa 1"},"content":{"rendered":"[vc_row type=&#8221;in_container&#8221; full_screen_row_position=&#8221;middle&#8221; column_margin=&#8221;default&#8221; column_direction=&#8221;default&#8221; column_direction_tablet=&#8221;default&#8221; column_direction_phone=&#8221;default&#8221; scene_position=&#8221;center&#8221; text_color=&#8221;dark&#8221; text_align=&#8221;left&#8221; row_border_radius=&#8221;none&#8221; row_border_radius_applies=&#8221;bg&#8221; overlay_strength=&#8221;0.3&#8243; gradient_direction=&#8221;left_to_right&#8221; shape_divider_position=&#8221;bottom&#8221; bg_image_animation=&#8221;none&#8221; shape_type=&#8221;&#8221;][vc_column column_padding=&#8221;no-extra-padding&#8221; column_padding_tablet=&#8221;inherit&#8221; column_padding_phone=&#8221;inherit&#8221; column_padding_position=&#8221;all&#8221; background_color_opacity=&#8221;1&#8243; background_hover_color_opacity=&#8221;1&#8243; column_shadow=&#8221;none&#8221; column_border_radius=&#8221;none&#8221; column_link_target=&#8221;_self&#8221; gradient_direction=&#8221;left_to_right&#8221; overlay_strength=&#8221;0.3&#8243; width=&#8221;1\/1&#8243; tablet_width_inherit=&#8221;default&#8221; tablet_text_alignment=&#8221;default&#8221; phone_text_alignment=&#8221;default&#8221; column_border_width=&#8221;none&#8221; column_border_style=&#8221;solid&#8221; bg_image_animation=&#8221;none&#8221;][vc_column_text]\n<h2>\u201cN\u00f3s nunca nascemos, n\u00f3s nunca morremos. N\u00f3s transicionamos\u201d<a href=\"#*\">*<\/a><\/h2>\n[\/vc_column_text][vc_column_text]\n<p style=\"text-align: right;\"><em>por Evelyn Sacramento, K\u00eania Freitas e Ramayana Lira<\/em><\/p>\n[\/vc_column_text][vc_column_text]<span style=\"font-weight: 400;\">Os filmes aqui elencados tensionam, de forma interligada, passado e futuro, o vis\u00edvel e o invis\u00edvel, presen\u00e7as e aus\u00eancias. S\u00e3o obras que ressaltam rela\u00e7\u00f5es \u00edntimas e familiares sem, contudo, apostar na teleologia da linhagem natural; pelo contr\u00e1rio, figuram desalinhamentos e realinhamentos, seja atrav\u00e9s de cortes abruptos nas rela\u00e7\u00f5es, de maneira que o tecido do filme se torna ao mesmo tempo invoca\u00e7\u00e3o de uma aus\u00eancia e a presentifica\u00e7\u00e3o de uma falta, seja atrav\u00e9s da cria\u00e7\u00e3o de novos fios de rela\u00e7\u00e3o, que inventam caminhos de aproxima\u00e7\u00e3o entre geografias e hist\u00f3rias distantes e refundam la\u00e7os de parentesco e de perten\u00e7a cultural.\u00a0<\/span>[\/vc_column_text][vc_column_text]\n<h3>Sess\u00e3o 1 &#8211; \u201cO Destino da Semente da Terra \u00e9 criar ra\u00edzes entre as estrelas\u201d<a href=\"#*\">**<\/a><\/h3>\n[\/vc_column_text][vc_column_text]<span style=\"font-weight: 400;\">Assim, ao enredarmos <\/span><i><span style=\"font-weight: 400;\">(Outros) Fundamentos <\/span><\/i><span style=\"font-weight: 400;\">(Aline Motta)<\/span><span style=\"font-weight: 400;\">, <\/span><i><span style=\"font-weight: 400;\">Irun Or\u00ed <\/span><\/i><span style=\"font-weight: 400;\">(Juh Almeida)<\/span><span style=\"font-weight: 400;\"> e <\/span><i><span style=\"font-weight: 400;\">O Mundo Preto Tem Mais Vida <\/span><\/i><span style=\"font-weight: 400;\">(Sabrina Duran)<\/span><span style=\"font-weight: 400;\">, procuramos ativar os encontros da mem\u00f3ria e da hist\u00f3ria atualizados no presente que resiste em ceder ao trauma, \u00e0 autoridade sobre a vida. Fica escuro, tamb\u00e9m, nessa fric\u00e7\u00e3o entre as obras, que as hist\u00f3rias est\u00e3o enraizadas em geografias m\u00f3veis, apoiando-se na pot\u00eancia do corte cinematogr\u00e1fico para justapor espa\u00e7os que remontam um mosaico de exist\u00eancias e resist\u00eancias negras. <\/span><i><span style=\"font-weight: 400;\">(Outros) Fundamentos <\/span><\/i><span style=\"font-weight: 400;\">e <\/span><i><span style=\"font-weight: 400;\">Irun Or\u00ed <\/span><\/i><span style=\"font-weight: 400;\">materializam essas passagens transatl\u00e2nticas, realizando uma dobra no espa\u00e7o que liga indissociavelmente as hist\u00f3rias e os presentes do Brasil e \u00c1frica. Em <\/span><i><span style=\"font-weight: 400;\">O Mundo Preto Tem Mais Vida <\/span><\/i><span style=\"font-weight: 400;\">a travessia \u00e9 tamb\u00e9m entre vida e morte, morte preta e morte branca. Abrindo-se enfim como um filme-portal Guin\u00e9-Bissau\/Cabo Verde-Brasil, vida na morte versus morte em vida.<\/span>[\/vc_column_text]\t\t\t\t\r\n\t\t\t\t\r\n\t\t\t\t\r\n\t\t\t\t<div class=\"portfolio-wrap \">\r\n\t\t\t\t\t\r\n\t\t\t\t\t\t\t\t\t\t\r\n\t\t\t\t\t<span class=\"portfolio-loading  none\">   <\/span>\r\n\t\t\t\t\t\r\n\t\t\t\t\t\t\t\t\t\t\r\n\t\t\t\t\t<div class=\"row portfolio-items no-masonry  \" data-rcp=\"false\" data-masonry-type=\"default\" data-ps=\"1\" data-starting-filter=\"\" data-gutter=\"default\" data-categories-to-show=\"o-destino-da-semente-da-terra-e-criar-raizes-entre-as-estrelas\" data-bypass-cropping=\"\" data-lightbox-only=\"0\" data-col-num=\"cols-4\">\r\n\t\t\t\t\t\t\t\t\t\t\t\t\r\n\t\t\t\t\t\t\t\t\t\t\t\t\r\n\t\t\t\t\t\t<div class=\"col span_3  element nos-nunca-nascemos-nos-nunca-morremos-nos-transicionamos o-destino-da-semente-da-terra-e-criar-raizes-entre-as-estrelas \"  data-project-cat=\"nos-nunca-nascemos-nos-nunca-morremos-nos-transicionamos o-destino-da-semente-da-terra-e-criar-raizes-entre-as-estrelas \" data-default-color=\"true\" data-title-color=\"\" data-subtitle-color=\"\">\r\n\t\t\t\t\t\t\t\r\n\t\t\t\t\t\t\t<div class=\"inner-wrap animated\" data-animation=\"none\">\r\n\t\t\t\t\t\t\t\t\r\n\t\t\t\t\t\t\t\t\t\t\t\t\t\t\t\t\t\r\n\t\t\t\t\t\t\t\t\t<div class=\"work-item style-1\" data-custom-content=\"off\">\r\n\t\t\t\t\t\t\t\t\t\t\r\n\t\t\t\t\t\t\t\t\t\t<img class=\"size- skip-lazy\" src=\"https:\/\/cachoeiradoc.com.br\/festival\/wp-content\/uploads\/2020\/12\/Outros-Fundamentos-02-600x403.jpg\" alt=\"\" height=\"403\" width=\"600\" srcset=\"https:\/\/cachoeiradoc.com.br\/festival\/wp-content\/uploads\/2020\/12\/Outros-Fundamentos-02-900x604.jpg 900w, https:\/\/cachoeiradoc.com.br\/festival\/wp-content\/uploads\/2020\/12\/Outros-Fundamentos-02-600x403.jpg 600w, https:\/\/cachoeiradoc.com.br\/festival\/wp-content\/uploads\/2020\/12\/Outros-Fundamentos-02-400x269.jpg 400w\" sizes=\"(min-width: 1000px) 25vw, (min-width: 690px) 50vw, 100vw\" \/>\t\t\t\t\t\t\t\t\t\t\r\n\t\t\t\t\t\t\t\t\t\t<div class=\"work-info-bg\"><\/div>\r\n\t\t\t\t\t\t\t\t\t\t<div class=\"work-info\"> \r\n\t\t\t\t\t\t\t\t\t\t\t\r\n\t\t\t\t\t\t\t\t\t\t\t\t\t\t\t\t\t\t\t\t\t\t\t\r\n\t\t\t\t\t\t\t\t\t\t\t\t<div class=\"vert-center\">\r\n\t\t\t\t\t\t\t\t\t\t\t\t\t<a href=\"https:\/\/cachoeiradoc.com.br\/festival\/wp-content\/uploads\/2020\/12\/Outros-Fundamentos-02-scaled.jpg\" class=\"pretty_photo default-link\">Ampliar imagem<\/a> <a class=\"default-link\" href=\"https:\/\/cachoeiradoc.com.br\/festival\/filmes\/outros-fundamentos\/\">Informa\u00e7\u00f5es<\/a>\t\t\t\t\t\t\t\t\t\t\t\t\t\r\n\t\t\t\t\t\t\t\t\t\t\t\t<\/div><!--\/vert-center-->\r\n\t\t\t\t\t\t\t\t\t\t\t<\/div>\r\n\t\t\t\t\t\t\t\t\t\t<\/div><!--\/work-item-->\r\n\t\t\t\t\t\t\t\t\t\t\r\n\t\t\t\t\t\t\t\t\t\t<div class=\"work-meta\">\r\n\t\t\t\t\t\t\t\t\t\t\t<h4 class=\"title\">(Outros) Fundamentos (S\u00e3o Paulo, 2019, 15 min.), de Aline Motta<\/h4>\r\n\t\t\t\t\t\t\t\t\t\t\t\r\n\t\t\t\t\t\t\t\t\t\t\t\t\t\t\t\t\t\t\t\t\t\t\r\n\t\t\t\t\t\t\t\t\t\t<\/div>\r\n\t\t\t\t\t\t\t\t\t\t<div class=\"nectar-love-wrap\">\r\n\t\t\t\t\t\t\t\t\t\t\t\t\t\t\t\t\t\t\t\t\t<\/div><!--\/nectar-love-wrap-->\t\r\n\t\t\t\t\t\t\t\t\t\t\r\n\t\t\t\t\t\t\t\t\t\t\t\t\t\t\t\t\t\r\n\t\t\t\t\t\t\t\t\r\n\t\t\t\t\t\t\t<\/div><!--\/inner-wrap-->\r\n\t\t\t\t\t\t<\/div><!--\/col-->\r\n\t\t\t\t\t\t\r\n\t\t\t\t\t\t\t\t\t\t\t\r\n\t\t\t\t\t\t\t\t\t\t\t\t\r\n\t\t\t\t\t\t<div class=\"col span_3  element nos-nunca-nascemos-nos-nunca-morremos-nos-transicionamos o-destino-da-semente-da-terra-e-criar-raizes-entre-as-estrelas \"  data-project-cat=\"nos-nunca-nascemos-nos-nunca-morremos-nos-transicionamos o-destino-da-semente-da-terra-e-criar-raizes-entre-as-estrelas \" data-default-color=\"true\" data-title-color=\"\" data-subtitle-color=\"\">\r\n\t\t\t\t\t\t\t\r\n\t\t\t\t\t\t\t<div class=\"inner-wrap animated\" data-animation=\"none\">\r\n\t\t\t\t\t\t\t\t\r\n\t\t\t\t\t\t\t\t\t\t\t\t\t\t\t\t\t\r\n\t\t\t\t\t\t\t\t\t<div class=\"work-item style-1\" data-custom-content=\"off\">\r\n\t\t\t\t\t\t\t\t\t\t\r\n\t\t\t\t\t\t\t\t\t\t<img class=\"size- skip-lazy\" src=\"https:\/\/cachoeiradoc.com.br\/festival\/wp-content\/uploads\/2020\/11\/Irun-Ori-02-600x403.jpg\" alt=\"\" height=\"403\" width=\"600\" srcset=\"https:\/\/cachoeiradoc.com.br\/festival\/wp-content\/uploads\/2020\/11\/Irun-Ori-02-900x604.jpg 900w, https:\/\/cachoeiradoc.com.br\/festival\/wp-content\/uploads\/2020\/11\/Irun-Ori-02-600x403.jpg 600w, https:\/\/cachoeiradoc.com.br\/festival\/wp-content\/uploads\/2020\/11\/Irun-Ori-02-400x269.jpg 400w\" sizes=\"(min-width: 1000px) 25vw, (min-width: 690px) 50vw, 100vw\" \/>\t\t\t\t\t\t\t\t\t\t\r\n\t\t\t\t\t\t\t\t\t\t<div class=\"work-info-bg\"><\/div>\r\n\t\t\t\t\t\t\t\t\t\t<div class=\"work-info\"> \r\n\t\t\t\t\t\t\t\t\t\t\t\r\n\t\t\t\t\t\t\t\t\t\t\t\t\t\t\t\t\t\t\t\t\t\t\t\r\n\t\t\t\t\t\t\t\t\t\t\t\t<div class=\"vert-center\">\r\n\t\t\t\t\t\t\t\t\t\t\t\t\t<a href=\"https:\/\/cachoeiradoc.com.br\/festival\/wp-content\/uploads\/2020\/11\/Irun-Ori-02-scaled.jpg\" class=\"pretty_photo default-link\">Ampliar imagem<\/a> <a class=\"default-link\" href=\"https:\/\/cachoeiradoc.com.br\/festival\/filmes\/irun-ori\/\">Informa\u00e7\u00f5es<\/a>\t\t\t\t\t\t\t\t\t\t\t\t\t\r\n\t\t\t\t\t\t\t\t\t\t\t\t<\/div><!--\/vert-center-->\r\n\t\t\t\t\t\t\t\t\t\t\t<\/div>\r\n\t\t\t\t\t\t\t\t\t\t<\/div><!--\/work-item-->\r\n\t\t\t\t\t\t\t\t\t\t\r\n\t\t\t\t\t\t\t\t\t\t<div class=\"work-meta\">\r\n\t\t\t\t\t\t\t\t\t\t\t<h4 class=\"title\">Irun Or\u00ed (Bahia, 2020, 8 min.), de Juh Almeida<\/h4>\r\n\t\t\t\t\t\t\t\t\t\t\t\r\n\t\t\t\t\t\t\t\t\t\t\t\t\t\t\t\t\t\t\t\t\t\t\r\n\t\t\t\t\t\t\t\t\t\t<\/div>\r\n\t\t\t\t\t\t\t\t\t\t<div class=\"nectar-love-wrap\">\r\n\t\t\t\t\t\t\t\t\t\t\t\t\t\t\t\t\t\t\t\t\t<\/div><!--\/nectar-love-wrap-->\t\r\n\t\t\t\t\t\t\t\t\t\t\r\n\t\t\t\t\t\t\t\t\t\t\t\t\t\t\t\t\t\r\n\t\t\t\t\t\t\t\t\r\n\t\t\t\t\t\t\t<\/div><!--\/inner-wrap-->\r\n\t\t\t\t\t\t<\/div><!--\/col-->\r\n\t\t\t\t\t\t\r\n\t\t\t\t\t\t\t\t\t\t\t\r\n\t\t\t\t\t\t\t\t\t\t\t\t\r\n\t\t\t\t\t\t<div class=\"col span_3  element nos-nunca-nascemos-nos-nunca-morremos-nos-transicionamos o-destino-da-semente-da-terra-e-criar-raizes-entre-as-estrelas \"  data-project-cat=\"nos-nunca-nascemos-nos-nunca-morremos-nos-transicionamos o-destino-da-semente-da-terra-e-criar-raizes-entre-as-estrelas \" data-default-color=\"true\" data-title-color=\"\" data-subtitle-color=\"\">\r\n\t\t\t\t\t\t\t\r\n\t\t\t\t\t\t\t<div class=\"inner-wrap animated\" data-animation=\"none\">\r\n\t\t\t\t\t\t\t\t\r\n\t\t\t\t\t\t\t\t\t\t\t\t\t\t\t\t\t\r\n\t\t\t\t\t\t\t\t\t<div class=\"work-item style-1\" data-custom-content=\"off\">\r\n\t\t\t\t\t\t\t\t\t\t\r\n\t\t\t\t\t\t\t\t\t\t<img class=\"size- skip-lazy\" src=\"https:\/\/cachoeiradoc.com.br\/festival\/wp-content\/uploads\/2020\/12\/O-mundo-preto-tem-mais-vida-02-credito-Andressa-Zumpano-600x403.jpg\" alt=\"\" height=\"403\" width=\"600\" srcset=\"https:\/\/cachoeiradoc.com.br\/festival\/wp-content\/uploads\/2020\/12\/O-mundo-preto-tem-mais-vida-02-credito-Andressa-Zumpano-900x604.jpg 900w, https:\/\/cachoeiradoc.com.br\/festival\/wp-content\/uploads\/2020\/12\/O-mundo-preto-tem-mais-vida-02-credito-Andressa-Zumpano-600x403.jpg 600w, https:\/\/cachoeiradoc.com.br\/festival\/wp-content\/uploads\/2020\/12\/O-mundo-preto-tem-mais-vida-02-credito-Andressa-Zumpano-400x269.jpg 400w\" sizes=\"(min-width: 1000px) 25vw, (min-width: 690px) 50vw, 100vw\" \/>\t\t\t\t\t\t\t\t\t\t\r\n\t\t\t\t\t\t\t\t\t\t<div class=\"work-info-bg\"><\/div>\r\n\t\t\t\t\t\t\t\t\t\t<div class=\"work-info\"> \r\n\t\t\t\t\t\t\t\t\t\t\t\r\n\t\t\t\t\t\t\t\t\t\t\t\t\t\t\t\t\t\t\t\t\t\t\t\r\n\t\t\t\t\t\t\t\t\t\t\t\t<div class=\"vert-center\">\r\n\t\t\t\t\t\t\t\t\t\t\t\t\t<a href=\"https:\/\/cachoeiradoc.com.br\/festival\/wp-content\/uploads\/2020\/12\/O-mundo-preto-tem-mais-vida-02-credito-Andressa-Zumpano-scaled.jpg\" class=\"pretty_photo default-link\">Ampliar imagem<\/a> <a class=\"default-link\" href=\"https:\/\/cachoeiradoc.com.br\/festival\/filmes\/o-mundo-preto-tem-mais-vida\/\">Informa\u00e7\u00f5es<\/a>\t\t\t\t\t\t\t\t\t\t\t\t\t\r\n\t\t\t\t\t\t\t\t\t\t\t\t<\/div><!--\/vert-center-->\r\n\t\t\t\t\t\t\t\t\t\t\t<\/div>\r\n\t\t\t\t\t\t\t\t\t\t<\/div><!--\/work-item-->\r\n\t\t\t\t\t\t\t\t\t\t\r\n\t\t\t\t\t\t\t\t\t\t<div class=\"work-meta\">\r\n\t\t\t\t\t\t\t\t\t\t\t<h4 class=\"title\">O Mundo Preto tem Mais Vida (Maranh\u00e3o, 2018, 37 min.), de Sabrina Duran<\/h4>\r\n\t\t\t\t\t\t\t\t\t\t\t\r\n\t\t\t\t\t\t\t\t\t\t\t\t\t\t\t\t\t\t\t\t\t\t\r\n\t\t\t\t\t\t\t\t\t\t<\/div>\r\n\t\t\t\t\t\t\t\t\t\t<div class=\"nectar-love-wrap\">\r\n\t\t\t\t\t\t\t\t\t\t\t\t\t\t\t\t\t\t\t\t\t<\/div><!--\/nectar-love-wrap-->\t\r\n\t\t\t\t\t\t\t\t\t\t\r\n\t\t\t\t\t\t\t\t\t\t\t\t\t\t\t\t\t\r\n\t\t\t\t\t\t\t\t\r\n\t\t\t\t\t\t\t<\/div><!--\/inner-wrap-->\r\n\t\t\t\t\t\t<\/div><!--\/col-->\r\n\t\t\t\t\t\t\r\n\t\t\t\t\t\t\t\t\t\t\r\n\t\t\t\t<\/div><!--\/portfolio-->\r\n\t\t\t<\/div><!--\/portfolio wrap-->\r\n\t\t\t\r\n\t\t\t[vc_column_text]\n<h5>Dispon\u00edveis online entre 05 e 11\/12 e 19 e 20\/12.<\/h5>\n[\/vc_column_text][divider line_type=&#8221;Full Width Line&#8221; line_thickness=&#8221;1&#8243; divider_color=&#8221;default&#8221;][vc_column_text]\n<h3>Sess\u00e3o 2 &#8211; \u201cQuando o invis\u00edvel se torna vis\u00edvel o olho demora a acostumar\u201d<a href=\"#*\">***<\/a><\/h3>\n[\/vc_column_text][vc_column_text]<i><span style=\"font-weight: 400;\">Sair do Arm\u00e1rio <\/span><\/i><span style=\"font-weight: 400;\">(Marina Pontes)<\/span><span style=\"font-weight: 400;\">, <\/span><i><span style=\"font-weight: 400;\">Sob a sombra da palmeira <\/span><\/i><span style=\"font-weight: 400;\">(Tomyo Costa Ito)<\/span><span style=\"font-weight: 400;\">, <\/span><i><span style=\"font-weight: 400;\">Not\u00edcias de S\u00e3o Paulo <\/span><\/i><span style=\"font-weight: 400;\">(Priscila Nascimento)<\/span><span style=\"font-weight: 400;\"> e <\/span><i><span style=\"font-weight: 400;\">Michele de Michele Mesma: Narrativas de uma Mulher Sertaneja <\/span><\/i><span style=\"font-weight: 400;\">(Michele Menezes)<\/span><span style=\"font-weight: 400;\"> fazem do jogo entre imagem e voz uma conjura\u00e7\u00e3o de aus\u00eancias, traduzidas pelos di\u00e1logos, depoimentos e narra\u00e7\u00f5es como o invis\u00edvel da imagem. <\/span><i><span style=\"font-weight: 400;\">Sair do Arm\u00e1rio<\/span><\/i><span style=\"font-weight: 400;\"> tem um projeto radicalmente fincado no invis\u00edvel ao nos negar a imagem de uma di\u00e1logo entre m\u00e3e e filha, restando-nos as legendas que reiteram a for\u00e7a dram\u00e1tica do momento de sa\u00edda de arm\u00e1rio da jovem. <\/span><i><span style=\"font-weight: 400;\">Sob a sombra da palmeira <\/span><\/i><span style=\"font-weight: 400;\">e <\/span><i><span style=\"font-weight: 400;\">Not\u00edcias de S\u00e3o Paulo <\/span><\/i><span style=\"font-weight: 400;\">nos levam ao limiar das desapari\u00e7\u00f5es, perman\u00eancias e reinven\u00e7\u00f5es no poema e nas imagens. Ficamos assim com os muito \u00e2ngulos de uma palmeira (e a sua sombra) que n\u00e3o cessam de crescer e multiplicar, enquanto tudo ao redor se vai: floresta, mangueiras, planta\u00e7\u00e3o de l\u00f3tus, pai\u2026 Figura paterna que tamb\u00e9m assombra com as suas not\u00edcias de S\u00e3o Paulo, junto com as fotos de fam\u00edlia que \u201ctinham mas acabaram\u201d, ao passo que o filme se investe em criar novos registros, retratos matriarcais de cotidiano e vida. Invent\u00e1rio de imagens familiares que Michele percorre e se despede: a chuva que fala, \u201ca boniteza de dizer pedra de outro jeito\u201d, a casa que vira arquibancada com a televis\u00e3o. Por suas imagens-palavras o filme nos conduz \u00e0 um \u201cat\u00e9 logo\u201d, com medo e liberdade para se tornar de si mesma.<\/span>[\/vc_column_text]\t\t\t\t\r\n\t\t\t\t\r\n\t\t\t\t\r\n\t\t\t\t<div class=\"portfolio-wrap \">\r\n\t\t\t\t\t\r\n\t\t\t\t\t\t\t\t\t\t\r\n\t\t\t\t\t<span class=\"portfolio-loading  none\">   <\/span>\r\n\t\t\t\t\t\r\n\t\t\t\t\t\t\t\t\t\t\r\n\t\t\t\t\t<div class=\"row portfolio-items no-masonry  \" data-rcp=\"false\" data-masonry-type=\"default\" data-ps=\"1\" data-starting-filter=\"\" data-gutter=\"default\" data-categories-to-show=\"quando-o-invisivel-se-torna-visivel-o-olho-demora-a-acostumar\" data-bypass-cropping=\"\" data-lightbox-only=\"0\" data-col-num=\"cols-4\">\r\n\t\t\t\t\t\t\t\t\t\t\t\t\r\n\t\t\t\t\t\t\t\t\t\t\t\t\r\n\t\t\t\t\t\t<div class=\"col span_3  element nos-nunca-nascemos-nos-nunca-morremos-nos-transicionamos quando-o-invisivel-se-torna-visivel-o-olho-demora-a-acostumar \"  data-project-cat=\"nos-nunca-nascemos-nos-nunca-morremos-nos-transicionamos quando-o-invisivel-se-torna-visivel-o-olho-demora-a-acostumar \" data-default-color=\"true\" data-title-color=\"\" data-subtitle-color=\"\">\r\n\t\t\t\t\t\t\t\r\n\t\t\t\t\t\t\t<div class=\"inner-wrap animated\" data-animation=\"none\">\r\n\t\t\t\t\t\t\t\t\r\n\t\t\t\t\t\t\t\t\t\t\t\t\t\t\t\t\t\r\n\t\t\t\t\t\t\t\t\t<div class=\"work-item style-1\" data-custom-content=\"off\">\r\n\t\t\t\t\t\t\t\t\t\t\r\n\t\t\t\t\t\t\t\t\t\t<img class=\"size- skip-lazy\" src=\"https:\/\/cachoeiradoc.com.br\/festival\/wp-content\/uploads\/2020\/12\/Sair-do-armario-01-600x403.jpg\" alt=\"\" height=\"403\" width=\"600\" srcset=\"https:\/\/cachoeiradoc.com.br\/festival\/wp-content\/uploads\/2020\/12\/Sair-do-armario-01-900x604.jpg 900w, https:\/\/cachoeiradoc.com.br\/festival\/wp-content\/uploads\/2020\/12\/Sair-do-armario-01-600x403.jpg 600w, https:\/\/cachoeiradoc.com.br\/festival\/wp-content\/uploads\/2020\/12\/Sair-do-armario-01-400x269.jpg 400w\" sizes=\"(min-width: 1000px) 25vw, (min-width: 690px) 50vw, 100vw\" \/>\t\t\t\t\t\t\t\t\t\t\r\n\t\t\t\t\t\t\t\t\t\t<div class=\"work-info-bg\"><\/div>\r\n\t\t\t\t\t\t\t\t\t\t<div class=\"work-info\"> \r\n\t\t\t\t\t\t\t\t\t\t\t\r\n\t\t\t\t\t\t\t\t\t\t\t\t\t\t\t\t\t\t\t\t\t\t\t\r\n\t\t\t\t\t\t\t\t\t\t\t\t<div class=\"vert-center\">\r\n\t\t\t\t\t\t\t\t\t\t\t\t\t<a href=\"https:\/\/cachoeiradoc.com.br\/festival\/wp-content\/uploads\/2020\/12\/Sair-do-armario-01.jpg\" class=\"pretty_photo default-link\">Ampliar imagem<\/a> <a class=\"default-link\" href=\"https:\/\/cachoeiradoc.com.br\/festival\/filmes\/sair-do-armario\/\">Informa\u00e7\u00f5es<\/a>\t\t\t\t\t\t\t\t\t\t\t\t\t\r\n\t\t\t\t\t\t\t\t\t\t\t\t<\/div><!--\/vert-center-->\r\n\t\t\t\t\t\t\t\t\t\t\t<\/div>\r\n\t\t\t\t\t\t\t\t\t\t<\/div><!--\/work-item-->\r\n\t\t\t\t\t\t\t\t\t\t\r\n\t\t\t\t\t\t\t\t\t\t<div class=\"work-meta\">\r\n\t\t\t\t\t\t\t\t\t\t\t<h4 class=\"title\">Sair do Arm\u00e1rio (Bahia, 2018, 3 min.), de Marina Pontes<\/h4>\r\n\t\t\t\t\t\t\t\t\t\t\t\r\n\t\t\t\t\t\t\t\t\t\t\t\t\t\t\t\t\t\t\t\t\t\t\r\n\t\t\t\t\t\t\t\t\t\t<\/div>\r\n\t\t\t\t\t\t\t\t\t\t<div class=\"nectar-love-wrap\">\r\n\t\t\t\t\t\t\t\t\t\t\t\t\t\t\t\t\t\t\t\t\t<\/div><!--\/nectar-love-wrap-->\t\r\n\t\t\t\t\t\t\t\t\t\t\r\n\t\t\t\t\t\t\t\t\t\t\t\t\t\t\t\t\t\r\n\t\t\t\t\t\t\t\t\r\n\t\t\t\t\t\t\t<\/div><!--\/inner-wrap-->\r\n\t\t\t\t\t\t<\/div><!--\/col-->\r\n\t\t\t\t\t\t\r\n\t\t\t\t\t\t\t\t\t\t\t\r\n\t\t\t\t\t\t\t\t\t\t\t\t\r\n\t\t\t\t\t\t<div class=\"col span_3  element nos-nunca-nascemos-nos-nunca-morremos-nos-transicionamos quando-o-invisivel-se-torna-visivel-o-olho-demora-a-acostumar \"  data-project-cat=\"nos-nunca-nascemos-nos-nunca-morremos-nos-transicionamos quando-o-invisivel-se-torna-visivel-o-olho-demora-a-acostumar \" data-default-color=\"true\" data-title-color=\"\" data-subtitle-color=\"\">\r\n\t\t\t\t\t\t\t\r\n\t\t\t\t\t\t\t<div class=\"inner-wrap animated\" data-animation=\"none\">\r\n\t\t\t\t\t\t\t\t\r\n\t\t\t\t\t\t\t\t\t\t\t\t\t\t\t\t\t\r\n\t\t\t\t\t\t\t\t\t<div class=\"work-item style-1\" data-custom-content=\"off\">\r\n\t\t\t\t\t\t\t\t\t\t\r\n\t\t\t\t\t\t\t\t\t\t<img class=\"size- skip-lazy\" src=\"https:\/\/cachoeiradoc.com.br\/festival\/wp-content\/uploads\/2020\/11\/Sob-a-sombra-da-palmeira-01-600x403.jpg\" alt=\"\" height=\"403\" width=\"600\" srcset=\"https:\/\/cachoeiradoc.com.br\/festival\/wp-content\/uploads\/2020\/11\/Sob-a-sombra-da-palmeira-01-900x604.jpg 900w, https:\/\/cachoeiradoc.com.br\/festival\/wp-content\/uploads\/2020\/11\/Sob-a-sombra-da-palmeira-01-600x403.jpg 600w, https:\/\/cachoeiradoc.com.br\/festival\/wp-content\/uploads\/2020\/11\/Sob-a-sombra-da-palmeira-01-400x269.jpg 400w\" sizes=\"(min-width: 1000px) 25vw, (min-width: 690px) 50vw, 100vw\" \/>\t\t\t\t\t\t\t\t\t\t\r\n\t\t\t\t\t\t\t\t\t\t<div class=\"work-info-bg\"><\/div>\r\n\t\t\t\t\t\t\t\t\t\t<div class=\"work-info\"> \r\n\t\t\t\t\t\t\t\t\t\t\t\r\n\t\t\t\t\t\t\t\t\t\t\t\t\t\t\t\t\t\t\t\t\t\t\t\r\n\t\t\t\t\t\t\t\t\t\t\t\t<div class=\"vert-center\">\r\n\t\t\t\t\t\t\t\t\t\t\t\t\t<a href=\"https:\/\/cachoeiradoc.com.br\/festival\/wp-content\/uploads\/2020\/11\/Sob-a-sombra-da-palmeira-01-scaled.jpg\" class=\"pretty_photo default-link\">Ampliar imagem<\/a> <a class=\"default-link\" href=\"https:\/\/cachoeiradoc.com.br\/festival\/filmes\/sob-a-sombra-da-palmeira\/\">Informa\u00e7\u00f5es<\/a>\t\t\t\t\t\t\t\t\t\t\t\t\t\r\n\t\t\t\t\t\t\t\t\t\t\t\t<\/div><!--\/vert-center-->\r\n\t\t\t\t\t\t\t\t\t\t\t<\/div>\r\n\t\t\t\t\t\t\t\t\t\t<\/div><!--\/work-item-->\r\n\t\t\t\t\t\t\t\t\t\t\r\n\t\t\t\t\t\t\t\t\t\t<div class=\"work-meta\">\r\n\t\t\t\t\t\t\t\t\t\t\t<h4 class=\"title\">Sob a sombra da palmeira (Minas Gerais, 2020, 17 min.), de Tomyo Costa Ito<\/h4>\r\n\t\t\t\t\t\t\t\t\t\t\t\r\n\t\t\t\t\t\t\t\t\t\t\t\t\t\t\t\t\t\t\t\t\t\t\r\n\t\t\t\t\t\t\t\t\t\t<\/div>\r\n\t\t\t\t\t\t\t\t\t\t<div class=\"nectar-love-wrap\">\r\n\t\t\t\t\t\t\t\t\t\t\t\t\t\t\t\t\t\t\t\t\t<\/div><!--\/nectar-love-wrap-->\t\r\n\t\t\t\t\t\t\t\t\t\t\r\n\t\t\t\t\t\t\t\t\t\t\t\t\t\t\t\t\t\r\n\t\t\t\t\t\t\t\t\r\n\t\t\t\t\t\t\t<\/div><!--\/inner-wrap-->\r\n\t\t\t\t\t\t<\/div><!--\/col-->\r\n\t\t\t\t\t\t\r\n\t\t\t\t\t\t\t\t\t\t\t\r\n\t\t\t\t\t\t\t\t\t\t\t\t\r\n\t\t\t\t\t\t<div class=\"col span_3  element nos-nunca-nascemos-nos-nunca-morremos-nos-transicionamos quando-o-invisivel-se-torna-visivel-o-olho-demora-a-acostumar \"  data-project-cat=\"nos-nunca-nascemos-nos-nunca-morremos-nos-transicionamos quando-o-invisivel-se-torna-visivel-o-olho-demora-a-acostumar \" data-default-color=\"true\" data-title-color=\"\" data-subtitle-color=\"\">\r\n\t\t\t\t\t\t\t\r\n\t\t\t\t\t\t\t<div class=\"inner-wrap animated\" data-animation=\"none\">\r\n\t\t\t\t\t\t\t\t\r\n\t\t\t\t\t\t\t\t\t\t\t\t\t\t\t\t\t\r\n\t\t\t\t\t\t\t\t\t<div class=\"work-item style-1\" data-custom-content=\"off\">\r\n\t\t\t\t\t\t\t\t\t\t\r\n\t\t\t\t\t\t\t\t\t\t<img class=\"size- skip-lazy\" src=\"https:\/\/cachoeiradoc.com.br\/festival\/wp-content\/uploads\/2020\/12\/Noticias-de-Sao-Paulo-01-600x403.jpg\" alt=\"\" height=\"403\" width=\"600\" srcset=\"https:\/\/cachoeiradoc.com.br\/festival\/wp-content\/uploads\/2020\/12\/Noticias-de-Sao-Paulo-01-900x604.jpg 900w, https:\/\/cachoeiradoc.com.br\/festival\/wp-content\/uploads\/2020\/12\/Noticias-de-Sao-Paulo-01-600x403.jpg 600w, https:\/\/cachoeiradoc.com.br\/festival\/wp-content\/uploads\/2020\/12\/Noticias-de-Sao-Paulo-01-400x269.jpg 400w\" sizes=\"(min-width: 1000px) 25vw, (min-width: 690px) 50vw, 100vw\" \/>\t\t\t\t\t\t\t\t\t\t\r\n\t\t\t\t\t\t\t\t\t\t<div class=\"work-info-bg\"><\/div>\r\n\t\t\t\t\t\t\t\t\t\t<div class=\"work-info\"> \r\n\t\t\t\t\t\t\t\t\t\t\t\r\n\t\t\t\t\t\t\t\t\t\t\t\t\t\t\t\t\t\t\t\t\t\t\t\r\n\t\t\t\t\t\t\t\t\t\t\t\t<div class=\"vert-center\">\r\n\t\t\t\t\t\t\t\t\t\t\t\t\t<a href=\"https:\/\/cachoeiradoc.com.br\/festival\/wp-content\/uploads\/2020\/12\/Noticias-de-Sao-Paulo-01-scaled.jpg\" class=\"pretty_photo default-link\">Ampliar imagem<\/a> <a class=\"default-link\" href=\"https:\/\/cachoeiradoc.com.br\/festival\/filmes\/noticias-de-sao-paulo\/\">Informa\u00e7\u00f5es<\/a>\t\t\t\t\t\t\t\t\t\t\t\t\t\r\n\t\t\t\t\t\t\t\t\t\t\t\t<\/div><!--\/vert-center-->\r\n\t\t\t\t\t\t\t\t\t\t\t<\/div>\r\n\t\t\t\t\t\t\t\t\t\t<\/div><!--\/work-item-->\r\n\t\t\t\t\t\t\t\t\t\t\r\n\t\t\t\t\t\t\t\t\t\t<div class=\"work-meta\">\r\n\t\t\t\t\t\t\t\t\t\t\t<h4 class=\"title\">Not\u00edcias de S\u00e3o Paulo (Pernambuco, 2019, 11 min.), de Priscila Nascimento<\/h4>\r\n\t\t\t\t\t\t\t\t\t\t\t\r\n\t\t\t\t\t\t\t\t\t\t\t\t\t\t\t\t\t\t\t\t\t\t\r\n\t\t\t\t\t\t\t\t\t\t<\/div>\r\n\t\t\t\t\t\t\t\t\t\t<div class=\"nectar-love-wrap\">\r\n\t\t\t\t\t\t\t\t\t\t\t\t\t\t\t\t\t\t\t\t\t<\/div><!--\/nectar-love-wrap-->\t\r\n\t\t\t\t\t\t\t\t\t\t\r\n\t\t\t\t\t\t\t\t\t\t\t\t\t\t\t\t\t\r\n\t\t\t\t\t\t\t\t\r\n\t\t\t\t\t\t\t<\/div><!--\/inner-wrap-->\r\n\t\t\t\t\t\t<\/div><!--\/col-->\r\n\t\t\t\t\t\t\r\n\t\t\t\t\t\t\t\t\t\t\t\r\n\t\t\t\t\t\t\t\t\t\t\t\t\r\n\t\t\t\t\t\t<div class=\"col span_3  element nos-nunca-nascemos-nos-nunca-morremos-nos-transicionamos quando-o-invisivel-se-torna-visivel-o-olho-demora-a-acostumar \"  data-project-cat=\"nos-nunca-nascemos-nos-nunca-morremos-nos-transicionamos quando-o-invisivel-se-torna-visivel-o-olho-demora-a-acostumar \" data-default-color=\"true\" data-title-color=\"\" data-subtitle-color=\"\">\r\n\t\t\t\t\t\t\t\r\n\t\t\t\t\t\t\t<div class=\"inner-wrap animated\" data-animation=\"none\">\r\n\t\t\t\t\t\t\t\t\r\n\t\t\t\t\t\t\t\t\t\t\t\t\t\t\t\t\t\r\n\t\t\t\t\t\t\t\t\t<div class=\"work-item style-1\" data-custom-content=\"off\">\r\n\t\t\t\t\t\t\t\t\t\t\r\n\t\t\t\t\t\t\t\t\t\t<img class=\"size- skip-lazy\" src=\"https:\/\/cachoeiradoc.com.br\/festival\/wp-content\/uploads\/2020\/12\/Michele-de-Michele-mesma-narrativas-de-uma-mulher-sertaneja-01-600x403.jpg\" alt=\"\" height=\"403\" width=\"600\" srcset=\"https:\/\/cachoeiradoc.com.br\/festival\/wp-content\/uploads\/2020\/12\/Michele-de-Michele-mesma-narrativas-de-uma-mulher-sertaneja-01-900x604.jpg 900w, https:\/\/cachoeiradoc.com.br\/festival\/wp-content\/uploads\/2020\/12\/Michele-de-Michele-mesma-narrativas-de-uma-mulher-sertaneja-01-600x403.jpg 600w, https:\/\/cachoeiradoc.com.br\/festival\/wp-content\/uploads\/2020\/12\/Michele-de-Michele-mesma-narrativas-de-uma-mulher-sertaneja-01-400x269.jpg 400w\" sizes=\"(min-width: 1000px) 25vw, (min-width: 690px) 50vw, 100vw\" \/>\t\t\t\t\t\t\t\t\t\t\r\n\t\t\t\t\t\t\t\t\t\t<div class=\"work-info-bg\"><\/div>\r\n\t\t\t\t\t\t\t\t\t\t<div class=\"work-info\"> \r\n\t\t\t\t\t\t\t\t\t\t\t\r\n\t\t\t\t\t\t\t\t\t\t\t\t\t\t\t\t\t\t\t\t\t\t\t\r\n\t\t\t\t\t\t\t\t\t\t\t\t<div class=\"vert-center\">\r\n\t\t\t\t\t\t\t\t\t\t\t\t\t<a href=\"https:\/\/cachoeiradoc.com.br\/festival\/wp-content\/uploads\/2020\/12\/Michele-de-Michele-mesma-narrativas-de-uma-mulher-sertaneja-01.jpg\" class=\"pretty_photo default-link\">Ampliar imagem<\/a> <a class=\"default-link\" href=\"https:\/\/cachoeiradoc.com.br\/festival\/filmes\/michele-de-michele-mesma-narrativas-de-uma-mulher-sertaneja\/\">Informa\u00e7\u00f5es<\/a>\t\t\t\t\t\t\t\t\t\t\t\t\t\r\n\t\t\t\t\t\t\t\t\t\t\t\t<\/div><!--\/vert-center-->\r\n\t\t\t\t\t\t\t\t\t\t\t<\/div>\r\n\t\t\t\t\t\t\t\t\t\t<\/div><!--\/work-item-->\r\n\t\t\t\t\t\t\t\t\t\t\r\n\t\t\t\t\t\t\t\t\t\t<div class=\"work-meta\">\r\n\t\t\t\t\t\t\t\t\t\t\t<h4 class=\"title\">Michele de Michele Mesma: Narrativas de uma Mulher Sertaneja (Bahia, 2019, 12 min.), de Michele Menezes<\/h4>\r\n\t\t\t\t\t\t\t\t\t\t\t\r\n\t\t\t\t\t\t\t\t\t\t\t\t\t\t\t\t\t\t\t\t\t\t\r\n\t\t\t\t\t\t\t\t\t\t<\/div>\r\n\t\t\t\t\t\t\t\t\t\t<div class=\"nectar-love-wrap\">\r\n\t\t\t\t\t\t\t\t\t\t\t\t\t\t\t\t\t\t\t\t\t<\/div><!--\/nectar-love-wrap-->\t\r\n\t\t\t\t\t\t\t\t\t\t\r\n\t\t\t\t\t\t\t\t\t\t\t\t\t\t\t\t\t\r\n\t\t\t\t\t\t\t\t\r\n\t\t\t\t\t\t\t<\/div><!--\/inner-wrap-->\r\n\t\t\t\t\t\t<\/div><!--\/col-->\r\n\t\t\t\t\t\t\r\n\t\t\t\t\t\t\t\t\t\t\r\n\t\t\t\t<\/div><!--\/portfolio-->\r\n\t\t\t<\/div><!--\/portfolio wrap-->\r\n\t\t\t\r\n\t\t\t[vc_column_text]\n<h5>Dispon\u00edveis online entre 05 e 11\/12 e 19 e 20\/12.<\/h5>\n[\/vc_column_text][divider line_type=&#8221;Full Width Line&#8221; line_thickness=&#8221;1&#8243; divider_color=&#8221;default&#8221;][vc_column_text]\n<h3>Sess\u00e3o 3 &#8211; \u201cNunaqtigiit (Pessoas relacionadas pela posse comum do territ\u00f3rio)\u201d<a href=\"#*\">****<\/a><\/h3>\n[\/vc_column_text][vc_column_text]<span style=\"font-weight: 400;\">Adentramos a essa constela\u00e7\u00e3o de filmes pelo Paragua\u00e7u como fundamento e desaguamos em territ\u00f3rios partilhados no amor. <\/span><i><span style=\"font-weight: 400;\">M\u00e3es do Derick <\/span><\/i><span style=\"font-weight: 400;\">(D\u00ea Kelm)<\/span> <span style=\"font-weight: 400;\">e <\/span><i><span style=\"font-weight: 400;\">Filme de Domingo<\/span><\/i><span style=\"font-weight: 400;\"> (Lincoln P\u00e9ricles) partilham de uma preocupa\u00e7\u00e3o em mostrar o mundo n\u00e3o apenas atrav\u00e9s da perspectivas de suas personagens adultas e sua rela\u00e7\u00e3o conflituosa com o mundo, mas tamb\u00e9m sob o ponto de vista de duas crian\u00e7as cujas presen\u00e7as costuram a trama e amalgamam la\u00e7os comunit\u00e1rios. Em <\/span><i><span style=\"font-weight: 400;\">M\u00e3es do Derick<\/span><\/i><span style=\"font-weight: 400;\">, a constru\u00e7\u00e3o de uma fam\u00edlia l\u00e9sbica poliamorosa aponta de maneira quase ut\u00f3pica para um mundo de mulheres, entre mulheres. Em <\/span><i><span style=\"font-weight: 400;\">Filme de Domingo, <\/span><\/i><span style=\"font-weight: 400;\">a quebrada \u00e9 transbordamento de vida, saudade, corres, not\u00edcias tristes, cosquinhas na rede, pastel na feira, fim de tarde juntinhos, espiritualidades ancestrais. Sem distin\u00e7\u00f5es. <\/span>[\/vc_column_text]\t\t\t\t\r\n\t\t\t\t\r\n\t\t\t\t\r\n\t\t\t\t<div class=\"portfolio-wrap \">\r\n\t\t\t\t\t\r\n\t\t\t\t\t\t\t\t\t\t\r\n\t\t\t\t\t<span class=\"portfolio-loading  none\">   <\/span>\r\n\t\t\t\t\t\r\n\t\t\t\t\t\t\t\t\t\t\r\n\t\t\t\t\t<div class=\"row portfolio-items no-masonry  \" data-rcp=\"false\" data-masonry-type=\"default\" data-ps=\"1\" data-starting-filter=\"\" data-gutter=\"default\" data-categories-to-show=\"nunaqtigiit-pessoas-relacionadas-pela-posse-comum-do-territorio\" data-bypass-cropping=\"\" data-lightbox-only=\"0\" data-col-num=\"cols-4\">\r\n\t\t\t\t\t\t\t\t\t\t\t\t\r\n\t\t\t\t\t\t\t\t\t\t\t\t\r\n\t\t\t\t\t\t<div class=\"col span_3  element nos-nunca-nascemos-nos-nunca-morremos-nos-transicionamos nunaqtigiit-pessoas-relacionadas-pela-posse-comum-do-territorio \"  data-project-cat=\"nos-nunca-nascemos-nos-nunca-morremos-nos-transicionamos nunaqtigiit-pessoas-relacionadas-pela-posse-comum-do-territorio \" data-default-color=\"true\" data-title-color=\"\" data-subtitle-color=\"\">\r\n\t\t\t\t\t\t\t\r\n\t\t\t\t\t\t\t<div class=\"inner-wrap animated\" data-animation=\"none\">\r\n\t\t\t\t\t\t\t\t\r\n\t\t\t\t\t\t\t\t\t\t\t\t\t\t\t\t\t\r\n\t\t\t\t\t\t\t\t\t<div class=\"work-item style-1\" data-custom-content=\"off\">\r\n\t\t\t\t\t\t\t\t\t\t\r\n\t\t\t\t\t\t\t\t\t\t<img class=\"size- skip-lazy\" src=\"https:\/\/cachoeiradoc.com.br\/festival\/wp-content\/uploads\/2020\/12\/Filme-de-Domingo-02-600x403.jpg\" alt=\"\" height=\"403\" width=\"600\" srcset=\"https:\/\/cachoeiradoc.com.br\/festival\/wp-content\/uploads\/2020\/12\/Filme-de-Domingo-02-900x604.jpg 900w, https:\/\/cachoeiradoc.com.br\/festival\/wp-content\/uploads\/2020\/12\/Filme-de-Domingo-02-600x403.jpg 600w, https:\/\/cachoeiradoc.com.br\/festival\/wp-content\/uploads\/2020\/12\/Filme-de-Domingo-02-400x269.jpg 400w\" sizes=\"(min-width: 1000px) 25vw, (min-width: 690px) 50vw, 100vw\" \/>\t\t\t\t\t\t\t\t\t\t\r\n\t\t\t\t\t\t\t\t\t\t<div class=\"work-info-bg\"><\/div>\r\n\t\t\t\t\t\t\t\t\t\t<div class=\"work-info\"> \r\n\t\t\t\t\t\t\t\t\t\t\t\r\n\t\t\t\t\t\t\t\t\t\t\t\t\t\t\t\t\t\t\t\t\t\t\t\r\n\t\t\t\t\t\t\t\t\t\t\t\t<div class=\"vert-center\">\r\n\t\t\t\t\t\t\t\t\t\t\t\t\t<a href=\"https:\/\/cachoeiradoc.com.br\/festival\/wp-content\/uploads\/2020\/12\/Filme-de-Domingo-02.jpg\" class=\"pretty_photo default-link\">Ampliar imagem<\/a> <a class=\"default-link\" href=\"https:\/\/cachoeiradoc.com.br\/festival\/filmes\/filme-de-domingo\/\">Informa\u00e7\u00f5es<\/a>\t\t\t\t\t\t\t\t\t\t\t\t\t\r\n\t\t\t\t\t\t\t\t\t\t\t\t<\/div><!--\/vert-center-->\r\n\t\t\t\t\t\t\t\t\t\t\t<\/div>\r\n\t\t\t\t\t\t\t\t\t\t<\/div><!--\/work-item-->\r\n\t\t\t\t\t\t\t\t\t\t\r\n\t\t\t\t\t\t\t\t\t\t<div class=\"work-meta\">\r\n\t\t\t\t\t\t\t\t\t\t\t<h4 class=\"title\">Filme de Domingo (S\u00e3o Paulo, 2020, 28 min.), de Lincoln P\u00e9ricles<\/h4>\r\n\t\t\t\t\t\t\t\t\t\t\t\r\n\t\t\t\t\t\t\t\t\t\t\t\t\t\t\t\t\t\t\t\t\t\t\r\n\t\t\t\t\t\t\t\t\t\t<\/div>\r\n\t\t\t\t\t\t\t\t\t\t<div class=\"nectar-love-wrap\">\r\n\t\t\t\t\t\t\t\t\t\t\t\t\t\t\t\t\t\t\t\t\t<\/div><!--\/nectar-love-wrap-->\t\r\n\t\t\t\t\t\t\t\t\t\t\r\n\t\t\t\t\t\t\t\t\t\t\t\t\t\t\t\t\t\r\n\t\t\t\t\t\t\t\t\r\n\t\t\t\t\t\t\t<\/div><!--\/inner-wrap-->\r\n\t\t\t\t\t\t<\/div><!--\/col-->\r\n\t\t\t\t\t\t\r\n\t\t\t\t\t\t\t\t\t\t\t\r\n\t\t\t\t\t\t\t\t\t\t\t\t\r\n\t\t\t\t\t\t<div class=\"col span_3  element nos-nunca-nascemos-nos-nunca-morremos-nos-transicionamos nunaqtigiit-pessoas-relacionadas-pela-posse-comum-do-territorio \"  data-project-cat=\"nos-nunca-nascemos-nos-nunca-morremos-nos-transicionamos nunaqtigiit-pessoas-relacionadas-pela-posse-comum-do-territorio \" data-default-color=\"true\" data-title-color=\"\" data-subtitle-color=\"\">\r\n\t\t\t\t\t\t\t\r\n\t\t\t\t\t\t\t<div class=\"inner-wrap animated\" data-animation=\"none\">\r\n\t\t\t\t\t\t\t\t\r\n\t\t\t\t\t\t\t\t\t\t\t\t\t\t\t\t\t\r\n\t\t\t\t\t\t\t\t\t<div class=\"work-item style-1\" data-custom-content=\"off\">\r\n\t\t\t\t\t\t\t\t\t\t\r\n\t\t\t\t\t\t\t\t\t\t<img class=\"size- skip-lazy\" src=\"https:\/\/cachoeiradoc.com.br\/festival\/wp-content\/uploads\/2020\/12\/Maes-de-Derick-01-600x403.jpg\" alt=\"\" height=\"403\" width=\"600\" srcset=\"https:\/\/cachoeiradoc.com.br\/festival\/wp-content\/uploads\/2020\/12\/Maes-de-Derick-01-900x604.jpg 900w, https:\/\/cachoeiradoc.com.br\/festival\/wp-content\/uploads\/2020\/12\/Maes-de-Derick-01-600x403.jpg 600w, https:\/\/cachoeiradoc.com.br\/festival\/wp-content\/uploads\/2020\/12\/Maes-de-Derick-01-400x269.jpg 400w\" sizes=\"(min-width: 1000px) 25vw, (min-width: 690px) 50vw, 100vw\" \/>\t\t\t\t\t\t\t\t\t\t\r\n\t\t\t\t\t\t\t\t\t\t<div class=\"work-info-bg\"><\/div>\r\n\t\t\t\t\t\t\t\t\t\t<div class=\"work-info\"> \r\n\t\t\t\t\t\t\t\t\t\t\t\r\n\t\t\t\t\t\t\t\t\t\t\t\t\t\t\t\t\t\t\t\t\t\t\t\r\n\t\t\t\t\t\t\t\t\t\t\t\t<div class=\"vert-center\">\r\n\t\t\t\t\t\t\t\t\t\t\t\t\t<a href=\"https:\/\/cachoeiradoc.com.br\/festival\/wp-content\/uploads\/2020\/12\/Maes-de-Derick-01.jpg\" class=\"pretty_photo default-link\">Ampliar imagem<\/a> <a class=\"default-link\" href=\"https:\/\/cachoeiradoc.com.br\/festival\/filmes\/maes-do-derick\/\">Informa\u00e7\u00f5es<\/a>\t\t\t\t\t\t\t\t\t\t\t\t\t\r\n\t\t\t\t\t\t\t\t\t\t\t\t<\/div><!--\/vert-center-->\r\n\t\t\t\t\t\t\t\t\t\t\t<\/div>\r\n\t\t\t\t\t\t\t\t\t\t<\/div><!--\/work-item-->\r\n\t\t\t\t\t\t\t\t\t\t\r\n\t\t\t\t\t\t\t\t\t\t<div class=\"work-meta\">\r\n\t\t\t\t\t\t\t\t\t\t\t<h4 class=\"title\">M\u00e3es do Derick (Paran\u00e1, 2020, 77 min.), de D\u00ea Kelm<\/h4>\r\n\t\t\t\t\t\t\t\t\t\t\t\r\n\t\t\t\t\t\t\t\t\t\t\t\t\t\t\t\t\t\t\t\t\t\t\r\n\t\t\t\t\t\t\t\t\t\t<\/div>\r\n\t\t\t\t\t\t\t\t\t\t<div class=\"nectar-love-wrap\">\r\n\t\t\t\t\t\t\t\t\t\t\t\t\t\t\t\t\t\t\t\t\t<\/div><!--\/nectar-love-wrap-->\t\r\n\t\t\t\t\t\t\t\t\t\t\r\n\t\t\t\t\t\t\t\t\t\t\t\t\t\t\t\t\t\r\n\t\t\t\t\t\t\t\t\r\n\t\t\t\t\t\t\t<\/div><!--\/inner-wrap-->\r\n\t\t\t\t\t\t<\/div><!--\/col-->\r\n\t\t\t\t\t\t\r\n\t\t\t\t\t\t\t\t\t\t\r\n\t\t\t\t<\/div><!--\/portfolio-->\r\n\t\t\t<\/div><!--\/portfolio wrap-->\r\n\t\t\t\r\n\t\t\t[vc_column_text]\n<h5>Dispon\u00edveis online entre 05 e 11\/12 e 19 e 20\/12.<\/h5>\n[\/vc_column_text][divider line_type=&#8221;Full Width Line&#8221; line_thickness=&#8221;1&#8243; divider_color=&#8221;default&#8221;][vc_raw_html]JTNDYSUyMGlkJTNEJTIyJTJBJTIyJTNFJTNDJTJGYSUzRQ==[\/vc_raw_html][\/vc_column][\/vc_row][vc_row type=&#8221;in_container&#8221; full_screen_row_position=&#8221;middle&#8221; column_margin=&#8221;default&#8221; column_direction=&#8221;default&#8221; column_direction_tablet=&#8221;default&#8221; column_direction_phone=&#8221;default&#8221; scene_position=&#8221;center&#8221; text_color=&#8221;dark&#8221; text_align=&#8221;left&#8221; row_border_radius=&#8221;none&#8221; row_border_radius_applies=&#8221;bg&#8221; overlay_strength=&#8221;0.3&#8243; gradient_direction=&#8221;left_to_right&#8221; shape_divider_position=&#8221;bottom&#8221; bg_image_animation=&#8221;none&#8221;][vc_column column_padding=&#8221;no-extra-padding&#8221; column_padding_tablet=&#8221;inherit&#8221; column_padding_phone=&#8221;inherit&#8221; column_padding_position=&#8221;all&#8221; background_color_opacity=&#8221;1&#8243; background_hover_color_opacity=&#8221;1&#8243; column_shadow=&#8221;none&#8221; column_border_radius=&#8221;none&#8221; column_link_target=&#8221;_self&#8221; gradient_direction=&#8221;left_to_right&#8221; overlay_strength=&#8221;0.3&#8243; width=&#8221;1\/1&#8243; tablet_width_inherit=&#8221;default&#8221; tablet_text_alignment=&#8221;default&#8221; phone_text_alignment=&#8221;default&#8221; column_border_width=&#8221;none&#8221; column_border_style=&#8221;solid&#8221; bg_image_animation=&#8221;none&#8221;][vc_column_text]<span style=\"font-weight: 400;\">*<\/span><span style=\"font-weight: 400;\">Tradu\u00e7\u00e3o livre de um verso do Poema \u201cThe Baptism\u201d, de Carl Hancock Rux, 2020.<\/span><\/p>\n<p><span style=\"font-weight: 400;\">**<\/span><span style=\"font-weight: 400;\"> \u201cPar\u00e1bola do Semeador\u201d, de Octavia Butler, 2018 [1993]<\/span><\/p>\n<p><span style=\"font-weight: 400;\">*** \u201c<\/span><span style=\"font-weight: 400;\">NOIRBLUE \u2013 deslocamentos de uma dan\u00e7a\u201d, de Ana Pi, 2017.<\/span><\/p>\n<p><i><span style=\"font-weight: 400;\">*<\/span><\/i><i><span style=\"font-weight: 400;\">*<\/span><\/i><i><span style=\"font-weight: 400;\">*<\/span><\/i><i><span style=\"font-weight: 400;\">*<\/span><\/i> <span style=\"font-weight: 400;\">Tradu\u00e7\u00e3o do t\u00edtulo do poema de Joan Naviyuk Kane, 2013.<\/span>[\/vc_column_text][\/vc_column][\/vc_row]\n","protected":false},"excerpt":{"rendered":"<p>[vc_row type=&#8221;in_container&#8221; full_screen_row_position=&#8221;middle&#8221; column_margin=&#8221;default&#8221; column_direction=&#8221;default&#8221; column_direction_tablet=&#8221;default&#8221; column_direction_phone=&#8221;default&#8221; scene_position=&#8221;center&#8221; text_color=&#8221;dark&#8221; text_align=&#8221;left&#8221; row_border_radius=&#8221;none&#8221; row_border_radius_applies=&#8221;bg&#8221; overlay_strength=&#8221;0.3&#8243; gradient_direction=&#8221;left_to_right&#8221; shape_divider_position=&#8221;bottom&#8221; bg_image_animation=&#8221;none&#8221; shape_type=&#8221;&#8221;][vc_column column_padding=&#8221;no-extra-padding&#8221; column_padding_tablet=&#8221;inherit&#8221; column_padding_phone=&#8221;inherit&#8221; column_padding_position=&#8221;all&#8221; background_color_opacity=&#8221;1&#8243; background_hover_color_opacity=&#8221;1&#8243; column_shadow=&#8221;none&#8221; column_border_radius=&#8221;none&#8221;&#8230;<\/p>\n","protected":false},"author":1,"featured_media":0,"parent":5861,"menu_order":0,"comment_status":"closed","ping_status":"closed","template":"","meta":{"_monsterinsights_skip_tracking":false,"_monsterinsights_sitenote_active":false,"_monsterinsights_sitenote_note":"","_monsterinsights_sitenote_category":0},"_links":{"self":[{"href":"https:\/\/cachoeiradoc.com.br\/festival\/wp-json\/wp\/v2\/pages\/6078"}],"collection":[{"href":"https:\/\/cachoeiradoc.com.br\/festival\/wp-json\/wp\/v2\/pages"}],"about":[{"href":"https:\/\/cachoeiradoc.com.br\/festival\/wp-json\/wp\/v2\/types\/page"}],"author":[{"embeddable":true,"href":"https:\/\/cachoeiradoc.com.br\/festival\/wp-json\/wp\/v2\/users\/1"}],"replies":[{"embeddable":true,"href":"https:\/\/cachoeiradoc.com.br\/festival\/wp-json\/wp\/v2\/comments?post=6078"}],"version-history":[{"count":65,"href":"https:\/\/cachoeiradoc.com.br\/festival\/wp-json\/wp\/v2\/pages\/6078\/revisions"}],"predecessor-version":[{"id":7388,"href":"https:\/\/cachoeiradoc.com.br\/festival\/wp-json\/wp\/v2\/pages\/6078\/revisions\/7388"}],"up":[{"embeddable":true,"href":"https:\/\/cachoeiradoc.com.br\/festival\/wp-json\/wp\/v2\/pages\/5861"}],"wp:attachment":[{"href":"https:\/\/cachoeiradoc.com.br\/festival\/wp-json\/wp\/v2\/media?parent=6078"}],"curies":[{"name":"wp","href":"https:\/\/api.w.org\/{rel}","templated":true}]}}