{"id":5861,"date":"2020-10-12T20:37:41","date_gmt":"2020-10-12T23:37:41","guid":{"rendered":"http:\/\/cachoeiradoc.com.br\/festival\/?page_id=5861"},"modified":"2020-12-18T23:59:11","modified_gmt":"2020-12-19T02:59:11","slug":"mostra-de-documentarios-brasileiros","status":"publish","type":"page","link":"https:\/\/cachoeiradoc.com.br\/festival\/mostra-de-documentarios-brasileiros\/","title":{"rendered":"Futuro, como presente, no passado"},"content":{"rendered":"[vc_row type=&#8221;in_container&#8221; full_screen_row_position=&#8221;middle&#8221; column_margin=&#8221;default&#8221; column_direction=&#8221;default&#8221; column_direction_tablet=&#8221;default&#8221; column_direction_phone=&#8221;default&#8221; scene_position=&#8221;center&#8221; text_color=&#8221;dark&#8221; text_align=&#8221;left&#8221; row_border_radius=&#8221;none&#8221; row_border_radius_applies=&#8221;bg&#8221; overlay_strength=&#8221;0.3&#8243; gradient_direction=&#8221;left_to_right&#8221; shape_divider_position=&#8221;bottom&#8221; bg_image_animation=&#8221;none&#8221;][vc_column column_padding=&#8221;no-extra-padding&#8221; column_padding_tablet=&#8221;inherit&#8221; column_padding_phone=&#8221;inherit&#8221; column_padding_position=&#8221;all&#8221; background_color_opacity=&#8221;1&#8243; background_hover_color_opacity=&#8221;1&#8243; column_shadow=&#8221;none&#8221; column_border_radius=&#8221;none&#8221; column_link_target=&#8221;_self&#8221; gradient_direction=&#8221;left_to_right&#8221; overlay_strength=&#8221;0.3&#8243; width=&#8221;1\/1&#8243; tablet_width_inherit=&#8221;default&#8221; tablet_text_alignment=&#8221;default&#8221; phone_text_alignment=&#8221;default&#8221; column_border_width=&#8221;none&#8221; column_border_style=&#8221;solid&#8221; bg_image_animation=&#8221;none&#8221;][split_line_heading animation_type=&#8221;default&#8221;]Curadoria: Evelyn Sacramento, Fabio Rodrigues, K\u00eania Freitas, Patr\u00edcia Mour\u00e3o, Ramayana Lira e Rayanne Layssa<\/p>\n<p>Assistentes de Curadoria: \u00c1lex Antonio e Ot\u00e1vio Concei\u00e7\u00e3o[\/split_line_heading][divider line_type=&#8221;No Line&#8221;][split_line_heading animation_type=&#8221;default&#8221;]\n<h3><a href=\"http:\/\/cachoeiradoc.com.br\/festival\/mostra-de-documentarios-brasileiros\/programa1\/\" rel=\"noopener noreferrer\"><b>Programa 1 &#8211; \u201cN\u00f3s nunca nascemos, n\u00f3s nunca morremos. N\u00f3s transicionamos\u201d<\/b><\/a><\/h3>\n<p><span style=\"font-weight: 400;\">Dispon\u00edvel online entre 05 e 11\/12 e 19 e 20\/12\/20<\/span>[\/split_line_heading][toggles style=&#8221;default&#8221; accordion=&#8221;true&#8221;][toggle color=&#8221;Default&#8221; title=&#8221;Sess\u00e3o 1 &#8211; \u201cO Destino da Semente da Terra \u00e9 criar ra\u00edzes entre as estrelas\u201d&#8221;]\t\t\t\t\r\n\t\t\t\t\r\n\t\t\t\t\r\n\t\t\t\t<div class=\"portfolio-wrap \">\r\n\t\t\t\t\t\r\n\t\t\t\t\t\t\t\t\t\t\r\n\t\t\t\t\t<span class=\"portfolio-loading  none\">   <\/span>\r\n\t\t\t\t\t\r\n\t\t\t\t\t\t\t\t\t\t\r\n\t\t\t\t\t<div class=\"row portfolio-items no-masonry  \" data-rcp=\"false\" data-masonry-type=\"default\" data-ps=\"1\" data-starting-filter=\"\" data-gutter=\"default\" data-categories-to-show=\"o-destino-da-semente-da-terra-e-criar-raizes-entre-as-estrelas\" data-bypass-cropping=\"\" data-lightbox-only=\"0\" data-col-num=\"cols-4\">\r\n\t\t\t\t\t\t\t\t\t\t\t\t\r\n\t\t\t\t\t\t\t\t\t\t\t\t\r\n\t\t\t\t\t\t<div class=\"col span_3  element nos-nunca-nascemos-nos-nunca-morremos-nos-transicionamos o-destino-da-semente-da-terra-e-criar-raizes-entre-as-estrelas \"  data-project-cat=\"nos-nunca-nascemos-nos-nunca-morremos-nos-transicionamos o-destino-da-semente-da-terra-e-criar-raizes-entre-as-estrelas \" data-default-color=\"true\" data-title-color=\"\" data-subtitle-color=\"\">\r\n\t\t\t\t\t\t\t\r\n\t\t\t\t\t\t\t<div class=\"inner-wrap animated\" data-animation=\"none\">\r\n\t\t\t\t\t\t\t\t\r\n\t\t\t\t\t\t\t\t\t\t\t\t\t\t\t\t\t\r\n\t\t\t\t\t\t\t\t\t<div class=\"work-item style-1\" data-custom-content=\"off\">\r\n\t\t\t\t\t\t\t\t\t\t\r\n\t\t\t\t\t\t\t\t\t\t<img class=\"size- skip-lazy\" src=\"https:\/\/cachoeiradoc.com.br\/festival\/wp-content\/uploads\/2020\/12\/Outros-Fundamentos-02-600x403.jpg\" alt=\"\" height=\"403\" width=\"600\" srcset=\"https:\/\/cachoeiradoc.com.br\/festival\/wp-content\/uploads\/2020\/12\/Outros-Fundamentos-02-900x604.jpg 900w, https:\/\/cachoeiradoc.com.br\/festival\/wp-content\/uploads\/2020\/12\/Outros-Fundamentos-02-600x403.jpg 600w, https:\/\/cachoeiradoc.com.br\/festival\/wp-content\/uploads\/2020\/12\/Outros-Fundamentos-02-400x269.jpg 400w\" sizes=\"(min-width: 1000px) 25vw, (min-width: 690px) 50vw, 100vw\" \/>\t\t\t\t\t\t\t\t\t\t\r\n\t\t\t\t\t\t\t\t\t\t<div class=\"work-info-bg\"><\/div>\r\n\t\t\t\t\t\t\t\t\t\t<div class=\"work-info\"> \r\n\t\t\t\t\t\t\t\t\t\t\t\r\n\t\t\t\t\t\t\t\t\t\t\t\t\t\t\t\t\t\t\t\t\t\t\t\r\n\t\t\t\t\t\t\t\t\t\t\t\t<div class=\"vert-center\">\r\n\t\t\t\t\t\t\t\t\t\t\t\t\t<a href=\"https:\/\/cachoeiradoc.com.br\/festival\/wp-content\/uploads\/2020\/12\/Outros-Fundamentos-02-scaled.jpg\" class=\"pretty_photo default-link\">Ampliar imagem<\/a> <a class=\"default-link\" href=\"https:\/\/cachoeiradoc.com.br\/festival\/filmes\/outros-fundamentos\/\">Informa\u00e7\u00f5es<\/a>\t\t\t\t\t\t\t\t\t\t\t\t\t\r\n\t\t\t\t\t\t\t\t\t\t\t\t<\/div><!--\/vert-center-->\r\n\t\t\t\t\t\t\t\t\t\t\t<\/div>\r\n\t\t\t\t\t\t\t\t\t\t<\/div><!--\/work-item-->\r\n\t\t\t\t\t\t\t\t\t\t\r\n\t\t\t\t\t\t\t\t\t\t<div class=\"work-meta\">\r\n\t\t\t\t\t\t\t\t\t\t\t<h4 class=\"title\">(Outros) Fundamentos (S\u00e3o Paulo, 2019, 15 min.), de Aline Motta<\/h4>\r\n\t\t\t\t\t\t\t\t\t\t\t\r\n\t\t\t\t\t\t\t\t\t\t\t\t\t\t\t\t\t\t\t\t\t\t\r\n\t\t\t\t\t\t\t\t\t\t<\/div>\r\n\t\t\t\t\t\t\t\t\t\t<div class=\"nectar-love-wrap\">\r\n\t\t\t\t\t\t\t\t\t\t\t\t\t\t\t\t\t\t\t\t\t<\/div><!--\/nectar-love-wrap-->\t\r\n\t\t\t\t\t\t\t\t\t\t\r\n\t\t\t\t\t\t\t\t\t\t\t\t\t\t\t\t\t\r\n\t\t\t\t\t\t\t\t\r\n\t\t\t\t\t\t\t<\/div><!--\/inner-wrap-->\r\n\t\t\t\t\t\t<\/div><!--\/col-->\r\n\t\t\t\t\t\t\r\n\t\t\t\t\t\t\t\t\t\t\t\r\n\t\t\t\t\t\t\t\t\t\t\t\t\r\n\t\t\t\t\t\t<div class=\"col span_3  element nos-nunca-nascemos-nos-nunca-morremos-nos-transicionamos o-destino-da-semente-da-terra-e-criar-raizes-entre-as-estrelas \"  data-project-cat=\"nos-nunca-nascemos-nos-nunca-morremos-nos-transicionamos o-destino-da-semente-da-terra-e-criar-raizes-entre-as-estrelas \" data-default-color=\"true\" data-title-color=\"\" data-subtitle-color=\"\">\r\n\t\t\t\t\t\t\t\r\n\t\t\t\t\t\t\t<div class=\"inner-wrap animated\" data-animation=\"none\">\r\n\t\t\t\t\t\t\t\t\r\n\t\t\t\t\t\t\t\t\t\t\t\t\t\t\t\t\t\r\n\t\t\t\t\t\t\t\t\t<div class=\"work-item style-1\" data-custom-content=\"off\">\r\n\t\t\t\t\t\t\t\t\t\t\r\n\t\t\t\t\t\t\t\t\t\t<img class=\"size- skip-lazy\" src=\"https:\/\/cachoeiradoc.com.br\/festival\/wp-content\/uploads\/2020\/11\/Irun-Ori-02-600x403.jpg\" alt=\"\" height=\"403\" width=\"600\" srcset=\"https:\/\/cachoeiradoc.com.br\/festival\/wp-content\/uploads\/2020\/11\/Irun-Ori-02-900x604.jpg 900w, https:\/\/cachoeiradoc.com.br\/festival\/wp-content\/uploads\/2020\/11\/Irun-Ori-02-600x403.jpg 600w, https:\/\/cachoeiradoc.com.br\/festival\/wp-content\/uploads\/2020\/11\/Irun-Ori-02-400x269.jpg 400w\" sizes=\"(min-width: 1000px) 25vw, (min-width: 690px) 50vw, 100vw\" \/>\t\t\t\t\t\t\t\t\t\t\r\n\t\t\t\t\t\t\t\t\t\t<div class=\"work-info-bg\"><\/div>\r\n\t\t\t\t\t\t\t\t\t\t<div class=\"work-info\"> \r\n\t\t\t\t\t\t\t\t\t\t\t\r\n\t\t\t\t\t\t\t\t\t\t\t\t\t\t\t\t\t\t\t\t\t\t\t\r\n\t\t\t\t\t\t\t\t\t\t\t\t<div class=\"vert-center\">\r\n\t\t\t\t\t\t\t\t\t\t\t\t\t<a href=\"https:\/\/cachoeiradoc.com.br\/festival\/wp-content\/uploads\/2020\/11\/Irun-Ori-02-scaled.jpg\" class=\"pretty_photo default-link\">Ampliar imagem<\/a> <a class=\"default-link\" href=\"https:\/\/cachoeiradoc.com.br\/festival\/filmes\/irun-ori\/\">Informa\u00e7\u00f5es<\/a>\t\t\t\t\t\t\t\t\t\t\t\t\t\r\n\t\t\t\t\t\t\t\t\t\t\t\t<\/div><!--\/vert-center-->\r\n\t\t\t\t\t\t\t\t\t\t\t<\/div>\r\n\t\t\t\t\t\t\t\t\t\t<\/div><!--\/work-item-->\r\n\t\t\t\t\t\t\t\t\t\t\r\n\t\t\t\t\t\t\t\t\t\t<div class=\"work-meta\">\r\n\t\t\t\t\t\t\t\t\t\t\t<h4 class=\"title\">Irun Or\u00ed (Bahia, 2020, 8 min.), de Juh Almeida<\/h4>\r\n\t\t\t\t\t\t\t\t\t\t\t\r\n\t\t\t\t\t\t\t\t\t\t\t\t\t\t\t\t\t\t\t\t\t\t\r\n\t\t\t\t\t\t\t\t\t\t<\/div>\r\n\t\t\t\t\t\t\t\t\t\t<div class=\"nectar-love-wrap\">\r\n\t\t\t\t\t\t\t\t\t\t\t\t\t\t\t\t\t\t\t\t\t<\/div><!--\/nectar-love-wrap-->\t\r\n\t\t\t\t\t\t\t\t\t\t\r\n\t\t\t\t\t\t\t\t\t\t\t\t\t\t\t\t\t\r\n\t\t\t\t\t\t\t\t\r\n\t\t\t\t\t\t\t<\/div><!--\/inner-wrap-->\r\n\t\t\t\t\t\t<\/div><!--\/col-->\r\n\t\t\t\t\t\t\r\n\t\t\t\t\t\t\t\t\t\t\t\r\n\t\t\t\t\t\t\t\t\t\t\t\t\r\n\t\t\t\t\t\t<div class=\"col span_3  element nos-nunca-nascemos-nos-nunca-morremos-nos-transicionamos o-destino-da-semente-da-terra-e-criar-raizes-entre-as-estrelas \"  data-project-cat=\"nos-nunca-nascemos-nos-nunca-morremos-nos-transicionamos o-destino-da-semente-da-terra-e-criar-raizes-entre-as-estrelas \" data-default-color=\"true\" data-title-color=\"\" data-subtitle-color=\"\">\r\n\t\t\t\t\t\t\t\r\n\t\t\t\t\t\t\t<div class=\"inner-wrap animated\" data-animation=\"none\">\r\n\t\t\t\t\t\t\t\t\r\n\t\t\t\t\t\t\t\t\t\t\t\t\t\t\t\t\t\r\n\t\t\t\t\t\t\t\t\t<div class=\"work-item style-1\" data-custom-content=\"off\">\r\n\t\t\t\t\t\t\t\t\t\t\r\n\t\t\t\t\t\t\t\t\t\t<img class=\"size- skip-lazy\" src=\"https:\/\/cachoeiradoc.com.br\/festival\/wp-content\/uploads\/2020\/12\/O-mundo-preto-tem-mais-vida-02-credito-Andressa-Zumpano-600x403.jpg\" alt=\"\" height=\"403\" width=\"600\" srcset=\"https:\/\/cachoeiradoc.com.br\/festival\/wp-content\/uploads\/2020\/12\/O-mundo-preto-tem-mais-vida-02-credito-Andressa-Zumpano-900x604.jpg 900w, https:\/\/cachoeiradoc.com.br\/festival\/wp-content\/uploads\/2020\/12\/O-mundo-preto-tem-mais-vida-02-credito-Andressa-Zumpano-600x403.jpg 600w, https:\/\/cachoeiradoc.com.br\/festival\/wp-content\/uploads\/2020\/12\/O-mundo-preto-tem-mais-vida-02-credito-Andressa-Zumpano-400x269.jpg 400w\" sizes=\"(min-width: 1000px) 25vw, (min-width: 690px) 50vw, 100vw\" \/>\t\t\t\t\t\t\t\t\t\t\r\n\t\t\t\t\t\t\t\t\t\t<div class=\"work-info-bg\"><\/div>\r\n\t\t\t\t\t\t\t\t\t\t<div class=\"work-info\"> \r\n\t\t\t\t\t\t\t\t\t\t\t\r\n\t\t\t\t\t\t\t\t\t\t\t\t\t\t\t\t\t\t\t\t\t\t\t\r\n\t\t\t\t\t\t\t\t\t\t\t\t<div class=\"vert-center\">\r\n\t\t\t\t\t\t\t\t\t\t\t\t\t<a href=\"https:\/\/cachoeiradoc.com.br\/festival\/wp-content\/uploads\/2020\/12\/O-mundo-preto-tem-mais-vida-02-credito-Andressa-Zumpano-scaled.jpg\" class=\"pretty_photo default-link\">Ampliar imagem<\/a> <a class=\"default-link\" href=\"https:\/\/cachoeiradoc.com.br\/festival\/filmes\/o-mundo-preto-tem-mais-vida\/\">Informa\u00e7\u00f5es<\/a>\t\t\t\t\t\t\t\t\t\t\t\t\t\r\n\t\t\t\t\t\t\t\t\t\t\t\t<\/div><!--\/vert-center-->\r\n\t\t\t\t\t\t\t\t\t\t\t<\/div>\r\n\t\t\t\t\t\t\t\t\t\t<\/div><!--\/work-item-->\r\n\t\t\t\t\t\t\t\t\t\t\r\n\t\t\t\t\t\t\t\t\t\t<div class=\"work-meta\">\r\n\t\t\t\t\t\t\t\t\t\t\t<h4 class=\"title\">O Mundo Preto tem Mais Vida (Maranh\u00e3o, 2018, 37 min.), de Sabrina Duran<\/h4>\r\n\t\t\t\t\t\t\t\t\t\t\t\r\n\t\t\t\t\t\t\t\t\t\t\t\t\t\t\t\t\t\t\t\t\t\t\r\n\t\t\t\t\t\t\t\t\t\t<\/div>\r\n\t\t\t\t\t\t\t\t\t\t<div class=\"nectar-love-wrap\">\r\n\t\t\t\t\t\t\t\t\t\t\t\t\t\t\t\t\t\t\t\t\t<\/div><!--\/nectar-love-wrap-->\t\r\n\t\t\t\t\t\t\t\t\t\t\r\n\t\t\t\t\t\t\t\t\t\t\t\t\t\t\t\t\t\r\n\t\t\t\t\t\t\t\t\r\n\t\t\t\t\t\t\t<\/div><!--\/inner-wrap-->\r\n\t\t\t\t\t\t<\/div><!--\/col-->\r\n\t\t\t\t\t\t\r\n\t\t\t\t\t\t\t\t\t\t\r\n\t\t\t\t<\/div><!--\/portfolio-->\r\n\t\t\t<\/div><!--\/portfolio wrap-->\r\n\t\t\t\r\n\t\t\t[\/toggle][\/toggles][toggles style=&#8221;default&#8221; accordion=&#8221;true&#8221;][toggle color=&#8221;Default&#8221; title=&#8221;Sess\u00e3o 2 &#8211; \u201cQuando o invis\u00edvel se torna vis\u00edvel o olho demora a acostumar\u201d&#8221;]\t\t\t\t\r\n\t\t\t\t\r\n\t\t\t\t\r\n\t\t\t\t<div class=\"portfolio-wrap \">\r\n\t\t\t\t\t\r\n\t\t\t\t\t\t\t\t\t\t\r\n\t\t\t\t\t<span class=\"portfolio-loading  none\">   <\/span>\r\n\t\t\t\t\t\r\n\t\t\t\t\t\t\t\t\t\t\r\n\t\t\t\t\t<div class=\"row portfolio-items no-masonry  \" data-rcp=\"false\" data-masonry-type=\"default\" data-ps=\"1\" data-starting-filter=\"\" data-gutter=\"default\" data-categories-to-show=\"quando-o-invisivel-se-torna-visivel-o-olho-demora-a-acostumar\" data-bypass-cropping=\"\" data-lightbox-only=\"0\" data-col-num=\"cols-4\">\r\n\t\t\t\t\t\t\t\t\t\t\t\t\r\n\t\t\t\t\t\t\t\t\t\t\t\t\r\n\t\t\t\t\t\t<div class=\"col span_3  element nos-nunca-nascemos-nos-nunca-morremos-nos-transicionamos quando-o-invisivel-se-torna-visivel-o-olho-demora-a-acostumar \"  data-project-cat=\"nos-nunca-nascemos-nos-nunca-morremos-nos-transicionamos quando-o-invisivel-se-torna-visivel-o-olho-demora-a-acostumar \" data-default-color=\"true\" data-title-color=\"\" data-subtitle-color=\"\">\r\n\t\t\t\t\t\t\t\r\n\t\t\t\t\t\t\t<div class=\"inner-wrap animated\" data-animation=\"none\">\r\n\t\t\t\t\t\t\t\t\r\n\t\t\t\t\t\t\t\t\t\t\t\t\t\t\t\t\t\r\n\t\t\t\t\t\t\t\t\t<div class=\"work-item style-1\" data-custom-content=\"off\">\r\n\t\t\t\t\t\t\t\t\t\t\r\n\t\t\t\t\t\t\t\t\t\t<img class=\"size- skip-lazy\" src=\"https:\/\/cachoeiradoc.com.br\/festival\/wp-content\/uploads\/2020\/12\/Sair-do-armario-01-600x403.jpg\" alt=\"\" height=\"403\" width=\"600\" srcset=\"https:\/\/cachoeiradoc.com.br\/festival\/wp-content\/uploads\/2020\/12\/Sair-do-armario-01-900x604.jpg 900w, https:\/\/cachoeiradoc.com.br\/festival\/wp-content\/uploads\/2020\/12\/Sair-do-armario-01-600x403.jpg 600w, https:\/\/cachoeiradoc.com.br\/festival\/wp-content\/uploads\/2020\/12\/Sair-do-armario-01-400x269.jpg 400w\" sizes=\"(min-width: 1000px) 25vw, (min-width: 690px) 50vw, 100vw\" \/>\t\t\t\t\t\t\t\t\t\t\r\n\t\t\t\t\t\t\t\t\t\t<div class=\"work-info-bg\"><\/div>\r\n\t\t\t\t\t\t\t\t\t\t<div class=\"work-info\"> \r\n\t\t\t\t\t\t\t\t\t\t\t\r\n\t\t\t\t\t\t\t\t\t\t\t\t\t\t\t\t\t\t\t\t\t\t\t\r\n\t\t\t\t\t\t\t\t\t\t\t\t<div class=\"vert-center\">\r\n\t\t\t\t\t\t\t\t\t\t\t\t\t<a href=\"https:\/\/cachoeiradoc.com.br\/festival\/wp-content\/uploads\/2020\/12\/Sair-do-armario-01.jpg\" class=\"pretty_photo default-link\">Ampliar imagem<\/a> <a class=\"default-link\" href=\"https:\/\/cachoeiradoc.com.br\/festival\/filmes\/sair-do-armario\/\">Informa\u00e7\u00f5es<\/a>\t\t\t\t\t\t\t\t\t\t\t\t\t\r\n\t\t\t\t\t\t\t\t\t\t\t\t<\/div><!--\/vert-center-->\r\n\t\t\t\t\t\t\t\t\t\t\t<\/div>\r\n\t\t\t\t\t\t\t\t\t\t<\/div><!--\/work-item-->\r\n\t\t\t\t\t\t\t\t\t\t\r\n\t\t\t\t\t\t\t\t\t\t<div class=\"work-meta\">\r\n\t\t\t\t\t\t\t\t\t\t\t<h4 class=\"title\">Sair do Arm\u00e1rio (Bahia, 2018, 3 min.), de Marina Pontes<\/h4>\r\n\t\t\t\t\t\t\t\t\t\t\t\r\n\t\t\t\t\t\t\t\t\t\t\t\t\t\t\t\t\t\t\t\t\t\t\r\n\t\t\t\t\t\t\t\t\t\t<\/div>\r\n\t\t\t\t\t\t\t\t\t\t<div class=\"nectar-love-wrap\">\r\n\t\t\t\t\t\t\t\t\t\t\t\t\t\t\t\t\t\t\t\t\t<\/div><!--\/nectar-love-wrap-->\t\r\n\t\t\t\t\t\t\t\t\t\t\r\n\t\t\t\t\t\t\t\t\t\t\t\t\t\t\t\t\t\r\n\t\t\t\t\t\t\t\t\r\n\t\t\t\t\t\t\t<\/div><!--\/inner-wrap-->\r\n\t\t\t\t\t\t<\/div><!--\/col-->\r\n\t\t\t\t\t\t\r\n\t\t\t\t\t\t\t\t\t\t\t\r\n\t\t\t\t\t\t\t\t\t\t\t\t\r\n\t\t\t\t\t\t<div class=\"col span_3  element nos-nunca-nascemos-nos-nunca-morremos-nos-transicionamos quando-o-invisivel-se-torna-visivel-o-olho-demora-a-acostumar \"  data-project-cat=\"nos-nunca-nascemos-nos-nunca-morremos-nos-transicionamos quando-o-invisivel-se-torna-visivel-o-olho-demora-a-acostumar \" data-default-color=\"true\" data-title-color=\"\" data-subtitle-color=\"\">\r\n\t\t\t\t\t\t\t\r\n\t\t\t\t\t\t\t<div class=\"inner-wrap animated\" data-animation=\"none\">\r\n\t\t\t\t\t\t\t\t\r\n\t\t\t\t\t\t\t\t\t\t\t\t\t\t\t\t\t\r\n\t\t\t\t\t\t\t\t\t<div class=\"work-item style-1\" data-custom-content=\"off\">\r\n\t\t\t\t\t\t\t\t\t\t\r\n\t\t\t\t\t\t\t\t\t\t<img class=\"size- skip-lazy\" src=\"https:\/\/cachoeiradoc.com.br\/festival\/wp-content\/uploads\/2020\/11\/Sob-a-sombra-da-palmeira-01-600x403.jpg\" alt=\"\" height=\"403\" width=\"600\" srcset=\"https:\/\/cachoeiradoc.com.br\/festival\/wp-content\/uploads\/2020\/11\/Sob-a-sombra-da-palmeira-01-900x604.jpg 900w, https:\/\/cachoeiradoc.com.br\/festival\/wp-content\/uploads\/2020\/11\/Sob-a-sombra-da-palmeira-01-600x403.jpg 600w, https:\/\/cachoeiradoc.com.br\/festival\/wp-content\/uploads\/2020\/11\/Sob-a-sombra-da-palmeira-01-400x269.jpg 400w\" sizes=\"(min-width: 1000px) 25vw, (min-width: 690px) 50vw, 100vw\" \/>\t\t\t\t\t\t\t\t\t\t\r\n\t\t\t\t\t\t\t\t\t\t<div class=\"work-info-bg\"><\/div>\r\n\t\t\t\t\t\t\t\t\t\t<div class=\"work-info\"> \r\n\t\t\t\t\t\t\t\t\t\t\t\r\n\t\t\t\t\t\t\t\t\t\t\t\t\t\t\t\t\t\t\t\t\t\t\t\r\n\t\t\t\t\t\t\t\t\t\t\t\t<div class=\"vert-center\">\r\n\t\t\t\t\t\t\t\t\t\t\t\t\t<a href=\"https:\/\/cachoeiradoc.com.br\/festival\/wp-content\/uploads\/2020\/11\/Sob-a-sombra-da-palmeira-01-scaled.jpg\" class=\"pretty_photo default-link\">Ampliar imagem<\/a> <a class=\"default-link\" href=\"https:\/\/cachoeiradoc.com.br\/festival\/filmes\/sob-a-sombra-da-palmeira\/\">Informa\u00e7\u00f5es<\/a>\t\t\t\t\t\t\t\t\t\t\t\t\t\r\n\t\t\t\t\t\t\t\t\t\t\t\t<\/div><!--\/vert-center-->\r\n\t\t\t\t\t\t\t\t\t\t\t<\/div>\r\n\t\t\t\t\t\t\t\t\t\t<\/div><!--\/work-item-->\r\n\t\t\t\t\t\t\t\t\t\t\r\n\t\t\t\t\t\t\t\t\t\t<div class=\"work-meta\">\r\n\t\t\t\t\t\t\t\t\t\t\t<h4 class=\"title\">Sob a sombra da palmeira (Minas Gerais, 2020, 17 min.), de Tomyo Costa Ito<\/h4>\r\n\t\t\t\t\t\t\t\t\t\t\t\r\n\t\t\t\t\t\t\t\t\t\t\t\t\t\t\t\t\t\t\t\t\t\t\r\n\t\t\t\t\t\t\t\t\t\t<\/div>\r\n\t\t\t\t\t\t\t\t\t\t<div class=\"nectar-love-wrap\">\r\n\t\t\t\t\t\t\t\t\t\t\t\t\t\t\t\t\t\t\t\t\t<\/div><!--\/nectar-love-wrap-->\t\r\n\t\t\t\t\t\t\t\t\t\t\r\n\t\t\t\t\t\t\t\t\t\t\t\t\t\t\t\t\t\r\n\t\t\t\t\t\t\t\t\r\n\t\t\t\t\t\t\t<\/div><!--\/inner-wrap-->\r\n\t\t\t\t\t\t<\/div><!--\/col-->\r\n\t\t\t\t\t\t\r\n\t\t\t\t\t\t\t\t\t\t\t\r\n\t\t\t\t\t\t\t\t\t\t\t\t\r\n\t\t\t\t\t\t<div class=\"col span_3  element nos-nunca-nascemos-nos-nunca-morremos-nos-transicionamos quando-o-invisivel-se-torna-visivel-o-olho-demora-a-acostumar \"  data-project-cat=\"nos-nunca-nascemos-nos-nunca-morremos-nos-transicionamos quando-o-invisivel-se-torna-visivel-o-olho-demora-a-acostumar \" data-default-color=\"true\" data-title-color=\"\" data-subtitle-color=\"\">\r\n\t\t\t\t\t\t\t\r\n\t\t\t\t\t\t\t<div class=\"inner-wrap animated\" data-animation=\"none\">\r\n\t\t\t\t\t\t\t\t\r\n\t\t\t\t\t\t\t\t\t\t\t\t\t\t\t\t\t\r\n\t\t\t\t\t\t\t\t\t<div class=\"work-item style-1\" data-custom-content=\"off\">\r\n\t\t\t\t\t\t\t\t\t\t\r\n\t\t\t\t\t\t\t\t\t\t<img class=\"size- skip-lazy\" src=\"https:\/\/cachoeiradoc.com.br\/festival\/wp-content\/uploads\/2020\/12\/Noticias-de-Sao-Paulo-01-600x403.jpg\" alt=\"\" height=\"403\" width=\"600\" srcset=\"https:\/\/cachoeiradoc.com.br\/festival\/wp-content\/uploads\/2020\/12\/Noticias-de-Sao-Paulo-01-900x604.jpg 900w, https:\/\/cachoeiradoc.com.br\/festival\/wp-content\/uploads\/2020\/12\/Noticias-de-Sao-Paulo-01-600x403.jpg 600w, https:\/\/cachoeiradoc.com.br\/festival\/wp-content\/uploads\/2020\/12\/Noticias-de-Sao-Paulo-01-400x269.jpg 400w\" sizes=\"(min-width: 1000px) 25vw, (min-width: 690px) 50vw, 100vw\" \/>\t\t\t\t\t\t\t\t\t\t\r\n\t\t\t\t\t\t\t\t\t\t<div class=\"work-info-bg\"><\/div>\r\n\t\t\t\t\t\t\t\t\t\t<div class=\"work-info\"> \r\n\t\t\t\t\t\t\t\t\t\t\t\r\n\t\t\t\t\t\t\t\t\t\t\t\t\t\t\t\t\t\t\t\t\t\t\t\r\n\t\t\t\t\t\t\t\t\t\t\t\t<div class=\"vert-center\">\r\n\t\t\t\t\t\t\t\t\t\t\t\t\t<a href=\"https:\/\/cachoeiradoc.com.br\/festival\/wp-content\/uploads\/2020\/12\/Noticias-de-Sao-Paulo-01-scaled.jpg\" class=\"pretty_photo default-link\">Ampliar imagem<\/a> <a class=\"default-link\" href=\"https:\/\/cachoeiradoc.com.br\/festival\/filmes\/noticias-de-sao-paulo\/\">Informa\u00e7\u00f5es<\/a>\t\t\t\t\t\t\t\t\t\t\t\t\t\r\n\t\t\t\t\t\t\t\t\t\t\t\t<\/div><!--\/vert-center-->\r\n\t\t\t\t\t\t\t\t\t\t\t<\/div>\r\n\t\t\t\t\t\t\t\t\t\t<\/div><!--\/work-item-->\r\n\t\t\t\t\t\t\t\t\t\t\r\n\t\t\t\t\t\t\t\t\t\t<div class=\"work-meta\">\r\n\t\t\t\t\t\t\t\t\t\t\t<h4 class=\"title\">Not\u00edcias de S\u00e3o Paulo (Pernambuco, 2019, 11 min.), de Priscila Nascimento<\/h4>\r\n\t\t\t\t\t\t\t\t\t\t\t\r\n\t\t\t\t\t\t\t\t\t\t\t\t\t\t\t\t\t\t\t\t\t\t\r\n\t\t\t\t\t\t\t\t\t\t<\/div>\r\n\t\t\t\t\t\t\t\t\t\t<div class=\"nectar-love-wrap\">\r\n\t\t\t\t\t\t\t\t\t\t\t\t\t\t\t\t\t\t\t\t\t<\/div><!--\/nectar-love-wrap-->\t\r\n\t\t\t\t\t\t\t\t\t\t\r\n\t\t\t\t\t\t\t\t\t\t\t\t\t\t\t\t\t\r\n\t\t\t\t\t\t\t\t\r\n\t\t\t\t\t\t\t<\/div><!--\/inner-wrap-->\r\n\t\t\t\t\t\t<\/div><!--\/col-->\r\n\t\t\t\t\t\t\r\n\t\t\t\t\t\t\t\t\t\t\t\r\n\t\t\t\t\t\t\t\t\t\t\t\t\r\n\t\t\t\t\t\t<div class=\"col span_3  element nos-nunca-nascemos-nos-nunca-morremos-nos-transicionamos quando-o-invisivel-se-torna-visivel-o-olho-demora-a-acostumar \"  data-project-cat=\"nos-nunca-nascemos-nos-nunca-morremos-nos-transicionamos quando-o-invisivel-se-torna-visivel-o-olho-demora-a-acostumar \" data-default-color=\"true\" data-title-color=\"\" data-subtitle-color=\"\">\r\n\t\t\t\t\t\t\t\r\n\t\t\t\t\t\t\t<div class=\"inner-wrap animated\" data-animation=\"none\">\r\n\t\t\t\t\t\t\t\t\r\n\t\t\t\t\t\t\t\t\t\t\t\t\t\t\t\t\t\r\n\t\t\t\t\t\t\t\t\t<div class=\"work-item style-1\" data-custom-content=\"off\">\r\n\t\t\t\t\t\t\t\t\t\t\r\n\t\t\t\t\t\t\t\t\t\t<img class=\"size- skip-lazy\" src=\"https:\/\/cachoeiradoc.com.br\/festival\/wp-content\/uploads\/2020\/12\/Michele-de-Michele-mesma-narrativas-de-uma-mulher-sertaneja-01-600x403.jpg\" alt=\"\" height=\"403\" width=\"600\" srcset=\"https:\/\/cachoeiradoc.com.br\/festival\/wp-content\/uploads\/2020\/12\/Michele-de-Michele-mesma-narrativas-de-uma-mulher-sertaneja-01-900x604.jpg 900w, https:\/\/cachoeiradoc.com.br\/festival\/wp-content\/uploads\/2020\/12\/Michele-de-Michele-mesma-narrativas-de-uma-mulher-sertaneja-01-600x403.jpg 600w, https:\/\/cachoeiradoc.com.br\/festival\/wp-content\/uploads\/2020\/12\/Michele-de-Michele-mesma-narrativas-de-uma-mulher-sertaneja-01-400x269.jpg 400w\" sizes=\"(min-width: 1000px) 25vw, (min-width: 690px) 50vw, 100vw\" \/>\t\t\t\t\t\t\t\t\t\t\r\n\t\t\t\t\t\t\t\t\t\t<div class=\"work-info-bg\"><\/div>\r\n\t\t\t\t\t\t\t\t\t\t<div class=\"work-info\"> \r\n\t\t\t\t\t\t\t\t\t\t\t\r\n\t\t\t\t\t\t\t\t\t\t\t\t\t\t\t\t\t\t\t\t\t\t\t\r\n\t\t\t\t\t\t\t\t\t\t\t\t<div class=\"vert-center\">\r\n\t\t\t\t\t\t\t\t\t\t\t\t\t<a href=\"https:\/\/cachoeiradoc.com.br\/festival\/wp-content\/uploads\/2020\/12\/Michele-de-Michele-mesma-narrativas-de-uma-mulher-sertaneja-01.jpg\" class=\"pretty_photo default-link\">Ampliar imagem<\/a> <a class=\"default-link\" href=\"https:\/\/cachoeiradoc.com.br\/festival\/filmes\/michele-de-michele-mesma-narrativas-de-uma-mulher-sertaneja\/\">Informa\u00e7\u00f5es<\/a>\t\t\t\t\t\t\t\t\t\t\t\t\t\r\n\t\t\t\t\t\t\t\t\t\t\t\t<\/div><!--\/vert-center-->\r\n\t\t\t\t\t\t\t\t\t\t\t<\/div>\r\n\t\t\t\t\t\t\t\t\t\t<\/div><!--\/work-item-->\r\n\t\t\t\t\t\t\t\t\t\t\r\n\t\t\t\t\t\t\t\t\t\t<div class=\"work-meta\">\r\n\t\t\t\t\t\t\t\t\t\t\t<h4 class=\"title\">Michele de Michele Mesma: Narrativas de uma Mulher Sertaneja (Bahia, 2019, 12 min.), de Michele Menezes<\/h4>\r\n\t\t\t\t\t\t\t\t\t\t\t\r\n\t\t\t\t\t\t\t\t\t\t\t\t\t\t\t\t\t\t\t\t\t\t\r\n\t\t\t\t\t\t\t\t\t\t<\/div>\r\n\t\t\t\t\t\t\t\t\t\t<div class=\"nectar-love-wrap\">\r\n\t\t\t\t\t\t\t\t\t\t\t\t\t\t\t\t\t\t\t\t\t<\/div><!--\/nectar-love-wrap-->\t\r\n\t\t\t\t\t\t\t\t\t\t\r\n\t\t\t\t\t\t\t\t\t\t\t\t\t\t\t\t\t\r\n\t\t\t\t\t\t\t\t\r\n\t\t\t\t\t\t\t<\/div><!--\/inner-wrap-->\r\n\t\t\t\t\t\t<\/div><!--\/col-->\r\n\t\t\t\t\t\t\r\n\t\t\t\t\t\t\t\t\t\t\r\n\t\t\t\t<\/div><!--\/portfolio-->\r\n\t\t\t<\/div><!--\/portfolio wrap-->\r\n\t\t\t\r\n\t\t\t[\/toggle][\/toggles][toggles style=&#8221;default&#8221; accordion=&#8221;true&#8221;][toggle color=&#8221;Default&#8221; title=&#8221;Sess\u00e3o 3 &#8211; \u201cNunaqtigiit (Pessoas relacionadas pela posse comum do territ\u00f3rio)\u201d&#8221;]\t\t\t\t\r\n\t\t\t\t\r\n\t\t\t\t\r\n\t\t\t\t<div class=\"portfolio-wrap \">\r\n\t\t\t\t\t\r\n\t\t\t\t\t\t\t\t\t\t\r\n\t\t\t\t\t<span class=\"portfolio-loading  none\">   <\/span>\r\n\t\t\t\t\t\r\n\t\t\t\t\t\t\t\t\t\t\r\n\t\t\t\t\t<div class=\"row portfolio-items no-masonry  \" data-rcp=\"false\" data-masonry-type=\"default\" data-ps=\"1\" data-starting-filter=\"\" data-gutter=\"default\" data-categories-to-show=\"nunaqtigiit-pessoas-relacionadas-pela-posse-comum-do-territorio\" data-bypass-cropping=\"\" data-lightbox-only=\"0\" data-col-num=\"cols-4\">\r\n\t\t\t\t\t\t\t\t\t\t\t\t\r\n\t\t\t\t\t\t\t\t\t\t\t\t\r\n\t\t\t\t\t\t<div class=\"col span_3  element nos-nunca-nascemos-nos-nunca-morremos-nos-transicionamos nunaqtigiit-pessoas-relacionadas-pela-posse-comum-do-territorio \"  data-project-cat=\"nos-nunca-nascemos-nos-nunca-morremos-nos-transicionamos nunaqtigiit-pessoas-relacionadas-pela-posse-comum-do-territorio \" data-default-color=\"true\" data-title-color=\"\" data-subtitle-color=\"\">\r\n\t\t\t\t\t\t\t\r\n\t\t\t\t\t\t\t<div class=\"inner-wrap animated\" data-animation=\"none\">\r\n\t\t\t\t\t\t\t\t\r\n\t\t\t\t\t\t\t\t\t\t\t\t\t\t\t\t\t\r\n\t\t\t\t\t\t\t\t\t<div class=\"work-item style-1\" data-custom-content=\"off\">\r\n\t\t\t\t\t\t\t\t\t\t\r\n\t\t\t\t\t\t\t\t\t\t<img class=\"size- skip-lazy\" src=\"https:\/\/cachoeiradoc.com.br\/festival\/wp-content\/uploads\/2020\/12\/Filme-de-Domingo-02-600x403.jpg\" alt=\"\" height=\"403\" width=\"600\" srcset=\"https:\/\/cachoeiradoc.com.br\/festival\/wp-content\/uploads\/2020\/12\/Filme-de-Domingo-02-900x604.jpg 900w, https:\/\/cachoeiradoc.com.br\/festival\/wp-content\/uploads\/2020\/12\/Filme-de-Domingo-02-600x403.jpg 600w, https:\/\/cachoeiradoc.com.br\/festival\/wp-content\/uploads\/2020\/12\/Filme-de-Domingo-02-400x269.jpg 400w\" sizes=\"(min-width: 1000px) 25vw, (min-width: 690px) 50vw, 100vw\" \/>\t\t\t\t\t\t\t\t\t\t\r\n\t\t\t\t\t\t\t\t\t\t<div class=\"work-info-bg\"><\/div>\r\n\t\t\t\t\t\t\t\t\t\t<div class=\"work-info\"> \r\n\t\t\t\t\t\t\t\t\t\t\t\r\n\t\t\t\t\t\t\t\t\t\t\t\t\t\t\t\t\t\t\t\t\t\t\t\r\n\t\t\t\t\t\t\t\t\t\t\t\t<div class=\"vert-center\">\r\n\t\t\t\t\t\t\t\t\t\t\t\t\t<a href=\"https:\/\/cachoeiradoc.com.br\/festival\/wp-content\/uploads\/2020\/12\/Filme-de-Domingo-02.jpg\" class=\"pretty_photo default-link\">Ampliar imagem<\/a> <a class=\"default-link\" href=\"https:\/\/cachoeiradoc.com.br\/festival\/filmes\/filme-de-domingo\/\">Informa\u00e7\u00f5es<\/a>\t\t\t\t\t\t\t\t\t\t\t\t\t\r\n\t\t\t\t\t\t\t\t\t\t\t\t<\/div><!--\/vert-center-->\r\n\t\t\t\t\t\t\t\t\t\t\t<\/div>\r\n\t\t\t\t\t\t\t\t\t\t<\/div><!--\/work-item-->\r\n\t\t\t\t\t\t\t\t\t\t\r\n\t\t\t\t\t\t\t\t\t\t<div class=\"work-meta\">\r\n\t\t\t\t\t\t\t\t\t\t\t<h4 class=\"title\">Filme de Domingo (S\u00e3o Paulo, 2020, 28 min.), de Lincoln P\u00e9ricles<\/h4>\r\n\t\t\t\t\t\t\t\t\t\t\t\r\n\t\t\t\t\t\t\t\t\t\t\t\t\t\t\t\t\t\t\t\t\t\t\r\n\t\t\t\t\t\t\t\t\t\t<\/div>\r\n\t\t\t\t\t\t\t\t\t\t<div class=\"nectar-love-wrap\">\r\n\t\t\t\t\t\t\t\t\t\t\t\t\t\t\t\t\t\t\t\t\t<\/div><!--\/nectar-love-wrap-->\t\r\n\t\t\t\t\t\t\t\t\t\t\r\n\t\t\t\t\t\t\t\t\t\t\t\t\t\t\t\t\t\r\n\t\t\t\t\t\t\t\t\r\n\t\t\t\t\t\t\t<\/div><!--\/inner-wrap-->\r\n\t\t\t\t\t\t<\/div><!--\/col-->\r\n\t\t\t\t\t\t\r\n\t\t\t\t\t\t\t\t\t\t\t\r\n\t\t\t\t\t\t\t\t\t\t\t\t\r\n\t\t\t\t\t\t<div class=\"col span_3  element nos-nunca-nascemos-nos-nunca-morremos-nos-transicionamos nunaqtigiit-pessoas-relacionadas-pela-posse-comum-do-territorio \"  data-project-cat=\"nos-nunca-nascemos-nos-nunca-morremos-nos-transicionamos nunaqtigiit-pessoas-relacionadas-pela-posse-comum-do-territorio \" data-default-color=\"true\" data-title-color=\"\" data-subtitle-color=\"\">\r\n\t\t\t\t\t\t\t\r\n\t\t\t\t\t\t\t<div class=\"inner-wrap animated\" data-animation=\"none\">\r\n\t\t\t\t\t\t\t\t\r\n\t\t\t\t\t\t\t\t\t\t\t\t\t\t\t\t\t\r\n\t\t\t\t\t\t\t\t\t<div class=\"work-item style-1\" data-custom-content=\"off\">\r\n\t\t\t\t\t\t\t\t\t\t\r\n\t\t\t\t\t\t\t\t\t\t<img class=\"size- skip-lazy\" src=\"https:\/\/cachoeiradoc.com.br\/festival\/wp-content\/uploads\/2020\/12\/Maes-de-Derick-01-600x403.jpg\" alt=\"\" height=\"403\" width=\"600\" srcset=\"https:\/\/cachoeiradoc.com.br\/festival\/wp-content\/uploads\/2020\/12\/Maes-de-Derick-01-900x604.jpg 900w, https:\/\/cachoeiradoc.com.br\/festival\/wp-content\/uploads\/2020\/12\/Maes-de-Derick-01-600x403.jpg 600w, https:\/\/cachoeiradoc.com.br\/festival\/wp-content\/uploads\/2020\/12\/Maes-de-Derick-01-400x269.jpg 400w\" sizes=\"(min-width: 1000px) 25vw, (min-width: 690px) 50vw, 100vw\" \/>\t\t\t\t\t\t\t\t\t\t\r\n\t\t\t\t\t\t\t\t\t\t<div class=\"work-info-bg\"><\/div>\r\n\t\t\t\t\t\t\t\t\t\t<div class=\"work-info\"> \r\n\t\t\t\t\t\t\t\t\t\t\t\r\n\t\t\t\t\t\t\t\t\t\t\t\t\t\t\t\t\t\t\t\t\t\t\t\r\n\t\t\t\t\t\t\t\t\t\t\t\t<div class=\"vert-center\">\r\n\t\t\t\t\t\t\t\t\t\t\t\t\t<a href=\"https:\/\/cachoeiradoc.com.br\/festival\/wp-content\/uploads\/2020\/12\/Maes-de-Derick-01.jpg\" class=\"pretty_photo default-link\">Ampliar imagem<\/a> <a class=\"default-link\" href=\"https:\/\/cachoeiradoc.com.br\/festival\/filmes\/maes-do-derick\/\">Informa\u00e7\u00f5es<\/a>\t\t\t\t\t\t\t\t\t\t\t\t\t\r\n\t\t\t\t\t\t\t\t\t\t\t\t<\/div><!--\/vert-center-->\r\n\t\t\t\t\t\t\t\t\t\t\t<\/div>\r\n\t\t\t\t\t\t\t\t\t\t<\/div><!--\/work-item-->\r\n\t\t\t\t\t\t\t\t\t\t\r\n\t\t\t\t\t\t\t\t\t\t<div class=\"work-meta\">\r\n\t\t\t\t\t\t\t\t\t\t\t<h4 class=\"title\">M\u00e3es do Derick (Paran\u00e1, 2020, 77 min.), de D\u00ea Kelm<\/h4>\r\n\t\t\t\t\t\t\t\t\t\t\t\r\n\t\t\t\t\t\t\t\t\t\t\t\t\t\t\t\t\t\t\t\t\t\t\r\n\t\t\t\t\t\t\t\t\t\t<\/div>\r\n\t\t\t\t\t\t\t\t\t\t<div class=\"nectar-love-wrap\">\r\n\t\t\t\t\t\t\t\t\t\t\t\t\t\t\t\t\t\t\t\t\t<\/div><!--\/nectar-love-wrap-->\t\r\n\t\t\t\t\t\t\t\t\t\t\r\n\t\t\t\t\t\t\t\t\t\t\t\t\t\t\t\t\t\r\n\t\t\t\t\t\t\t\t\r\n\t\t\t\t\t\t\t<\/div><!--\/inner-wrap-->\r\n\t\t\t\t\t\t<\/div><!--\/col-->\r\n\t\t\t\t\t\t\r\n\t\t\t\t\t\t\t\t\t\t\r\n\t\t\t\t<\/div><!--\/portfolio-->\r\n\t\t\t<\/div><!--\/portfolio wrap-->\r\n\t\t\t\r\n\t\t\t[\/toggle][\/toggles][\/vc_column][vc_column column_padding=&#8221;no-extra-padding&#8221; column_padding_tablet=&#8221;inherit&#8221; column_padding_phone=&#8221;inherit&#8221; column_padding_position=&#8221;all&#8221; background_color_opacity=&#8221;1&#8243; background_hover_color_opacity=&#8221;1&#8243; column_shadow=&#8221;none&#8221; column_border_radius=&#8221;none&#8221; column_link_target=&#8221;_self&#8221; gradient_direction=&#8221;left_to_right&#8221; overlay_strength=&#8221;0.3&#8243; width=&#8221;1\/1&#8243; tablet_width_inherit=&#8221;default&#8221; tablet_text_alignment=&#8221;default&#8221; phone_text_alignment=&#8221;default&#8221; column_border_width=&#8221;none&#8221; column_border_style=&#8221;solid&#8221; bg_image_animation=&#8221;none&#8221;][divider line_type=&#8221;No Line&#8221;][split_line_heading animation_type=&#8221;default&#8221;]\n<h3><strong><a id=\"grupo2\"><\/a><a href=\"http:\/\/cachoeiradoc.com.br\/festival\/mostra-de-documentarios-brasileiros\/programa2\/\" rel=\"noopener noreferrer\">Programa 2 &#8211; Nem todo trajeto \u00e9 reto<\/a><\/strong><\/h3>\n<p><span style=\"font-weight: 400;\">Dispon\u00edvel online entre 05 e 11\/12 e 19 e 20\/12\/20<\/span>[\/split_line_heading][toggles style=&#8221;default&#8221; accordion=&#8221;true&#8221;][toggle color=&#8221;Default&#8221; title=&#8221;Sess\u00e3o 4 &#8211; O negrume da noite reluziu o dia&#8221;]\t\t\t\t\r\n\t\t\t\t\r\n\t\t\t\t\r\n\t\t\t\t<div class=\"portfolio-wrap \">\r\n\t\t\t\t\t\r\n\t\t\t\t\t\t\t\t\t\t\r\n\t\t\t\t\t<span class=\"portfolio-loading  none\">   <\/span>\r\n\t\t\t\t\t\r\n\t\t\t\t\t\t\t\t\t\t\r\n\t\t\t\t\t<div class=\"row portfolio-items no-masonry  \" data-rcp=\"false\" data-masonry-type=\"default\" data-ps=\"1\" data-starting-filter=\"\" data-gutter=\"default\" data-categories-to-show=\"o-negrume-da-noite-reluziu-o-dia\" data-bypass-cropping=\"\" data-lightbox-only=\"0\" data-col-num=\"cols-4\">\r\n\t\t\t\t\t\t\t\t\t\t\t\t\r\n\t\t\t\t\t\t\t\t\t\t\t\t\r\n\t\t\t\t\t\t<div class=\"col span_3  element nem-todo-trajeto-e-reto o-negrume-da-noite-reluziu-o-dia \"  data-project-cat=\"nem-todo-trajeto-e-reto o-negrume-da-noite-reluziu-o-dia \" data-default-color=\"true\" data-title-color=\"\" data-subtitle-color=\"\">\r\n\t\t\t\t\t\t\t\r\n\t\t\t\t\t\t\t<div class=\"inner-wrap animated\" data-animation=\"none\">\r\n\t\t\t\t\t\t\t\t\r\n\t\t\t\t\t\t\t\t\t\t\t\t\t\t\t\t\t\r\n\t\t\t\t\t\t\t\t\t<div class=\"work-item style-1\" data-custom-content=\"off\">\r\n\t\t\t\t\t\t\t\t\t\t\r\n\t\t\t\t\t\t\t\t\t\t<img class=\"size- skip-lazy\" src=\"https:\/\/cachoeiradoc.com.br\/festival\/wp-content\/uploads\/2020\/12\/Negro-em-mim-02-600x403.jpg\" alt=\"\" height=\"403\" width=\"600\" srcset=\"https:\/\/cachoeiradoc.com.br\/festival\/wp-content\/uploads\/2020\/12\/Negro-em-mim-02-900x604.jpg 900w, https:\/\/cachoeiradoc.com.br\/festival\/wp-content\/uploads\/2020\/12\/Negro-em-mim-02-600x403.jpg 600w, https:\/\/cachoeiradoc.com.br\/festival\/wp-content\/uploads\/2020\/12\/Negro-em-mim-02-400x269.jpg 400w\" sizes=\"(min-width: 1000px) 25vw, (min-width: 690px) 50vw, 100vw\" \/>\t\t\t\t\t\t\t\t\t\t\r\n\t\t\t\t\t\t\t\t\t\t<div class=\"work-info-bg\"><\/div>\r\n\t\t\t\t\t\t\t\t\t\t<div class=\"work-info\"> \r\n\t\t\t\t\t\t\t\t\t\t\t\r\n\t\t\t\t\t\t\t\t\t\t\t\t\t\t\t\t\t\t\t\t\t\t\t\r\n\t\t\t\t\t\t\t\t\t\t\t\t<div class=\"vert-center\">\r\n\t\t\t\t\t\t\t\t\t\t\t\t\t<a href=\"https:\/\/cachoeiradoc.com.br\/festival\/wp-content\/uploads\/2020\/12\/Negro-em-mim-02.jpg\" class=\"pretty_photo default-link\">Ampliar imagem<\/a> <a class=\"default-link\" href=\"https:\/\/cachoeiradoc.com.br\/festival\/filmes\/negro-em-mim\/\">Informa\u00e7\u00f5es<\/a>\t\t\t\t\t\t\t\t\t\t\t\t\t\r\n\t\t\t\t\t\t\t\t\t\t\t\t<\/div><!--\/vert-center-->\r\n\t\t\t\t\t\t\t\t\t\t\t<\/div>\r\n\t\t\t\t\t\t\t\t\t\t<\/div><!--\/work-item-->\r\n\t\t\t\t\t\t\t\t\t\t\r\n\t\t\t\t\t\t\t\t\t\t<div class=\"work-meta\">\r\n\t\t\t\t\t\t\t\t\t\t\t<h4 class=\"title\">Negro Em Mim (S\u00e3o Paulo, 2020, 112 min.), de Macca Ramos<\/h4>\r\n\t\t\t\t\t\t\t\t\t\t\t\r\n\t\t\t\t\t\t\t\t\t\t\t\t\t\t\t\t\t\t\t\t\t\t\r\n\t\t\t\t\t\t\t\t\t\t<\/div>\r\n\t\t\t\t\t\t\t\t\t\t<div class=\"nectar-love-wrap\">\r\n\t\t\t\t\t\t\t\t\t\t\t\t\t\t\t\t\t\t\t\t\t<\/div><!--\/nectar-love-wrap-->\t\r\n\t\t\t\t\t\t\t\t\t\t\r\n\t\t\t\t\t\t\t\t\t\t\t\t\t\t\t\t\t\r\n\t\t\t\t\t\t\t\t\r\n\t\t\t\t\t\t\t<\/div><!--\/inner-wrap-->\r\n\t\t\t\t\t\t<\/div><!--\/col-->\r\n\t\t\t\t\t\t\r\n\t\t\t\t\t\t\t\t\t\t\r\n\t\t\t\t<\/div><!--\/portfolio-->\r\n\t\t\t<\/div><!--\/portfolio wrap-->\r\n\t\t\t\r\n\t\t\t[\/toggle][\/toggles][toggles style=&#8221;default&#8221; accordion=&#8221;true&#8221;][toggle color=&#8221;Default&#8221; title=&#8221;Sess\u00e3o 5 &#8211; Inventar a liberdade&#8221;]\t\t\t\t\r\n\t\t\t\t\r\n\t\t\t\t\r\n\t\t\t\t<div class=\"portfolio-wrap \">\r\n\t\t\t\t\t\r\n\t\t\t\t\t\t\t\t\t\t\r\n\t\t\t\t\t<span class=\"portfolio-loading  none\">   <\/span>\r\n\t\t\t\t\t\r\n\t\t\t\t\t\t\t\t\t\t\r\n\t\t\t\t\t<div class=\"row portfolio-items no-masonry  \" data-rcp=\"false\" data-masonry-type=\"default\" data-ps=\"1\" data-starting-filter=\"\" data-gutter=\"default\" data-categories-to-show=\"inventar-a-liberdade\" data-bypass-cropping=\"\" data-lightbox-only=\"0\" data-col-num=\"cols-4\">\r\n\t\t\t\t\t\t\t\t\t\t\t\t\r\n\t\t\t\t\t\t\t\t\t\t\t\t\r\n\t\t\t\t\t\t<div class=\"col span_3  element inventar-a-liberdade nem-todo-trajeto-e-reto \"  data-project-cat=\"inventar-a-liberdade nem-todo-trajeto-e-reto \" data-default-color=\"true\" data-title-color=\"\" data-subtitle-color=\"\">\r\n\t\t\t\t\t\t\t\r\n\t\t\t\t\t\t\t<div class=\"inner-wrap animated\" data-animation=\"none\">\r\n\t\t\t\t\t\t\t\t\r\n\t\t\t\t\t\t\t\t\t\t\t\t\t\t\t\t\t\r\n\t\t\t\t\t\t\t\t\t<div class=\"work-item style-1\" data-custom-content=\"off\">\r\n\t\t\t\t\t\t\t\t\t\t\r\n\t\t\t\t\t\t\t\t\t\t<img class=\"size- skip-lazy\" src=\"https:\/\/cachoeiradoc.com.br\/festival\/wp-content\/uploads\/2020\/12\/E-sim-de-verdade-01-600x403.jpg\" alt=\"\" height=\"403\" width=\"600\" srcset=\"https:\/\/cachoeiradoc.com.br\/festival\/wp-content\/uploads\/2020\/12\/E-sim-de-verdade-01-900x604.jpg 900w, https:\/\/cachoeiradoc.com.br\/festival\/wp-content\/uploads\/2020\/12\/E-sim-de-verdade-01-600x403.jpg 600w, https:\/\/cachoeiradoc.com.br\/festival\/wp-content\/uploads\/2020\/12\/E-sim-de-verdade-01-400x269.jpg 400w\" sizes=\"(min-width: 1000px) 25vw, (min-width: 690px) 50vw, 100vw\" \/>\t\t\t\t\t\t\t\t\t\t\r\n\t\t\t\t\t\t\t\t\t\t<div class=\"work-info-bg\"><\/div>\r\n\t\t\t\t\t\t\t\t\t\t<div class=\"work-info\"> \r\n\t\t\t\t\t\t\t\t\t\t\t\r\n\t\t\t\t\t\t\t\t\t\t\t\t\t\t\t\t\t\t\t\t\t\t\t\r\n\t\t\t\t\t\t\t\t\t\t\t\t<div class=\"vert-center\">\r\n\t\t\t\t\t\t\t\t\t\t\t\t\t<a href=\"https:\/\/cachoeiradoc.com.br\/festival\/wp-content\/uploads\/2020\/12\/E-sim-de-verdade-01.jpg\" class=\"pretty_photo default-link\">Ampliar imagem<\/a> <a class=\"default-link\" href=\"https:\/\/cachoeiradoc.com.br\/festival\/filmes\/e-sim-de-verdade\/\">Informa\u00e7\u00f5es<\/a>\t\t\t\t\t\t\t\t\t\t\t\t\t\r\n\t\t\t\t\t\t\t\t\t\t\t\t<\/div><!--\/vert-center-->\r\n\t\t\t\t\t\t\t\t\t\t\t<\/div>\r\n\t\t\t\t\t\t\t\t\t\t<\/div><!--\/work-item-->\r\n\t\t\t\t\t\t\t\t\t\t\r\n\t\t\t\t\t\t\t\t\t\t<div class=\"work-meta\">\r\n\t\t\t\t\t\t\t\t\t\t\t<h4 class=\"title\">\u00c9 sim de verdade (Bahia, 2018, 22 min.), dire\u00e7\u00e3o coletiva de mulheres em priva\u00e7\u00e3o de liberdade junto ao Complexo Prisional de Feira de Santana<\/h4>\r\n\t\t\t\t\t\t\t\t\t\t\t\r\n\t\t\t\t\t\t\t\t\t\t\t\t\t\t\t\t\t\t\t\t\t\t\r\n\t\t\t\t\t\t\t\t\t\t<\/div>\r\n\t\t\t\t\t\t\t\t\t\t<div class=\"nectar-love-wrap\">\r\n\t\t\t\t\t\t\t\t\t\t\t\t\t\t\t\t\t\t\t\t\t<\/div><!--\/nectar-love-wrap-->\t\r\n\t\t\t\t\t\t\t\t\t\t\r\n\t\t\t\t\t\t\t\t\t\t\t\t\t\t\t\t\t\r\n\t\t\t\t\t\t\t\t\r\n\t\t\t\t\t\t\t<\/div><!--\/inner-wrap-->\r\n\t\t\t\t\t\t<\/div><!--\/col-->\r\n\t\t\t\t\t\t\r\n\t\t\t\t\t\t\t\t\t\t\t\r\n\t\t\t\t\t\t\t\t\t\t\t\t\r\n\t\t\t\t\t\t<div class=\"col span_3  element inventar-a-liberdade nem-todo-trajeto-e-reto \"  data-project-cat=\"inventar-a-liberdade nem-todo-trajeto-e-reto \" data-default-color=\"true\" data-title-color=\"\" data-subtitle-color=\"\">\r\n\t\t\t\t\t\t\t\r\n\t\t\t\t\t\t\t<div class=\"inner-wrap animated\" data-animation=\"none\">\r\n\t\t\t\t\t\t\t\t\r\n\t\t\t\t\t\t\t\t\t\t\t\t\t\t\t\t\t\r\n\t\t\t\t\t\t\t\t\t<div class=\"work-item style-1\" data-custom-content=\"off\">\r\n\t\t\t\t\t\t\t\t\t\t\r\n\t\t\t\t\t\t\t\t\t\t<img class=\"size- skip-lazy\" src=\"https:\/\/cachoeiradoc.com.br\/festival\/wp-content\/uploads\/2020\/12\/Cade-Edson_-01-600x403.jpg\" alt=\"\" height=\"403\" width=\"600\" srcset=\"https:\/\/cachoeiradoc.com.br\/festival\/wp-content\/uploads\/2020\/12\/Cade-Edson_-01-900x604.jpg 900w, https:\/\/cachoeiradoc.com.br\/festival\/wp-content\/uploads\/2020\/12\/Cade-Edson_-01-600x403.jpg 600w, https:\/\/cachoeiradoc.com.br\/festival\/wp-content\/uploads\/2020\/12\/Cade-Edson_-01-400x269.jpg 400w\" sizes=\"(min-width: 1000px) 25vw, (min-width: 690px) 50vw, 100vw\" \/>\t\t\t\t\t\t\t\t\t\t\r\n\t\t\t\t\t\t\t\t\t\t<div class=\"work-info-bg\"><\/div>\r\n\t\t\t\t\t\t\t\t\t\t<div class=\"work-info\"> \r\n\t\t\t\t\t\t\t\t\t\t\t\r\n\t\t\t\t\t\t\t\t\t\t\t\t\t\t\t\t\t\t\t\t\t\t\t\r\n\t\t\t\t\t\t\t\t\t\t\t\t<div class=\"vert-center\">\r\n\t\t\t\t\t\t\t\t\t\t\t\t\t<a href=\"https:\/\/cachoeiradoc.com.br\/festival\/wp-content\/uploads\/2020\/12\/Cade-Edson_-01.jpg\" class=\"pretty_photo default-link\">Ampliar imagem<\/a> <a class=\"default-link\" href=\"https:\/\/cachoeiradoc.com.br\/festival\/filmes\/cade-edson\/\">Informa\u00e7\u00f5es<\/a>\t\t\t\t\t\t\t\t\t\t\t\t\t\r\n\t\t\t\t\t\t\t\t\t\t\t\t<\/div><!--\/vert-center-->\r\n\t\t\t\t\t\t\t\t\t\t\t<\/div>\r\n\t\t\t\t\t\t\t\t\t\t<\/div><!--\/work-item-->\r\n\t\t\t\t\t\t\t\t\t\t\r\n\t\t\t\t\t\t\t\t\t\t<div class=\"work-meta\">\r\n\t\t\t\t\t\t\t\t\t\t\t<h4 class=\"title\">Cad\u00ea Edson? (Distrito Federal, 2019, 73 min.), de D\u00e1cia Ibiapina da Silva<\/h4>\r\n\t\t\t\t\t\t\t\t\t\t\t\r\n\t\t\t\t\t\t\t\t\t\t\t\t\t\t\t\t\t\t\t\t\t\t\r\n\t\t\t\t\t\t\t\t\t\t<\/div>\r\n\t\t\t\t\t\t\t\t\t\t<div class=\"nectar-love-wrap\">\r\n\t\t\t\t\t\t\t\t\t\t\t\t\t\t\t\t\t\t\t\t\t<\/div><!--\/nectar-love-wrap-->\t\r\n\t\t\t\t\t\t\t\t\t\t\r\n\t\t\t\t\t\t\t\t\t\t\t\t\t\t\t\t\t\r\n\t\t\t\t\t\t\t\t\r\n\t\t\t\t\t\t\t<\/div><!--\/inner-wrap-->\r\n\t\t\t\t\t\t<\/div><!--\/col-->\r\n\t\t\t\t\t\t\r\n\t\t\t\t\t\t\t\t\t\t\r\n\t\t\t\t<\/div><!--\/portfolio-->\r\n\t\t\t<\/div><!--\/portfolio wrap-->\r\n\t\t\t\r\n\t\t\t[\/toggle][\/toggles][toggles style=&#8221;default&#8221; accordion=&#8221;true&#8221;][toggle color=&#8221;Default&#8221; title=&#8221;Sess\u00e3o 6 &#8211; Entre o tempo e n\u00f3s&#8221;]\t\t\t\t\r\n\t\t\t\t\r\n\t\t\t\t\r\n\t\t\t\t<div class=\"portfolio-wrap \">\r\n\t\t\t\t\t\r\n\t\t\t\t\t\t\t\t\t\t\r\n\t\t\t\t\t<span class=\"portfolio-loading  none\">   <\/span>\r\n\t\t\t\t\t\r\n\t\t\t\t\t\t\t\t\t\t\r\n\t\t\t\t\t<div class=\"row portfolio-items no-masonry  \" data-rcp=\"false\" data-masonry-type=\"default\" data-ps=\"1\" data-starting-filter=\"\" data-gutter=\"default\" data-categories-to-show=\"entre-o-tempo-e-nos\" data-bypass-cropping=\"\" data-lightbox-only=\"0\" data-col-num=\"cols-4\">\r\n\t\t\t\t\t\t\t\t\t\t\t\t\r\n\t\t\t\t\t\t\t\t\t\t\t\t\r\n\t\t\t\t\t\t<div class=\"col span_3  element entre-o-tempo-e-nos nem-todo-trajeto-e-reto \"  data-project-cat=\"entre-o-tempo-e-nos nem-todo-trajeto-e-reto \" data-default-color=\"true\" data-title-color=\"\" data-subtitle-color=\"\">\r\n\t\t\t\t\t\t\t\r\n\t\t\t\t\t\t\t<div class=\"inner-wrap animated\" data-animation=\"none\">\r\n\t\t\t\t\t\t\t\t\r\n\t\t\t\t\t\t\t\t\t\t\t\t\t\t\t\t\t\r\n\t\t\t\t\t\t\t\t\t<div class=\"work-item style-1\" data-custom-content=\"off\">\r\n\t\t\t\t\t\t\t\t\t\t\r\n\t\t\t\t\t\t\t\t\t\t<img class=\"size- skip-lazy\" src=\"https:\/\/cachoeiradoc.com.br\/festival\/wp-content\/uploads\/2020\/12\/Entre-nos-e-o-mundo-03-600x403.jpg\" alt=\"\" height=\"403\" width=\"600\" srcset=\"https:\/\/cachoeiradoc.com.br\/festival\/wp-content\/uploads\/2020\/12\/Entre-nos-e-o-mundo-03-900x604.jpg 900w, https:\/\/cachoeiradoc.com.br\/festival\/wp-content\/uploads\/2020\/12\/Entre-nos-e-o-mundo-03-600x403.jpg 600w, https:\/\/cachoeiradoc.com.br\/festival\/wp-content\/uploads\/2020\/12\/Entre-nos-e-o-mundo-03-400x269.jpg 400w\" sizes=\"(min-width: 1000px) 25vw, (min-width: 690px) 50vw, 100vw\" \/>\t\t\t\t\t\t\t\t\t\t\r\n\t\t\t\t\t\t\t\t\t\t<div class=\"work-info-bg\"><\/div>\r\n\t\t\t\t\t\t\t\t\t\t<div class=\"work-info\"> \r\n\t\t\t\t\t\t\t\t\t\t\t\r\n\t\t\t\t\t\t\t\t\t\t\t\t\t\t\t\t\t\t\t\t\t\t\t\r\n\t\t\t\t\t\t\t\t\t\t\t\t<div class=\"vert-center\">\r\n\t\t\t\t\t\t\t\t\t\t\t\t\t<a href=\"https:\/\/cachoeiradoc.com.br\/festival\/wp-content\/uploads\/2020\/12\/Entre-nos-e-o-mundo-03.jpg\" class=\"pretty_photo default-link\">Ampliar imagem<\/a> <a class=\"default-link\" href=\"https:\/\/cachoeiradoc.com.br\/festival\/filmes\/entre-nos-e-o-mundo\/\">Informa\u00e7\u00f5es<\/a>\t\t\t\t\t\t\t\t\t\t\t\t\t\r\n\t\t\t\t\t\t\t\t\t\t\t\t<\/div><!--\/vert-center-->\r\n\t\t\t\t\t\t\t\t\t\t\t<\/div>\r\n\t\t\t\t\t\t\t\t\t\t<\/div><!--\/work-item-->\r\n\t\t\t\t\t\t\t\t\t\t\r\n\t\t\t\t\t\t\t\t\t\t<div class=\"work-meta\">\r\n\t\t\t\t\t\t\t\t\t\t\t<h4 class=\"title\">Entre N\u00f3s e o Mundo (S\u00e3o Paulo, 2019, 17 min.), de Fabio Rodrigo<\/h4>\r\n\t\t\t\t\t\t\t\t\t\t\t\r\n\t\t\t\t\t\t\t\t\t\t\t\t\t\t\t\t\t\t\t\t\t\t\r\n\t\t\t\t\t\t\t\t\t\t<\/div>\r\n\t\t\t\t\t\t\t\t\t\t<div class=\"nectar-love-wrap\">\r\n\t\t\t\t\t\t\t\t\t\t\t\t\t\t\t\t\t\t\t\t\t<\/div><!--\/nectar-love-wrap-->\t\r\n\t\t\t\t\t\t\t\t\t\t\r\n\t\t\t\t\t\t\t\t\t\t\t\t\t\t\t\t\t\r\n\t\t\t\t\t\t\t\t\r\n\t\t\t\t\t\t\t<\/div><!--\/inner-wrap-->\r\n\t\t\t\t\t\t<\/div><!--\/col-->\r\n\t\t\t\t\t\t\r\n\t\t\t\t\t\t\t\t\t\t\t\r\n\t\t\t\t\t\t\t\t\t\t\t\t\r\n\t\t\t\t\t\t<div class=\"col span_3  element entre-o-tempo-e-nos nem-todo-trajeto-e-reto \"  data-project-cat=\"entre-o-tempo-e-nos nem-todo-trajeto-e-reto \" data-default-color=\"true\" data-title-color=\"\" data-subtitle-color=\"\">\r\n\t\t\t\t\t\t\t\r\n\t\t\t\t\t\t\t<div class=\"inner-wrap animated\" data-animation=\"none\">\r\n\t\t\t\t\t\t\t\t\r\n\t\t\t\t\t\t\t\t\t\t\t\t\t\t\t\t\t\r\n\t\t\t\t\t\t\t\t\t<div class=\"work-item style-1\" data-custom-content=\"off\">\r\n\t\t\t\t\t\t\t\t\t\t\r\n\t\t\t\t\t\t\t\t\t\t<img class=\"size- skip-lazy\" src=\"https:\/\/cachoeiradoc.com.br\/festival\/wp-content\/uploads\/2020\/12\/Minha-historia-e-outra-02-600x403.jpg\" alt=\"\" height=\"403\" width=\"600\" srcset=\"https:\/\/cachoeiradoc.com.br\/festival\/wp-content\/uploads\/2020\/12\/Minha-historia-e-outra-02-900x604.jpg 900w, https:\/\/cachoeiradoc.com.br\/festival\/wp-content\/uploads\/2020\/12\/Minha-historia-e-outra-02-600x403.jpg 600w, https:\/\/cachoeiradoc.com.br\/festival\/wp-content\/uploads\/2020\/12\/Minha-historia-e-outra-02-400x269.jpg 400w\" sizes=\"(min-width: 1000px) 25vw, (min-width: 690px) 50vw, 100vw\" \/>\t\t\t\t\t\t\t\t\t\t\r\n\t\t\t\t\t\t\t\t\t\t<div class=\"work-info-bg\"><\/div>\r\n\t\t\t\t\t\t\t\t\t\t<div class=\"work-info\"> \r\n\t\t\t\t\t\t\t\t\t\t\t\r\n\t\t\t\t\t\t\t\t\t\t\t\t\t\t\t\t\t\t\t\t\t\t\t\r\n\t\t\t\t\t\t\t\t\t\t\t\t<div class=\"vert-center\">\r\n\t\t\t\t\t\t\t\t\t\t\t\t\t<a href=\"https:\/\/cachoeiradoc.com.br\/festival\/wp-content\/uploads\/2020\/12\/Minha-historia-e-outra-02.jpg\" class=\"pretty_photo default-link\">Ampliar imagem<\/a> <a class=\"default-link\" href=\"https:\/\/cachoeiradoc.com.br\/festival\/filmes\/minha-historia-e-outra\/\">Informa\u00e7\u00f5es<\/a>\t\t\t\t\t\t\t\t\t\t\t\t\t\r\n\t\t\t\t\t\t\t\t\t\t\t\t<\/div><!--\/vert-center-->\r\n\t\t\t\t\t\t\t\t\t\t\t<\/div>\r\n\t\t\t\t\t\t\t\t\t\t<\/div><!--\/work-item-->\r\n\t\t\t\t\t\t\t\t\t\t\r\n\t\t\t\t\t\t\t\t\t\t<div class=\"work-meta\">\r\n\t\t\t\t\t\t\t\t\t\t\t<h4 class=\"title\">Minha Hist\u00f3ria \u00e9 Outra (Rio de Janeiro, 2019, 22 min.), de Mariana Campos<\/h4>\r\n\t\t\t\t\t\t\t\t\t\t\t\r\n\t\t\t\t\t\t\t\t\t\t\t\t\t\t\t\t\t\t\t\t\t\t\r\n\t\t\t\t\t\t\t\t\t\t<\/div>\r\n\t\t\t\t\t\t\t\t\t\t<div class=\"nectar-love-wrap\">\r\n\t\t\t\t\t\t\t\t\t\t\t\t\t\t\t\t\t\t\t\t\t<\/div><!--\/nectar-love-wrap-->\t\r\n\t\t\t\t\t\t\t\t\t\t\r\n\t\t\t\t\t\t\t\t\t\t\t\t\t\t\t\t\t\r\n\t\t\t\t\t\t\t\t\r\n\t\t\t\t\t\t\t<\/div><!--\/inner-wrap-->\r\n\t\t\t\t\t\t<\/div><!--\/col-->\r\n\t\t\t\t\t\t\r\n\t\t\t\t\t\t\t\t\t\t\t\r\n\t\t\t\t\t\t\t\t\t\t\t\t\r\n\t\t\t\t\t\t<div class=\"col span_3  element entre-o-tempo-e-nos nem-todo-trajeto-e-reto \"  data-project-cat=\"entre-o-tempo-e-nos nem-todo-trajeto-e-reto \" data-default-color=\"true\" data-title-color=\"\" data-subtitle-color=\"\">\r\n\t\t\t\t\t\t\t\r\n\t\t\t\t\t\t\t<div class=\"inner-wrap animated\" data-animation=\"none\">\r\n\t\t\t\t\t\t\t\t\r\n\t\t\t\t\t\t\t\t\t\t\t\t\t\t\t\t\t\r\n\t\t\t\t\t\t\t\t\t<div class=\"work-item style-1\" data-custom-content=\"off\">\r\n\t\t\t\t\t\t\t\t\t\t\r\n\t\t\t\t\t\t\t\t\t\t<img class=\"size- skip-lazy\" src=\"https:\/\/cachoeiradoc.com.br\/festival\/wp-content\/uploads\/2020\/12\/Arco-do-tempo-01-600x403.jpg\" alt=\"\" height=\"403\" width=\"600\" srcset=\"https:\/\/cachoeiradoc.com.br\/festival\/wp-content\/uploads\/2020\/12\/Arco-do-tempo-01-900x604.jpg 900w, https:\/\/cachoeiradoc.com.br\/festival\/wp-content\/uploads\/2020\/12\/Arco-do-tempo-01-600x403.jpg 600w, https:\/\/cachoeiradoc.com.br\/festival\/wp-content\/uploads\/2020\/12\/Arco-do-tempo-01-400x269.jpg 400w\" sizes=\"(min-width: 1000px) 25vw, (min-width: 690px) 50vw, 100vw\" \/>\t\t\t\t\t\t\t\t\t\t\r\n\t\t\t\t\t\t\t\t\t\t<div class=\"work-info-bg\"><\/div>\r\n\t\t\t\t\t\t\t\t\t\t<div class=\"work-info\"> \r\n\t\t\t\t\t\t\t\t\t\t\t\r\n\t\t\t\t\t\t\t\t\t\t\t\t\t\t\t\t\t\t\t\t\t\t\t\r\n\t\t\t\t\t\t\t\t\t\t\t\t<div class=\"vert-center\">\r\n\t\t\t\t\t\t\t\t\t\t\t\t\t<a href=\"https:\/\/cachoeiradoc.com.br\/festival\/wp-content\/uploads\/2020\/12\/Arco-do-tempo-01.jpg\" class=\"pretty_photo default-link\">Ampliar imagem<\/a> <a class=\"default-link\" href=\"https:\/\/cachoeiradoc.com.br\/festival\/filmes\/arco-do-tempo\/\">Informa\u00e7\u00f5es<\/a>\t\t\t\t\t\t\t\t\t\t\t\t\t\r\n\t\t\t\t\t\t\t\t\t\t\t\t<\/div><!--\/vert-center-->\r\n\t\t\t\t\t\t\t\t\t\t\t<\/div>\r\n\t\t\t\t\t\t\t\t\t\t<\/div><!--\/work-item-->\r\n\t\t\t\t\t\t\t\t\t\t\r\n\t\t\t\t\t\t\t\t\t\t<div class=\"work-meta\">\r\n\t\t\t\t\t\t\t\t\t\t\t<h4 class=\"title\">Arco do tempo (Bahia, 2019, 17 min.), de Juan Rodrigues<\/h4>\r\n\t\t\t\t\t\t\t\t\t\t\t\r\n\t\t\t\t\t\t\t\t\t\t\t\t\t\t\t\t\t\t\t\t\t\t\r\n\t\t\t\t\t\t\t\t\t\t<\/div>\r\n\t\t\t\t\t\t\t\t\t\t<div class=\"nectar-love-wrap\">\r\n\t\t\t\t\t\t\t\t\t\t\t\t\t\t\t\t\t\t\t\t\t<\/div><!--\/nectar-love-wrap-->\t\r\n\t\t\t\t\t\t\t\t\t\t\r\n\t\t\t\t\t\t\t\t\t\t\t\t\t\t\t\t\t\r\n\t\t\t\t\t\t\t\t\r\n\t\t\t\t\t\t\t<\/div><!--\/inner-wrap-->\r\n\t\t\t\t\t\t<\/div><!--\/col-->\r\n\t\t\t\t\t\t\r\n\t\t\t\t\t\t\t\t\t\t\r\n\t\t\t\t<\/div><!--\/portfolio-->\r\n\t\t\t<\/div><!--\/portfolio wrap-->\r\n\t\t\t\r\n\t\t\t[\/toggle][\/toggles][toggles style=&#8221;default&#8221; accordion=&#8221;true&#8221;][toggle color=&#8221;Default&#8221; title=&#8221;Sess\u00e3o 7 &#8211; Dan\u00e7o porque preciso&#8221;]\t\t\t\t\r\n\t\t\t\t\r\n\t\t\t\t\r\n\t\t\t\t<div class=\"portfolio-wrap \">\r\n\t\t\t\t\t\r\n\t\t\t\t\t\t\t\t\t\t\r\n\t\t\t\t\t<span class=\"portfolio-loading  none\">   <\/span>\r\n\t\t\t\t\t\r\n\t\t\t\t\t\t\t\t\t\t\r\n\t\t\t\t\t<div class=\"row portfolio-items no-masonry  \" data-rcp=\"false\" data-masonry-type=\"default\" data-ps=\"1\" data-starting-filter=\"\" data-gutter=\"default\" data-categories-to-show=\"danco-porque-preciso\" data-bypass-cropping=\"\" data-lightbox-only=\"0\" data-col-num=\"cols-4\">\r\n\t\t\t\t\t\t\t\t\t\t\t\t\r\n\t\t\t\t\t\t\t\t\t\t\t\t\r\n\t\t\t\t\t\t<div class=\"col span_3  element danco-porque-preciso nem-todo-trajeto-e-reto \"  data-project-cat=\"danco-porque-preciso nem-todo-trajeto-e-reto \" data-default-color=\"true\" data-title-color=\"\" data-subtitle-color=\"\">\r\n\t\t\t\t\t\t\t\r\n\t\t\t\t\t\t\t<div class=\"inner-wrap animated\" data-animation=\"none\">\r\n\t\t\t\t\t\t\t\t\r\n\t\t\t\t\t\t\t\t\t\t\t\t\t\t\t\t\t\r\n\t\t\t\t\t\t\t\t\t<div class=\"work-item style-1\" data-custom-content=\"off\">\r\n\t\t\t\t\t\t\t\t\t\t\r\n\t\t\t\t\t\t\t\t\t\t<img class=\"size- skip-lazy\" src=\"https:\/\/cachoeiradoc.com.br\/festival\/wp-content\/uploads\/2020\/12\/Ainda-te-amo-demais-01-credito-Janderson-Felipe-600x403.jpg\" alt=\"\" height=\"403\" width=\"600\" srcset=\"https:\/\/cachoeiradoc.com.br\/festival\/wp-content\/uploads\/2020\/12\/Ainda-te-amo-demais-01-credito-Janderson-Felipe-900x604.jpg 900w, https:\/\/cachoeiradoc.com.br\/festival\/wp-content\/uploads\/2020\/12\/Ainda-te-amo-demais-01-credito-Janderson-Felipe-600x403.jpg 600w, https:\/\/cachoeiradoc.com.br\/festival\/wp-content\/uploads\/2020\/12\/Ainda-te-amo-demais-01-credito-Janderson-Felipe-400x269.jpg 400w\" sizes=\"(min-width: 1000px) 25vw, (min-width: 690px) 50vw, 100vw\" \/>\t\t\t\t\t\t\t\t\t\t\r\n\t\t\t\t\t\t\t\t\t\t<div class=\"work-info-bg\"><\/div>\r\n\t\t\t\t\t\t\t\t\t\t<div class=\"work-info\"> \r\n\t\t\t\t\t\t\t\t\t\t\t\r\n\t\t\t\t\t\t\t\t\t\t\t\t\t\t\t\t\t\t\t\t\t\t\t\r\n\t\t\t\t\t\t\t\t\t\t\t\t<div class=\"vert-center\">\r\n\t\t\t\t\t\t\t\t\t\t\t\t\t<a href=\"https:\/\/cachoeiradoc.com.br\/festival\/wp-content\/uploads\/2020\/12\/Ainda-te-amo-demais-01-credito-Janderson-Felipe-scaled.jpg\" class=\"pretty_photo default-link\">Ampliar imagem<\/a> <a class=\"default-link\" href=\"https:\/\/cachoeiradoc.com.br\/festival\/filmes\/ainda-te-amo-demais\/\">Informa\u00e7\u00f5es<\/a>\t\t\t\t\t\t\t\t\t\t\t\t\t\r\n\t\t\t\t\t\t\t\t\t\t\t\t<\/div><!--\/vert-center-->\r\n\t\t\t\t\t\t\t\t\t\t\t<\/div>\r\n\t\t\t\t\t\t\t\t\t\t<\/div><!--\/work-item-->\r\n\t\t\t\t\t\t\t\t\t\t\r\n\t\t\t\t\t\t\t\t\t\t<div class=\"work-meta\">\r\n\t\t\t\t\t\t\t\t\t\t\t<h4 class=\"title\">Ainda te amo demais (Alagoas, 2020, 21 min.), de Fl\u00e1via Correia<\/h4>\r\n\t\t\t\t\t\t\t\t\t\t\t\r\n\t\t\t\t\t\t\t\t\t\t\t\t\t\t\t\t\t\t\t\t\t\t\r\n\t\t\t\t\t\t\t\t\t\t<\/div>\r\n\t\t\t\t\t\t\t\t\t\t<div class=\"nectar-love-wrap\">\r\n\t\t\t\t\t\t\t\t\t\t\t\t\t\t\t\t\t\t\t\t\t<\/div><!--\/nectar-love-wrap-->\t\r\n\t\t\t\t\t\t\t\t\t\t\r\n\t\t\t\t\t\t\t\t\t\t\t\t\t\t\t\t\t\r\n\t\t\t\t\t\t\t\t\r\n\t\t\t\t\t\t\t<\/div><!--\/inner-wrap-->\r\n\t\t\t\t\t\t<\/div><!--\/col-->\r\n\t\t\t\t\t\t\r\n\t\t\t\t\t\t\t\t\t\t\t\r\n\t\t\t\t\t\t\t\t\t\t\t\t\r\n\t\t\t\t\t\t<div class=\"col span_3  element danco-porque-preciso nem-todo-trajeto-e-reto \"  data-project-cat=\"danco-porque-preciso nem-todo-trajeto-e-reto \" data-default-color=\"true\" data-title-color=\"\" data-subtitle-color=\"\">\r\n\t\t\t\t\t\t\t\r\n\t\t\t\t\t\t\t<div class=\"inner-wrap animated\" data-animation=\"none\">\r\n\t\t\t\t\t\t\t\t\r\n\t\t\t\t\t\t\t\t\t\t\t\t\t\t\t\t\t\r\n\t\t\t\t\t\t\t\t\t<div class=\"work-item style-1\" data-custom-content=\"off\">\r\n\t\t\t\t\t\t\t\t\t\t\r\n\t\t\t\t\t\t\t\t\t\t<img class=\"size- skip-lazy\" src=\"https:\/\/cachoeiradoc.com.br\/festival\/wp-content\/uploads\/2020\/12\/Essa-festa-e-a-minha-vida-02-600x403.jpg\" alt=\"\" height=\"403\" width=\"600\" srcset=\"https:\/\/cachoeiradoc.com.br\/festival\/wp-content\/uploads\/2020\/12\/Essa-festa-e-a-minha-vida-02-900x604.jpg 900w, https:\/\/cachoeiradoc.com.br\/festival\/wp-content\/uploads\/2020\/12\/Essa-festa-e-a-minha-vida-02-600x403.jpg 600w, https:\/\/cachoeiradoc.com.br\/festival\/wp-content\/uploads\/2020\/12\/Essa-festa-e-a-minha-vida-02-400x269.jpg 400w\" sizes=\"(min-width: 1000px) 25vw, (min-width: 690px) 50vw, 100vw\" \/>\t\t\t\t\t\t\t\t\t\t\r\n\t\t\t\t\t\t\t\t\t\t<div class=\"work-info-bg\"><\/div>\r\n\t\t\t\t\t\t\t\t\t\t<div class=\"work-info\"> \r\n\t\t\t\t\t\t\t\t\t\t\t\r\n\t\t\t\t\t\t\t\t\t\t\t\t\t\t\t\t\t\t\t\t\t\t\t\r\n\t\t\t\t\t\t\t\t\t\t\t\t<div class=\"vert-center\">\r\n\t\t\t\t\t\t\t\t\t\t\t\t\t<a href=\"https:\/\/cachoeiradoc.com.br\/festival\/wp-content\/uploads\/2020\/12\/Essa-festa-e-a-minha-vida-02.jpg\" class=\"pretty_photo default-link\">Ampliar imagem<\/a> <a class=\"default-link\" href=\"https:\/\/cachoeiradoc.com.br\/festival\/filmes\/essa-festa-e-a-minha-vida\/\">Informa\u00e7\u00f5es<\/a>\t\t\t\t\t\t\t\t\t\t\t\t\t\r\n\t\t\t\t\t\t\t\t\t\t\t\t<\/div><!--\/vert-center-->\r\n\t\t\t\t\t\t\t\t\t\t\t<\/div>\r\n\t\t\t\t\t\t\t\t\t\t<\/div><!--\/work-item-->\r\n\t\t\t\t\t\t\t\t\t\t\r\n\t\t\t\t\t\t\t\t\t\t<div class=\"work-meta\">\r\n\t\t\t\t\t\t\t\t\t\t\t<h4 class=\"title\">Essa festa \u00e9 a minha vida (Bahia\/Alagoas, 2020, 18 min.), de Ulisses Arthur<\/h4>\r\n\t\t\t\t\t\t\t\t\t\t\t\r\n\t\t\t\t\t\t\t\t\t\t\t\t\t\t\t\t\t\t\t\t\t\t\r\n\t\t\t\t\t\t\t\t\t\t<\/div>\r\n\t\t\t\t\t\t\t\t\t\t<div class=\"nectar-love-wrap\">\r\n\t\t\t\t\t\t\t\t\t\t\t\t\t\t\t\t\t\t\t\t\t<\/div><!--\/nectar-love-wrap-->\t\r\n\t\t\t\t\t\t\t\t\t\t\r\n\t\t\t\t\t\t\t\t\t\t\t\t\t\t\t\t\t\r\n\t\t\t\t\t\t\t\t\r\n\t\t\t\t\t\t\t<\/div><!--\/inner-wrap-->\r\n\t\t\t\t\t\t<\/div><!--\/col-->\r\n\t\t\t\t\t\t\r\n\t\t\t\t\t\t\t\t\t\t\t\r\n\t\t\t\t\t\t\t\t\t\t\t\t\r\n\t\t\t\t\t\t<div class=\"col span_3  element danco-porque-preciso nem-todo-trajeto-e-reto \"  data-project-cat=\"danco-porque-preciso nem-todo-trajeto-e-reto \" data-default-color=\"true\" data-title-color=\"\" data-subtitle-color=\"\">\r\n\t\t\t\t\t\t\t\r\n\t\t\t\t\t\t\t<div class=\"inner-wrap animated\" data-animation=\"none\">\r\n\t\t\t\t\t\t\t\t\r\n\t\t\t\t\t\t\t\t\t\t\t\t\t\t\t\t\t\r\n\t\t\t\t\t\t\t\t\t<div class=\"work-item style-1\" data-custom-content=\"off\">\r\n\t\t\t\t\t\t\t\t\t\t\r\n\t\t\t\t\t\t\t\t\t\t<img class=\"size- skip-lazy\" src=\"https:\/\/cachoeiradoc.com.br\/festival\/wp-content\/uploads\/2020\/12\/Aurora-01-600x403.jpg\" alt=\"\" height=\"403\" width=\"600\" srcset=\"https:\/\/cachoeiradoc.com.br\/festival\/wp-content\/uploads\/2020\/12\/Aurora-01-900x604.jpg 900w, https:\/\/cachoeiradoc.com.br\/festival\/wp-content\/uploads\/2020\/12\/Aurora-01-600x403.jpg 600w, https:\/\/cachoeiradoc.com.br\/festival\/wp-content\/uploads\/2020\/12\/Aurora-01-400x269.jpg 400w\" sizes=\"(min-width: 1000px) 25vw, (min-width: 690px) 50vw, 100vw\" \/>\t\t\t\t\t\t\t\t\t\t\r\n\t\t\t\t\t\t\t\t\t\t<div class=\"work-info-bg\"><\/div>\r\n\t\t\t\t\t\t\t\t\t\t<div class=\"work-info\"> \r\n\t\t\t\t\t\t\t\t\t\t\t\r\n\t\t\t\t\t\t\t\t\t\t\t\t\t\t\t\t\t\t\t\t\t\t\t\r\n\t\t\t\t\t\t\t\t\t\t\t\t<div class=\"vert-center\">\r\n\t\t\t\t\t\t\t\t\t\t\t\t\t<a href=\"https:\/\/cachoeiradoc.com.br\/festival\/wp-content\/uploads\/2020\/12\/Aurora-01.jpg\" class=\"pretty_photo default-link\">Ampliar imagem<\/a> <a class=\"default-link\" href=\"https:\/\/cachoeiradoc.com.br\/festival\/filmes\/aurora\/\">Informa\u00e7\u00f5es<\/a>\t\t\t\t\t\t\t\t\t\t\t\t\t\r\n\t\t\t\t\t\t\t\t\t\t\t\t<\/div><!--\/vert-center-->\r\n\t\t\t\t\t\t\t\t\t\t\t<\/div>\r\n\t\t\t\t\t\t\t\t\t\t<\/div><!--\/work-item-->\r\n\t\t\t\t\t\t\t\t\t\t\r\n\t\t\t\t\t\t\t\t\t\t<div class=\"work-meta\">\r\n\t\t\t\t\t\t\t\t\t\t\t<h4 class=\"title\">Aurora (Bahia, 2018, 15 min.), de Everlane Moraes<\/h4>\r\n\t\t\t\t\t\t\t\t\t\t\t\r\n\t\t\t\t\t\t\t\t\t\t\t\t\t\t\t\t\t\t\t\t\t\t\r\n\t\t\t\t\t\t\t\t\t\t<\/div>\r\n\t\t\t\t\t\t\t\t\t\t<div class=\"nectar-love-wrap\">\r\n\t\t\t\t\t\t\t\t\t\t\t\t\t\t\t\t\t\t\t\t\t<\/div><!--\/nectar-love-wrap-->\t\r\n\t\t\t\t\t\t\t\t\t\t\r\n\t\t\t\t\t\t\t\t\t\t\t\t\t\t\t\t\t\r\n\t\t\t\t\t\t\t\t\r\n\t\t\t\t\t\t\t<\/div><!--\/inner-wrap-->\r\n\t\t\t\t\t\t<\/div><!--\/col-->\r\n\t\t\t\t\t\t\r\n\t\t\t\t\t\t\t\t\t\t\r\n\t\t\t\t<\/div><!--\/portfolio-->\r\n\t\t\t<\/div><!--\/portfolio wrap-->\r\n\t\t\t\r\n\t\t\t[\/toggle][\/toggles][\/vc_column][\/vc_row][vc_row type=&#8221;in_container&#8221; full_screen_row_position=&#8221;middle&#8221; column_margin=&#8221;default&#8221; column_direction=&#8221;default&#8221; column_direction_tablet=&#8221;default&#8221; column_direction_phone=&#8221;default&#8221; scene_position=&#8221;center&#8221; text_color=&#8221;dark&#8221; text_align=&#8221;left&#8221; row_border_radius=&#8221;none&#8221; row_border_radius_applies=&#8221;bg&#8221; overlay_strength=&#8221;0.3&#8243; gradient_direction=&#8221;left_to_right&#8221; shape_divider_position=&#8221;bottom&#8221; bg_image_animation=&#8221;none&#8221;][vc_column column_padding=&#8221;no-extra-padding&#8221; column_padding_tablet=&#8221;inherit&#8221; column_padding_phone=&#8221;inherit&#8221; column_padding_position=&#8221;all&#8221; background_color_opacity=&#8221;1&#8243; background_hover_color_opacity=&#8221;1&#8243; column_shadow=&#8221;none&#8221; column_border_radius=&#8221;none&#8221; column_link_target=&#8221;_self&#8221; gradient_direction=&#8221;left_to_right&#8221; overlay_strength=&#8221;0.3&#8243; width=&#8221;1\/1&#8243; tablet_width_inherit=&#8221;default&#8221; tablet_text_alignment=&#8221;default&#8221; phone_text_alignment=&#8221;default&#8221; column_border_width=&#8221;none&#8221; column_border_style=&#8221;solid&#8221; bg_image_animation=&#8221;none&#8221;][divider line_type=&#8221;No Line&#8221;][split_line_heading animation_type=&#8221;default&#8221;]\n<h3><a id=\"grupo3\"><\/a><strong><a href=\"http:\/\/cachoeiradoc.com.br\/festival\/mostra-de-documentarios-brasileiros\/programa3\/\" rel=\"noopener noreferrer\">Programa 3 &#8211; E de repente o tempo voltou a se mover<\/a><\/strong><\/h3>\n<p>Dispon\u00edvel online entre 12 e 20\/12\/2020[\/split_line_heading][toggles style=&#8221;default&#8221; accordion=&#8221;true&#8221;][toggle color=&#8221;Default&#8221; title=&#8221;Sess\u00e3o 8 &#8211; Em campo&#8221;]\t\t\t\t\r\n\t\t\t\t\r\n\t\t\t\t\r\n\t\t\t\t<div class=\"portfolio-wrap \">\r\n\t\t\t\t\t\r\n\t\t\t\t\t\t\t\t\t\t\r\n\t\t\t\t\t<span class=\"portfolio-loading  none\">   <\/span>\r\n\t\t\t\t\t\r\n\t\t\t\t\t\t\t\t\t\t\r\n\t\t\t\t\t<div class=\"row portfolio-items no-masonry  \" data-rcp=\"false\" data-masonry-type=\"default\" data-ps=\"1\" data-starting-filter=\"\" data-gutter=\"default\" data-categories-to-show=\"em-campo\" data-bypass-cropping=\"\" data-lightbox-only=\"0\" data-col-num=\"cols-4\">\r\n\t\t\t\t\t\t\t\t\t\t\t\t\r\n\t\t\t\t\t\t\t\t\t\t\t\t\r\n\t\t\t\t\t\t<div class=\"col span_3  element e-de-repente-o-tempo-voltou-a-se-mover em-campo \"  data-project-cat=\"e-de-repente-o-tempo-voltou-a-se-mover em-campo \" data-default-color=\"true\" data-title-color=\"\" data-subtitle-color=\"\">\r\n\t\t\t\t\t\t\t\r\n\t\t\t\t\t\t\t<div class=\"inner-wrap animated\" data-animation=\"none\">\r\n\t\t\t\t\t\t\t\t\r\n\t\t\t\t\t\t\t\t\t\t\t\t\t\t\t\t\t\r\n\t\t\t\t\t\t\t\t\t<div class=\"work-item style-1\" data-custom-content=\"off\">\r\n\t\t\t\t\t\t\t\t\t\t\r\n\t\t\t\t\t\t\t\t\t\t<img class=\"size- skip-lazy\" src=\"https:\/\/cachoeiradoc.com.br\/festival\/wp-content\/uploads\/2020\/12\/NC5-contra-a-lei-do-impedimento-01-600x403.jpg\" alt=\"\" height=\"403\" width=\"600\" srcset=\"https:\/\/cachoeiradoc.com.br\/festival\/wp-content\/uploads\/2020\/12\/NC5-contra-a-lei-do-impedimento-01-900x604.jpg 900w, https:\/\/cachoeiradoc.com.br\/festival\/wp-content\/uploads\/2020\/12\/NC5-contra-a-lei-do-impedimento-01-600x403.jpg 600w, https:\/\/cachoeiradoc.com.br\/festival\/wp-content\/uploads\/2020\/12\/NC5-contra-a-lei-do-impedimento-01-400x269.jpg 400w\" sizes=\"(min-width: 1000px) 25vw, (min-width: 690px) 50vw, 100vw\" \/>\t\t\t\t\t\t\t\t\t\t\r\n\t\t\t\t\t\t\t\t\t\t<div class=\"work-info-bg\"><\/div>\r\n\t\t\t\t\t\t\t\t\t\t<div class=\"work-info\"> \r\n\t\t\t\t\t\t\t\t\t\t\t\r\n\t\t\t\t\t\t\t\t\t\t\t\t\t\t\t\t\t\t\t\t\t\t\t\r\n\t\t\t\t\t\t\t\t\t\t\t\t<div class=\"vert-center\">\r\n\t\t\t\t\t\t\t\t\t\t\t\t\t<a href=\"https:\/\/cachoeiradoc.com.br\/festival\/wp-content\/uploads\/2020\/12\/NC5-contra-a-lei-do-impedimento-01-scaled.jpg\" class=\"pretty_photo default-link\">Ampliar imagem<\/a> <a class=\"default-link\" href=\"https:\/\/cachoeiradoc.com.br\/festival\/filmes\/nc5-contra-a-lei-do-impedimento\/\">Informa\u00e7\u00f5es<\/a>\t\t\t\t\t\t\t\t\t\t\t\t\t\r\n\t\t\t\t\t\t\t\t\t\t\t\t<\/div><!--\/vert-center-->\r\n\t\t\t\t\t\t\t\t\t\t\t<\/div>\r\n\t\t\t\t\t\t\t\t\t\t<\/div><!--\/work-item-->\r\n\t\t\t\t\t\t\t\t\t\t\r\n\t\t\t\t\t\t\t\t\t\t<div class=\"work-meta\">\r\n\t\t\t\t\t\t\t\t\t\t\t<h4 class=\"title\">NC5 contra a lei do impedimento (Rio de Janeiro, 2019, 24 min.), de Lucio Branco<\/h4>\r\n\t\t\t\t\t\t\t\t\t\t\t\r\n\t\t\t\t\t\t\t\t\t\t\t\t\t\t\t\t\t\t\t\t\t\t\r\n\t\t\t\t\t\t\t\t\t\t<\/div>\r\n\t\t\t\t\t\t\t\t\t\t<div class=\"nectar-love-wrap\">\r\n\t\t\t\t\t\t\t\t\t\t\t\t\t\t\t\t\t\t\t\t\t<\/div><!--\/nectar-love-wrap-->\t\r\n\t\t\t\t\t\t\t\t\t\t\r\n\t\t\t\t\t\t\t\t\t\t\t\t\t\t\t\t\t\r\n\t\t\t\t\t\t\t\t\r\n\t\t\t\t\t\t\t<\/div><!--\/inner-wrap-->\r\n\t\t\t\t\t\t<\/div><!--\/col-->\r\n\t\t\t\t\t\t\r\n\t\t\t\t\t\t\t\t\t\t\t\r\n\t\t\t\t\t\t\t\t\t\t\t\t\r\n\t\t\t\t\t\t<div class=\"col span_3  element e-de-repente-o-tempo-voltou-a-se-mover em-campo \"  data-project-cat=\"e-de-repente-o-tempo-voltou-a-se-mover em-campo \" data-default-color=\"true\" data-title-color=\"\" data-subtitle-color=\"\">\r\n\t\t\t\t\t\t\t\r\n\t\t\t\t\t\t\t<div class=\"inner-wrap animated\" data-animation=\"none\">\r\n\t\t\t\t\t\t\t\t\r\n\t\t\t\t\t\t\t\t\t\t\t\t\t\t\t\t\t\r\n\t\t\t\t\t\t\t\t\t<div class=\"work-item style-1\" data-custom-content=\"off\">\r\n\t\t\t\t\t\t\t\t\t\t\r\n\t\t\t\t\t\t\t\t\t\t<img class=\"size- skip-lazy\" src=\"https:\/\/cachoeiradoc.com.br\/festival\/wp-content\/uploads\/2020\/12\/Um-de-vermelho-e-um-de-amarelo-imagem-01_-600x403.jpg\" alt=\"\" height=\"403\" width=\"600\" srcset=\"https:\/\/cachoeiradoc.com.br\/festival\/wp-content\/uploads\/2020\/12\/Um-de-vermelho-e-um-de-amarelo-imagem-01_-900x604.jpg 900w, https:\/\/cachoeiradoc.com.br\/festival\/wp-content\/uploads\/2020\/12\/Um-de-vermelho-e-um-de-amarelo-imagem-01_-600x403.jpg 600w, https:\/\/cachoeiradoc.com.br\/festival\/wp-content\/uploads\/2020\/12\/Um-de-vermelho-e-um-de-amarelo-imagem-01_-400x269.jpg 400w\" sizes=\"(min-width: 1000px) 25vw, (min-width: 690px) 50vw, 100vw\" \/>\t\t\t\t\t\t\t\t\t\t\r\n\t\t\t\t\t\t\t\t\t\t<div class=\"work-info-bg\"><\/div>\r\n\t\t\t\t\t\t\t\t\t\t<div class=\"work-info\"> \r\n\t\t\t\t\t\t\t\t\t\t\t\r\n\t\t\t\t\t\t\t\t\t\t\t\t\t\t\t\t\t\t\t\t\t\t\t\r\n\t\t\t\t\t\t\t\t\t\t\t\t<div class=\"vert-center\">\r\n\t\t\t\t\t\t\t\t\t\t\t\t\t<a href=\"https:\/\/cachoeiradoc.com.br\/festival\/wp-content\/uploads\/2020\/12\/Um-de-vermelho-e-um-de-amarelo-imagem-01_.jpg\" class=\"pretty_photo default-link\">Ampliar imagem<\/a> <a class=\"default-link\" href=\"https:\/\/cachoeiradoc.com.br\/festival\/filmes\/um-de-vermelho-e-um-de-amarelo\/\">Informa\u00e7\u00f5es<\/a>\t\t\t\t\t\t\t\t\t\t\t\t\t\r\n\t\t\t\t\t\t\t\t\t\t\t\t<\/div><!--\/vert-center-->\r\n\t\t\t\t\t\t\t\t\t\t\t<\/div>\r\n\t\t\t\t\t\t\t\t\t\t<\/div><!--\/work-item-->\r\n\t\t\t\t\t\t\t\t\t\t\r\n\t\t\t\t\t\t\t\t\t\t<div class=\"work-meta\">\r\n\t\t\t\t\t\t\t\t\t\t\t<h4 class=\"title\">Um de vermelho e um de amarelo (Minas Gerais, 2020, 14 min.), de Frad, GM, Lipe<\/h4>\r\n\t\t\t\t\t\t\t\t\t\t\t\r\n\t\t\t\t\t\t\t\t\t\t\t\t\t\t\t\t\t\t\t\t\t\t\r\n\t\t\t\t\t\t\t\t\t\t<\/div>\r\n\t\t\t\t\t\t\t\t\t\t<div class=\"nectar-love-wrap\">\r\n\t\t\t\t\t\t\t\t\t\t\t\t\t\t\t\t\t\t\t\t\t<\/div><!--\/nectar-love-wrap-->\t\r\n\t\t\t\t\t\t\t\t\t\t\r\n\t\t\t\t\t\t\t\t\t\t\t\t\t\t\t\t\t\r\n\t\t\t\t\t\t\t\t\r\n\t\t\t\t\t\t\t<\/div><!--\/inner-wrap-->\r\n\t\t\t\t\t\t<\/div><!--\/col-->\r\n\t\t\t\t\t\t\r\n\t\t\t\t\t\t\t\t\t\t\r\n\t\t\t\t<\/div><!--\/portfolio-->\r\n\t\t\t<\/div><!--\/portfolio wrap-->\r\n\t\t\t\r\n\t\t\t[\/toggle][\/toggles][toggles style=&#8221;default&#8221; accordion=&#8221;true&#8221;][toggle color=&#8221;Default&#8221; title=&#8221;Sess\u00e3o 9 &#8211; A imagem que me traz&#8221;]\t\t\t\t\r\n\t\t\t\t\r\n\t\t\t\t\r\n\t\t\t\t<div class=\"portfolio-wrap \">\r\n\t\t\t\t\t\r\n\t\t\t\t\t\t\t\t\t\t\r\n\t\t\t\t\t<span class=\"portfolio-loading  none\">   <\/span>\r\n\t\t\t\t\t\r\n\t\t\t\t\t\t\t\t\t\t\r\n\t\t\t\t\t<div class=\"row portfolio-items no-masonry  \" data-rcp=\"false\" data-masonry-type=\"default\" data-ps=\"1\" data-starting-filter=\"\" data-gutter=\"default\" data-categories-to-show=\"a-imagem-que-me-traz\" data-bypass-cropping=\"\" data-lightbox-only=\"0\" data-col-num=\"cols-4\">\r\n\t\t\t\t\t\t\t\t\t\t\t\t\r\n\t\t\t\t\t\t\t\t\t\t\t\t\r\n\t\t\t\t\t\t<div class=\"col span_3  element a-imagem-que-me-traz e-de-repente-o-tempo-voltou-a-se-mover \"  data-project-cat=\"a-imagem-que-me-traz e-de-repente-o-tempo-voltou-a-se-mover \" data-default-color=\"true\" data-title-color=\"\" data-subtitle-color=\"\">\r\n\t\t\t\t\t\t\t\r\n\t\t\t\t\t\t\t<div class=\"inner-wrap animated\" data-animation=\"none\">\r\n\t\t\t\t\t\t\t\t\r\n\t\t\t\t\t\t\t\t\t\t\t\t\t\t\t\t\t\r\n\t\t\t\t\t\t\t\t\t<div class=\"work-item style-1\" data-custom-content=\"off\">\r\n\t\t\t\t\t\t\t\t\t\t\r\n\t\t\t\t\t\t\t\t\t\t<img class=\"size- skip-lazy\" src=\"https:\/\/cachoeiradoc.com.br\/festival\/wp-content\/uploads\/2020\/11\/vanderstill1-600x403.jpg\" alt=\"\" height=\"403\" width=\"600\" srcset=\"https:\/\/cachoeiradoc.com.br\/festival\/wp-content\/uploads\/2020\/11\/vanderstill1-900x604.jpg 900w, https:\/\/cachoeiradoc.com.br\/festival\/wp-content\/uploads\/2020\/11\/vanderstill1-600x403.jpg 600w, https:\/\/cachoeiradoc.com.br\/festival\/wp-content\/uploads\/2020\/11\/vanderstill1-400x269.jpg 400w\" sizes=\"(min-width: 1000px) 25vw, (min-width: 690px) 50vw, 100vw\" \/>\t\t\t\t\t\t\t\t\t\t\r\n\t\t\t\t\t\t\t\t\t\t<div class=\"work-info-bg\"><\/div>\r\n\t\t\t\t\t\t\t\t\t\t<div class=\"work-info\"> \r\n\t\t\t\t\t\t\t\t\t\t\t\r\n\t\t\t\t\t\t\t\t\t\t\t\t\t\t\t\t\t\t\t\t\t\t\t\r\n\t\t\t\t\t\t\t\t\t\t\t\t<div class=\"vert-center\">\r\n\t\t\t\t\t\t\t\t\t\t\t\t\t<a href=\"https:\/\/cachoeiradoc.com.br\/festival\/wp-content\/uploads\/2020\/11\/vanderstill1-scaled.jpg\" class=\"pretty_photo default-link\">Ampliar imagem<\/a> <a class=\"default-link\" href=\"https:\/\/cachoeiradoc.com.br\/festival\/filmes\/vander\/\">Informa\u00e7\u00f5es<\/a>\t\t\t\t\t\t\t\t\t\t\t\t\t\r\n\t\t\t\t\t\t\t\t\t\t\t\t<\/div><!--\/vert-center-->\r\n\t\t\t\t\t\t\t\t\t\t\t<\/div>\r\n\t\t\t\t\t\t\t\t\t\t<\/div><!--\/work-item-->\r\n\t\t\t\t\t\t\t\t\t\t\r\n\t\t\t\t\t\t\t\t\t\t<div class=\"work-meta\">\r\n\t\t\t\t\t\t\t\t\t\t\t<h4 class=\"title\">Vander (Bahia, 2019, 2 min.), de Barbara Carmo<\/h4>\r\n\t\t\t\t\t\t\t\t\t\t\t\r\n\t\t\t\t\t\t\t\t\t\t\t\t\t\t\t\t\t\t\t\t\t\t\r\n\t\t\t\t\t\t\t\t\t\t<\/div>\r\n\t\t\t\t\t\t\t\t\t\t<div class=\"nectar-love-wrap\">\r\n\t\t\t\t\t\t\t\t\t\t\t\t\t\t\t\t\t\t\t\t\t<\/div><!--\/nectar-love-wrap-->\t\r\n\t\t\t\t\t\t\t\t\t\t\r\n\t\t\t\t\t\t\t\t\t\t\t\t\t\t\t\t\t\r\n\t\t\t\t\t\t\t\t\r\n\t\t\t\t\t\t\t<\/div><!--\/inner-wrap-->\r\n\t\t\t\t\t\t<\/div><!--\/col-->\r\n\t\t\t\t\t\t\r\n\t\t\t\t\t\t\t\t\t\t\t\r\n\t\t\t\t\t\t\t\t\t\t\t\t\r\n\t\t\t\t\t\t<div class=\"col span_3  element a-imagem-que-me-traz e-de-repente-o-tempo-voltou-a-se-mover \"  data-project-cat=\"a-imagem-que-me-traz e-de-repente-o-tempo-voltou-a-se-mover \" data-default-color=\"true\" data-title-color=\"\" data-subtitle-color=\"\">\r\n\t\t\t\t\t\t\t\r\n\t\t\t\t\t\t\t<div class=\"inner-wrap animated\" data-animation=\"none\">\r\n\t\t\t\t\t\t\t\t\r\n\t\t\t\t\t\t\t\t\t\t\t\t\t\t\t\t\t\r\n\t\t\t\t\t\t\t\t\t<div class=\"work-item style-1\" data-custom-content=\"off\">\r\n\t\t\t\t\t\t\t\t\t\t\r\n\t\t\t\t\t\t\t\t\t\t<img class=\"size- skip-lazy\" src=\"https:\/\/cachoeiradoc.com.br\/festival\/wp-content\/uploads\/2020\/12\/Cinema-contemporaneo-01-600x403.jpg\" alt=\"\" height=\"403\" width=\"600\" srcset=\"https:\/\/cachoeiradoc.com.br\/festival\/wp-content\/uploads\/2020\/12\/Cinema-contemporaneo-01-900x604.jpg 900w, https:\/\/cachoeiradoc.com.br\/festival\/wp-content\/uploads\/2020\/12\/Cinema-contemporaneo-01-600x403.jpg 600w, https:\/\/cachoeiradoc.com.br\/festival\/wp-content\/uploads\/2020\/12\/Cinema-contemporaneo-01-400x269.jpg 400w\" sizes=\"(min-width: 1000px) 25vw, (min-width: 690px) 50vw, 100vw\" \/>\t\t\t\t\t\t\t\t\t\t\r\n\t\t\t\t\t\t\t\t\t\t<div class=\"work-info-bg\"><\/div>\r\n\t\t\t\t\t\t\t\t\t\t<div class=\"work-info\"> \r\n\t\t\t\t\t\t\t\t\t\t\t\r\n\t\t\t\t\t\t\t\t\t\t\t\t\t\t\t\t\t\t\t\t\t\t\t\r\n\t\t\t\t\t\t\t\t\t\t\t\t<div class=\"vert-center\">\r\n\t\t\t\t\t\t\t\t\t\t\t\t\t<a href=\"https:\/\/cachoeiradoc.com.br\/festival\/wp-content\/uploads\/2020\/12\/Cinema-contemporaneo-01.jpg\" class=\"pretty_photo default-link\">Ampliar imagem<\/a> <a class=\"default-link\" href=\"https:\/\/cachoeiradoc.com.br\/festival\/filmes\/cinema-contemporaneo\/\">Informa\u00e7\u00f5es<\/a>\t\t\t\t\t\t\t\t\t\t\t\t\t\r\n\t\t\t\t\t\t\t\t\t\t\t\t<\/div><!--\/vert-center-->\r\n\t\t\t\t\t\t\t\t\t\t\t<\/div>\r\n\t\t\t\t\t\t\t\t\t\t<\/div><!--\/work-item-->\r\n\t\t\t\t\t\t\t\t\t\t\r\n\t\t\t\t\t\t\t\t\t\t<div class=\"work-meta\">\r\n\t\t\t\t\t\t\t\t\t\t\t<h4 class=\"title\">Cinema contempor\u00e2neo (Pernambuco, 2019, 5 min.), de Felipe Andr\u00e9 Silva<\/h4>\r\n\t\t\t\t\t\t\t\t\t\t\t\r\n\t\t\t\t\t\t\t\t\t\t\t\t\t\t\t\t\t\t\t\t\t\t\r\n\t\t\t\t\t\t\t\t\t\t<\/div>\r\n\t\t\t\t\t\t\t\t\t\t<div class=\"nectar-love-wrap\">\r\n\t\t\t\t\t\t\t\t\t\t\t\t\t\t\t\t\t\t\t\t\t<\/div><!--\/nectar-love-wrap-->\t\r\n\t\t\t\t\t\t\t\t\t\t\r\n\t\t\t\t\t\t\t\t\t\t\t\t\t\t\t\t\t\r\n\t\t\t\t\t\t\t\t\r\n\t\t\t\t\t\t\t<\/div><!--\/inner-wrap-->\r\n\t\t\t\t\t\t<\/div><!--\/col-->\r\n\t\t\t\t\t\t\r\n\t\t\t\t\t\t\t\t\t\t\t\r\n\t\t\t\t\t\t\t\t\t\t\t\t\r\n\t\t\t\t\t\t<div class=\"col span_3  element a-imagem-que-me-traz e-de-repente-o-tempo-voltou-a-se-mover \"  data-project-cat=\"a-imagem-que-me-traz e-de-repente-o-tempo-voltou-a-se-mover \" data-default-color=\"true\" data-title-color=\"\" data-subtitle-color=\"\">\r\n\t\t\t\t\t\t\t\r\n\t\t\t\t\t\t\t<div class=\"inner-wrap animated\" data-animation=\"none\">\r\n\t\t\t\t\t\t\t\t\r\n\t\t\t\t\t\t\t\t\t\t\t\t\t\t\t\t\t\r\n\t\t\t\t\t\t\t\t\t<div class=\"work-item style-1\" data-custom-content=\"off\">\r\n\t\t\t\t\t\t\t\t\t\t\r\n\t\t\t\t\t\t\t\t\t\t<img class=\"size- skip-lazy\" src=\"https:\/\/cachoeiradoc.com.br\/festival\/wp-content\/uploads\/2020\/12\/Formatura-02-600x403.jpg\" alt=\"\" height=\"403\" width=\"600\" srcset=\"https:\/\/cachoeiradoc.com.br\/festival\/wp-content\/uploads\/2020\/12\/Formatura-02-900x604.jpg 900w, https:\/\/cachoeiradoc.com.br\/festival\/wp-content\/uploads\/2020\/12\/Formatura-02-600x403.jpg 600w, https:\/\/cachoeiradoc.com.br\/festival\/wp-content\/uploads\/2020\/12\/Formatura-02-400x269.jpg 400w\" sizes=\"(min-width: 1000px) 25vw, (min-width: 690px) 50vw, 100vw\" \/>\t\t\t\t\t\t\t\t\t\t\r\n\t\t\t\t\t\t\t\t\t\t<div class=\"work-info-bg\"><\/div>\r\n\t\t\t\t\t\t\t\t\t\t<div class=\"work-info\"> \r\n\t\t\t\t\t\t\t\t\t\t\t\r\n\t\t\t\t\t\t\t\t\t\t\t\t\t\t\t\t\t\t\t\t\t\t\t\r\n\t\t\t\t\t\t\t\t\t\t\t\t<div class=\"vert-center\">\r\n\t\t\t\t\t\t\t\t\t\t\t\t\t<a href=\"https:\/\/cachoeiradoc.com.br\/festival\/wp-content\/uploads\/2020\/12\/Formatura-02.jpg\" class=\"pretty_photo default-link\">Ampliar imagem<\/a> <a class=\"default-link\" href=\"https:\/\/cachoeiradoc.com.br\/festival\/filmes\/formatura\/\">Informa\u00e7\u00f5es<\/a>\t\t\t\t\t\t\t\t\t\t\t\t\t\r\n\t\t\t\t\t\t\t\t\t\t\t\t<\/div><!--\/vert-center-->\r\n\t\t\t\t\t\t\t\t\t\t\t<\/div>\r\n\t\t\t\t\t\t\t\t\t\t<\/div><!--\/work-item-->\r\n\t\t\t\t\t\t\t\t\t\t\r\n\t\t\t\t\t\t\t\t\t\t<div class=\"work-meta\">\r\n\t\t\t\t\t\t\t\t\t\t\t<h4 class=\"title\">Formatura (S\u00e3o Paulo, 2020, 8 min.), de Caio Franco<\/h4>\r\n\t\t\t\t\t\t\t\t\t\t\t\r\n\t\t\t\t\t\t\t\t\t\t\t\t\t\t\t\t\t\t\t\t\t\t\r\n\t\t\t\t\t\t\t\t\t\t<\/div>\r\n\t\t\t\t\t\t\t\t\t\t<div class=\"nectar-love-wrap\">\r\n\t\t\t\t\t\t\t\t\t\t\t\t\t\t\t\t\t\t\t\t\t<\/div><!--\/nectar-love-wrap-->\t\r\n\t\t\t\t\t\t\t\t\t\t\r\n\t\t\t\t\t\t\t\t\t\t\t\t\t\t\t\t\t\r\n\t\t\t\t\t\t\t\t\r\n\t\t\t\t\t\t\t<\/div><!--\/inner-wrap-->\r\n\t\t\t\t\t\t<\/div><!--\/col-->\r\n\t\t\t\t\t\t\r\n\t\t\t\t\t\t\t\t\t\t\t\r\n\t\t\t\t\t\t\t\t\t\t\t\t\r\n\t\t\t\t\t\t<div class=\"col span_3  element a-imagem-que-me-traz e-de-repente-o-tempo-voltou-a-se-mover \"  data-project-cat=\"a-imagem-que-me-traz e-de-repente-o-tempo-voltou-a-se-mover \" data-default-color=\"true\" data-title-color=\"\" data-subtitle-color=\"\">\r\n\t\t\t\t\t\t\t\r\n\t\t\t\t\t\t\t<div class=\"inner-wrap animated\" data-animation=\"none\">\r\n\t\t\t\t\t\t\t\t\r\n\t\t\t\t\t\t\t\t\t\t\t\t\t\t\t\t\t\r\n\t\t\t\t\t\t\t\t\t<div class=\"work-item style-1\" data-custom-content=\"off\">\r\n\t\t\t\t\t\t\t\t\t\t\r\n\t\t\t\t\t\t\t\t\t\t<img class=\"size- skip-lazy\" src=\"https:\/\/cachoeiradoc.com.br\/festival\/wp-content\/uploads\/2020\/12\/Quando-era-primavera-01-600x403.jpg\" alt=\"\" height=\"403\" width=\"600\" srcset=\"https:\/\/cachoeiradoc.com.br\/festival\/wp-content\/uploads\/2020\/12\/Quando-era-primavera-01-900x604.jpg 900w, https:\/\/cachoeiradoc.com.br\/festival\/wp-content\/uploads\/2020\/12\/Quando-era-primavera-01-600x403.jpg 600w, https:\/\/cachoeiradoc.com.br\/festival\/wp-content\/uploads\/2020\/12\/Quando-era-primavera-01-400x269.jpg 400w\" sizes=\"(min-width: 1000px) 25vw, (min-width: 690px) 50vw, 100vw\" \/>\t\t\t\t\t\t\t\t\t\t\r\n\t\t\t\t\t\t\t\t\t\t<div class=\"work-info-bg\"><\/div>\r\n\t\t\t\t\t\t\t\t\t\t<div class=\"work-info\"> \r\n\t\t\t\t\t\t\t\t\t\t\t\r\n\t\t\t\t\t\t\t\t\t\t\t\t\t\t\t\t\t\t\t\t\t\t\t\r\n\t\t\t\t\t\t\t\t\t\t\t\t<div class=\"vert-center\">\r\n\t\t\t\t\t\t\t\t\t\t\t\t\t<a href=\"https:\/\/cachoeiradoc.com.br\/festival\/wp-content\/uploads\/2020\/12\/Quando-era-primavera-01.jpg\" class=\"pretty_photo default-link\">Ampliar imagem<\/a> <a class=\"default-link\" href=\"https:\/\/cachoeiradoc.com.br\/festival\/filmes\/quando-era-primavera\/\">Informa\u00e7\u00f5es<\/a>\t\t\t\t\t\t\t\t\t\t\t\t\t\r\n\t\t\t\t\t\t\t\t\t\t\t\t<\/div><!--\/vert-center-->\r\n\t\t\t\t\t\t\t\t\t\t\t<\/div>\r\n\t\t\t\t\t\t\t\t\t\t<\/div><!--\/work-item-->\r\n\t\t\t\t\t\t\t\t\t\t\r\n\t\t\t\t\t\t\t\t\t\t<div class=\"work-meta\">\r\n\t\t\t\t\t\t\t\t\t\t\t<h4 class=\"title\">Quando Era Primavera (Goi\u00e1s, 2019, 13 min.), de Lara Damiane<\/h4>\r\n\t\t\t\t\t\t\t\t\t\t\t\r\n\t\t\t\t\t\t\t\t\t\t\t\t\t\t\t\t\t\t\t\t\t\t\r\n\t\t\t\t\t\t\t\t\t\t<\/div>\r\n\t\t\t\t\t\t\t\t\t\t<div class=\"nectar-love-wrap\">\r\n\t\t\t\t\t\t\t\t\t\t\t\t\t\t\t\t\t\t\t\t\t<\/div><!--\/nectar-love-wrap-->\t\r\n\t\t\t\t\t\t\t\t\t\t\r\n\t\t\t\t\t\t\t\t\t\t\t\t\t\t\t\t\t\r\n\t\t\t\t\t\t\t\t\r\n\t\t\t\t\t\t\t<\/div><!--\/inner-wrap-->\r\n\t\t\t\t\t\t<\/div><!--\/col-->\r\n\t\t\t\t\t\t\r\n\t\t\t\t\t\t\t\t\t\t\t\r\n\t\t\t\t\t\t\t\t\t\t\t\t\r\n\t\t\t\t\t\t<div class=\"col span_3  element a-imagem-que-me-traz e-de-repente-o-tempo-voltou-a-se-mover \"  data-project-cat=\"a-imagem-que-me-traz e-de-repente-o-tempo-voltou-a-se-mover \" data-default-color=\"true\" data-title-color=\"\" data-subtitle-color=\"\">\r\n\t\t\t\t\t\t\t\r\n\t\t\t\t\t\t\t<div class=\"inner-wrap animated\" data-animation=\"none\">\r\n\t\t\t\t\t\t\t\t\r\n\t\t\t\t\t\t\t\t\t\t\t\t\t\t\t\t\t\r\n\t\t\t\t\t\t\t\t\t<div class=\"work-item style-1\" data-custom-content=\"off\">\r\n\t\t\t\t\t\t\t\t\t\t\r\n\t\t\t\t\t\t\t\t\t\t<img class=\"size- skip-lazy\" src=\"https:\/\/cachoeiradoc.com.br\/festival\/wp-content\/uploads\/2020\/12\/Entre-o-ceu-e-o-subsolo-01-600x403.jpg\" alt=\"\" height=\"403\" width=\"600\" srcset=\"https:\/\/cachoeiradoc.com.br\/festival\/wp-content\/uploads\/2020\/12\/Entre-o-ceu-e-o-subsolo-01-900x604.jpg 900w, https:\/\/cachoeiradoc.com.br\/festival\/wp-content\/uploads\/2020\/12\/Entre-o-ceu-e-o-subsolo-01-600x403.jpg 600w, https:\/\/cachoeiradoc.com.br\/festival\/wp-content\/uploads\/2020\/12\/Entre-o-ceu-e-o-subsolo-01-400x269.jpg 400w\" sizes=\"(min-width: 1000px) 25vw, (min-width: 690px) 50vw, 100vw\" \/>\t\t\t\t\t\t\t\t\t\t\r\n\t\t\t\t\t\t\t\t\t\t<div class=\"work-info-bg\"><\/div>\r\n\t\t\t\t\t\t\t\t\t\t<div class=\"work-info\"> \r\n\t\t\t\t\t\t\t\t\t\t\t\r\n\t\t\t\t\t\t\t\t\t\t\t\t\t\t\t\t\t\t\t\t\t\t\t\r\n\t\t\t\t\t\t\t\t\t\t\t\t<div class=\"vert-center\">\r\n\t\t\t\t\t\t\t\t\t\t\t\t\t<a href=\"https:\/\/cachoeiradoc.com.br\/festival\/wp-content\/uploads\/2020\/12\/Entre-o-ceu-e-o-subsolo-01.jpg\" class=\"pretty_photo default-link\">Ampliar imagem<\/a> <a class=\"default-link\" href=\"https:\/\/cachoeiradoc.com.br\/festival\/filmes\/entre-o-ceu-e-o-subsolo\/\">Informa\u00e7\u00f5es<\/a>\t\t\t\t\t\t\t\t\t\t\t\t\t\r\n\t\t\t\t\t\t\t\t\t\t\t\t<\/div><!--\/vert-center-->\r\n\t\t\t\t\t\t\t\t\t\t\t<\/div>\r\n\t\t\t\t\t\t\t\t\t\t<\/div><!--\/work-item-->\r\n\t\t\t\t\t\t\t\t\t\t\r\n\t\t\t\t\t\t\t\t\t\t<div class=\"work-meta\">\r\n\t\t\t\t\t\t\t\t\t\t\t<h4 class=\"title\">Entre o c\u00e9u e o subsolo (Bahia, 2019, 43 min.), de Felipe da Silva Borges<\/h4>\r\n\t\t\t\t\t\t\t\t\t\t\t\r\n\t\t\t\t\t\t\t\t\t\t\t\t\t\t\t\t\t\t\t\t\t\t\r\n\t\t\t\t\t\t\t\t\t\t<\/div>\r\n\t\t\t\t\t\t\t\t\t\t<div class=\"nectar-love-wrap\">\r\n\t\t\t\t\t\t\t\t\t\t\t\t\t\t\t\t\t\t\t\t\t<\/div><!--\/nectar-love-wrap-->\t\r\n\t\t\t\t\t\t\t\t\t\t\r\n\t\t\t\t\t\t\t\t\t\t\t\t\t\t\t\t\t\r\n\t\t\t\t\t\t\t\t\r\n\t\t\t\t\t\t\t<\/div><!--\/inner-wrap-->\r\n\t\t\t\t\t\t<\/div><!--\/col-->\r\n\t\t\t\t\t\t\r\n\t\t\t\t\t\t\t\t\t\t\r\n\t\t\t\t<\/div><!--\/portfolio-->\r\n\t\t\t<\/div><!--\/portfolio wrap-->\r\n\t\t\t\r\n\t\t\t[\/toggle][\/toggles][toggles style=&#8221;default&#8221; accordion=&#8221;true&#8221;][toggle color=&#8221;Default&#8221; title=&#8221;Sess\u00e3o 10 &#8211; N\u00e3o existe o eu fora do n\u00f3s&#8221;][divider line_type=&#8221;No Line&#8221;]\t\t\t\t\r\n\t\t\t\t\r\n\t\t\t\t\r\n\t\t\t\t<div class=\"portfolio-wrap \">\r\n\t\t\t\t\t\r\n\t\t\t\t\t\t\t\t\t\t\r\n\t\t\t\t\t<span class=\"portfolio-loading  none\">   <\/span>\r\n\t\t\t\t\t\r\n\t\t\t\t\t\t\t\t\t\t\r\n\t\t\t\t\t<div class=\"row portfolio-items no-masonry  \" data-rcp=\"false\" data-masonry-type=\"default\" data-ps=\"1\" data-starting-filter=\"\" data-gutter=\"default\" data-categories-to-show=\"nao-existe-o-eu-fora-do-nos\" data-bypass-cropping=\"\" data-lightbox-only=\"0\" data-col-num=\"cols-4\">\r\n\t\t\t\t\t\t\t\t\t\t\t\t\r\n\t\t\t\t\t\t\t\t\t\t\t\t\r\n\t\t\t\t\t\t<div class=\"col span_3  element e-de-repente-o-tempo-voltou-a-se-mover nao-existe-o-eu-fora-do-nos \"  data-project-cat=\"e-de-repente-o-tempo-voltou-a-se-mover nao-existe-o-eu-fora-do-nos \" data-default-color=\"true\" data-title-color=\"\" data-subtitle-color=\"\">\r\n\t\t\t\t\t\t\t\r\n\t\t\t\t\t\t\t<div class=\"inner-wrap animated\" data-animation=\"none\">\r\n\t\t\t\t\t\t\t\t\r\n\t\t\t\t\t\t\t\t\t\t\t\t\t\t\t\t\t\r\n\t\t\t\t\t\t\t\t\t<div class=\"work-item style-1\" data-custom-content=\"off\">\r\n\t\t\t\t\t\t\t\t\t\t\r\n\t\t\t\t\t\t\t\t\t\t<img class=\"size- skip-lazy\" src=\"https:\/\/cachoeiradoc.com.br\/festival\/wp-content\/uploads\/2020\/12\/Nao-fique-triste-menino-02-600x403.jpg\" alt=\"\" height=\"403\" width=\"600\" srcset=\"https:\/\/cachoeiradoc.com.br\/festival\/wp-content\/uploads\/2020\/12\/Nao-fique-triste-menino-02-900x604.jpg 900w, https:\/\/cachoeiradoc.com.br\/festival\/wp-content\/uploads\/2020\/12\/Nao-fique-triste-menino-02-600x403.jpg 600w, https:\/\/cachoeiradoc.com.br\/festival\/wp-content\/uploads\/2020\/12\/Nao-fique-triste-menino-02-400x269.jpg 400w\" sizes=\"(min-width: 1000px) 25vw, (min-width: 690px) 50vw, 100vw\" \/>\t\t\t\t\t\t\t\t\t\t\r\n\t\t\t\t\t\t\t\t\t\t<div class=\"work-info-bg\"><\/div>\r\n\t\t\t\t\t\t\t\t\t\t<div class=\"work-info\"> \r\n\t\t\t\t\t\t\t\t\t\t\t\r\n\t\t\t\t\t\t\t\t\t\t\t\t\t\t\t\t\t\t\t\t\t\t\t\r\n\t\t\t\t\t\t\t\t\t\t\t\t<div class=\"vert-center\">\r\n\t\t\t\t\t\t\t\t\t\t\t\t\t<a href=\"https:\/\/cachoeiradoc.com.br\/festival\/wp-content\/uploads\/2020\/12\/Nao-fique-triste-menino-02.jpg\" class=\"pretty_photo default-link\">Ampliar imagem<\/a> <a class=\"default-link\" href=\"https:\/\/cachoeiradoc.com.br\/festival\/filmes\/nao-fique-triste-menino\/\">Informa\u00e7\u00f5es<\/a>\t\t\t\t\t\t\t\t\t\t\t\t\t\r\n\t\t\t\t\t\t\t\t\t\t\t\t<\/div><!--\/vert-center-->\r\n\t\t\t\t\t\t\t\t\t\t\t<\/div>\r\n\t\t\t\t\t\t\t\t\t\t<\/div><!--\/work-item-->\r\n\t\t\t\t\t\t\t\t\t\t\r\n\t\t\t\t\t\t\t\t\t\t<div class=\"work-meta\">\r\n\t\t\t\t\t\t\t\t\t\t\t<h4 class=\"title\">N\u00e3o fique triste, menino (Cear\u00e1, 2018, 8 min.), de Cl\u00e9bson Francisco<\/h4>\r\n\t\t\t\t\t\t\t\t\t\t\t\r\n\t\t\t\t\t\t\t\t\t\t\t\t\t\t\t\t\t\t\t\t\t\t\r\n\t\t\t\t\t\t\t\t\t\t<\/div>\r\n\t\t\t\t\t\t\t\t\t\t<div class=\"nectar-love-wrap\">\r\n\t\t\t\t\t\t\t\t\t\t\t\t\t\t\t\t\t\t\t\t\t<\/div><!--\/nectar-love-wrap-->\t\r\n\t\t\t\t\t\t\t\t\t\t\r\n\t\t\t\t\t\t\t\t\t\t\t\t\t\t\t\t\t\r\n\t\t\t\t\t\t\t\t\r\n\t\t\t\t\t\t\t<\/div><!--\/inner-wrap-->\r\n\t\t\t\t\t\t<\/div><!--\/col-->\r\n\t\t\t\t\t\t\r\n\t\t\t\t\t\t\t\t\t\t\t\r\n\t\t\t\t\t\t\t\t\t\t\t\t\r\n\t\t\t\t\t\t<div class=\"col span_3  element e-de-repente-o-tempo-voltou-a-se-mover nao-existe-o-eu-fora-do-nos \"  data-project-cat=\"e-de-repente-o-tempo-voltou-a-se-mover nao-existe-o-eu-fora-do-nos \" data-default-color=\"true\" data-title-color=\"\" data-subtitle-color=\"\">\r\n\t\t\t\t\t\t\t\r\n\t\t\t\t\t\t\t<div class=\"inner-wrap animated\" data-animation=\"none\">\r\n\t\t\t\t\t\t\t\t\r\n\t\t\t\t\t\t\t\t\t\t\t\t\t\t\t\t\t\r\n\t\t\t\t\t\t\t\t\t<div class=\"work-item style-1\" data-custom-content=\"off\">\r\n\t\t\t\t\t\t\t\t\t\t\r\n\t\t\t\t\t\t\t\t\t\t<img class=\"size- skip-lazy\" src=\"https:\/\/cachoeiradoc.com.br\/festival\/wp-content\/uploads\/2020\/12\/O-bem-vira-01-600x403.jpg\" alt=\"\" height=\"403\" width=\"600\" srcset=\"https:\/\/cachoeiradoc.com.br\/festival\/wp-content\/uploads\/2020\/12\/O-bem-vira-01-900x604.jpg 900w, https:\/\/cachoeiradoc.com.br\/festival\/wp-content\/uploads\/2020\/12\/O-bem-vira-01-600x403.jpg 600w, https:\/\/cachoeiradoc.com.br\/festival\/wp-content\/uploads\/2020\/12\/O-bem-vira-01-400x269.jpg 400w\" sizes=\"(min-width: 1000px) 25vw, (min-width: 690px) 50vw, 100vw\" \/>\t\t\t\t\t\t\t\t\t\t\r\n\t\t\t\t\t\t\t\t\t\t<div class=\"work-info-bg\"><\/div>\r\n\t\t\t\t\t\t\t\t\t\t<div class=\"work-info\"> \r\n\t\t\t\t\t\t\t\t\t\t\t\r\n\t\t\t\t\t\t\t\t\t\t\t\t\t\t\t\t\t\t\t\t\t\t\t\r\n\t\t\t\t\t\t\t\t\t\t\t\t<div class=\"vert-center\">\r\n\t\t\t\t\t\t\t\t\t\t\t\t\t<a href=\"https:\/\/cachoeiradoc.com.br\/festival\/wp-content\/uploads\/2020\/12\/O-bem-vira-01.jpg\" class=\"pretty_photo default-link\">Ampliar imagem<\/a> <a class=\"default-link\" href=\"https:\/\/cachoeiradoc.com.br\/festival\/filmes\/o-bem-vira\/\">Informa\u00e7\u00f5es<\/a>\t\t\t\t\t\t\t\t\t\t\t\t\t\r\n\t\t\t\t\t\t\t\t\t\t\t\t<\/div><!--\/vert-center-->\r\n\t\t\t\t\t\t\t\t\t\t\t<\/div>\r\n\t\t\t\t\t\t\t\t\t\t<\/div><!--\/work-item-->\r\n\t\t\t\t\t\t\t\t\t\t\r\n\t\t\t\t\t\t\t\t\t\t<div class=\"work-meta\">\r\n\t\t\t\t\t\t\t\t\t\t\t<h4 class=\"title\">O Bem Vir\u00e1 (Pernambuco, 2020, 80 min.), de Uilma Queiroz<\/h4>\r\n\t\t\t\t\t\t\t\t\t\t\t\r\n\t\t\t\t\t\t\t\t\t\t\t\t\t\t\t\t\t\t\t\t\t\t\r\n\t\t\t\t\t\t\t\t\t\t<\/div>\r\n\t\t\t\t\t\t\t\t\t\t<div class=\"nectar-love-wrap\">\r\n\t\t\t\t\t\t\t\t\t\t\t\t\t\t\t\t\t\t\t\t\t<\/div><!--\/nectar-love-wrap-->\t\r\n\t\t\t\t\t\t\t\t\t\t\r\n\t\t\t\t\t\t\t\t\t\t\t\t\t\t\t\t\t\r\n\t\t\t\t\t\t\t\t\r\n\t\t\t\t\t\t\t<\/div><!--\/inner-wrap-->\r\n\t\t\t\t\t\t<\/div><!--\/col-->\r\n\t\t\t\t\t\t\r\n\t\t\t\t\t\t\t\t\t\t\r\n\t\t\t\t<\/div><!--\/portfolio-->\r\n\t\t\t<\/div><!--\/portfolio wrap-->\r\n\t\t\t\r\n\t\t\t[\/toggle][\/toggles][\/vc_column][\/vc_row][vc_row type=&#8221;in_container&#8221; full_screen_row_position=&#8221;middle&#8221; column_margin=&#8221;default&#8221; column_direction=&#8221;default&#8221; column_direction_tablet=&#8221;default&#8221; column_direction_phone=&#8221;default&#8221; scene_position=&#8221;center&#8221; text_color=&#8221;dark&#8221; text_align=&#8221;left&#8221; row_border_radius=&#8221;none&#8221; row_border_radius_applies=&#8221;bg&#8221; overlay_strength=&#8221;0.3&#8243; gradient_direction=&#8221;left_to_right&#8221; shape_divider_position=&#8221;bottom&#8221; bg_image_animation=&#8221;none&#8221;][vc_column column_padding=&#8221;no-extra-padding&#8221; column_padding_tablet=&#8221;inherit&#8221; column_padding_phone=&#8221;inherit&#8221; column_padding_position=&#8221;all&#8221; background_color_opacity=&#8221;1&#8243; background_hover_color_opacity=&#8221;1&#8243; column_shadow=&#8221;none&#8221; column_border_radius=&#8221;none&#8221; column_link_target=&#8221;_self&#8221; gradient_direction=&#8221;left_to_right&#8221; overlay_strength=&#8221;0.3&#8243; width=&#8221;1\/1&#8243; tablet_width_inherit=&#8221;default&#8221; tablet_text_alignment=&#8221;default&#8221; phone_text_alignment=&#8221;default&#8221; column_border_width=&#8221;none&#8221; column_border_style=&#8221;solid&#8221; bg_image_animation=&#8221;none&#8221;][divider line_type=&#8221;No Line&#8221;][split_line_heading animation_type=&#8221;default&#8221;]\n<h3><a id=\"grupo3\"><\/a><strong><a href=\"http:\/\/cachoeiradoc.com.br\/festival\/mostra-de-documentarios-brasileiros\/programa4\/\" rel=\"noopener noreferrer\">Programa 4 &#8211; \u201cToda articula\u00e7\u00e3o pol\u00edtica \u00e9 fic\u00e7\u00e3o cient\u00edfica\u201d<\/a><\/strong><\/h3>\n<p>Dispon\u00edvel online entre 12 e 20\/12\/2020[\/split_line_heading][toggles style=&#8221;default&#8221; accordion=&#8221;true&#8221;][toggle color=&#8221;Default&#8221; title=&#8221;Sess\u00e3o 11 &#8211; \u201cVibra o vazio no invis\u00edvel movimento\u201d&#8221;]\t\t\t\t\r\n\t\t\t\t\r\n\t\t\t\t\r\n\t\t\t\t<div class=\"portfolio-wrap \">\r\n\t\t\t\t\t\r\n\t\t\t\t\t\t\t\t\t\t\r\n\t\t\t\t\t<span class=\"portfolio-loading  none\">   <\/span>\r\n\t\t\t\t\t\r\n\t\t\t\t\t\t\t\t\t\t\r\n\t\t\t\t\t<div class=\"row portfolio-items no-masonry  \" data-rcp=\"false\" data-masonry-type=\"default\" data-ps=\"1\" data-starting-filter=\"\" data-gutter=\"default\" data-categories-to-show=\"vibra-o-vazio-no-invisivel-movimento\" data-bypass-cropping=\"\" data-lightbox-only=\"0\" data-col-num=\"cols-4\">\r\n\t\t\t\t\t\t\t\t\t\t\t\t\r\n\t\t\t\t\t\t\t\t\t\t\t\t\r\n\t\t\t\t\t\t<div class=\"col span_3  element toda-articulacao-politica-e-ficcao-cientifica vibra-o-vazio-no-invisivel-movimento \"  data-project-cat=\"toda-articulacao-politica-e-ficcao-cientifica vibra-o-vazio-no-invisivel-movimento \" data-default-color=\"true\" data-title-color=\"\" data-subtitle-color=\"\">\r\n\t\t\t\t\t\t\t\r\n\t\t\t\t\t\t\t<div class=\"inner-wrap animated\" data-animation=\"none\">\r\n\t\t\t\t\t\t\t\t\r\n\t\t\t\t\t\t\t\t\t\t\t\t\t\t\t\t\t\r\n\t\t\t\t\t\t\t\t\t<div class=\"work-item style-1\" data-custom-content=\"off\">\r\n\t\t\t\t\t\t\t\t\t\t\r\n\t\t\t\t\t\t\t\t\t\t<img class=\"size- skip-lazy\" src=\"https:\/\/cachoeiradoc.com.br\/festival\/wp-content\/uploads\/2020\/12\/Obatala-film-01-600x403.jpg\" alt=\"\" height=\"403\" width=\"600\" srcset=\"https:\/\/cachoeiradoc.com.br\/festival\/wp-content\/uploads\/2020\/12\/Obatala-film-01-900x604.jpg 900w, https:\/\/cachoeiradoc.com.br\/festival\/wp-content\/uploads\/2020\/12\/Obatala-film-01-600x403.jpg 600w, https:\/\/cachoeiradoc.com.br\/festival\/wp-content\/uploads\/2020\/12\/Obatala-film-01-400x269.jpg 400w\" sizes=\"(min-width: 1000px) 25vw, (min-width: 690px) 50vw, 100vw\" \/>\t\t\t\t\t\t\t\t\t\t\r\n\t\t\t\t\t\t\t\t\t\t<div class=\"work-info-bg\"><\/div>\r\n\t\t\t\t\t\t\t\t\t\t<div class=\"work-info\"> \r\n\t\t\t\t\t\t\t\t\t\t\t\r\n\t\t\t\t\t\t\t\t\t\t\t\t\t\t\t\t\t\t\t\t\t\t\t\r\n\t\t\t\t\t\t\t\t\t\t\t\t<div class=\"vert-center\">\r\n\t\t\t\t\t\t\t\t\t\t\t\t\t<a href=\"https:\/\/cachoeiradoc.com.br\/festival\/wp-content\/uploads\/2020\/12\/Obatala-film-01.jpg\" class=\"pretty_photo default-link\">Ampliar imagem<\/a> <a class=\"default-link\" href=\"https:\/\/cachoeiradoc.com.br\/festival\/filmes\/obatala-film\/\">Informa\u00e7\u00f5es<\/a>\t\t\t\t\t\t\t\t\t\t\t\t\t\r\n\t\t\t\t\t\t\t\t\t\t\t\t<\/div><!--\/vert-center-->\r\n\t\t\t\t\t\t\t\t\t\t\t<\/div>\r\n\t\t\t\t\t\t\t\t\t\t<\/div><!--\/work-item-->\r\n\t\t\t\t\t\t\t\t\t\t\r\n\t\t\t\t\t\t\t\t\t\t<div class=\"work-meta\">\r\n\t\t\t\t\t\t\t\t\t\t\t<h4 class=\"title\">Obatala film (Minas Gerais, 2019, 7 min.), de Sebastian Wiedemann<\/h4>\r\n\t\t\t\t\t\t\t\t\t\t\t\r\n\t\t\t\t\t\t\t\t\t\t\t\t\t\t\t\t\t\t\t\t\t\t\r\n\t\t\t\t\t\t\t\t\t\t<\/div>\r\n\t\t\t\t\t\t\t\t\t\t<div class=\"nectar-love-wrap\">\r\n\t\t\t\t\t\t\t\t\t\t\t\t\t\t\t\t\t\t\t\t\t<\/div><!--\/nectar-love-wrap-->\t\r\n\t\t\t\t\t\t\t\t\t\t\r\n\t\t\t\t\t\t\t\t\t\t\t\t\t\t\t\t\t\r\n\t\t\t\t\t\t\t\t\r\n\t\t\t\t\t\t\t<\/div><!--\/inner-wrap-->\r\n\t\t\t\t\t\t<\/div><!--\/col-->\r\n\t\t\t\t\t\t\r\n\t\t\t\t\t\t\t\t\t\t\t\r\n\t\t\t\t\t\t\t\t\t\t\t\t\r\n\t\t\t\t\t\t<div class=\"col span_3  element toda-articulacao-politica-e-ficcao-cientifica vibra-o-vazio-no-invisivel-movimento \"  data-project-cat=\"toda-articulacao-politica-e-ficcao-cientifica vibra-o-vazio-no-invisivel-movimento \" data-default-color=\"true\" data-title-color=\"\" data-subtitle-color=\"\">\r\n\t\t\t\t\t\t\t\r\n\t\t\t\t\t\t\t<div class=\"inner-wrap animated\" data-animation=\"none\">\r\n\t\t\t\t\t\t\t\t\r\n\t\t\t\t\t\t\t\t\t\t\t\t\t\t\t\t\t\r\n\t\t\t\t\t\t\t\t\t<div class=\"work-item style-1\" data-custom-content=\"off\">\r\n\t\t\t\t\t\t\t\t\t\t\r\n\t\t\t\t\t\t\t\t\t\t<img class=\"size- skip-lazy\" src=\"https:\/\/cachoeiradoc.com.br\/festival\/wp-content\/uploads\/2020\/12\/POPXOP-01-600x403.jpg\" alt=\"\" height=\"403\" width=\"600\" srcset=\"https:\/\/cachoeiradoc.com.br\/festival\/wp-content\/uploads\/2020\/12\/POPXOP-01-900x604.jpg 900w, https:\/\/cachoeiradoc.com.br\/festival\/wp-content\/uploads\/2020\/12\/POPXOP-01-600x403.jpg 600w, https:\/\/cachoeiradoc.com.br\/festival\/wp-content\/uploads\/2020\/12\/POPXOP-01-400x269.jpg 400w\" sizes=\"(min-width: 1000px) 25vw, (min-width: 690px) 50vw, 100vw\" \/>\t\t\t\t\t\t\t\t\t\t\r\n\t\t\t\t\t\t\t\t\t\t<div class=\"work-info-bg\"><\/div>\r\n\t\t\t\t\t\t\t\t\t\t<div class=\"work-info\"> \r\n\t\t\t\t\t\t\t\t\t\t\t\r\n\t\t\t\t\t\t\t\t\t\t\t\t\t\t\t\t\t\t\t\t\t\t\t\r\n\t\t\t\t\t\t\t\t\t\t\t\t<div class=\"vert-center\">\r\n\t\t\t\t\t\t\t\t\t\t\t\t\t<a href=\"https:\/\/cachoeiradoc.com.br\/festival\/wp-content\/uploads\/2020\/12\/POPXOP-01.jpg\" class=\"pretty_photo default-link\">Ampliar imagem<\/a> <a class=\"default-link\" href=\"https:\/\/cachoeiradoc.com.br\/festival\/filmes\/popxop\/\">Informa\u00e7\u00f5es<\/a>\t\t\t\t\t\t\t\t\t\t\t\t\t\r\n\t\t\t\t\t\t\t\t\t\t\t\t<\/div><!--\/vert-center-->\r\n\t\t\t\t\t\t\t\t\t\t\t<\/div>\r\n\t\t\t\t\t\t\t\t\t\t<\/div><!--\/work-item-->\r\n\t\t\t\t\t\t\t\t\t\t\r\n\t\t\t\t\t\t\t\t\t\t<div class=\"work-meta\">\r\n\t\t\t\t\t\t\t\t\t\t\t<h4 class=\"title\">POPXOP (Minas Gerais, 2019, 102 min.), de Natalino Maxakali e Ana Estrela<\/h4>\r\n\t\t\t\t\t\t\t\t\t\t\t\r\n\t\t\t\t\t\t\t\t\t\t\t\t\t\t\t\t\t\t\t\t\t\t\r\n\t\t\t\t\t\t\t\t\t\t<\/div>\r\n\t\t\t\t\t\t\t\t\t\t<div class=\"nectar-love-wrap\">\r\n\t\t\t\t\t\t\t\t\t\t\t\t\t\t\t\t\t\t\t\t\t<\/div><!--\/nectar-love-wrap-->\t\r\n\t\t\t\t\t\t\t\t\t\t\r\n\t\t\t\t\t\t\t\t\t\t\t\t\t\t\t\t\t\r\n\t\t\t\t\t\t\t\t\r\n\t\t\t\t\t\t\t<\/div><!--\/inner-wrap-->\r\n\t\t\t\t\t\t<\/div><!--\/col-->\r\n\t\t\t\t\t\t\r\n\t\t\t\t\t\t\t\t\t\t\r\n\t\t\t\t<\/div><!--\/portfolio-->\r\n\t\t\t<\/div><!--\/portfolio wrap-->\r\n\t\t\t\r\n\t\t\t[\/toggle][\/toggles][toggles style=&#8221;default&#8221; accordion=&#8221;true&#8221;][toggle color=&#8221;Default&#8221; title=&#8221;Sess\u00e3o 12 &#8211; \u201cAs naves pousaram anos atr\u00e1s\u201d&#8221;]\t\t\t\t\r\n\t\t\t\t\r\n\t\t\t\t\r\n\t\t\t\t<div class=\"portfolio-wrap \">\r\n\t\t\t\t\t\r\n\t\t\t\t\t\t\t\t\t\t\r\n\t\t\t\t\t<span class=\"portfolio-loading  none\">   <\/span>\r\n\t\t\t\t\t\r\n\t\t\t\t\t\t\t\t\t\t\r\n\t\t\t\t\t<div class=\"row portfolio-items no-masonry  \" data-rcp=\"false\" data-masonry-type=\"default\" data-ps=\"1\" data-starting-filter=\"\" data-gutter=\"default\" data-categories-to-show=\"as-naves-pousaram-anos-atras\" data-bypass-cropping=\"\" data-lightbox-only=\"0\" data-col-num=\"cols-4\">\r\n\t\t\t\t\t\t\t\t\t\t\t\t\r\n\t\t\t\t\t\t\t\t\t\t\t\t\r\n\t\t\t\t\t\t<div class=\"col span_3  element as-naves-pousaram-anos-atras toda-articulacao-politica-e-ficcao-cientifica \"  data-project-cat=\"as-naves-pousaram-anos-atras toda-articulacao-politica-e-ficcao-cientifica \" data-default-color=\"true\" data-title-color=\"\" data-subtitle-color=\"\">\r\n\t\t\t\t\t\t\t\r\n\t\t\t\t\t\t\t<div class=\"inner-wrap animated\" data-animation=\"none\">\r\n\t\t\t\t\t\t\t\t\r\n\t\t\t\t\t\t\t\t\t\t\t\t\t\t\t\t\t\r\n\t\t\t\t\t\t\t\t\t<div class=\"work-item style-1\" data-custom-content=\"off\">\r\n\t\t\t\t\t\t\t\t\t\t\r\n\t\t\t\t\t\t\t\t\t\t<img class=\"size- skip-lazy\" src=\"https:\/\/cachoeiradoc.com.br\/festival\/wp-content\/uploads\/2020\/12\/A-Cristalizacao-de-Brasilia-01-600x403.jpg\" alt=\"\" height=\"403\" width=\"600\" srcset=\"https:\/\/cachoeiradoc.com.br\/festival\/wp-content\/uploads\/2020\/12\/A-Cristalizacao-de-Brasilia-01-900x604.jpg 900w, https:\/\/cachoeiradoc.com.br\/festival\/wp-content\/uploads\/2020\/12\/A-Cristalizacao-de-Brasilia-01-600x403.jpg 600w, https:\/\/cachoeiradoc.com.br\/festival\/wp-content\/uploads\/2020\/12\/A-Cristalizacao-de-Brasilia-01-400x269.jpg 400w\" sizes=\"(min-width: 1000px) 25vw, (min-width: 690px) 50vw, 100vw\" \/>\t\t\t\t\t\t\t\t\t\t\r\n\t\t\t\t\t\t\t\t\t\t<div class=\"work-info-bg\"><\/div>\r\n\t\t\t\t\t\t\t\t\t\t<div class=\"work-info\"> \r\n\t\t\t\t\t\t\t\t\t\t\t\r\n\t\t\t\t\t\t\t\t\t\t\t\t\t\t\t\t\t\t\t\t\t\t\t\r\n\t\t\t\t\t\t\t\t\t\t\t\t<div class=\"vert-center\">\r\n\t\t\t\t\t\t\t\t\t\t\t\t\t<a href=\"https:\/\/cachoeiradoc.com.br\/festival\/wp-content\/uploads\/2020\/12\/A-Cristalizacao-de-Brasilia-01.jpg\" class=\"pretty_photo default-link\">Ampliar imagem<\/a> <a class=\"default-link\" href=\"https:\/\/cachoeiradoc.com.br\/festival\/filmes\/a-cristalizacao-de-brasilia-distrito-federal\/\">Informa\u00e7\u00f5es<\/a>\t\t\t\t\t\t\t\t\t\t\t\t\t\r\n\t\t\t\t\t\t\t\t\t\t\t\t<\/div><!--\/vert-center-->\r\n\t\t\t\t\t\t\t\t\t\t\t<\/div>\r\n\t\t\t\t\t\t\t\t\t\t<\/div><!--\/work-item-->\r\n\t\t\t\t\t\t\t\t\t\t\r\n\t\t\t\t\t\t\t\t\t\t<div class=\"work-meta\">\r\n\t\t\t\t\t\t\t\t\t\t\t<h4 class=\"title\">A Cristaliza\u00e7\u00e3o de Bras\u00edlia (Distrito Federal, 2019, 7 min.), de Guerreiro do Divino Amor<\/h4>\r\n\t\t\t\t\t\t\t\t\t\t\t\r\n\t\t\t\t\t\t\t\t\t\t\t\t\t\t\t\t\t\t\t\t\t\t\r\n\t\t\t\t\t\t\t\t\t\t<\/div>\r\n\t\t\t\t\t\t\t\t\t\t<div class=\"nectar-love-wrap\">\r\n\t\t\t\t\t\t\t\t\t\t\t\t\t\t\t\t\t\t\t\t\t<\/div><!--\/nectar-love-wrap-->\t\r\n\t\t\t\t\t\t\t\t\t\t\r\n\t\t\t\t\t\t\t\t\t\t\t\t\t\t\t\t\t\r\n\t\t\t\t\t\t\t\t\r\n\t\t\t\t\t\t\t<\/div><!--\/inner-wrap-->\r\n\t\t\t\t\t\t<\/div><!--\/col-->\r\n\t\t\t\t\t\t\r\n\t\t\t\t\t\t\t\t\t\t\t\r\n\t\t\t\t\t\t\t\t\t\t\t\t\r\n\t\t\t\t\t\t<div class=\"col span_3  element as-naves-pousaram-anos-atras toda-articulacao-politica-e-ficcao-cientifica \"  data-project-cat=\"as-naves-pousaram-anos-atras toda-articulacao-politica-e-ficcao-cientifica \" data-default-color=\"true\" data-title-color=\"\" data-subtitle-color=\"\">\r\n\t\t\t\t\t\t\t\r\n\t\t\t\t\t\t\t<div class=\"inner-wrap animated\" data-animation=\"none\">\r\n\t\t\t\t\t\t\t\t\r\n\t\t\t\t\t\t\t\t\t\t\t\t\t\t\t\t\t\r\n\t\t\t\t\t\t\t\t\t<div class=\"work-item style-1\" data-custom-content=\"off\">\r\n\t\t\t\t\t\t\t\t\t\t\r\n\t\t\t\t\t\t\t\t\t\t<img class=\"size- skip-lazy\" src=\"https:\/\/cachoeiradoc.com.br\/festival\/wp-content\/uploads\/2020\/12\/Reduto-01-600x403.jpg\" alt=\"\" height=\"403\" width=\"600\" srcset=\"https:\/\/cachoeiradoc.com.br\/festival\/wp-content\/uploads\/2020\/12\/Reduto-01-900x604.jpg 900w, https:\/\/cachoeiradoc.com.br\/festival\/wp-content\/uploads\/2020\/12\/Reduto-01-600x403.jpg 600w, https:\/\/cachoeiradoc.com.br\/festival\/wp-content\/uploads\/2020\/12\/Reduto-01-400x269.jpg 400w\" sizes=\"(min-width: 1000px) 25vw, (min-width: 690px) 50vw, 100vw\" \/>\t\t\t\t\t\t\t\t\t\t\r\n\t\t\t\t\t\t\t\t\t\t<div class=\"work-info-bg\"><\/div>\r\n\t\t\t\t\t\t\t\t\t\t<div class=\"work-info\"> \r\n\t\t\t\t\t\t\t\t\t\t\t\r\n\t\t\t\t\t\t\t\t\t\t\t\t\t\t\t\t\t\t\t\t\t\t\t\r\n\t\t\t\t\t\t\t\t\t\t\t\t<div class=\"vert-center\">\r\n\t\t\t\t\t\t\t\t\t\t\t\t\t<a href=\"https:\/\/cachoeiradoc.com.br\/festival\/wp-content\/uploads\/2020\/12\/Reduto-01.jpg\" class=\"pretty_photo default-link\">Ampliar imagem<\/a> <a class=\"default-link\" href=\"https:\/\/cachoeiradoc.com.br\/festival\/filmes\/reduto\/\">Informa\u00e7\u00f5es<\/a>\t\t\t\t\t\t\t\t\t\t\t\t\t\r\n\t\t\t\t\t\t\t\t\t\t\t\t<\/div><!--\/vert-center-->\r\n\t\t\t\t\t\t\t\t\t\t\t<\/div>\r\n\t\t\t\t\t\t\t\t\t\t<\/div><!--\/work-item-->\r\n\t\t\t\t\t\t\t\t\t\t\r\n\t\t\t\t\t\t\t\t\t\t<div class=\"work-meta\">\r\n\t\t\t\t\t\t\t\t\t\t\t<h4 class=\"title\">Reduto (Bahia, 2020, 13 min.), de Michel Santos<\/h4>\r\n\t\t\t\t\t\t\t\t\t\t\t\r\n\t\t\t\t\t\t\t\t\t\t\t\t\t\t\t\t\t\t\t\t\t\t\r\n\t\t\t\t\t\t\t\t\t\t<\/div>\r\n\t\t\t\t\t\t\t\t\t\t<div class=\"nectar-love-wrap\">\r\n\t\t\t\t\t\t\t\t\t\t\t\t\t\t\t\t\t\t\t\t\t<\/div><!--\/nectar-love-wrap-->\t\r\n\t\t\t\t\t\t\t\t\t\t\r\n\t\t\t\t\t\t\t\t\t\t\t\t\t\t\t\t\t\r\n\t\t\t\t\t\t\t\t\r\n\t\t\t\t\t\t\t<\/div><!--\/inner-wrap-->\r\n\t\t\t\t\t\t<\/div><!--\/col-->\r\n\t\t\t\t\t\t\r\n\t\t\t\t\t\t\t\t\t\t\t\r\n\t\t\t\t\t\t\t\t\t\t\t\t\r\n\t\t\t\t\t\t<div class=\"col span_3  element as-naves-pousaram-anos-atras toda-articulacao-politica-e-ficcao-cientifica \"  data-project-cat=\"as-naves-pousaram-anos-atras toda-articulacao-politica-e-ficcao-cientifica \" data-default-color=\"true\" data-title-color=\"\" data-subtitle-color=\"\">\r\n\t\t\t\t\t\t\t\r\n\t\t\t\t\t\t\t<div class=\"inner-wrap animated\" data-animation=\"none\">\r\n\t\t\t\t\t\t\t\t\r\n\t\t\t\t\t\t\t\t\t\t\t\t\t\t\t\t\t\r\n\t\t\t\t\t\t\t\t\t<div class=\"work-item style-1\" data-custom-content=\"off\">\r\n\t\t\t\t\t\t\t\t\t\t\r\n\t\t\t\t\t\t\t\t\t\t<img class=\"size- skip-lazy\" src=\"https:\/\/cachoeiradoc.com.br\/festival\/wp-content\/uploads\/2020\/12\/Invasao-espacial-02-600x403.jpg\" alt=\"\" height=\"403\" width=\"600\" srcset=\"https:\/\/cachoeiradoc.com.br\/festival\/wp-content\/uploads\/2020\/12\/Invasao-espacial-02-900x604.jpg 900w, https:\/\/cachoeiradoc.com.br\/festival\/wp-content\/uploads\/2020\/12\/Invasao-espacial-02-600x403.jpg 600w, https:\/\/cachoeiradoc.com.br\/festival\/wp-content\/uploads\/2020\/12\/Invasao-espacial-02-400x269.jpg 400w\" sizes=\"(min-width: 1000px) 25vw, (min-width: 690px) 50vw, 100vw\" \/>\t\t\t\t\t\t\t\t\t\t\r\n\t\t\t\t\t\t\t\t\t\t<div class=\"work-info-bg\"><\/div>\r\n\t\t\t\t\t\t\t\t\t\t<div class=\"work-info\"> \r\n\t\t\t\t\t\t\t\t\t\t\t\r\n\t\t\t\t\t\t\t\t\t\t\t\t\t\t\t\t\t\t\t\t\t\t\t\r\n\t\t\t\t\t\t\t\t\t\t\t\t<div class=\"vert-center\">\r\n\t\t\t\t\t\t\t\t\t\t\t\t\t<a href=\"https:\/\/cachoeiradoc.com.br\/festival\/wp-content\/uploads\/2020\/12\/Invasao-espacial-02-scaled.jpg\" class=\"pretty_photo default-link\">Ampliar imagem<\/a> <a class=\"default-link\" href=\"https:\/\/cachoeiradoc.com.br\/festival\/filmes\/invasao-espacial\/\">Informa\u00e7\u00f5es<\/a>\t\t\t\t\t\t\t\t\t\t\t\t\t\r\n\t\t\t\t\t\t\t\t\t\t\t\t<\/div><!--\/vert-center-->\r\n\t\t\t\t\t\t\t\t\t\t\t<\/div>\r\n\t\t\t\t\t\t\t\t\t\t<\/div><!--\/work-item-->\r\n\t\t\t\t\t\t\t\t\t\t\r\n\t\t\t\t\t\t\t\t\t\t<div class=\"work-meta\">\r\n\t\t\t\t\t\t\t\t\t\t\t<h4 class=\"title\">Invas\u00e3o Espacial (Distrito Federal, 2019, 15 min.), de Thiago Foresti<\/h4>\r\n\t\t\t\t\t\t\t\t\t\t\t\r\n\t\t\t\t\t\t\t\t\t\t\t\t\t\t\t\t\t\t\t\t\t\t\r\n\t\t\t\t\t\t\t\t\t\t<\/div>\r\n\t\t\t\t\t\t\t\t\t\t<div class=\"nectar-love-wrap\">\r\n\t\t\t\t\t\t\t\t\t\t\t\t\t\t\t\t\t\t\t\t\t<\/div><!--\/nectar-love-wrap-->\t\r\n\t\t\t\t\t\t\t\t\t\t\r\n\t\t\t\t\t\t\t\t\t\t\t\t\t\t\t\t\t\r\n\t\t\t\t\t\t\t\t\r\n\t\t\t\t\t\t\t<\/div><!--\/inner-wrap-->\r\n\t\t\t\t\t\t<\/div><!--\/col-->\r\n\t\t\t\t\t\t\r\n\t\t\t\t\t\t\t\t\t\t\t\r\n\t\t\t\t\t\t\t\t\t\t\t\t\r\n\t\t\t\t\t\t<div class=\"col span_3  element as-naves-pousaram-anos-atras toda-articulacao-politica-e-ficcao-cientifica \"  data-project-cat=\"as-naves-pousaram-anos-atras toda-articulacao-politica-e-ficcao-cientifica \" data-default-color=\"true\" data-title-color=\"\" data-subtitle-color=\"\">\r\n\t\t\t\t\t\t\t\r\n\t\t\t\t\t\t\t<div class=\"inner-wrap animated\" data-animation=\"none\">\r\n\t\t\t\t\t\t\t\t\r\n\t\t\t\t\t\t\t\t\t\t\t\t\t\t\t\t\t\r\n\t\t\t\t\t\t\t\t\t<div class=\"work-item style-1\" data-custom-content=\"off\">\r\n\t\t\t\t\t\t\t\t\t\t\r\n\t\t\t\t\t\t\t\t\t\t<img class=\"size- skip-lazy\" src=\"https:\/\/cachoeiradoc.com.br\/festival\/wp-content\/uploads\/2020\/12\/Vazao-01-600x403.jpg\" alt=\"\" height=\"403\" width=\"600\" srcset=\"https:\/\/cachoeiradoc.com.br\/festival\/wp-content\/uploads\/2020\/12\/Vazao-01-900x604.jpg 900w, https:\/\/cachoeiradoc.com.br\/festival\/wp-content\/uploads\/2020\/12\/Vazao-01-600x403.jpg 600w, https:\/\/cachoeiradoc.com.br\/festival\/wp-content\/uploads\/2020\/12\/Vazao-01-400x269.jpg 400w\" sizes=\"(min-width: 1000px) 25vw, (min-width: 690px) 50vw, 100vw\" \/>\t\t\t\t\t\t\t\t\t\t\r\n\t\t\t\t\t\t\t\t\t\t<div class=\"work-info-bg\"><\/div>\r\n\t\t\t\t\t\t\t\t\t\t<div class=\"work-info\"> \r\n\t\t\t\t\t\t\t\t\t\t\t\r\n\t\t\t\t\t\t\t\t\t\t\t\t\t\t\t\t\t\t\t\t\t\t\t\r\n\t\t\t\t\t\t\t\t\t\t\t\t<div class=\"vert-center\">\r\n\t\t\t\t\t\t\t\t\t\t\t\t\t<a href=\"https:\/\/cachoeiradoc.com.br\/festival\/wp-content\/uploads\/2020\/12\/Vazao-01.jpg\" class=\"pretty_photo default-link\">Ampliar imagem<\/a> <a class=\"default-link\" href=\"https:\/\/cachoeiradoc.com.br\/festival\/filmes\/vazao\/\">Informa\u00e7\u00f5es<\/a>\t\t\t\t\t\t\t\t\t\t\t\t\t\r\n\t\t\t\t\t\t\t\t\t\t\t\t<\/div><!--\/vert-center-->\r\n\t\t\t\t\t\t\t\t\t\t\t<\/div>\r\n\t\t\t\t\t\t\t\t\t\t<\/div><!--\/work-item-->\r\n\t\t\t\t\t\t\t\t\t\t\r\n\t\t\t\t\t\t\t\t\t\t<div class=\"work-meta\">\r\n\t\t\t\t\t\t\t\t\t\t\t<h4 class=\"title\">VAZ\u00c3O (Pernambuco, 2019, 9 min.), de Cecilia Assy e Marcia Rezende<\/h4>\r\n\t\t\t\t\t\t\t\t\t\t\t\r\n\t\t\t\t\t\t\t\t\t\t\t\t\t\t\t\t\t\t\t\t\t\t\r\n\t\t\t\t\t\t\t\t\t\t<\/div>\r\n\t\t\t\t\t\t\t\t\t\t<div class=\"nectar-love-wrap\">\r\n\t\t\t\t\t\t\t\t\t\t\t\t\t\t\t\t\t\t\t\t\t<\/div><!--\/nectar-love-wrap-->\t\r\n\t\t\t\t\t\t\t\t\t\t\r\n\t\t\t\t\t\t\t\t\t\t\t\t\t\t\t\t\t\r\n\t\t\t\t\t\t\t\t\r\n\t\t\t\t\t\t\t<\/div><!--\/inner-wrap-->\r\n\t\t\t\t\t\t<\/div><!--\/col-->\r\n\t\t\t\t\t\t\r\n\t\t\t\t\t\t\t\t\t\t\r\n\t\t\t\t<\/div><!--\/portfolio-->\r\n\t\t\t<\/div><!--\/portfolio wrap-->\r\n\t\t\t\r\n\t\t\t[\/toggle][\/toggles][toggles style=&#8221;default&#8221; accordion=&#8221;true&#8221;][toggle color=&#8221;Default&#8221; title=&#8221;Sess\u00e3o 13 &#8211; \u201cA fuga s\u00f3 acontece porque \u00e9 imposs\u00edvel\u201d&#8221;]\t\t\t\t\r\n\t\t\t\t\r\n\t\t\t\t\r\n\t\t\t\t<div class=\"portfolio-wrap \">\r\n\t\t\t\t\t\r\n\t\t\t\t\t\t\t\t\t\t\r\n\t\t\t\t\t<span class=\"portfolio-loading  none\">   <\/span>\r\n\t\t\t\t\t\r\n\t\t\t\t\t\t\t\t\t\t\r\n\t\t\t\t\t<div class=\"row portfolio-items no-masonry  \" data-rcp=\"false\" data-masonry-type=\"default\" data-ps=\"1\" data-starting-filter=\"\" data-gutter=\"default\" data-categories-to-show=\"a-fuga-so-acontece-porque-e-impossivel\" data-bypass-cropping=\"\" data-lightbox-only=\"0\" data-col-num=\"cols-4\">\r\n\t\t\t\t\t\t\t\t\t\t\t\t\r\n\t\t\t\t\t\t\t\t\t\t\t\t\r\n\t\t\t\t\t\t<div class=\"col span_3  element a-fuga-so-acontece-porque-e-impossivel toda-articulacao-politica-e-ficcao-cientifica \"  data-project-cat=\"a-fuga-so-acontece-porque-e-impossivel toda-articulacao-politica-e-ficcao-cientifica \" data-default-color=\"true\" data-title-color=\"\" data-subtitle-color=\"\">\r\n\t\t\t\t\t\t\t\r\n\t\t\t\t\t\t\t<div class=\"inner-wrap animated\" data-animation=\"none\">\r\n\t\t\t\t\t\t\t\t\r\n\t\t\t\t\t\t\t\t\t\t\t\t\t\t\t\t\t\r\n\t\t\t\t\t\t\t\t\t<div class=\"work-item style-1\" data-custom-content=\"off\">\r\n\t\t\t\t\t\t\t\t\t\t\r\n\t\t\t\t\t\t\t\t\t\t<img class=\"size- skip-lazy\" src=\"https:\/\/cachoeiradoc.com.br\/festival\/wp-content\/uploads\/2020\/12\/Lembrar-daquilo-que-esqueci-02-600x403.jpg\" alt=\"\" height=\"403\" width=\"600\" srcset=\"https:\/\/cachoeiradoc.com.br\/festival\/wp-content\/uploads\/2020\/12\/Lembrar-daquilo-que-esqueci-02-900x604.jpg 900w, https:\/\/cachoeiradoc.com.br\/festival\/wp-content\/uploads\/2020\/12\/Lembrar-daquilo-que-esqueci-02-600x403.jpg 600w, https:\/\/cachoeiradoc.com.br\/festival\/wp-content\/uploads\/2020\/12\/Lembrar-daquilo-que-esqueci-02-400x269.jpg 400w\" sizes=\"(min-width: 1000px) 25vw, (min-width: 690px) 50vw, 100vw\" \/>\t\t\t\t\t\t\t\t\t\t\r\n\t\t\t\t\t\t\t\t\t\t<div class=\"work-info-bg\"><\/div>\r\n\t\t\t\t\t\t\t\t\t\t<div class=\"work-info\"> \r\n\t\t\t\t\t\t\t\t\t\t\t\r\n\t\t\t\t\t\t\t\t\t\t\t\t\t\t\t\t\t\t\t\t\t\t\t\r\n\t\t\t\t\t\t\t\t\t\t\t\t<div class=\"vert-center\">\r\n\t\t\t\t\t\t\t\t\t\t\t\t\t<a href=\"https:\/\/cachoeiradoc.com.br\/festival\/wp-content\/uploads\/2020\/12\/Lembrar-daquilo-que-esqueci-02.jpg\" class=\"pretty_photo default-link\">Ampliar imagem<\/a> <a class=\"default-link\" href=\"https:\/\/cachoeiradoc.com.br\/festival\/filmes\/lembrar-daquilo-que-esqueci\/\">Informa\u00e7\u00f5es<\/a>\t\t\t\t\t\t\t\t\t\t\t\t\t\r\n\t\t\t\t\t\t\t\t\t\t\t\t<\/div><!--\/vert-center-->\r\n\t\t\t\t\t\t\t\t\t\t\t<\/div>\r\n\t\t\t\t\t\t\t\t\t\t<\/div><!--\/work-item-->\r\n\t\t\t\t\t\t\t\t\t\t\r\n\t\t\t\t\t\t\t\t\t\t<div class=\"work-meta\">\r\n\t\t\t\t\t\t\t\t\t\t\t<h4 class=\"title\">Lembrar daquilo que esqueci (Esp\u00edrito Santo, 2020, 20 min.), de Castiel Vitorino Brasileiro<\/h4>\r\n\t\t\t\t\t\t\t\t\t\t\t\r\n\t\t\t\t\t\t\t\t\t\t\t\t\t\t\t\t\t\t\t\t\t\t\r\n\t\t\t\t\t\t\t\t\t\t<\/div>\r\n\t\t\t\t\t\t\t\t\t\t<div class=\"nectar-love-wrap\">\r\n\t\t\t\t\t\t\t\t\t\t\t\t\t\t\t\t\t\t\t\t\t<\/div><!--\/nectar-love-wrap-->\t\r\n\t\t\t\t\t\t\t\t\t\t\r\n\t\t\t\t\t\t\t\t\t\t\t\t\t\t\t\t\t\r\n\t\t\t\t\t\t\t\t\r\n\t\t\t\t\t\t\t<\/div><!--\/inner-wrap-->\r\n\t\t\t\t\t\t<\/div><!--\/col-->\r\n\t\t\t\t\t\t\r\n\t\t\t\t\t\t\t\t\t\t\t\r\n\t\t\t\t\t\t\t\t\t\t\t\t\r\n\t\t\t\t\t\t<div class=\"col span_3  element a-fuga-so-acontece-porque-e-impossivel toda-articulacao-politica-e-ficcao-cientifica \"  data-project-cat=\"a-fuga-so-acontece-porque-e-impossivel toda-articulacao-politica-e-ficcao-cientifica \" data-default-color=\"true\" data-title-color=\"\" data-subtitle-color=\"\">\r\n\t\t\t\t\t\t\t\r\n\t\t\t\t\t\t\t<div class=\"inner-wrap animated\" data-animation=\"none\">\r\n\t\t\t\t\t\t\t\t\r\n\t\t\t\t\t\t\t\t\t\t\t\t\t\t\t\t\t\r\n\t\t\t\t\t\t\t\t\t<div class=\"work-item style-1\" data-custom-content=\"off\">\r\n\t\t\t\t\t\t\t\t\t\t\r\n\t\t\t\t\t\t\t\t\t\t<img class=\"size- skip-lazy\" src=\"https:\/\/cachoeiradoc.com.br\/festival\/wp-content\/uploads\/2020\/12\/Rua-Augusta-1029-imagem-01-600x403.jpg\" alt=\"\" height=\"403\" width=\"600\" srcset=\"https:\/\/cachoeiradoc.com.br\/festival\/wp-content\/uploads\/2020\/12\/Rua-Augusta-1029-imagem-01-900x604.jpg 900w, https:\/\/cachoeiradoc.com.br\/festival\/wp-content\/uploads\/2020\/12\/Rua-Augusta-1029-imagem-01-600x403.jpg 600w, https:\/\/cachoeiradoc.com.br\/festival\/wp-content\/uploads\/2020\/12\/Rua-Augusta-1029-imagem-01-400x269.jpg 400w\" sizes=\"(min-width: 1000px) 25vw, (min-width: 690px) 50vw, 100vw\" \/>\t\t\t\t\t\t\t\t\t\t\r\n\t\t\t\t\t\t\t\t\t\t<div class=\"work-info-bg\"><\/div>\r\n\t\t\t\t\t\t\t\t\t\t<div class=\"work-info\"> \r\n\t\t\t\t\t\t\t\t\t\t\t\r\n\t\t\t\t\t\t\t\t\t\t\t\t\t\t\t\t\t\t\t\t\t\t\t\r\n\t\t\t\t\t\t\t\t\t\t\t\t<div class=\"vert-center\">\r\n\t\t\t\t\t\t\t\t\t\t\t\t\t<a href=\"https:\/\/cachoeiradoc.com.br\/festival\/wp-content\/uploads\/2020\/12\/Rua-Augusta-1029-imagem-01-scaled.jpg\" class=\"pretty_photo default-link\">Ampliar imagem<\/a> <a class=\"default-link\" href=\"https:\/\/cachoeiradoc.com.br\/festival\/filmes\/rua-augusta-1029\/\">Informa\u00e7\u00f5es<\/a>\t\t\t\t\t\t\t\t\t\t\t\t\t\r\n\t\t\t\t\t\t\t\t\t\t\t\t<\/div><!--\/vert-center-->\r\n\t\t\t\t\t\t\t\t\t\t\t<\/div>\r\n\t\t\t\t\t\t\t\t\t\t<\/div><!--\/work-item-->\r\n\t\t\t\t\t\t\t\t\t\t\r\n\t\t\t\t\t\t\t\t\t\t<div class=\"work-meta\">\r\n\t\t\t\t\t\t\t\t\t\t\t<h4 class=\"title\">Rua Augusta, 1029 (S\u00e3o Paulo, 2019, 11 min.), de Mirrah Ia\u00f1ez<\/h4>\r\n\t\t\t\t\t\t\t\t\t\t\t\r\n\t\t\t\t\t\t\t\t\t\t\t\t\t\t\t\t\t\t\t\t\t\t\r\n\t\t\t\t\t\t\t\t\t\t<\/div>\r\n\t\t\t\t\t\t\t\t\t\t<div class=\"nectar-love-wrap\">\r\n\t\t\t\t\t\t\t\t\t\t\t\t\t\t\t\t\t\t\t\t\t<\/div><!--\/nectar-love-wrap-->\t\r\n\t\t\t\t\t\t\t\t\t\t\r\n\t\t\t\t\t\t\t\t\t\t\t\t\t\t\t\t\t\r\n\t\t\t\t\t\t\t\t\r\n\t\t\t\t\t\t\t<\/div><!--\/inner-wrap-->\r\n\t\t\t\t\t\t<\/div><!--\/col-->\r\n\t\t\t\t\t\t\r\n\t\t\t\t\t\t\t\t\t\t\t\r\n\t\t\t\t\t\t\t\t\t\t\t\t\r\n\t\t\t\t\t\t<div class=\"col span_3  element a-fuga-so-acontece-porque-e-impossivel toda-articulacao-politica-e-ficcao-cientifica \"  data-project-cat=\"a-fuga-so-acontece-porque-e-impossivel toda-articulacao-politica-e-ficcao-cientifica \" data-default-color=\"true\" data-title-color=\"\" data-subtitle-color=\"\">\r\n\t\t\t\t\t\t\t\r\n\t\t\t\t\t\t\t<div class=\"inner-wrap animated\" data-animation=\"none\">\r\n\t\t\t\t\t\t\t\t\r\n\t\t\t\t\t\t\t\t\t\t\t\t\t\t\t\t\t\r\n\t\t\t\t\t\t\t\t\t<div class=\"work-item style-1\" data-custom-content=\"off\">\r\n\t\t\t\t\t\t\t\t\t\t\r\n\t\t\t\t\t\t\t\t\t\t<img class=\"size- skip-lazy\" src=\"https:\/\/cachoeiradoc.com.br\/festival\/wp-content\/uploads\/2020\/12\/Relatos-Tecnopobres-01-600x403.jpg\" alt=\"\" height=\"403\" width=\"600\" srcset=\"https:\/\/cachoeiradoc.com.br\/festival\/wp-content\/uploads\/2020\/12\/Relatos-Tecnopobres-01-900x604.jpg 900w, https:\/\/cachoeiradoc.com.br\/festival\/wp-content\/uploads\/2020\/12\/Relatos-Tecnopobres-01-600x403.jpg 600w, https:\/\/cachoeiradoc.com.br\/festival\/wp-content\/uploads\/2020\/12\/Relatos-Tecnopobres-01-400x269.jpg 400w\" sizes=\"(min-width: 1000px) 25vw, (min-width: 690px) 50vw, 100vw\" \/>\t\t\t\t\t\t\t\t\t\t\r\n\t\t\t\t\t\t\t\t\t\t<div class=\"work-info-bg\"><\/div>\r\n\t\t\t\t\t\t\t\t\t\t<div class=\"work-info\"> \r\n\t\t\t\t\t\t\t\t\t\t\t\r\n\t\t\t\t\t\t\t\t\t\t\t\t\t\t\t\t\t\t\t\t\t\t\t\r\n\t\t\t\t\t\t\t\t\t\t\t\t<div class=\"vert-center\">\r\n\t\t\t\t\t\t\t\t\t\t\t\t\t<a href=\"https:\/\/cachoeiradoc.com.br\/festival\/wp-content\/uploads\/2020\/12\/Relatos-Tecnopobres-01.jpg\" class=\"pretty_photo default-link\">Ampliar imagem<\/a> <a class=\"default-link\" href=\"https:\/\/cachoeiradoc.com.br\/festival\/filmes\/relatos-tecnopobres\/\">Informa\u00e7\u00f5es<\/a>\t\t\t\t\t\t\t\t\t\t\t\t\t\r\n\t\t\t\t\t\t\t\t\t\t\t\t<\/div><!--\/vert-center-->\r\n\t\t\t\t\t\t\t\t\t\t\t<\/div>\r\n\t\t\t\t\t\t\t\t\t\t<\/div><!--\/work-item-->\r\n\t\t\t\t\t\t\t\t\t\t\r\n\t\t\t\t\t\t\t\t\t\t<div class=\"work-meta\">\r\n\t\t\t\t\t\t\t\t\t\t\t<h4 class=\"title\">Relatos Tecnopobres (Goi\u00e1s, 2019, 13 min.), de Jo\u00e3o Batista Gabriel Carvalho Silva<\/h4>\r\n\t\t\t\t\t\t\t\t\t\t\t\r\n\t\t\t\t\t\t\t\t\t\t\t\t\t\t\t\t\t\t\t\t\t\t\r\n\t\t\t\t\t\t\t\t\t\t<\/div>\r\n\t\t\t\t\t\t\t\t\t\t<div class=\"nectar-love-wrap\">\r\n\t\t\t\t\t\t\t\t\t\t\t\t\t\t\t\t\t\t\t\t\t<\/div><!--\/nectar-love-wrap-->\t\r\n\t\t\t\t\t\t\t\t\t\t\r\n\t\t\t\t\t\t\t\t\t\t\t\t\t\t\t\t\t\r\n\t\t\t\t\t\t\t\t\r\n\t\t\t\t\t\t\t<\/div><!--\/inner-wrap-->\r\n\t\t\t\t\t\t<\/div><!--\/col-->\r\n\t\t\t\t\t\t\r\n\t\t\t\t\t\t\t\t\t\t\t\r\n\t\t\t\t\t\t\t\t\t\t\t\t\r\n\t\t\t\t\t\t<div class=\"col span_3  element a-fuga-so-acontece-porque-e-impossivel toda-articulacao-politica-e-ficcao-cientifica \"  data-project-cat=\"a-fuga-so-acontece-porque-e-impossivel toda-articulacao-politica-e-ficcao-cientifica \" data-default-color=\"true\" data-title-color=\"\" data-subtitle-color=\"\">\r\n\t\t\t\t\t\t\t\r\n\t\t\t\t\t\t\t<div class=\"inner-wrap animated\" data-animation=\"none\">\r\n\t\t\t\t\t\t\t\t\r\n\t\t\t\t\t\t\t\t\t\t\t\t\t\t\t\t\t\r\n\t\t\t\t\t\t\t\t\t<div class=\"work-item style-1\" data-custom-content=\"off\">\r\n\t\t\t\t\t\t\t\t\t\t\r\n\t\t\t\t\t\t\t\t\t\t<img class=\"size- skip-lazy\" src=\"https:\/\/cachoeiradoc.com.br\/festival\/wp-content\/uploads\/2020\/12\/Veias-de-fogo-foto-01-credito-Camila-de-Almeida-600x403.jpg\" alt=\"\" height=\"403\" width=\"600\" srcset=\"https:\/\/cachoeiradoc.com.br\/festival\/wp-content\/uploads\/2020\/12\/Veias-de-fogo-foto-01-credito-Camila-de-Almeida-900x604.jpg 900w, https:\/\/cachoeiradoc.com.br\/festival\/wp-content\/uploads\/2020\/12\/Veias-de-fogo-foto-01-credito-Camila-de-Almeida-600x403.jpg 600w, https:\/\/cachoeiradoc.com.br\/festival\/wp-content\/uploads\/2020\/12\/Veias-de-fogo-foto-01-credito-Camila-de-Almeida-400x269.jpg 400w\" sizes=\"(min-width: 1000px) 25vw, (min-width: 690px) 50vw, 100vw\" \/>\t\t\t\t\t\t\t\t\t\t\r\n\t\t\t\t\t\t\t\t\t\t<div class=\"work-info-bg\"><\/div>\r\n\t\t\t\t\t\t\t\t\t\t<div class=\"work-info\"> \r\n\t\t\t\t\t\t\t\t\t\t\t\r\n\t\t\t\t\t\t\t\t\t\t\t\t\t\t\t\t\t\t\t\t\t\t\t\r\n\t\t\t\t\t\t\t\t\t\t\t\t<div class=\"vert-center\">\r\n\t\t\t\t\t\t\t\t\t\t\t\t\t<a href=\"https:\/\/cachoeiradoc.com.br\/festival\/wp-content\/uploads\/2020\/12\/Veias-de-fogo-foto-01-credito-Camila-de-Almeida-scaled.jpg\" class=\"pretty_photo default-link\">Ampliar imagem<\/a> <a class=\"default-link\" href=\"https:\/\/cachoeiradoc.com.br\/festival\/filmes\/veias-de-fogo\/\">Informa\u00e7\u00f5es<\/a>\t\t\t\t\t\t\t\t\t\t\t\t\t\r\n\t\t\t\t\t\t\t\t\t\t\t\t<\/div><!--\/vert-center-->\r\n\t\t\t\t\t\t\t\t\t\t\t<\/div>\r\n\t\t\t\t\t\t\t\t\t\t<\/div><!--\/work-item-->\r\n\t\t\t\t\t\t\t\t\t\t\r\n\t\t\t\t\t\t\t\t\t\t<div class=\"work-meta\">\r\n\t\t\t\t\t\t\t\t\t\t\t<h4 class=\"title\">Veias de Fogo (Cear\u00e1, 2020, 18 min.), de coletivo Carnaval no Inferno<\/h4>\r\n\t\t\t\t\t\t\t\t\t\t\t\r\n\t\t\t\t\t\t\t\t\t\t\t\t\t\t\t\t\t\t\t\t\t\t\r\n\t\t\t\t\t\t\t\t\t\t<\/div>\r\n\t\t\t\t\t\t\t\t\t\t<div class=\"nectar-love-wrap\">\r\n\t\t\t\t\t\t\t\t\t\t\t\t\t\t\t\t\t\t\t\t\t<\/div><!--\/nectar-love-wrap-->\t\r\n\t\t\t\t\t\t\t\t\t\t\r\n\t\t\t\t\t\t\t\t\t\t\t\t\t\t\t\t\t\r\n\t\t\t\t\t\t\t\t\r\n\t\t\t\t\t\t\t<\/div><!--\/inner-wrap-->\r\n\t\t\t\t\t\t<\/div><!--\/col-->\r\n\t\t\t\t\t\t\r\n\t\t\t\t\t\t\t\t\t\t\r\n\t\t\t\t<\/div><!--\/portfolio-->\r\n\t\t\t<\/div><!--\/portfolio wrap-->\r\n\t\t\t\r\n\t\t\t[\/toggle][\/toggles][\/vc_column][\/vc_row][vc_row type=&#8221;in_container&#8221; full_screen_row_position=&#8221;middle&#8221; column_margin=&#8221;default&#8221; column_direction=&#8221;default&#8221; column_direction_tablet=&#8221;default&#8221; column_direction_phone=&#8221;default&#8221; scene_position=&#8221;center&#8221; text_color=&#8221;dark&#8221; text_align=&#8221;left&#8221; row_border_radius=&#8221;none&#8221; row_border_radius_applies=&#8221;bg&#8221; overlay_strength=&#8221;0.3&#8243; gradient_direction=&#8221;left_to_right&#8221; shape_divider_position=&#8221;bottom&#8221; bg_image_animation=&#8221;none&#8221;][vc_column column_padding=&#8221;no-extra-padding&#8221; column_padding_tablet=&#8221;inherit&#8221; column_padding_phone=&#8221;inherit&#8221; column_padding_position=&#8221;all&#8221; background_color_opacity=&#8221;1&#8243; background_hover_color_opacity=&#8221;1&#8243; column_shadow=&#8221;none&#8221; column_border_radius=&#8221;none&#8221; column_link_target=&#8221;_self&#8221; gradient_direction=&#8221;left_to_right&#8221; overlay_strength=&#8221;0.3&#8243; width=&#8221;1\/1&#8243; tablet_width_inherit=&#8221;default&#8221; tablet_text_alignment=&#8221;default&#8221; phone_text_alignment=&#8221;default&#8221; column_border_width=&#8221;none&#8221; column_border_style=&#8221;solid&#8221; bg_image_animation=&#8221;none&#8221;][divider line_type=&#8221;Full Width Line&#8221; line_thickness=&#8221;1&#8243; divider_color=&#8221;default&#8221;][\/vc_column][\/vc_row][vc_row type=&#8221;in_container&#8221; full_screen_row_position=&#8221;middle&#8221; column_margin=&#8221;default&#8221; column_direction=&#8221;default&#8221; column_direction_tablet=&#8221;default&#8221; column_direction_phone=&#8221;default&#8221; scene_position=&#8221;center&#8221; text_color=&#8221;dark&#8221; text_align=&#8221;left&#8221; row_border_radius=&#8221;none&#8221; row_border_radius_applies=&#8221;bg&#8221; overlay_strength=&#8221;0.3&#8243; gradient_direction=&#8221;left_to_right&#8221; shape_divider_position=&#8221;bottom&#8221; bg_image_animation=&#8221;none&#8221;][vc_column column_padding=&#8221;no-extra-padding&#8221; column_padding_tablet=&#8221;inherit&#8221; column_padding_phone=&#8221;inherit&#8221; column_padding_position=&#8221;all&#8221; background_color_opacity=&#8221;1&#8243; background_hover_color_opacity=&#8221;1&#8243; column_shadow=&#8221;none&#8221; column_border_radius=&#8221;none&#8221; column_link_target=&#8221;_self&#8221; gradient_direction=&#8221;left_to_right&#8221; overlay_strength=&#8221;0.3&#8243; width=&#8221;1\/2&#8243; tablet_width_inherit=&#8221;default&#8221; tablet_text_alignment=&#8221;default&#8221; phone_text_alignment=&#8221;default&#8221; column_border_width=&#8221;none&#8221; column_border_style=&#8221;solid&#8221; bg_image_animation=&#8221;none&#8221;][nectar_animated_title heading_tag=&#8221;h6&#8243; style=&#8221;color-strip-reveal&#8221; color=&#8221;Accent-Color&#8221; text=&#8221;Caminhos da Curadoria &#8211; 13\/12, \u00e0s 19h&#8221;][\/vc_column][vc_column column_padding=&#8221;no-extra-padding&#8221; column_padding_tablet=&#8221;inherit&#8221; column_padding_phone=&#8221;inherit&#8221; column_padding_position=&#8221;all&#8221; background_color_opacity=&#8221;1&#8243; background_hover_color_opacity=&#8221;1&#8243; column_shadow=&#8221;none&#8221; column_border_radius=&#8221;none&#8221; column_link_target=&#8221;_self&#8221; gradient_direction=&#8221;left_to_right&#8221; overlay_strength=&#8221;0.3&#8243; width=&#8221;1\/2&#8243; tablet_width_inherit=&#8221;default&#8221; tablet_text_alignment=&#8221;default&#8221; phone_text_alignment=&#8221;default&#8221; column_border_width=&#8221;none&#8221; column_border_style=&#8221;solid&#8221; bg_image_animation=&#8221;none&#8221;][vc_video link=&#8221;https:\/\/youtu.be\/236BtLsoA04&#8243;][\/vc_column][\/vc_row]\n","protected":false},"excerpt":{"rendered":"<p>[vc_row type=&#8221;in_container&#8221; full_screen_row_position=&#8221;middle&#8221; column_margin=&#8221;default&#8221; column_direction=&#8221;default&#8221; column_direction_tablet=&#8221;default&#8221; column_direction_phone=&#8221;default&#8221; scene_position=&#8221;center&#8221; text_color=&#8221;dark&#8221; text_align=&#8221;left&#8221; row_border_radius=&#8221;none&#8221; row_border_radius_applies=&#8221;bg&#8221; overlay_strength=&#8221;0.3&#8243; gradient_direction=&#8221;left_to_right&#8221; shape_divider_position=&#8221;bottom&#8221; bg_image_animation=&#8221;none&#8221;][vc_column column_padding=&#8221;no-extra-padding&#8221; column_padding_tablet=&#8221;inherit&#8221; column_padding_phone=&#8221;inherit&#8221; column_padding_position=&#8221;all&#8221; background_color_opacity=&#8221;1&#8243; background_hover_color_opacity=&#8221;1&#8243; column_shadow=&#8221;none&#8221; column_border_radius=&#8221;none&#8221; column_link_target=&#8221;_self&#8221;&#8230;<\/p>\n","protected":false},"author":1,"featured_media":0,"parent":0,"menu_order":0,"comment_status":"closed","ping_status":"closed","template":"","meta":{"_monsterinsights_skip_tracking":false,"_monsterinsights_sitenote_active":false,"_monsterinsights_sitenote_note":"","_monsterinsights_sitenote_category":0},"_links":{"self":[{"href":"https:\/\/cachoeiradoc.com.br\/festival\/wp-json\/wp\/v2\/pages\/5861"}],"collection":[{"href":"https:\/\/cachoeiradoc.com.br\/festival\/wp-json\/wp\/v2\/pages"}],"about":[{"href":"https:\/\/cachoeiradoc.com.br\/festival\/wp-json\/wp\/v2\/types\/page"}],"author":[{"embeddable":true,"href":"https:\/\/cachoeiradoc.com.br\/festival\/wp-json\/wp\/v2\/users\/1"}],"replies":[{"embeddable":true,"href":"https:\/\/cachoeiradoc.com.br\/festival\/wp-json\/wp\/v2\/comments?post=5861"}],"version-history":[{"count":80,"href":"https:\/\/cachoeiradoc.com.br\/festival\/wp-json\/wp\/v2\/pages\/5861\/revisions"}],"predecessor-version":[{"id":7537,"href":"https:\/\/cachoeiradoc.com.br\/festival\/wp-json\/wp\/v2\/pages\/5861\/revisions\/7537"}],"wp:attachment":[{"href":"https:\/\/cachoeiradoc.com.br\/festival\/wp-json\/wp\/v2\/media?parent=5861"}],"curies":[{"name":"wp","href":"https:\/\/api.w.org\/{rel}","templated":true}]}}