{"id":1674,"date":"2017-08-23T15:26:37","date_gmt":"2017-08-23T18:26:37","guid":{"rendered":"http:\/\/cachoeiradoc.com.br\/2017\/?page_id=1674"},"modified":"2017-09-10T17:12:10","modified_gmt":"2017-09-10T20:12:10","slug":"coloquio","status":"publish","type":"page","link":"https:\/\/cachoeiradoc.com.br\/2017\/coloquio\/","title":{"rendered":"VI Col\u00f3quio Cinema, Est\u00e9tica e Pol\u00edtica"},"content":{"rendered":"<p style=\"text-align: justify;\">O Col\u00f3quio Cinema, Est\u00e9tica e Pol\u00edtica, organizado pelo Grupo Po\u00e9ticas da Experi\u00eancia (PPGCOM\/UFMG e CNPq), vai para a 6a edi\u00e7\u00e3o, atualizando sua voca\u00e7\u00e3o de itiner\u00e2ncia, na busca de interlocu\u00e7\u00e3o e troca com pesquisadores de outras institui\u00e7\u00f5es de ensino e pesquisa. O VI Col\u00f3quio ser\u00e1 abrigado pelo rec\u00e9m-criado Programa de P\u00f3s-Gradua\u00e7\u00e3o em Comunica\u00e7\u00e3o da Universidade Federal do Rec\u00f4ncavo da Bahia, em articula\u00e7\u00e3o com o VIII CachoeiraDoc.<\/p>\n<p style=\"text-align: justify;\">A 6a edi\u00e7\u00e3o do Col\u00f3quio Cinema, Est\u00e9tica e Pol\u00edtica d\u00e1 prosseguimento \u00e0s indaga\u00e7\u00f5es que animaram edi\u00e7\u00f5es anteriores: como as imagens \u2013 especialmente aquelas da fotografia e do cinema \u2013 participam da constitui\u00e7\u00e3o de nossa vida comum? Como elas fazem coabitar sujeitos e modos de vida d\u00edspares? Como nos prop\u00f5em figuras de comunidade?<\/p>\n<p style=\"text-align: justify;\">Em aten\u00e7\u00e3o \u00e0 tem\u00e1tica proposta, Imagens cosmopol\u00edticas, saberes contracoloniais, o col\u00f3quio faz um gesto modesto de descoloniza\u00e7\u00e3o do conhecimento e inclus\u00e3o de novos saberes no espa\u00e7o da universidade, com o convite a mestres, mestras e lideran\u00e7as das comunidades ind\u00edgenas, quilombolas e dos terreiros para compor sua programa\u00e7\u00e3o.<\/p>\n<p style=\"text-align: justify;\">O VI Col\u00f3quio de Cinema, Est\u00e9tica e Pol\u00edtica \u00e9 uma atividade de extens\u00e3o (UFMG\/UFRB), a presen\u00e7a em 70% de suas atividades render\u00e1 certificado ao p\u00fablico participante.\u00a0N\u00e3o haver\u00e1 inscri\u00e7\u00e3o pr\u00e9via para o evento.<\/p>\n<p><strong>Dia 4\/09, de 10h \u00e0s 12h30<\/strong><br \/>\nCine Theatro Cachoeirano<br \/>\n<span style=\"text-decoration: underline;\">Sess\u00e3o 1: Confer\u00eancia<\/span><br \/>\nPovo Tupinamb\u00e1<br \/>\nMedia\u00e7\u00e3o: Jurema Machado (UFRB)<\/p>\n<p><strong>Dia 4\/09, de 14h \u00e0s 16h30<\/strong><br \/>\nCine Theatro Cachoeirano<br \/>\n<span style=\"text-decoration: underline;\">Sess\u00e3o 2: Imagens que chamam, imagens xam\u00e2nicas<\/span><br \/>\nDaniel Vasques (professor e lideran\u00e7a guarani e kaiow\u00e1)<br \/>\nJhonatan Gomes (guarani e kaiow\u00e1 do Guaiviry)<br \/>\nLuciana Oliveira (UFMG)<br \/>\nRos\u00e2ngela de Tugny (UFSB)<\/p>\n<p><strong>Dia 4\/09, \u00e0s 17h<\/strong><br \/>\nCine Theatro Cachoeirano<br \/>\n<span style=\"text-decoration: underline;\">Exibi\u00e7\u00e3o comentada de imagens do filme em processo Adeus, Capit\u00e3o<\/span><br \/>\nVincent Carelli (V\u00eddeo nas Aldeias)<\/p>\n<p><strong>Dia 5\/09, de 10h \u00e0s 12h30<\/strong><br \/>\nCine Theatro Cachoeirano<br \/>\n<span style=\"text-decoration: underline;\">Sess\u00e3o 3: Os terreiros, as imagens<\/span><br \/>\nC\u00e9sar Guimar\u00e3es (UFMG)<br \/>\nC\u00e1ssia Cristina (Makota Kidoiale &#8211; Conselho de Pol\u00edticas P\u00fablicas de BH\/Quilombo Manzo Ngunzo Kaiango)<br \/>\nM\u00e3e Mar\u00ed (Il\u00ea Ax\u00e9 Pakol\u00e8)<br \/>\nMakota Valdina (Nzo Onimboya)<br \/>\nOgan Tat\u00e1 Marcelino (Zogod\u00f4 Mal\u00e9 Daho Taby \/ Funda\u00e7\u00e3o Casa Paulo Dias Adorno)<br \/>\nPai Idelson (Il\u00ea Ax\u00e9 Ogunja)<br \/>\nPai Ricardo (Casa de Caridade Pai Jacob do Oriente)<\/p>\n<p><strong>Dia 5\/09, de 14h \u00e0s 16h30<\/strong><br \/>\nCine Theatro Cachoeirano<br \/>\n<span style=\"text-decoration: underline;\">Sess\u00e3o 4: Imagens da di\u00e1spora<\/span><br \/>\nAyrson Her\u00e1clito (UFRB)<br \/>\nEdmar Ferreira (UNEB \/ P\u00f3s-Afro CEAO-UFBA)<br \/>\nJ\u00falia Rebou\u00e7as (curadora e pesquisadora)<br \/>\nPaulo Nazareth (artista)<\/p>\n<p><strong>Dia 5\/09, \u00e0s 16h30 \u00e0s 18h30<\/strong><br \/>\nCine Theatro Cachoeirano<br \/>\n<span style=\"text-decoration: underline;\">Sess\u00e3o 5: Territ\u00f3rios, modos de vida, retomada das imagens<\/span><br \/>\nAndr\u00e9 Brasil (UFMG)<br \/>\nEduardo de Jesus (UFMG)<br \/>\nEmi Koide (UFRB)<\/p>\n<p><strong>Dia 5\/09, \u00e0s 19h30<\/strong><br \/>\nCine Theatro Cachoeirano<br \/>\n<span style=\"text-decoration: underline;\">Abertura do CachoeiraDoc<\/span><br \/>\nQuilombo Rio dos Macacos (Bahia, 2017, 120 min.)<br \/>\nDe Josias Pires, com a presen\u00e7a do diretor<\/p>\n<p><strong>Dia 6\/09, de 9h30 \u00e0s 11h30<\/strong><br \/>\nCine Theatro Cachoeirano<br \/>\n<span style=\"text-decoration: underline;\">Sess\u00e3o 6: As mulheres, as imagens e o pensamento decolonial<\/span><br \/>\nAngela Figueiredo (UFRB)<br \/>\nCl\u00e1udia Mesquita (UFMG)<br \/>\nRoberta Veiga (UFMG)<\/p>\n<p>Veja aqui resumos, fotos e v\u00eddeos dos dias <a href=\"http:\/\/cachoeiradoc.com.br\/2017\/2017\/09\/08\/bem-vindos-ao-viii-cachoeiradoc\/\">4<\/a>, <a href=\"http:\/\/cachoeiradoc.com.br\/2017\/2017\/09\/08\/novas-buscas-ao-outro-e-ao-sagrado\/\">5<\/a> e <a href=\"http:\/\/cachoeiradoc.com.br\/2017\/2017\/09\/08\/sobre-novas-formas-de-olhar-a-si-proprio\/\">6<\/a>.<\/p>\n<p><img loading=\"lazy\" class=\"alignnone wp-image-1698\" src=\"http:\/\/cachoeiradoc.com.br\/2017\/wp-content\/uploads\/2017\/08\/barra-de-marca-col\u00f3quio-1.jpg\" alt=\"\" width=\"724\" height=\"143\" srcset=\"https:\/\/cachoeiradoc.com.br\/2017\/wp-content\/uploads\/2017\/08\/barra-de-marca-col\u00f3quio-1.jpg 1046w, https:\/\/cachoeiradoc.com.br\/2017\/wp-content\/uploads\/2017\/08\/barra-de-marca-col\u00f3quio-1-300x59.jpg 300w, https:\/\/cachoeiradoc.com.br\/2017\/wp-content\/uploads\/2017\/08\/barra-de-marca-col\u00f3quio-1-768x152.jpg 768w, https:\/\/cachoeiradoc.com.br\/2017\/wp-content\/uploads\/2017\/08\/barra-de-marca-col\u00f3quio-1-1024x203.jpg 1024w\" sizes=\"(max-width: 724px) 100vw, 724px\" \/><\/p>\n","protected":false},"excerpt":{"rendered":"<p>O Col\u00f3quio Cinema, Est\u00e9tica e Pol\u00edtica, organizado pelo Grupo Po\u00e9ticas da Experi\u00eancia (PPGCOM\/UFMG e CNPq), vai para a 6a edi\u00e7\u00e3o, atualizando sua voca\u00e7\u00e3o de itiner\u00e2ncia, na busca de interlocu\u00e7\u00e3o e troca com pesquisadores de outras institui\u00e7\u00f5es de ensino e pesquisa. O VI<\/p>\n","protected":false},"author":2,"featured_media":0,"parent":0,"menu_order":0,"comment_status":"closed","ping_status":"closed","template":"","meta":[],"_links":{"self":[{"href":"https:\/\/cachoeiradoc.com.br\/2017\/wp-json\/wp\/v2\/pages\/1674"}],"collection":[{"href":"https:\/\/cachoeiradoc.com.br\/2017\/wp-json\/wp\/v2\/pages"}],"about":[{"href":"https:\/\/cachoeiradoc.com.br\/2017\/wp-json\/wp\/v2\/types\/page"}],"author":[{"embeddable":true,"href":"https:\/\/cachoeiradoc.com.br\/2017\/wp-json\/wp\/v2\/users\/2"}],"replies":[{"embeddable":true,"href":"https:\/\/cachoeiradoc.com.br\/2017\/wp-json\/wp\/v2\/comments?post=1674"}],"version-history":[{"count":16,"href":"https:\/\/cachoeiradoc.com.br\/2017\/wp-json\/wp\/v2\/pages\/1674\/revisions"}],"predecessor-version":[{"id":1960,"href":"https:\/\/cachoeiradoc.com.br\/2017\/wp-json\/wp\/v2\/pages\/1674\/revisions\/1960"}],"wp:attachment":[{"href":"https:\/\/cachoeiradoc.com.br\/2017\/wp-json\/wp\/v2\/media?parent=1674"}],"curies":[{"name":"wp","href":"https:\/\/api.w.org\/{rel}","templated":true}]}}