{"id":1552,"date":"2017-08-09T17:02:51","date_gmt":"2017-08-09T20:02:51","guid":{"rendered":"http:\/\/cachoeiradoc.com.br\/2017\/?page_id=1552"},"modified":"2017-08-31T20:45:08","modified_gmt":"2017-08-31T23:45:08","slug":"ficha-tecnica","status":"publish","type":"page","link":"https:\/\/cachoeiradoc.com.br\/2017\/ficha-tecnica\/","title":{"rendered":"Ficha T\u00e9cnica"},"content":{"rendered":"<p><b>Idealiza\u00e7\u00e3o: <\/b>Amaranta Cesar<\/p>\n<p><b>Coordena\u00e7\u00e3o art\u00edstica e acad\u00eamica: <\/b>Amaranta Cesar e Ana Rosa Marques<\/p>\n<p><b>Curadoria das Mostras Especiais: <\/b>Amaranta Cesar, Nicole Brenez e Victor Guimar\u00e3es<\/p>\n<p><b>Curadoria da Mostra Competitiva Nacional: <\/b>Amaranta Cesar, Ana Rosa Marques, Evandro Freitas, Flora Braga, Larissa Fulana de Tal, Leon Sampaio<\/p>\n<p><b>Coordena\u00e7\u00e3o de Produ\u00e7\u00e3o: <\/b>Fernanda Pimenta e Leonardo Costa<\/p>\n<p><b>Coordena\u00e7\u00e3o T\u00e9cnica: <\/b>Ludmilla Cavalcante<\/p>\n<p><b>Produ\u00e7\u00e3o de c\u00f3pias: <\/b>Tenille Bezerra<\/p>\n<p><b>Assistente t\u00e9cnico <\/b><b>e legendagem<\/b><b>: <\/b>Rudyally Koni<\/p>\n<p><b>Tradu\u00e7\u00f5es: <\/b>Moema Franca<\/p>\n<p><b>Produ\u00e7\u00e3o Palco: <\/b>Heide Costa<\/p>\n<p><b>Produ\u00e7\u00e3o Local: <\/b>Clarissa Brand\u00e3o<\/p>\n<p><b>Projeto de Sensibiliza\u00e7\u00e3o e Forma\u00e7\u00e3o de P\u00fablico\u00a0Cinema em Vizinhan\u00e7a:<\/b> \u00c1lex Ant\u00f4nio dos Santos, Fabio Rodrigues Filho, Fernanda dos Santos Pereira, Michel Santos e Olivia Maia Barcellos<\/p>\n<p><b>Projeto de Sensibiliza\u00e7\u00e3o e Forma\u00e7\u00e3o de P\u00fablico Cinema como Formador Social:\u00a0<\/b>Erick Lawrence,\u00a0Gleice Diana,\u00a0Maria Clara Arbex e\u00a0Mari Brand\u00e3o<\/p>\n<p><b>Vinhetas: <\/b>Augusto Daltro, Bebeto J\u00fanior, Camila Greg\u00f3rio, Carla Caroline, Danilo Scaldaferri, Erick Lawrence, Felipe Borges, Iago Cordeiro Ribeiro, Ligia Franco, Luan Jave, Maria Clara Arbex, Mari Pontes<\/p>\n<p><b>Coordena\u00e7\u00e3o da Cobertura Audiovisual: <\/b>Lais Lima e Chantal Durpoix<\/p>\n<p><b>Registro Audiovisual: <\/b>Lucas Bonillo Tarifa, Bebeto Junior, Carlos Henrique de Souza Passos, Hugo Bichara Matni Almeida, Evanize Essi, Juan Rodrigues, Juvenal Souza da Silva Junior, Marcos Vinicius Pereira<\/p>\n<p><b>Registro fotogr\u00e1fico: <\/b>Gabriela Palha, L\u00edgia Marques Rocha Franco, Matheus \u00c1llan Maia dos Santos<\/p>\n<p><b>Receptivo: <\/b>Laiana Campos Soares, Reifra Ara\u00fajo Pimenta<\/p>\n<p><b>Apoio t\u00e9cnico:<\/b> Edmundo dos Santos Bastos Junior<\/p>\n<p><b>Apoio cinema:<\/b> Adelen Cheronwiny Alves Ferreira da Silva, Alaine Bitencourt Silva, Antonio Victor Santos de Santana, \u00c1quila Jamille Ara\u00fajo Alves, Bruna Maria, Luiza Mucida Andrade, Matheus Leone de Moraes, Ohana Sousa, Roberto Santos Sales<\/p>\n<p><strong>J\u00fari Oficial:\u00a0<\/strong>Cristina Amaral, Laura Bezerra e Rafael Carvalho<\/p>\n<p><strong>J\u00fari Jovem: \u00a0<\/strong>\u00c1lex Antonio dos Santos, Fabio Rodrigues Filho e Geilane de Oliveira<\/p>\n<p><b>Estagi\u00e1ria de Produ\u00e7\u00e3o e Comunica\u00e7\u00e3o: <\/b>Lara Miranda<\/p>\n<p><b>Assessoria de Comunica\u00e7\u00e3o: <\/b>Maria Clara Lima<\/p>\n<p><b>Site:<\/b> Fernanda Pimenta e Leonardo Costa<\/p>\n<p><b>Programa\u00e7\u00e3o Gr\u00e1fica:<\/b> Everton Marco e Tiago Ribeiro<\/p>\n<p><b>Fotos das pe\u00e7as gr\u00e1ficas: <\/b>Mark Deyves<\/p>\n<p><b>Ambienta\u00e7\u00e3o: <\/b>Ana Kalil<\/p>\n<p><b>Spot r\u00e1dio: <\/b>Evelin Buchegger e Emerson Cabral<\/p>\n<p><b>Trof\u00e9u:<\/b> Louco Filho<\/p>\n","protected":false},"excerpt":{"rendered":"<p>Idealiza\u00e7\u00e3o: Amaranta Cesar Coordena\u00e7\u00e3o art\u00edstica e acad\u00eamica: Amaranta Cesar e Ana Rosa Marques Curadoria das Mostras Especiais: Amaranta Cesar, Nicole Brenez e Victor Guimar\u00e3es Curadoria da Mostra Competitiva Nacional: Amaranta Cesar, Ana Rosa Marques, Evandro Freitas, Flora Braga, Larissa Fulana de Tal,<\/p>\n","protected":false},"author":2,"featured_media":0,"parent":0,"menu_order":0,"comment_status":"closed","ping_status":"closed","template":"","meta":[],"_links":{"self":[{"href":"https:\/\/cachoeiradoc.com.br\/2017\/wp-json\/wp\/v2\/pages\/1552"}],"collection":[{"href":"https:\/\/cachoeiradoc.com.br\/2017\/wp-json\/wp\/v2\/pages"}],"about":[{"href":"https:\/\/cachoeiradoc.com.br\/2017\/wp-json\/wp\/v2\/types\/page"}],"author":[{"embeddable":true,"href":"https:\/\/cachoeiradoc.com.br\/2017\/wp-json\/wp\/v2\/users\/2"}],"replies":[{"embeddable":true,"href":"https:\/\/cachoeiradoc.com.br\/2017\/wp-json\/wp\/v2\/comments?post=1552"}],"version-history":[{"count":9,"href":"https:\/\/cachoeiradoc.com.br\/2017\/wp-json\/wp\/v2\/pages\/1552\/revisions"}],"predecessor-version":[{"id":1750,"href":"https:\/\/cachoeiradoc.com.br\/2017\/wp-json\/wp\/v2\/pages\/1552\/revisions\/1750"}],"wp:attachment":[{"href":"https:\/\/cachoeiradoc.com.br\/2017\/wp-json\/wp\/v2\/media?parent=1552"}],"curies":[{"name":"wp","href":"https:\/\/api.w.org\/{rel}","templated":true}]}}