{"id":1546,"date":"2017-08-09T16:50:23","date_gmt":"2017-08-09T19:50:23","guid":{"rendered":"http:\/\/cachoeiradoc.com.br\/2017\/?page_id=1546"},"modified":"2017-08-29T19:16:44","modified_gmt":"2017-08-29T22:16:44","slug":"mostra-competitiva","status":"publish","type":"page","link":"https:\/\/cachoeiradoc.com.br\/2017\/mostra-competitiva\/","title":{"rendered":"Mostra Competitiva"},"content":{"rendered":"<p>[vc_row][vc_column][vc_column_text css_animation=&#8221;none&#8221;]<strong>Cinema: farol para um tempo sombrio<\/strong><\/p>\n<p style=\"text-align: justify;\">O conjunto dos filmes que apresentamos diz algo forte. Os sentimentos, reflex\u00f5es e debates aos quais ele nos conduziu afirma que o cinema participa ativamente da constru\u00e7\u00e3o de imagin\u00e1rios e, portanto, de mundos poss\u00edveis. Ignorar isso talvez seja compreender apenas parcialmente o lugar do cinema no mundo e na vida das pessoas. Os meses de intenso visionamento das obras confirmam nosso entendimento de que tamb\u00e9m somos arquitetos desse mundo por vir, uma vez que contribu\u00edmos para criar espa\u00e7os de exist\u00eancia para os filmes e constru\u00edmos uma comunidade de cinema.<\/p>\n<p style=\"text-align: justify;\">As obras reunidas aqui d\u00e3o a ver a constitui\u00e7\u00e3o de uma subjetiva\u00e7\u00e3o pol\u00edtica que fortalece sujeitos coletivos sem anular a dimens\u00e3o singular dos personagens. Fen\u00f4meno \u00edmpar na hist\u00f3ria recente do cinema brasileiro, possivelmente um sintoma de rea\u00e7\u00e3o \u00e0 \u00e9poca sombria que nos atravessa, marcada por opress\u00f5es e injusti\u00e7as, e que nos incita a tomar posi\u00e7\u00e3o e agir.<\/p>\n<p style=\"text-align: justify;\">Se o estado de exce\u00e7\u00e3o parece ter se escancarado nos \u00faltimos anos, os moradores das periferias o percebem h\u00e1 muito mais tempo. Mataram Nossos Filhos apresenta a trajet\u00f3ria de luta das M\u00e3es de Maio, grupo organizado de mulheres que perderam seus entes durante uma chacina em 2006, conhecida como Crimes de Maio. Da dor irremedi\u00e1vel surge a for\u00e7a para buscar por justi\u00e7a e defesa da mem\u00f3ria das centenas de jovens mortos pela Pol\u00edcia Militar de S\u00e3o Paulo. A perda e a coragem para resistir e seguir na batalha reverberam tamb\u00e9m em Elas continuam lutando, curta que aborda o massacre do Pinheirinho a partir do testemunho de tr\u00eas mulheres que viviam na ocupa\u00e7\u00e3o.<\/p>\n<p style=\"text-align: justify;\">Para enfraquecer as lutas, os donos do poder inoculam o v\u00edrus do \u00f3dio que desmoraliza a cren\u00e7a e a participa\u00e7\u00e3o na pol\u00edtica. Transformam o divergente em inimigo. Por tr\u00e1s da linhas dos escudos experimenta olhar aquele com qual diverge n\u00e3o como um inimigo a ser eliminado, mas como um advers\u00e1rio, cujas ideias s\u00e3o combatidas, mas n\u00e3o impedidas de existir.<\/p>\n<p style=\"text-align: justify;\">A c\u00e2mera tamb\u00e9m pode assumir para si um posicionamento que reivindique atrav\u00e9s do confronto um lugar. A impassividade diante da imagem se torna condi\u00e7\u00e3o imposs\u00edvel. Pois s\u00e3o muitas e muitos os que est\u00e3o Na miss\u00e3o, com Kadu, lutando e morrendo pelo direito de morar, superando os medos, reconquistando as ruas e reaprendendo a for\u00e7a da vida coletiva, como em Filme de rua.<\/p>\n<p style=\"text-align: justify;\">No rap e no ritual, as vozes que nos chegam pelo cinema transcendem os limites impostos ao corpo, afirmando, no territ\u00f3rio, uma exist\u00eancia ancestral. Assim o \u00e9 em Ava Yvy Vera &#8211; A Terra do Povo do Raio, quando no real e na poesia, a \u00e1rvore remanescente surge como a torre de conex\u00e3o \u2013 com celulares e com os deuses &#8211; do povo kaiow\u00e1 em defesa da vida e de sua terra sagrada. Em defesa da pr\u00f3pria cidadania e dignidade, como na resist\u00eancia partilhada por Leidiane e Andreia, que em Baronesa, sonham e sobrevivem, apesar de tudo: nos ensinam que os nossos sonhos nem sempre cabem no quadro, pois existe um mundo fora do cinema, que por meio e por dentro dele, devemos conquistar.<\/p>\n<p style=\"text-align: justify;\">Essa conquista \u00e9 tamb\u00e9m no sentido de fazer com que o mundo que vemos e ouvimos nas imagens e sons de Yuxi\u00e3, Ava Maragantu e O peixe continue a existir. Ele desdobra-se e impregna as formas f\u00edlmicas na intensidade de um sentimento vivido, no ritmo do trabalho ou da brincadeira dos personagens. Nos rios ou nas matas desses curtas, as pessoas encontram o respeito, o saber, a sa\u00fade e o alimento como j\u00e1 n\u00e3o \u00e9 mais poss\u00edvel se achar nas polu\u00eddas e proibidas \u00e1guas da Ba\u00eda de Guanabara dos Pescadores da Mar\u00e9.<\/p>\n<p style=\"text-align: justify;\">Para quem a exist\u00eancia \u00e9 negada, ser \u00e9 resistir. Contra a tirania e a viol\u00eancia, prazer e liberdade! Meu Corpo \u00e9 Pol\u00edtico, ao desconstruir preconceitos de dentro e de fora, nos distancia dos r\u00f3tulos que invisibilizam os sujeitos e seus corpos e nos aproxima de suas hist\u00f3rias. Nesse mesmo movimento, Vando Vulgo Vedita e Corpostyledancemachine mostram, com a for\u00e7a da forma e da performance, pessoas que transbordam em sonhos, viv\u00eancias e desejos.<\/p>\n<p style=\"text-align: justify;\">O cinema nos faz pensar que tipo de imagem produzimos, quais visibilizamos e por qu\u00ea. Em Mem\u00f3rias do Subsolo o gesto est\u00e1 em rasur\u00e1-las, viol\u00e1-las e at\u00e9 mesmo destru\u00ed-las. Por outro lado, a empatia \u00e9 capaz de criar imagens como as que compartilham a dor da perda d\u2019 A Gis e celebram sua for\u00e7a em vida, ou aquelas que acompanham a voz agora empoderada de Travessia, que jamais se calar\u00e1 novamente. Tais gestos se colocam lado a lado \u00e0s pessoas para que ela possam, enquanto sujeitos de cinema, ser, expressando seu desejo de independ\u00eancia em Picivetagem ou resistindo frente \u00e0s dificuldades em Deus.<\/p>\n<p style=\"text-align: justify;\">Resist\u00eancia que tamb\u00e9m faz parte da experi\u00eancia de ocupa\u00e7\u00e3o realizada por jovens secundaristas em Escolas em Luta. Um processo que \u00e9 tamb\u00e9m de forma\u00e7\u00e3o de si e de um grupo em uma rotina que requer organiza\u00e7\u00e3o coletiva, zelo com o bem p\u00fablico, mas tamb\u00e9m circula\u00e7\u00e3o de afeto. Afetos que integram pessoas na busca da garantia de direitos fundamentais e na afirma\u00e7\u00e3o de identidades tal qual os universit\u00e1rios negros de Anamnese, estudantes de medicina, que a partir de uma terapia em grupo se insurgem num filme-protesto contra o racismo estrutural e institucional. Num movimento pr\u00f3ximo, pela maneira criativa como se apresenta, Historiografia busca retificar a narrativa oficial da arte e da ci\u00eancia contada por homens atrav\u00e9s de uma montagem na perspectiva feminista com o material de arquivo.<\/p>\n<p style=\"text-align: justify;\">Ao perscrutar o passado o cinema nos atenta ao presente. Em nome da Am\u00e9rica revisita e ressignifica imagens, testemunhos e arquivos para investigar um momento nebuloso da nossa hist\u00f3ria: a chegada de jovens norte-americanos como volunt\u00e1rios do programa Corpos da Paz. No Nordeste brasileiro, desde sempre castigado pela fome, atraso, desigualdade e viol\u00eancia acompanhamos uma complicada trama que envolve o golpe militar de 1964, a Guerra do Vietn\u00e3 e a infiltra\u00e7\u00e3o da CIA na Am\u00e9rica Latina.<\/p>\n<p style=\"text-align: justify;\">No caminho inverso, a mirada ao Brasil contempor\u00e2neo em seus espa\u00e7os de trabalho nos faz retroceder ao tempo da escravid\u00e3o, que nunca deixou de existir e atualmente ganha nova roupagem pelas m\u00e3os de um governo servo do mercado. O caixa de um supermercado em Admin Admin, as planta\u00e7\u00f5es agr\u00edcolas de Latossolo, as obras do Terminal 13 do aeroporto de Guarulhos ou as areias da praia de Balan\u00e7a Brasil s\u00e3o tristes atualiza\u00e7\u00f5es dos canaviais e lavras do Brasil Col\u00f4nia que contrastam com a liberdade das experimenta\u00e7\u00f5es de linguagem postas em pr\u00e1tica por estes filmes.<\/p>\n<p style=\"text-align: justify;\">Enquanto o mundo parece desabar diante de nossos olhos perplexos, do Cabula \u00e0 Bras\u00edlia, de Mariana \u00e0 Ladeira da Cadeia, do Guaiviry ao que restou de Pinheirinho, ergue-se, com os filmes, nos filmes e pelos filmes, um corpo vigoroso de gente, de outros sujeitos hist\u00f3ricos e pol\u00edticos e de novos sujeitos de cinema, que se anuncia com uma for\u00e7a tremenda. Uma for\u00e7a que convida a reinventar a vida e o cinema sob as constru\u00e7\u00f5es em ru\u00edna.<\/p>\n<p style=\"text-align: right;\"><em>Amaranta Cesar, Ana Rosa Marques, Evandro Freitas, Flora Braga, Leon Sampaio<\/em><\/p>\n<p>[\/vc_column_text][\/vc_column][vc_column][\/vc_column][\/vc_row][vc_row][vc_column][vc_custom_heading text=&#8221;Mostra Competitiva&#8221; font_container=&#8221;tag:h4|text_align:left&#8221; google_fonts=&#8221;font_family:Abel%3Aregular|font_style:400%20regular%3A400%3Anormal&#8221;][vc_custom_heading text=&#8221;Curtas Metragens&#8221; font_container=&#8221;tag:h5|text_align:left&#8221; google_fonts=&#8221;font_family:Abel%3Aregular|font_style:400%20regular%3A400%3Anormal&#8221;]<div class=\"row thumbnails speaker clear \"><div class=\"clearfix\"><\/div>\r\n              <div class=\"col-md-3 col-sm-6 \" data-animation=\"fadeInUp\" data-animation-delay=\"100\"><div class=\"thumbnail no-border no-padding no-radius square text-center\"><div class=\"media\">\r\n                                      <img src=\"https:\/\/cachoeiradoc.com.br\/2017\/wp-content\/uploads\/2017\/07\/adminadmin3.Still001-300x169.jpg\" alt=\"\" class=\"img-responsive\"><div class=\"caption hovered\">\r\n                                                    <div class=\"caption-wrapper div-table\">\r\n                                                        <div class=\"caption-inner div-cell\">\r\n                                                            <p class=\"caption-buttons\"><a href=\"https:\/\/cachoeiradoc.com.br\/2017\/speaker\/admin-admin\/\" class=\"btn caption-link\"><i class=\"fa fa-link\"><\/i><\/a><\/p>\r\n                                                        <\/div>\r\n                                                    <\/div>\r\n                                                <\/div><\/div><div class=\"caption before-media\">\r\n                          <h3 class=\"caption-title\"><a href=\"https:\/\/cachoeiradoc.com.br\/2017\/speaker\/admin-admin\/\">admin admin<\/a><\/h3><p class=\"caption-category\"><\/p>\r\n                      <\/div>\r\n                      <div class=\"caption\"><ul class=\"social-line social-wohex list-inline text-center\"><\/ul>\r\n                      <\/div>\r\n                  <\/div>\r\n              <\/div>\r\n            \r\n              <div class=\"col-md-3 col-sm-6 \" data-animation=\"fadeInUp\" data-animation-delay=\"100\"><div class=\"thumbnail no-border no-padding no-radius square text-center\"><div class=\"media\">\r\n                                      <img src=\"https:\/\/cachoeiradoc.com.br\/2017\/wp-content\/uploads\/2017\/07\/still_agis_1-300x169.jpg\" alt=\"\" class=\"img-responsive\"><div class=\"caption hovered\">\r\n                                                    <div class=\"caption-wrapper div-table\">\r\n                                                        <div class=\"caption-inner div-cell\">\r\n                                                            <p class=\"caption-buttons\"><a href=\"https:\/\/cachoeiradoc.com.br\/2017\/speaker\/a-gis\/\" class=\"btn caption-link\"><i class=\"fa fa-link\"><\/i><\/a><\/p>\r\n                                                        <\/div>\r\n                                                    <\/div>\r\n                                                <\/div><\/div><div class=\"caption before-media\">\r\n                          <h3 class=\"caption-title\"><a href=\"https:\/\/cachoeiradoc.com.br\/2017\/speaker\/a-gis\/\">A Gis<\/a><\/h3><p class=\"caption-category\"><\/p>\r\n                      <\/div>\r\n                      <div class=\"caption\"><ul class=\"social-line social-wohex list-inline text-center\"><\/ul>\r\n                      <\/div>\r\n                  <\/div>\r\n              <\/div>\r\n            \r\n              <div class=\"col-md-3 col-sm-6 \" data-animation=\"fadeInUp\" data-animation-delay=\"100\"><div class=\"thumbnail no-border no-padding no-radius square text-center\"><div class=\"media\">\r\n                                      <img src=\"https:\/\/cachoeiradoc.com.br\/2017\/wp-content\/uploads\/2017\/07\/Anamnese-2-300x170.jpg\" alt=\"\" class=\"img-responsive\"><div class=\"caption hovered\">\r\n                                                    <div class=\"caption-wrapper div-table\">\r\n                                                        <div class=\"caption-inner div-cell\">\r\n                                                            <p class=\"caption-buttons\"><a href=\"https:\/\/cachoeiradoc.com.br\/2017\/speaker\/anamnese\/\" class=\"btn caption-link\"><i class=\"fa fa-link\"><\/i><\/a><\/p>\r\n                                                        <\/div>\r\n                                                    <\/div>\r\n                                                <\/div><\/div><div class=\"caption before-media\">\r\n                          <h3 class=\"caption-title\"><a href=\"https:\/\/cachoeiradoc.com.br\/2017\/speaker\/anamnese\/\">Anamnese<\/a><\/h3><p class=\"caption-category\"><\/p>\r\n                      <\/div>\r\n                      <div class=\"caption\"><ul class=\"social-line social-wohex list-inline text-center\"><\/ul>\r\n                      <\/div>\r\n                  <\/div>\r\n              <\/div>\r\n            \r\n              <div class=\"col-md-3 col-sm-6 \" data-animation=\"fadeInUp\" data-animation-delay=\"100\"><div class=\"thumbnail no-border no-padding no-radius square text-center\"><div class=\"media\">\r\n                                      <img src=\"https:\/\/cachoeiradoc.com.br\/2017\/wp-content\/uploads\/2017\/07\/Ava-Marangatu-Genito-Gomes-e1501182419537-300x170.jpg\" alt=\"\" class=\"img-responsive\"><div class=\"caption hovered\">\r\n                                                    <div class=\"caption-wrapper div-table\">\r\n                                                        <div class=\"caption-inner div-cell\">\r\n                                                            <p class=\"caption-buttons\"><a href=\"https:\/\/cachoeiradoc.com.br\/2017\/speaker\/ava-marangatu\/\" class=\"btn caption-link\"><i class=\"fa fa-link\"><\/i><\/a><\/p>\r\n                                                        <\/div>\r\n                                                    <\/div>\r\n                                                <\/div><\/div><div class=\"caption before-media\">\r\n                          <h3 class=\"caption-title\"><a href=\"https:\/\/cachoeiradoc.com.br\/2017\/speaker\/ava-marangatu\/\">Ava Marangatu<\/a><\/h3><p class=\"caption-category\"><\/p>\r\n                      <\/div>\r\n                      <div class=\"caption\"><ul class=\"social-line social-wohex list-inline text-center\"><\/ul>\r\n                      <\/div>\r\n                  <\/div>\r\n              <\/div>\r\n            <div class=\"clearfix\"><\/div>\r\n              <div class=\"col-md-3 col-sm-6 \" data-animation=\"fadeInUp\" data-animation-delay=\"100\"><div class=\"thumbnail no-border no-padding no-radius square text-center\"><div class=\"media\">\r\n                                      <img src=\"https:\/\/cachoeiradoc.com.br\/2017\/wp-content\/uploads\/2017\/07\/Balanc?a-Brasil-Carlos-Segundo-e1501182752516.jpg\" alt=\"\" class=\"img-responsive\"><div class=\"caption hovered\">\r\n                                                    <div class=\"caption-wrapper div-table\">\r\n                                                        <div class=\"caption-inner div-cell\">\r\n                                                            <p class=\"caption-buttons\"><a href=\"https:\/\/cachoeiradoc.com.br\/2017\/speaker\/balanca-brasil\/\" class=\"btn caption-link\"><i class=\"fa fa-link\"><\/i><\/a><\/p>\r\n                                                        <\/div>\r\n                                                    <\/div>\r\n                                                <\/div><\/div><div class=\"caption before-media\">\r\n                          <h3 class=\"caption-title\"><a href=\"https:\/\/cachoeiradoc.com.br\/2017\/speaker\/balanca-brasil\/\">Balan\u00e7a Brasil<\/a><\/h3><p class=\"caption-category\"><\/p>\r\n                      <\/div>\r\n                      <div class=\"caption\"><ul class=\"social-line social-wohex list-inline text-center\"><\/ul>\r\n                      <\/div>\r\n                  <\/div>\r\n              <\/div>\r\n            \r\n              <div class=\"col-md-3 col-sm-6 \" data-animation=\"fadeInUp\" data-animation-delay=\"100\"><div class=\"thumbnail no-border no-padding no-radius square text-center\"><div class=\"media\">\r\n                                      <img src=\"https:\/\/cachoeiradoc.com.br\/2017\/wp-content\/uploads\/2017\/07\/CorpoStyle1-300x169.png\" alt=\"\" class=\"img-responsive\"><div class=\"caption hovered\">\r\n                                                    <div class=\"caption-wrapper div-table\">\r\n                                                        <div class=\"caption-inner div-cell\">\r\n                                                            <p class=\"caption-buttons\"><a href=\"https:\/\/cachoeiradoc.com.br\/2017\/speaker\/corpostyledancemachine\/\" class=\"btn caption-link\"><i class=\"fa fa-link\"><\/i><\/a><\/p>\r\n                                                        <\/div>\r\n                                                    <\/div>\r\n                                                <\/div><\/div><div class=\"caption before-media\">\r\n                          <h3 class=\"caption-title\"><a href=\"https:\/\/cachoeiradoc.com.br\/2017\/speaker\/corpostyledancemachine\/\">CorpoStyleDanceMachine<\/a><\/h3><p class=\"caption-category\"><\/p>\r\n                      <\/div>\r\n                      <div class=\"caption\"><ul class=\"social-line social-wohex list-inline text-center\"><\/ul>\r\n                      <\/div>\r\n                  <\/div>\r\n              <\/div>\r\n            \r\n              <div class=\"col-md-3 col-sm-6 \" data-animation=\"fadeInUp\" data-animation-delay=\"100\"><div class=\"thumbnail no-border no-padding no-radius square text-center\"><div class=\"media\">\r\n                                      <img src=\"https:\/\/cachoeiradoc.com.br\/2017\/wp-content\/uploads\/2017\/07\/Still-Deus-3-300x170.png\" alt=\"\" class=\"img-responsive\"><div class=\"caption hovered\">\r\n                                                    <div class=\"caption-wrapper div-table\">\r\n                                                        <div class=\"caption-inner div-cell\">\r\n                                                            <p class=\"caption-buttons\"><a href=\"https:\/\/cachoeiradoc.com.br\/2017\/speaker\/deus\/\" class=\"btn caption-link\"><i class=\"fa fa-link\"><\/i><\/a><\/p>\r\n                                                        <\/div>\r\n                                                    <\/div>\r\n                                                <\/div><\/div><div class=\"caption before-media\">\r\n                          <h3 class=\"caption-title\"><a href=\"https:\/\/cachoeiradoc.com.br\/2017\/speaker\/deus\/\">Deus<\/a><\/h3><p class=\"caption-category\"><\/p>\r\n                      <\/div>\r\n                      <div class=\"caption\"><ul class=\"social-line social-wohex list-inline text-center\"><\/ul>\r\n                      <\/div>\r\n                  <\/div>\r\n              <\/div>\r\n            \r\n              <div class=\"col-md-3 col-sm-6 \" data-animation=\"fadeInUp\" data-animation-delay=\"100\"><div class=\"thumbnail no-border no-padding no-radius square text-center\"><div class=\"media\">\r\n                                      <img src=\"https:\/\/cachoeiradoc.com.br\/2017\/wp-content\/uploads\/2017\/07\/Elas-continuam-lutando-300x169.png\" alt=\"\" class=\"img-responsive\"><div class=\"caption hovered\">\r\n                                                    <div class=\"caption-wrapper div-table\">\r\n                                                        <div class=\"caption-inner div-cell\">\r\n                                                            <p class=\"caption-buttons\"><a href=\"https:\/\/cachoeiradoc.com.br\/2017\/speaker\/elas-continuam-lutando\/\" class=\"btn caption-link\"><i class=\"fa fa-link\"><\/i><\/a><\/p>\r\n                                                        <\/div>\r\n                                                    <\/div>\r\n                                                <\/div><\/div><div class=\"caption before-media\">\r\n                          <h3 class=\"caption-title\"><a href=\"https:\/\/cachoeiradoc.com.br\/2017\/speaker\/elas-continuam-lutando\/\">Elas continuam lutando<\/a><\/h3><p class=\"caption-category\"><\/p>\r\n                      <\/div>\r\n                      <div class=\"caption\"><ul class=\"social-line social-wohex list-inline text-center\"><\/ul>\r\n                      <\/div>\r\n                  <\/div>\r\n              <\/div>\r\n            <div class=\"clearfix\"><\/div>\r\n              <div class=\"col-md-3 col-sm-6 \" data-animation=\"fadeInUp\" data-animation-delay=\"100\"><div class=\"thumbnail no-border no-padding no-radius square text-center\"><div class=\"media\">\r\n                                      <img src=\"https:\/\/cachoeiradoc.com.br\/2017\/wp-content\/uploads\/2017\/07\/Filme-de-Rua-3-e1501184904772-300x159.png\" alt=\"\" class=\"img-responsive\"><div class=\"caption hovered\">\r\n                                                    <div class=\"caption-wrapper div-table\">\r\n                                                        <div class=\"caption-inner div-cell\">\r\n                                                            <p class=\"caption-buttons\"><a href=\"https:\/\/cachoeiradoc.com.br\/2017\/speaker\/filme-de-rua\/\" class=\"btn caption-link\"><i class=\"fa fa-link\"><\/i><\/a><\/p>\r\n                                                        <\/div>\r\n                                                    <\/div>\r\n                                                <\/div><\/div><div class=\"caption before-media\">\r\n                          <h3 class=\"caption-title\"><a href=\"https:\/\/cachoeiradoc.com.br\/2017\/speaker\/filme-de-rua\/\">Filme de Rua<\/a><\/h3><p class=\"caption-category\"><\/p>\r\n                      <\/div>\r\n                      <div class=\"caption\"><ul class=\"social-line social-wohex list-inline text-center\"><\/ul>\r\n                      <\/div>\r\n                  <\/div>\r\n              <\/div>\r\n            \r\n              <div class=\"col-md-3 col-sm-6 \" data-animation=\"fadeInUp\" data-animation-delay=\"100\"><div class=\"thumbnail no-border no-padding no-radius square text-center\"><div class=\"media\">\r\n                                      <img src=\"https:\/\/cachoeiradoc.com.br\/2017\/wp-content\/uploads\/2017\/07\/Historiografia-foto-2-e1501185035657-300x160.png\" alt=\"\" class=\"img-responsive\"><div class=\"caption hovered\">\r\n                                                    <div class=\"caption-wrapper div-table\">\r\n                                                        <div class=\"caption-inner div-cell\">\r\n                                                            <p class=\"caption-buttons\"><a href=\"https:\/\/cachoeiradoc.com.br\/2017\/speaker\/historiografia\/\" class=\"btn caption-link\"><i class=\"fa fa-link\"><\/i><\/a><\/p>\r\n                                                        <\/div>\r\n                                                    <\/div>\r\n                                                <\/div><\/div><div class=\"caption before-media\">\r\n                          <h3 class=\"caption-title\"><a href=\"https:\/\/cachoeiradoc.com.br\/2017\/speaker\/historiografia\/\">Historiografia<\/a><\/h3><p class=\"caption-category\"><\/p>\r\n                      <\/div>\r\n                      <div class=\"caption\"><ul class=\"social-line social-wohex list-inline text-center\"><\/ul>\r\n                      <\/div>\r\n                  <\/div>\r\n              <\/div>\r\n            \r\n              <div class=\"col-md-3 col-sm-6 \" data-animation=\"fadeInUp\" data-animation-delay=\"100\"><div class=\"thumbnail no-border no-padding no-radius square text-center\"><div class=\"media\">\r\n                                      <img src=\"https:\/\/cachoeiradoc.com.br\/2017\/wp-content\/uploads\/2017\/07\/LatossoloStill3-e1501185101222-300x162.png\" alt=\"\" class=\"img-responsive\"><div class=\"caption hovered\">\r\n                                                    <div class=\"caption-wrapper div-table\">\r\n                                                        <div class=\"caption-inner div-cell\">\r\n                                                            <p class=\"caption-buttons\"><a href=\"https:\/\/cachoeiradoc.com.br\/2017\/speaker\/latossolo\/\" class=\"btn caption-link\"><i class=\"fa fa-link\"><\/i><\/a><\/p>\r\n                                                        <\/div>\r\n                                                    <\/div>\r\n                                                <\/div><\/div><div class=\"caption before-media\">\r\n                          <h3 class=\"caption-title\"><a href=\"https:\/\/cachoeiradoc.com.br\/2017\/speaker\/latossolo\/\">Latossolo<\/a><\/h3><p class=\"caption-category\"><\/p>\r\n                      <\/div>\r\n                      <div class=\"caption\"><ul class=\"social-line social-wohex list-inline text-center\"><\/ul>\r\n                      <\/div>\r\n                  <\/div>\r\n              <\/div>\r\n            \r\n              <div class=\"col-md-3 col-sm-6 \" data-animation=\"fadeInUp\" data-animation-delay=\"100\"><div class=\"thumbnail no-border no-padding no-radius square text-center\"><div class=\"media\">\r\n                                      <img src=\"https:\/\/cachoeiradoc.com.br\/2017\/wp-content\/uploads\/2017\/07\/fc-memorias-subsolo-still5-300x169.jpg\" alt=\"\" class=\"img-responsive\"><div class=\"caption hovered\">\r\n                                                    <div class=\"caption-wrapper div-table\">\r\n                                                        <div class=\"caption-inner div-cell\">\r\n                                                            <p class=\"caption-buttons\"><a href=\"https:\/\/cachoeiradoc.com.br\/2017\/speaker\/memorias-do-subsolo-ou-o-homem-que-cavou-ate-encontrar-uma-redoma\/\" class=\"btn caption-link\"><i class=\"fa fa-link\"><\/i><\/a><\/p>\r\n                                                        <\/div>\r\n                                                    <\/div>\r\n                                                <\/div><\/div><div class=\"caption before-media\">\r\n                          <h3 class=\"caption-title\"><a href=\"https:\/\/cachoeiradoc.com.br\/2017\/speaker\/memorias-do-subsolo-ou-o-homem-que-cavou-ate-encontrar-uma-redoma\/\">Mem\u00f3rias do Subsolo ou O homem que cavou at\u00e9 encontrar uma redoma<\/a><\/h3><p class=\"caption-category\"><\/p>\r\n                      <\/div>\r\n                      <div class=\"caption\"><ul class=\"social-line social-wohex list-inline text-center\"><\/ul>\r\n                      <\/div>\r\n                  <\/div>\r\n              <\/div>\r\n            <div class=\"clearfix\"><\/div>\r\n              <div class=\"col-md-3 col-sm-6 \" data-animation=\"fadeInUp\" data-animation-delay=\"100\"><div class=\"thumbnail no-border no-padding no-radius square text-center\"><div class=\"media\">\r\n                                      <img src=\"https:\/\/cachoeiradoc.com.br\/2017\/wp-content\/uploads\/2017\/07\/Na-Missa?o-com-Kadu-3.jpg\" alt=\"\" class=\"img-responsive\"><div class=\"caption hovered\">\r\n                                                    <div class=\"caption-wrapper div-table\">\r\n                                                        <div class=\"caption-inner div-cell\">\r\n                                                            <p class=\"caption-buttons\"><a href=\"https:\/\/cachoeiradoc.com.br\/2017\/speaker\/na-missao-com-kadu\/\" class=\"btn caption-link\"><i class=\"fa fa-link\"><\/i><\/a><\/p>\r\n                                                        <\/div>\r\n                                                    <\/div>\r\n                                                <\/div><\/div><div class=\"caption before-media\">\r\n                          <h3 class=\"caption-title\"><a href=\"https:\/\/cachoeiradoc.com.br\/2017\/speaker\/na-missao-com-kadu\/\">Na Miss\u00e3o, com Kadu<\/a><\/h3><p class=\"caption-category\"><\/p>\r\n                      <\/div>\r\n                      <div class=\"caption\"><ul class=\"social-line social-wohex list-inline text-center\"><\/ul>\r\n                      <\/div>\r\n                  <\/div>\r\n              <\/div>\r\n            \r\n              <div class=\"col-md-3 col-sm-6 \" data-animation=\"fadeInUp\" data-animation-delay=\"100\"><div class=\"thumbnail no-border no-padding no-radius square text-center\"><div class=\"media\">\r\n                                      <img src=\"https:\/\/cachoeiradoc.com.br\/2017\/wp-content\/uploads\/2017\/07\/O-Peixe-e1501182850962-300x169.jpg\" alt=\"\" class=\"img-responsive\"><div class=\"caption hovered\">\r\n                                                    <div class=\"caption-wrapper div-table\">\r\n                                                        <div class=\"caption-inner div-cell\">\r\n                                                            <p class=\"caption-buttons\"><a href=\"https:\/\/cachoeiradoc.com.br\/2017\/speaker\/o-peixe\/\" class=\"btn caption-link\"><i class=\"fa fa-link\"><\/i><\/a><\/p>\r\n                                                        <\/div>\r\n                                                    <\/div>\r\n                                                <\/div><\/div><div class=\"caption before-media\">\r\n                          <h3 class=\"caption-title\"><a href=\"https:\/\/cachoeiradoc.com.br\/2017\/speaker\/o-peixe\/\">O Peixe<\/a><\/h3><p class=\"caption-category\"><\/p>\r\n                      <\/div>\r\n                      <div class=\"caption\"><ul class=\"social-line social-wohex list-inline text-center\"><\/ul>\r\n                      <\/div>\r\n                  <\/div>\r\n              <\/div>\r\n            \r\n              <div class=\"col-md-3 col-sm-6 \" data-animation=\"fadeInUp\" data-animation-delay=\"100\"><div class=\"thumbnail no-border no-padding no-radius square text-center\"><div class=\"media\">\r\n                                      <img src=\"https:\/\/cachoeiradoc.com.br\/2017\/wp-content\/uploads\/2017\/07\/pescaria-300x169.png\" alt=\"\" class=\"img-responsive\"><div class=\"caption hovered\">\r\n                                                    <div class=\"caption-wrapper div-table\">\r\n                                                        <div class=\"caption-inner div-cell\">\r\n                                                            <p class=\"caption-buttons\"><a href=\"https:\/\/cachoeiradoc.com.br\/2017\/speaker\/pescadores-da-mare\/\" class=\"btn caption-link\"><i class=\"fa fa-link\"><\/i><\/a><\/p>\r\n                                                        <\/div>\r\n                                                    <\/div>\r\n                                                <\/div><\/div><div class=\"caption before-media\">\r\n                          <h3 class=\"caption-title\"><a href=\"https:\/\/cachoeiradoc.com.br\/2017\/speaker\/pescadores-da-mare\/\">Pescadores da Mar\u00e9<\/a><\/h3><p class=\"caption-category\"><\/p>\r\n                      <\/div>\r\n                      <div class=\"caption\"><ul class=\"social-line social-wohex list-inline text-center\"><\/ul>\r\n                      <\/div>\r\n                  <\/div>\r\n              <\/div>\r\n            \r\n              <div class=\"col-md-3 col-sm-6 \" data-animation=\"fadeInUp\" data-animation-delay=\"100\"><div class=\"thumbnail no-border no-padding no-radius square text-center\"><div class=\"media\">\r\n                                      <img src=\"https:\/\/cachoeiradoc.com.br\/2017\/wp-content\/uploads\/2017\/07\/pcvt-eva-300x200.jpg\" alt=\"\" class=\"img-responsive\"><div class=\"caption hovered\">\r\n                                                    <div class=\"caption-wrapper div-table\">\r\n                                                        <div class=\"caption-inner div-cell\">\r\n                                                            <p class=\"caption-buttons\"><a href=\"https:\/\/cachoeiradoc.com.br\/2017\/speaker\/picivetagem\/\" class=\"btn caption-link\"><i class=\"fa fa-link\"><\/i><\/a><\/p>\r\n                                                        <\/div>\r\n                                                    <\/div>\r\n                                                <\/div><\/div><div class=\"caption before-media\">\r\n                          <h3 class=\"caption-title\"><a href=\"https:\/\/cachoeiradoc.com.br\/2017\/speaker\/picivetagem\/\">PiciVetaGem<\/a><\/h3><p class=\"caption-category\"><\/p>\r\n                      <\/div>\r\n                      <div class=\"caption\"><ul class=\"social-line social-wohex list-inline text-center\"><\/ul>\r\n                      <\/div>\r\n                  <\/div>\r\n              <\/div>\r\n            <div class=\"clearfix\"><\/div>\r\n              <div class=\"col-md-3 col-sm-6 \" data-animation=\"fadeInUp\" data-animation-delay=\"100\"><div class=\"thumbnail no-border no-padding no-radius square text-center\"><div class=\"media\">\r\n                                      <img src=\"https:\/\/cachoeiradoc.com.br\/2017\/wp-content\/uploads\/2017\/07\/Terminal_3_Still_300-300x171.jpg\" alt=\"\" class=\"img-responsive\"><div class=\"caption hovered\">\r\n                                                    <div class=\"caption-wrapper div-table\">\r\n                                                        <div class=\"caption-inner div-cell\">\r\n                                                            <p class=\"caption-buttons\"><a href=\"https:\/\/cachoeiradoc.com.br\/2017\/speaker\/terminal-3\/\" class=\"btn caption-link\"><i class=\"fa fa-link\"><\/i><\/a><\/p>\r\n                                                        <\/div>\r\n                                                    <\/div>\r\n                                                <\/div><\/div><div class=\"caption before-media\">\r\n                          <h3 class=\"caption-title\"><a href=\"https:\/\/cachoeiradoc.com.br\/2017\/speaker\/terminal-3\/\">Terminal 3<\/a><\/h3><p class=\"caption-category\"><\/p>\r\n                      <\/div>\r\n                      <div class=\"caption\"><ul class=\"social-line social-wohex list-inline text-center\"><\/ul>\r\n                      <\/div>\r\n                  <\/div>\r\n              <\/div>\r\n            \r\n              <div class=\"col-md-3 col-sm-6 \" data-animation=\"fadeInUp\" data-animation-delay=\"100\"><div class=\"thumbnail no-border no-padding no-radius square text-center\"><div class=\"media\">\r\n                                      <img src=\"https:\/\/cachoeiradoc.com.br\/2017\/wp-content\/uploads\/2017\/07\/cachoeiradoc_travessia-3-e1501183032460-300x169.jpg\" alt=\"\" class=\"img-responsive\"><div class=\"caption hovered\">\r\n                                                    <div class=\"caption-wrapper div-table\">\r\n                                                        <div class=\"caption-inner div-cell\">\r\n                                                            <p class=\"caption-buttons\"><a href=\"https:\/\/cachoeiradoc.com.br\/2017\/speaker\/travessia\/\" class=\"btn caption-link\"><i class=\"fa fa-link\"><\/i><\/a><\/p>\r\n                                                        <\/div>\r\n                                                    <\/div>\r\n                                                <\/div><\/div><div class=\"caption before-media\">\r\n                          <h3 class=\"caption-title\"><a href=\"https:\/\/cachoeiradoc.com.br\/2017\/speaker\/travessia\/\">Travessia<\/a><\/h3><p class=\"caption-category\"><\/p>\r\n                      <\/div>\r\n                      <div class=\"caption\"><ul class=\"social-line social-wohex list-inline text-center\"><\/ul>\r\n                      <\/div>\r\n                  <\/div>\r\n              <\/div>\r\n            \r\n              <div class=\"col-md-3 col-sm-6 \" data-animation=\"fadeInUp\" data-animation-delay=\"100\"><div class=\"thumbnail no-border no-padding no-radius square text-center\"><div class=\"media\">\r\n                                      <img src=\"https:\/\/cachoeiradoc.com.br\/2017\/wp-content\/uploads\/2017\/07\/Vando-Vulgo-Vedita-2-300x169.jpg\" alt=\"\" class=\"img-responsive\"><div class=\"caption hovered\">\r\n                                                    <div class=\"caption-wrapper div-table\">\r\n                                                        <div class=\"caption-inner div-cell\">\r\n                                                            <p class=\"caption-buttons\"><a href=\"https:\/\/cachoeiradoc.com.br\/2017\/speaker\/vando-vulgo-vedita\/\" class=\"btn caption-link\"><i class=\"fa fa-link\"><\/i><\/a><\/p>\r\n                                                        <\/div>\r\n                                                    <\/div>\r\n                                                <\/div><\/div><div class=\"caption before-media\">\r\n                          <h3 class=\"caption-title\"><a href=\"https:\/\/cachoeiradoc.com.br\/2017\/speaker\/vando-vulgo-vedita\/\">Vando vulgo Vedita<\/a><\/h3><p class=\"caption-category\"><\/p>\r\n                      <\/div>\r\n                      <div class=\"caption\"><ul class=\"social-line social-wohex list-inline text-center\"><\/ul>\r\n                      <\/div>\r\n                  <\/div>\r\n              <\/div>\r\n            \r\n              <div class=\"col-md-3 col-sm-6 \" data-animation=\"fadeInUp\" data-animation-delay=\"100\"><div class=\"thumbnail no-border no-padding no-radius square text-center\"><div class=\"media\">\r\n                                      <img src=\"https:\/\/cachoeiradoc.com.br\/2017\/wp-content\/uploads\/2017\/07\/Yuxia?-3.png\" alt=\"\" class=\"img-responsive\"><div class=\"caption hovered\">\r\n                                                    <div class=\"caption-wrapper div-table\">\r\n                                                        <div class=\"caption-inner div-cell\">\r\n                                                            <p class=\"caption-buttons\"><a href=\"https:\/\/cachoeiradoc.com.br\/2017\/speaker\/yuxia\/\" class=\"btn caption-link\"><i class=\"fa fa-link\"><\/i><\/a><\/p>\r\n                                                        <\/div>\r\n                                                    <\/div>\r\n                                                <\/div><\/div><div class=\"caption before-media\">\r\n                          <h3 class=\"caption-title\"><a href=\"https:\/\/cachoeiradoc.com.br\/2017\/speaker\/yuxia\/\">Yuxi\u00e3<\/a><\/h3><p class=\"caption-category\"><\/p>\r\n                      <\/div>\r\n                      <div class=\"caption\"><ul class=\"social-line social-wohex list-inline text-center\"><\/ul>\r\n                      <\/div>\r\n                  <\/div>\r\n              <\/div>\r\n            <\/div>[\/vc_column][\/vc_row][vc_row][vc_column][vc_custom_heading text=&#8221;Mostra Competitiva&#8221; font_container=&#8221;tag:h4|text_align:left&#8221; google_fonts=&#8221;font_family:Abel%3Aregular|font_style:400%20regular%3A400%3Anormal&#8221;][vc_custom_heading text=&#8221;M\u00e9dias e Longas Metragens&#8221; font_container=&#8221;tag:h5|text_align:left&#8221; google_fonts=&#8221;font_family:Abel%3Aregular|font_style:400%20regular%3A400%3Anormal&#8221;]<div class=\"row thumbnails speaker clear \"><div class=\"clearfix\"><\/div>\r\n              <div class=\"col-md-3 col-sm-6 \" data-animation=\"fadeInUp\" data-animation-delay=\"100\"><div class=\"thumbnail no-border no-padding no-radius square text-center\"><div class=\"media\">\r\n                                      <img src=\"https:\/\/cachoeiradoc.com.br\/2017\/wp-content\/uploads\/2017\/07\/Ava-Yvy-Vera-A-Terra-do-Povo-do-Raio-2-300x169.jpg\" alt=\"\" class=\"img-responsive\"><div class=\"caption hovered\">\r\n                                                    <div class=\"caption-wrapper div-table\">\r\n                                                        <div class=\"caption-inner div-cell\">\r\n                                                            <p class=\"caption-buttons\"><a href=\"https:\/\/cachoeiradoc.com.br\/2017\/speaker\/ava-yvy-vera-a-terra-do-povo-do-raio\/\" class=\"btn caption-link\"><i class=\"fa fa-link\"><\/i><\/a><\/p>\r\n                                                        <\/div>\r\n                                                    <\/div>\r\n                                                <\/div><\/div><div class=\"caption before-media\">\r\n                          <h3 class=\"caption-title\"><a href=\"https:\/\/cachoeiradoc.com.br\/2017\/speaker\/ava-yvy-vera-a-terra-do-povo-do-raio\/\">Ava Yvy Vera &#8211; A Terra do Povo do Raio<\/a><\/h3><p class=\"caption-category\"><\/p>\r\n                      <\/div>\r\n                      <div class=\"caption\"><ul class=\"social-line social-wohex list-inline text-center\"><\/ul>\r\n                      <\/div>\r\n                  <\/div>\r\n              <\/div>\r\n            \r\n              <div class=\"col-md-3 col-sm-6 \" data-animation=\"fadeInUp\" data-animation-delay=\"100\"><div class=\"thumbnail no-border no-padding no-radius square text-center\"><div class=\"media\">\r\n                                      <img src=\"https:\/\/cachoeiradoc.com.br\/2017\/wp-content\/uploads\/2017\/07\/Baronesa-Juliana-Antunes-e1501182644240.jpg\" alt=\"\" class=\"img-responsive\"><div class=\"caption hovered\">\r\n                                                    <div class=\"caption-wrapper div-table\">\r\n                                                        <div class=\"caption-inner div-cell\">\r\n                                                            <p class=\"caption-buttons\"><a href=\"https:\/\/cachoeiradoc.com.br\/2017\/speaker\/baronesa\/\" class=\"btn caption-link\"><i class=\"fa fa-link\"><\/i><\/a><\/p>\r\n                                                        <\/div>\r\n                                                    <\/div>\r\n                                                <\/div><\/div><div class=\"caption before-media\">\r\n                          <h3 class=\"caption-title\"><a href=\"https:\/\/cachoeiradoc.com.br\/2017\/speaker\/baronesa\/\">Baronesa<\/a><\/h3><p class=\"caption-category\"><\/p>\r\n                      <\/div>\r\n                      <div class=\"caption\"><ul class=\"social-line social-wohex list-inline text-center\"><\/ul>\r\n                      <\/div>\r\n                  <\/div>\r\n              <\/div>\r\n            \r\n              <div class=\"col-md-3 col-sm-6 \" data-animation=\"fadeInUp\" data-animation-delay=\"100\"><div class=\"thumbnail no-border no-padding no-radius square text-center\"><div class=\"media\">\r\n                                      <img src=\"https:\/\/cachoeiradoc.com.br\/2017\/wp-content\/uploads\/2017\/07\/Choque-5-e1501182941203-300x169.png\" alt=\"\" class=\"img-responsive\"><div class=\"caption hovered\">\r\n                                                    <div class=\"caption-wrapper div-table\">\r\n                                                        <div class=\"caption-inner div-cell\">\r\n                                                            <p class=\"caption-buttons\"><a href=\"https:\/\/cachoeiradoc.com.br\/2017\/speaker\/por-tras-da-linha-de-escudos\/\" class=\"btn caption-link\"><i class=\"fa fa-link\"><\/i><\/a><\/p>\r\n                                                        <\/div>\r\n                                                    <\/div>\r\n                                                <\/div><\/div><div class=\"caption before-media\">\r\n                          <h3 class=\"caption-title\"><a href=\"https:\/\/cachoeiradoc.com.br\/2017\/speaker\/por-tras-da-linha-de-escudos\/\">Por tr\u00e1s da linha de escudos<\/a><\/h3><p class=\"caption-category\"><\/p>\r\n                      <\/div>\r\n                      <div class=\"caption\"><ul class=\"social-line social-wohex list-inline text-center\"><\/ul>\r\n                      <\/div>\r\n                  <\/div>\r\n              <\/div>\r\n            \r\n              <div class=\"col-md-3 col-sm-6 \" data-animation=\"fadeInUp\" data-animation-delay=\"100\"><div class=\"thumbnail no-border no-padding no-radius square text-center\"><div class=\"media\">\r\n                                      <img src=\"https:\/\/cachoeiradoc.com.br\/2017\/wp-content\/uploads\/2017\/07\/Em-Nome-da-Ame?rica-Fernando-Weller.jpg\" alt=\"\" class=\"img-responsive\"><div class=\"caption hovered\">\r\n                                                    <div class=\"caption-wrapper div-table\">\r\n                                                        <div class=\"caption-inner div-cell\">\r\n                                                            <p class=\"caption-buttons\"><a href=\"https:\/\/cachoeiradoc.com.br\/2017\/speaker\/em-nome-da-america\/\" class=\"btn caption-link\"><i class=\"fa fa-link\"><\/i><\/a><\/p>\r\n                                                        <\/div>\r\n                                                    <\/div>\r\n                                                <\/div><\/div><div class=\"caption before-media\">\r\n                          <h3 class=\"caption-title\"><a href=\"https:\/\/cachoeiradoc.com.br\/2017\/speaker\/em-nome-da-america\/\">Em Nome da Am\u00e9rica<\/a><\/h3><p class=\"caption-category\"><\/p>\r\n                      <\/div>\r\n                      <div class=\"caption\"><ul class=\"social-line social-wohex list-inline text-center\"><\/ul>\r\n                      <\/div>\r\n                  <\/div>\r\n              <\/div>\r\n            <div class=\"clearfix\"><\/div>\r\n              <div class=\"col-md-3 col-sm-6 \" data-animation=\"fadeInUp\" data-animation-delay=\"100\"><div class=\"thumbnail no-border no-padding no-radius square text-center\"><div class=\"media\">\r\n                                      <img src=\"https:\/\/cachoeiradoc.com.br\/2017\/wp-content\/uploads\/2017\/07\/ESCOLAS_EM_LUTA_3-300x169.jpg\" alt=\"\" class=\"img-responsive\"><div class=\"caption hovered\">\r\n                                                    <div class=\"caption-wrapper div-table\">\r\n                                                        <div class=\"caption-inner div-cell\">\r\n                                                            <p class=\"caption-buttons\"><a href=\"https:\/\/cachoeiradoc.com.br\/2017\/speaker\/escolas-em-luta\/\" class=\"btn caption-link\"><i class=\"fa fa-link\"><\/i><\/a><\/p>\r\n                                                        <\/div>\r\n                                                    <\/div>\r\n                                                <\/div><\/div><div class=\"caption before-media\">\r\n                          <h3 class=\"caption-title\"><a href=\"https:\/\/cachoeiradoc.com.br\/2017\/speaker\/escolas-em-luta\/\">Escolas em luta<\/a><\/h3><p class=\"caption-category\"><\/p>\r\n                      <\/div>\r\n                      <div class=\"caption\"><ul class=\"social-line social-wohex list-inline text-center\"><\/ul>\r\n                      <\/div>\r\n                  <\/div>\r\n              <\/div>\r\n            \r\n              <div class=\"col-md-3 col-sm-6 \" data-animation=\"fadeInUp\" data-animation-delay=\"100\"><div class=\"thumbnail no-border no-padding no-radius square text-center\"><div class=\"media\">\r\n                                      <img src=\"https:\/\/cachoeiradoc.com.br\/2017\/wp-content\/uploads\/2017\/07\/Mataram-nossos-filhos-2-e1501185187691-300x168.jpg\" alt=\"\" class=\"img-responsive\"><div class=\"caption hovered\">\r\n                                                    <div class=\"caption-wrapper div-table\">\r\n                                                        <div class=\"caption-inner div-cell\">\r\n                                                            <p class=\"caption-buttons\"><a href=\"https:\/\/cachoeiradoc.com.br\/2017\/speaker\/mataram-nossos-filhos\/\" class=\"btn caption-link\"><i class=\"fa fa-link\"><\/i><\/a><\/p>\r\n                                                        <\/div>\r\n                                                    <\/div>\r\n                                                <\/div><\/div><div class=\"caption before-media\">\r\n                          <h3 class=\"caption-title\"><a href=\"https:\/\/cachoeiradoc.com.br\/2017\/speaker\/mataram-nossos-filhos\/\">Mataram nossos filhos<\/a><\/h3><p class=\"caption-category\"><\/p>\r\n                      <\/div>\r\n                      <div class=\"caption\"><ul class=\"social-line social-wohex list-inline text-center\"><\/ul>\r\n                      <\/div>\r\n                  <\/div>\r\n              <\/div>\r\n            \r\n              <div class=\"col-md-3 col-sm-6 \" data-animation=\"fadeInUp\" data-animation-delay=\"100\"><div class=\"thumbnail no-border no-padding no-radius square text-center\"><div class=\"media\">\r\n                                      <img src=\"https:\/\/cachoeiradoc.com.br\/2017\/wp-content\/uploads\/2017\/07\/Meu-corpo-e?-poli?tico-2-e1501182815550.jpg\" alt=\"\" class=\"img-responsive\"><div class=\"caption hovered\">\r\n                                                    <div class=\"caption-wrapper div-table\">\r\n                                                        <div class=\"caption-inner div-cell\">\r\n                                                            <p class=\"caption-buttons\"><a href=\"https:\/\/cachoeiradoc.com.br\/2017\/speaker\/meu-corpo-e-politico\/\" class=\"btn caption-link\"><i class=\"fa fa-link\"><\/i><\/a><\/p>\r\n                                                        <\/div>\r\n                                                    <\/div>\r\n                                                <\/div><\/div><div class=\"caption before-media\">\r\n                          <h3 class=\"caption-title\"><a href=\"https:\/\/cachoeiradoc.com.br\/2017\/speaker\/meu-corpo-e-politico\/\">Meu corpo \u00e9 pol\u00edtico<\/a><\/h3><p class=\"caption-category\"><\/p>\r\n                      <\/div>\r\n                      <div class=\"caption\"><ul class=\"social-line social-wohex list-inline text-center\"><\/ul>\r\n                      <\/div>\r\n                  <\/div>\r\n              <\/div>\r\n            <\/div>[\/vc_column][\/vc_row]<\/p>\n","protected":false},"excerpt":{"rendered":"<p>[vc_row][vc_column][vc_column_text css_animation=&#8221;none&#8221;]Cinema: farol para um tempo sombrio O conjunto dos filmes que apresentamos diz algo forte. Os sentimentos, reflex\u00f5es e debates aos quais ele nos conduziu afirma que o cinema participa ativamente da constru\u00e7\u00e3o de imagin\u00e1rios e, portanto, de mundos poss\u00edveis. Ignorar<\/p>\n","protected":false},"author":2,"featured_media":0,"parent":0,"menu_order":0,"comment_status":"closed","ping_status":"closed","template":"","meta":[],"_links":{"self":[{"href":"https:\/\/cachoeiradoc.com.br\/2017\/wp-json\/wp\/v2\/pages\/1546"}],"collection":[{"href":"https:\/\/cachoeiradoc.com.br\/2017\/wp-json\/wp\/v2\/pages"}],"about":[{"href":"https:\/\/cachoeiradoc.com.br\/2017\/wp-json\/wp\/v2\/types\/page"}],"author":[{"embeddable":true,"href":"https:\/\/cachoeiradoc.com.br\/2017\/wp-json\/wp\/v2\/users\/2"}],"replies":[{"embeddable":true,"href":"https:\/\/cachoeiradoc.com.br\/2017\/wp-json\/wp\/v2\/comments?post=1546"}],"version-history":[{"count":7,"href":"https:\/\/cachoeiradoc.com.br\/2017\/wp-json\/wp\/v2\/pages\/1546\/revisions"}],"predecessor-version":[{"id":1721,"href":"https:\/\/cachoeiradoc.com.br\/2017\/wp-json\/wp\/v2\/pages\/1546\/revisions\/1721"}],"wp:attachment":[{"href":"https:\/\/cachoeiradoc.com.br\/2017\/wp-json\/wp\/v2\/media?parent=1546"}],"curies":[{"name":"wp","href":"https:\/\/api.w.org\/{rel}","templated":true}]}}