{"id":818,"date":"2014-12-30T10:21:10","date_gmt":"2014-12-30T10:21:10","guid":{"rendered":"http:\/\/localhost\/wordpress\/pressroom\/?page_id=10"},"modified":"2015-08-30T13:56:09","modified_gmt":"2015-08-30T16:56:09","slug":"home","status":"publish","type":"page","link":"https:\/\/cachoeiradoc.com.br\/2015\/","title":{"rendered":"2015"},"content":{"rendered":"<div class=\"vc_row wpb_row vc_row-fluid\"><div class=\"wpb_column vc_column_container vc_col-sm-12\"><div class=\"wpb_wrapper\"><ul class=\"slider slider id-slider autoplay-0 interval-5000 pause_on_hover-1\"><li class=\"slide\"><img width=\"1136\" height=\"550\" src=\"https:\/\/cachoeiradoc.com.br\/2015\/wp-content\/uploads\/2015\/09\/IMG_0115-1136x550.jpg\" class=\"attachment-slider-thumb size-slider-thumb wp-post-image\" alt=\"2015\" loading=\"lazy\" title=\"\" \/><div class=\"slider_content_box\"><ul class=\"post_details simple\"><li class=\"category\"><a class=\"category-46\" href=\"https:\/\/cachoeiradoc.com.br\/2015\/category\/destaque\/\" title=\"View all posts filed under DESTAQUE\">DESTAQUE<\/a><\/li>\t<li class=\"date\">7 de setembro de 2015<\/li><\/ul><h2><a href=\"https:\/\/cachoeiradoc.com.br\/2015\/cachoeiradoc-anuncia-filmes-vencedores-da-mostra-competitiva-2\/\" title=\"CachoeiraDoc anuncia filmes vencedores da Mostra Competitiva\">CachoeiraDoc anuncia filmes vencedores da Mostra Competitiva<\/a><\/h2>\n\t\t\t<p class=\"clearfix\">Festival de document\u00e1rio segue nesta segunda-feira, 7, em Cachoeira<\/p>\n\t\t<\/div><\/li><li class=\"slide\"><img width=\"1250\" height=\"550\" src=\"https:\/\/cachoeiradoc.com.br\/2015\/wp-content\/uploads\/2015\/09\/IMG_9663-1250x550.jpg\" class=\"attachment-slider-thumb size-slider-thumb wp-post-image\" alt=\"2015\" loading=\"lazy\" title=\"\" \/><div class=\"slider_content_box\"><ul class=\"post_details simple\"><li class=\"category\"><a class=\"category-46\" href=\"https:\/\/cachoeiradoc.com.br\/2015\/category\/destaque\/\" title=\"View all posts filed under DESTAQUE\">DESTAQUE<\/a><\/li>\t<li class=\"date\">4 de setembro de 2015<\/li><\/ul><h2><a href=\"https:\/\/cachoeiradoc.com.br\/2015\/confira-como-foi-o-terceiro-dia-do-vi-cachoeiradoc\/\" title=\"Confira como foi o terceiro dia do VI CachoeiraDoc\">Confira como foi o terceiro dia do VI CachoeiraDoc<\/a><\/h2>\n\t\t\t<p class=\"clearfix\">Terceiro dia de festival em Cachoeira tem programa\u00e7\u00e3o extensa<\/p>\n\t\t<\/div><\/li><li class=\"slide\"><img width=\"1250\" height=\"550\" src=\"https:\/\/cachoeiradoc.com.br\/2015\/wp-content\/uploads\/2015\/01\/IMG_9164-1250x550.jpg\" class=\"attachment-slider-thumb size-slider-thumb wp-post-image\" alt=\"2015\" loading=\"lazy\" title=\"\" \/><div class=\"slider_content_box\"><ul class=\"post_details simple\"><li class=\"category\"><a class=\"category-9\" href=\"https:\/\/cachoeiradoc.com.br\/2015\/category\/competitiva\/\" title=\"Mostra de document\u00e1rios contempor\u00e2neos, entre 2014 e 2015, em competi\u00e7\u00e3o.\">COMPETITIVA<\/a>, <a class=\"category-46\" href=\"https:\/\/cachoeiradoc.com.br\/2015\/category\/destaque\/\" title=\"View all posts filed under DESTAQUE\">DESTAQUE<\/a><\/li>\t<li class=\"date\">4 de setembro de 2015<\/li><\/ul><h2><a href=\"https:\/\/cachoeiradoc.com.br\/2015\/entrevista-com-a-diretora-fernanda-fontes-vareille-de-a-loucura-entre-nos\/\" title=\"Entrevista com a diretora Fernanda Fontes Vareille, de \u201cA loucura entre n\u00f3s\u201d\">Entrevista com a diretora Fernanda Fontes Vareille, de \u201cA loucura entre n\u00f3s\u201d<\/a><\/h2>\n\t\t\t<p class=\"clearfix\">Diretora concorre na Mostra Competitiva do VI CachoeiraDoc<\/p>\n\t\t<\/div><\/li><li class=\"slide\"><img width=\"851\" height=\"550\" src=\"https:\/\/cachoeiradoc.com.br\/2015\/wp-content\/uploads\/2015\/01\/pedromaia-14-851x550.jpg\" class=\"attachment-slider-thumb size-slider-thumb wp-post-image\" alt=\"2015\" loading=\"lazy\" title=\"\" \/><div class=\"slider_content_box\"><ul class=\"post_details simple\"><li class=\"category\"><a class=\"category-9\" href=\"https:\/\/cachoeiradoc.com.br\/2015\/category\/competitiva\/\" title=\"Mostra de document\u00e1rios contempor\u00e2neos, entre 2014 e 2015, em competi\u00e7\u00e3o.\">COMPETITIVA<\/a>, <a class=\"category-46\" href=\"https:\/\/cachoeiradoc.com.br\/2015\/category\/destaque\/\" title=\"View all posts filed under DESTAQUE\">DESTAQUE<\/a><\/li>\t<li class=\"date\">3 de setembro de 2015<\/li><\/ul><h2><a href=\"https:\/\/cachoeiradoc.com.br\/2015\/entrevista-com-camila-camila-diretora-de-ana\/\" title=\"Entrevista com Camila Camila, diretora de \u201cAna\u201d\">Entrevista com Camila Camila, diretora de \u201cAna\u201d<\/a><\/h2>\n\t\t\t<p class=\"clearfix\">Em entrevista, a diretora Camila Camila, que concorre na Mostra Competitiva do VI CachoeiraDoc com o document\u00e1rio \u201cAna\u201d, fala sobre mem\u00f3ria, passado e cinema.<\/p>\n\t\t<\/div><\/li><li class=\"slide\"><img width=\"1250\" height=\"550\" src=\"https:\/\/cachoeiradoc.com.br\/2015\/wp-content\/uploads\/2015\/09\/IMG_8347-1250x550.jpg\" class=\"attachment-slider-thumb size-slider-thumb wp-post-image\" alt=\"2015\" loading=\"lazy\" title=\"\" \/><div class=\"slider_content_box\"><ul class=\"post_details simple\"><li class=\"category\"><a class=\"category-46\" href=\"https:\/\/cachoeiradoc.com.br\/2015\/category\/destaque\/\" title=\"View all posts filed under DESTAQUE\">DESTAQUE<\/a><\/li>\t<li class=\"date\">5 de setembro de 2015<\/li><\/ul><h2><a href=\"https:\/\/cachoeiradoc.com.br\/2015\/entrevista-com-leandro-rodrigues-diretor-de-eu-travesti\/\" title=\"Entrevista com Leandro Rodrigues, diretor de \u201cEu, travesti?\u201d\">Entrevista com Leandro Rodrigues, diretor de \u201cEu, travesti?\u201d<\/a><\/h2>\n\t\t\t<p class=\"clearfix\">Com curta-metragem, diretor concorre na Mostra Competitiva do VI CachoeiraDoc<\/p>\n\t\t<\/div><\/li><li class=\"slide\"><img width=\"851\" height=\"550\" src=\"https:\/\/cachoeiradoc.com.br\/2015\/wp-content\/uploads\/2015\/09\/pedromaia-27-851x550.jpg\" class=\"attachment-slider-thumb size-slider-thumb wp-post-image\" alt=\"2015\" loading=\"lazy\" title=\"\" \/><div class=\"slider_content_box\"><ul class=\"post_details simple\"><li class=\"category\"><a class=\"category-46\" href=\"https:\/\/cachoeiradoc.com.br\/2015\/category\/destaque\/\" title=\"View all posts filed under DESTAQUE\">DESTAQUE<\/a><\/li>\t<li class=\"date\">5 de setembro de 2015<\/li><\/ul><h2><a href=\"https:\/\/cachoeiradoc.com.br\/2015\/entrevista-com-o-diretor-carlos-adriano-de-sem-titulo-1-dance-of-leitfossil\/\" title=\"Entrevista com o diretor Carlos Adriano, de \u201cSem t\u00edtulo #1: Dance of Leitfossil\u201d\">Entrevista com o diretor Carlos Adriano, de \u201cSem t\u00edtulo #1: Dance of Leitfossil\u201d<\/a><\/h2>\n\t\t\t<p class=\"clearfix\">Curta disputa Mostra Competitiva do VI CachoeiraDoc<\/p>\n\t\t<\/div><\/li><li class=\"slide\"><img width=\"960\" height=\"550\" src=\"https:\/\/cachoeiradoc.com.br\/2015\/wp-content\/uploads\/2015\/09\/10846100_878167448924673_1593625591882304044_n-960x550.jpg\" class=\"attachment-slider-thumb size-slider-thumb wp-post-image\" alt=\"2015\" loading=\"lazy\" title=\"\" \/><div class=\"slider_content_box\"><ul class=\"post_details simple\"><li class=\"category\"><a class=\"category-50\" href=\"https:\/\/cachoeiradoc.com.br\/2015\/category\/abertura\/\" title=\"View all posts filed under ABERTURA\">ABERTURA<\/a>, <a class=\"category-46\" href=\"https:\/\/cachoeiradoc.com.br\/2015\/category\/destaque\/\" title=\"View all posts filed under DESTAQUE\">DESTAQUE<\/a><\/li>\t<li class=\"date\">3 de setembro de 2015<\/li><\/ul><h2><a href=\"https:\/\/cachoeiradoc.com.br\/2015\/abertura0107\/\" title=\"Luta do povo Tupinamb\u00e1 marca abertura\">Luta do povo Tupinamb\u00e1 marca abertura<\/a><\/h2>\n\t\t\t<p class=\"clearfix\">Exibi\u00e7\u00e3o para escolas, abertura com filmes, conversa, samba e caruru.<\/p>\n\t\t<\/div><\/li><li class=\"slide\"><img width=\"1250\" height=\"550\" src=\"https:\/\/cachoeiradoc.com.br\/2015\/wp-content\/uploads\/2015\/08\/leviathan-1-1250x550.jpg\" class=\"attachment-slider-thumb size-slider-thumb wp-post-image\" alt=\"2015\" loading=\"lazy\" title=\"\" \/><div class=\"slider_content_box\"><ul class=\"post_details simple\"><li class=\"category\"><a class=\"category-46\" href=\"https:\/\/cachoeiradoc.com.br\/2015\/category\/destaque\/\" title=\"View all posts filed under DESTAQUE\">DESTAQUE<\/a>, <a class=\"category-7\" href=\"https:\/\/cachoeiradoc.com.br\/2015\/category\/mostras-especiais\/\" title=\"View all posts filed under MOSTRAS ESPECIAIS\">MOSTRAS ESPECIAIS<\/a><\/li>\t<li class=\"date\">16 de agosto de 2015<\/li><\/ul><h2><a href=\"https:\/\/cachoeiradoc.com.br\/2015\/mostra-perspectivas-do-espaco-e-imersoes-sensoriais\/\" title=\"Mostra Perspectivas do espa\u00e7o e imers\u00f5es sensoriais\">Mostra Perspectivas do espa\u00e7o e imers\u00f5es sensoriais<\/a><\/h2>\n\t\t\t<p class=\"clearfix\">Saiba mais sobre os filmes do Laborat\u00f3rio de Etnografia Sensorial<\/p>\n\t\t<\/div><\/li><li class=\"slide\"><img width=\"825\" height=\"550\" src=\"https:\/\/cachoeiradoc.com.br\/2015\/wp-content\/uploads\/2015\/04\/10584088_772577336133282_2880549648792317877_n.jpg\" class=\"attachment-slider-thumb size-slider-thumb wp-post-image\" alt=\"2015\" loading=\"lazy\" title=\"\" srcset=\"https:\/\/cachoeiradoc.com.br\/2015\/wp-content\/uploads\/2015\/04\/10584088_772577336133282_2880549648792317877_n.jpg 960w, https:\/\/cachoeiradoc.com.br\/2015\/wp-content\/uploads\/2015\/04\/10584088_772577336133282_2880549648792317877_n-300x200.jpg 300w\" sizes=\"(max-width: 825px) 100vw, 825px\" \/><div class=\"slider_content_box\"><ul class=\"post_details simple\"><li class=\"category\"><a class=\"category-9\" href=\"https:\/\/cachoeiradoc.com.br\/2015\/category\/competitiva\/\" title=\"Mostra de document\u00e1rios contempor\u00e2neos, entre 2014 e 2015, em competi\u00e7\u00e3o.\">COMPETITIVA<\/a>, <a class=\"category-46\" href=\"https:\/\/cachoeiradoc.com.br\/2015\/category\/destaque\/\" title=\"View all posts filed under DESTAQUE\">DESTAQUE<\/a><\/li>\t<li class=\"date\">16 de agosto de 2015<\/li><\/ul><h2><a href=\"https:\/\/cachoeiradoc.com.br\/2015\/programacao-da-sexta-edicao-do-cachoeiradoc\/\" title=\"Programa\u00e7\u00e3o da sexta edi\u00e7\u00e3o do CachoeiraDoc\">Programa\u00e7\u00e3o da sexta edi\u00e7\u00e3o do CachoeiraDoc<\/a><\/h2>\n\t\t\t<p class=\"clearfix\">Confira a programa\u00e7\u00e3o por dia do Festival de Document\u00e1rios de Cachoeira e agende-se.\r\n<\/p>\n\t\t<\/div><\/li><li class=\"slide\"><img width=\"1250\" height=\"550\" src=\"https:\/\/cachoeiradoc.com.br\/2015\/wp-content\/uploads\/2015\/09\/IMG_9183-1250x550.jpg\" class=\"attachment-slider-thumb size-slider-thumb wp-post-image\" alt=\"2015\" loading=\"lazy\" title=\"\" \/><div class=\"slider_content_box\"><ul class=\"post_details simple\"><li class=\"category\"><a class=\"category-46\" href=\"https:\/\/cachoeiradoc.com.br\/2015\/category\/destaque\/\" title=\"View all posts filed under DESTAQUE\">DESTAQUE<\/a><\/li>\t<li class=\"date\">4 de setembro de 2015<\/li><\/ul><h2><a href=\"https:\/\/cachoeiradoc.com.br\/2015\/vi-cachoeiradoc-dia-2\/\" title=\"VI CachoeiraDoc, dia 2\">VI CachoeiraDoc, dia 2<\/a><\/h2>\n\t\t\t<p class=\"clearfix\">Veja como foi o segundo dia de festival<\/p>\n\t\t<\/div><\/li><\/ul><div class=\"slider_posts_list_container\"><\/div><\/div><\/div><\/div><div class=\"vc_row wpb_row vc_row-fluid\"><div class=\"wpb_column vc_column_container vc_col-sm-8\"><div class=\"wpb_wrapper\"><h4 class=\"box_header page_margin_top_section\">Mostra Competitiva<\/h4><div class=\"vc_row wpb_row vc_row-fluid\"><div class=\"vc_col-sm-4 wpb_column vc_column_container\"><ul class=\"blog three_columns clearfix\"><li class=\"post post-1776 type-post status-publish format-standard has-post-thumbnail hentry category-competitivacategory-destaque\"><a class=\"post_image\" href=\"https:\/\/cachoeiradoc.com.br\/2015\/programacao-da-sexta-edicao-do-cachoeiradoc\/\" title=\"Programa\u00e7\u00e3o da sexta edi\u00e7\u00e3o do CachoeiraDoc\"><img width=\"510\" height=\"340\" src=\"https:\/\/cachoeiradoc.com.br\/2015\/wp-content\/uploads\/2015\/04\/10584088_772577336133282_2880549648792317877_n.jpg\" class=\"attachment-blog-post-thumb-big size-blog-post-thumb-big wp-post-image\" alt=\"Programa\u00e7\u00e3o da sexta edi\u00e7\u00e3o do CachoeiraDoc\" loading=\"lazy\" title=\"\" srcset=\"https:\/\/cachoeiradoc.com.br\/2015\/wp-content\/uploads\/2015\/04\/10584088_772577336133282_2880549648792317877_n.jpg 960w, https:\/\/cachoeiradoc.com.br\/2015\/wp-content\/uploads\/2015\/04\/10584088_772577336133282_2880549648792317877_n-300x200.jpg 300w\" sizes=\"(max-width: 510px) 100vw, 510px\" \/><\/a><h2 class=\"clearfix with_number\"><a href=\"https:\/\/cachoeiradoc.com.br\/2015\/programacao-da-sexta-edicao-do-cachoeiradoc\/\" title=\"Programa\u00e7\u00e3o da sexta edi\u00e7\u00e3o do CachoeiraDoc\">Programa\u00e7\u00e3o da sexta edi\u00e7\u00e3o do CachoeiraDoc<\/a><a href=\"https:\/\/cachoeiradoc.com.br\/2015\/programacao-da-sexta-edicao-do-cachoeiradoc\/#respond\" title=\"0 comments\" class=\"comments_number\">0<span class=\"arrow_comments\"><\/span><\/a><\/h2><ul class=\"post_details\"><li class=\"date full_border\">16 de agosto de 2015<\/li><\/ul><p>Confira a programa\u00e7\u00e3o por dia do Festival de Document\u00e1rios de Cachoeira e agende-se.<\/p>\n<\/li><\/ul><\/div><div class=\"vc_col-sm-4 wpb_column vc_column_container\"><ul class=\"blog three_columns clearfix\"><li class=\"post post-1766 type-post status-publish format-standard has-post-thumbnail hentrycategory-competitiva\"><a class=\"post_image\" href=\"https:\/\/cachoeiradoc.com.br\/2015\/o-parto-de-um-outro-mundo\/\" title=\"O parto de um outro mundo\"><img width=\"510\" height=\"374\" src=\"https:\/\/cachoeiradoc.com.br\/2015\/wp-content\/uploads\/2015\/08\/dalva-510x374.jpg\" class=\"attachment-blog-post-thumb-big size-blog-post-thumb-big wp-post-image\" alt=\"O parto de um outro mundo\" loading=\"lazy\" title=\"\" srcset=\"https:\/\/cachoeiradoc.com.br\/2015\/wp-content\/uploads\/2015\/08\/dalva-510x374.jpg 510w, https:\/\/cachoeiradoc.com.br\/2015\/wp-content\/uploads\/2015\/08\/dalva-330x242.jpg 330w, https:\/\/cachoeiradoc.com.br\/2015\/wp-content\/uploads\/2015\/08\/dalva-130x95.jpg 130w\" sizes=\"(max-width: 510px) 100vw, 510px\" \/><\/a><h2 class=\"clearfix with_number\"><a href=\"https:\/\/cachoeiradoc.com.br\/2015\/o-parto-de-um-outro-mundo\/\" title=\"O parto de um outro mundo\">O parto de um outro mundo<\/a><a href=\"https:\/\/cachoeiradoc.com.br\/2015\/o-parto-de-um-outro-mundo\/#respond\" title=\"0 comments\" class=\"comments_number\">0<span class=\"arrow_comments\"><\/span><\/a><\/h2><ul class=\"post_details\"><li class=\"date full_border\">16 de agosto de 2015<\/li><\/ul><p>Uma floresta. Um templo. Uma sala de aula. Um div\u00e3. \u00c0s vezes um ringue. Certamente uma \u00e1gora. Viajamos entre todos esses espa\u00e7os no processo de curadoria da mostra competitiva do Cachoeiradoc. <\/p>\n<\/li><\/ul><\/div><div class=\"vc_col-sm-4 wpb_column vc_column_container\"><ul class=\"blog three_columns clearfix\"><li class=\"post post-1 type-post status-publish format-standard has-post-thumbnail hentrycategory-competitiva\"><a class=\"post_image\" href=\"https:\/\/cachoeiradoc.com.br\/2015\/obrigado\/\" title=\"Inscri\u00e7\u00f5es para Mostra Competitiva\"><img width=\"510\" height=\"374\" src=\"https:\/\/cachoeiradoc.com.br\/2015\/wp-content\/uploads\/2015\/04\/934835_773770149347334_9218546346210448024_n-510x374.jpg\" class=\"attachment-blog-post-thumb-big size-blog-post-thumb-big wp-post-image\" alt=\"Inscri\u00e7\u00f5es para Mostra Competitiva\" loading=\"lazy\" title=\"\" srcset=\"https:\/\/cachoeiradoc.com.br\/2015\/wp-content\/uploads\/2015\/04\/934835_773770149347334_9218546346210448024_n-510x374.jpg 510w, https:\/\/cachoeiradoc.com.br\/2015\/wp-content\/uploads\/2015\/04\/934835_773770149347334_9218546346210448024_n-330x242.jpg 330w, https:\/\/cachoeiradoc.com.br\/2015\/wp-content\/uploads\/2015\/04\/934835_773770149347334_9218546346210448024_n-130x95.jpg 130w\" sizes=\"(max-width: 510px) 100vw, 510px\" \/><\/a><h2 class=\"clearfix with_number\"><a href=\"https:\/\/cachoeiradoc.com.br\/2015\/obrigado\/\" title=\"Inscri\u00e7\u00f5es para Mostra Competitiva\">Inscri\u00e7\u00f5es para Mostra Competitiva<\/a><a href=\"https:\/\/cachoeiradoc.com.br\/2015\/obrigado\/#respond\" title=\"0 comments\" class=\"comments_number\">0<span class=\"arrow_comments\"><\/span><\/a><\/h2><ul class=\"post_details\"><li class=\"date full_border\">13 de abril de 2015<\/li><\/ul><p>O n\u00famero crescente de filmes que nos s\u00e3o confiados anualmente confirma nossa intui\u00e7\u00e3o inicial de que os festivais s\u00e3o espa\u00e7os essenciais e  renova nossa aposta no desejo de estarmos juntos atrav\u00e9s do cinema documental. <\/p>\n<\/li><\/ul><\/div><\/div><h4 class=\"box_header\">Oficinas<\/h4><div class=\"vc_row wpb_row vc_row-fluid\"><ul class=\"blog clearfix big\"><li class=\"post post-1943 type-post status-publish format-standard has-post-thumbnail hentrycategory-oficinas\"><a class=\"post_image\" href=\"https:\/\/cachoeiradoc.com.br\/2015\/selecionados-para-oficina-documentario-urgente\/\" title=\"Selecionados para oficina Document\u00e1rio Urgente\"><img width=\"330\" height=\"242\" src=\"https:\/\/cachoeiradoc.com.br\/2015\/wp-content\/uploads\/2015\/08\/cms-image-000381399-330x242.jpg\" class=\"attachment-blog-post-thumb size-blog-post-thumb wp-post-image\" alt=\"Selecionados para oficina Document\u00e1rio Urgente\" loading=\"lazy\" title=\"\" srcset=\"https:\/\/cachoeiradoc.com.br\/2015\/wp-content\/uploads\/2015\/08\/cms-image-000381399-330x242.jpg 330w, https:\/\/cachoeiradoc.com.br\/2015\/wp-content\/uploads\/2015\/08\/cms-image-000381399-510x374.jpg 510w, https:\/\/cachoeiradoc.com.br\/2015\/wp-content\/uploads\/2015\/08\/cms-image-000381399-130x95.jpg 130w\" sizes=\"(max-width: 330px) 100vw, 330px\" \/><\/a><div class=\"post_content\"><h2 class=\"clearfix\"><a href=\"https:\/\/cachoeiradoc.com.br\/2015\/selecionados-para-oficina-documentario-urgente\/\" title=\"Selecionados para oficina Document\u00e1rio Urgente\">Selecionados para oficina Document\u00e1rio Urgente<\/a><\/h2><p>Os selecionados dever\u00e3o confirmar sua presen\u00e7a atrav\u00e9s de um e-mail que ser\u00e1 enviado pela organiza\u00e7\u00e3o do Curso no CANNE, Centro Audiovisual do Norte e Nordeste. <\/p>\n<\/div><\/li><li class=\"post post-1953 type-post status-publish format-standard has-post-thumbnail hentrycategory-oficinas\"><a class=\"post_image\" href=\"https:\/\/cachoeiradoc.com.br\/2015\/selecionados-para-oficina-criticar-o-documentario\/\" title=\"Selecionados para oficina Criticar o Document\u00e1rio\"><img width=\"330\" height=\"242\" src=\"https:\/\/cachoeiradoc.com.br\/2015\/wp-content\/uploads\/2015\/08\/10616000_772673532790329_1007294770354790944_n-330x242.jpg\" class=\"attachment-blog-post-thumb size-blog-post-thumb wp-post-image\" alt=\"Selecionados para oficina Criticar o Document\u00e1rio\" loading=\"lazy\" title=\"\" srcset=\"https:\/\/cachoeiradoc.com.br\/2015\/wp-content\/uploads\/2015\/08\/10616000_772673532790329_1007294770354790944_n-330x242.jpg 330w, https:\/\/cachoeiradoc.com.br\/2015\/wp-content\/uploads\/2015\/08\/10616000_772673532790329_1007294770354790944_n-510x374.jpg 510w, https:\/\/cachoeiradoc.com.br\/2015\/wp-content\/uploads\/2015\/08\/10616000_772673532790329_1007294770354790944_n-130x95.jpg 130w\" sizes=\"(max-width: 330px) 100vw, 330px\" \/><\/a><div class=\"post_content\"><h2 class=\"clearfix\"><a href=\"https:\/\/cachoeiradoc.com.br\/2015\/selecionados-para-oficina-criticar-o-documentario\/\" title=\"Selecionados para oficina Criticar o Document\u00e1rio\">Selecionados para oficina Criticar o Document\u00e1rio<\/a><\/h2><p>Confira quem participar\u00e1 da oficina de Cr\u00edtica. <\/p>\n<\/div><\/li><li class=\"post post-1549 type-post status-publish format-standard has-post-thumbnail hentrycategory-oficinas\"><a class=\"post_image\" href=\"https:\/\/cachoeiradoc.com.br\/2015\/documentario-urgente-e-tema-de-curso-no-cachoeiradoc\/\" title=\"Document\u00e1rio Urgente \u00e9 tema de curso no CachoeiraDoc\"><img width=\"232\" height=\"242\" src=\"https:\/\/cachoeiradoc.com.br\/2015\/wp-content\/uploads\/2015\/08\/00-Retrato-Ernesto-de-Carvalho-232x242.jpg\" class=\"attachment-blog-post-thumb size-blog-post-thumb wp-post-image\" alt=\"Document\u00e1rio Urgente \u00e9 tema de curso no CachoeiraDoc\" loading=\"lazy\" title=\"\" \/><\/a><div class=\"post_content\"><h2 class=\"clearfix\"><a href=\"https:\/\/cachoeiradoc.com.br\/2015\/documentario-urgente-e-tema-de-curso-no-cachoeiradoc\/\" title=\"Document\u00e1rio Urgente \u00e9 tema de curso no CachoeiraDoc\">Document\u00e1rio Urgente \u00e9 tema de curso no CachoeiraDoc<\/a><\/h2><p>Est\u00e3o abertas as inscri\u00e7\u00f5es para o Curso gratuito que acontecer\u00e1 entre 1 a 6 de setembro ministrado pelo documentarista Ernesto de Carvalho.<\/p>\n<\/div><\/li><li class=\"post post-1594 type-post status-publish format-standard has-post-thumbnail hentrycategory-oficinas\"><a class=\"post_image\" href=\"https:\/\/cachoeiradoc.com.br\/2015\/oficina-criticar-o-documentario\/\" title=\"Cr\u00edtica no document\u00e1rio: oficina pr\u00e1tico-te\u00f3rica\"><img width=\"330\" height=\"242\" src=\"https:\/\/cachoeiradoc.com.br\/2015\/wp-content\/uploads\/2015\/08\/http___pbs.twimg_.com_profile_images_480037530843095040_9kauFCBC-330x242.jpeg\" class=\"attachment-blog-post-thumb size-blog-post-thumb wp-post-image\" alt=\"Cr\u00edtica no document\u00e1rio: oficina pr\u00e1tico-te\u00f3rica\" loading=\"lazy\" title=\"\" srcset=\"https:\/\/cachoeiradoc.com.br\/2015\/wp-content\/uploads\/2015\/08\/http___pbs.twimg_.com_profile_images_480037530843095040_9kauFCBC-330x242.jpeg 330w, https:\/\/cachoeiradoc.com.br\/2015\/wp-content\/uploads\/2015\/08\/http___pbs.twimg_.com_profile_images_480037530843095040_9kauFCBC-510x374.jpeg 510w, https:\/\/cachoeiradoc.com.br\/2015\/wp-content\/uploads\/2015\/08\/http___pbs.twimg_.com_profile_images_480037530843095040_9kauFCBC-130x95.jpeg 130w\" sizes=\"(max-width: 330px) 100vw, 330px\" \/><\/a><div class=\"post_content\"><h2 class=\"clearfix\"><a href=\"https:\/\/cachoeiradoc.com.br\/2015\/oficina-criticar-o-documentario\/\" title=\"Cr\u00edtica no document\u00e1rio: oficina pr\u00e1tico-te\u00f3rica\">Cr\u00edtica no document\u00e1rio: oficina pr\u00e1tico-te\u00f3rica<\/a><\/h2><p>Cr\u00edtica no document\u00e1rio \u00e9 tema de oficina de 9 horas com Victor Guimar\u00e3es. <\/p>\n<\/div><\/li><\/ul><\/div><\/div><\/div><div class=\"wpb_column vc_column_container vc_col-sm-4\"><div class=\"wpb_wrapper\"><h4 class=\"box_header page_margin_top_section\">Mostras e Sess\u00f5es Especiais<\/h4><div class=\"vertical_carousel_container clearfix\"><ul class=\"blog small vertical_carousel visible-3 autoplay-1 pause_on_hover-1 scroll-1\"><li class=\"post\">\n\t\t\t<a href=\"https:\/\/cachoeiradoc.com.br\/2015\/mostra-cinema-na-real\/\" title=\"Mostra Cinema na Real\" class=\"post_image clearfix\"><img width=\"100\" height=\"100\" src=\"https:\/\/cachoeiradoc.com.br\/2015\/wp-content\/uploads\/2015\/08\/meu-nome-e-paulo-leminski-cezar-migliorin-rio-de-janeiro-2004-5-min-video-100x100.jpg\" class=\"attachment-pressroom-small-thumb size-pressroom-small-thumb wp-post-image\" alt=\"Mostra Cinema na Real\" loading=\"lazy\" title=\"\" srcset=\"https:\/\/cachoeiradoc.com.br\/2015\/wp-content\/uploads\/2015\/08\/meu-nome-e-paulo-leminski-cezar-migliorin-rio-de-janeiro-2004-5-min-video-100x100.jpg 100w, https:\/\/cachoeiradoc.com.br\/2015\/wp-content\/uploads\/2015\/08\/meu-nome-e-paulo-leminski-cezar-migliorin-rio-de-janeiro-2004-5-min-video-150x150.jpg 150w, https:\/\/cachoeiradoc.com.br\/2015\/wp-content\/uploads\/2015\/08\/meu-nome-e-paulo-leminski-cezar-migliorin-rio-de-janeiro-2004-5-min-video-524x524.jpg 524w\" sizes=\"(max-width: 100px) 100vw, 100px\" \/><\/a><div class=\"post_content\"><h5><a href=\"https:\/\/cachoeiradoc.com.br\/2015\/mostra-cinema-na-real\/\" title=\"Mostra Cinema na Real\">Mostra Cinema na Real<\/a><\/h5>\n\t\t\t<ul class=\"post_details\"><li class=\"category container-category-7\"><a class=\"category-7\" href=\"https:\/\/cachoeiradoc.com.br\/2015\/category\/mostras-especiais\/\" title=\"View all posts filed under MOSTRAS ESPECIAIS\">MOSTRAS ESPECIAIS<\/a><\/li><li class=\"date\">16 de agosto de 2015<\/li>\n\t\t\t<\/ul><p>Mostra pensada para os estudantes do Ensino Fundamental II das escolas da regi\u00e3o.<\/p>\n<\/div><\/li><li class=\"post\">\n\t\t\t<a href=\"https:\/\/cachoeiradoc.com.br\/2015\/a-trilogia-do-reconcavo-baiano\/\" title=\"A trilogia do Rec\u00f4ncavo baiano\" class=\"post_image clearfix\"><img width=\"100\" height=\"100\" src=\"https:\/\/cachoeiradoc.com.br\/2015\/wp-content\/uploads\/2015\/08\/morte-das-velas-81-100x100.jpg\" class=\"attachment-pressroom-small-thumb size-pressroom-small-thumb wp-post-image\" alt=\"A trilogia do Rec\u00f4ncavo baiano\" loading=\"lazy\" title=\"\" srcset=\"https:\/\/cachoeiradoc.com.br\/2015\/wp-content\/uploads\/2015\/08\/morte-das-velas-81-100x100.jpg 100w, https:\/\/cachoeiradoc.com.br\/2015\/wp-content\/uploads\/2015\/08\/morte-das-velas-81-150x150.jpg 150w, https:\/\/cachoeiradoc.com.br\/2015\/wp-content\/uploads\/2015\/08\/morte-das-velas-81-524x524.jpg 524w\" sizes=\"(max-width: 100px) 100vw, 100px\" \/><\/a><div class=\"post_content\"><h5><a href=\"https:\/\/cachoeiradoc.com.br\/2015\/a-trilogia-do-reconcavo-baiano\/\" title=\"A trilogia do Rec\u00f4ncavo baiano\">A trilogia do Rec\u00f4ncavo baiano<\/a><\/h5>\n\t\t\t<ul class=\"post_details\"><li class=\"category container-category-7\"><a class=\"category-7\" href=\"https:\/\/cachoeiradoc.com.br\/2015\/category\/mostras-especiais\/\" title=\"View all posts filed under MOSTRAS ESPECIAIS\">MOSTRAS ESPECIAIS<\/a><\/li><li class=\"date\">16 de agosto de 2015<\/li>\n\t\t\t<\/ul><p>Na Mostra Cl\u00e1ssicos do Real, ser\u00e3o exibidos 3 filmes de Guido Ara\u00fajo.<\/p>\n<\/div><\/li><li class=\"post\">\n\t\t\t<a href=\"https:\/\/cachoeiradoc.com.br\/2015\/o-lugar-da-utopia\/\" title=\"O lugar da utopia\" class=\"post_image clearfix\"><img width=\"100\" height=\"100\" src=\"https:\/\/cachoeiradoc.com.br\/2015\/wp-content\/uploads\/2015\/08\/beautiful-tree-100x100.png\" class=\"attachment-pressroom-small-thumb size-pressroom-small-thumb wp-post-image\" alt=\"O lugar da utopia\" loading=\"lazy\" title=\"\" srcset=\"https:\/\/cachoeiradoc.com.br\/2015\/wp-content\/uploads\/2015\/08\/beautiful-tree-100x100.png 100w, https:\/\/cachoeiradoc.com.br\/2015\/wp-content\/uploads\/2015\/08\/beautiful-tree-150x150.png 150w, https:\/\/cachoeiradoc.com.br\/2015\/wp-content\/uploads\/2015\/08\/beautiful-tree-524x524.png 524w\" sizes=\"(max-width: 100px) 100vw, 100px\" \/><\/a><div class=\"post_content\"><h5><a href=\"https:\/\/cachoeiradoc.com.br\/2015\/o-lugar-da-utopia\/\" title=\"O lugar da utopia\">O lugar da utopia<\/a><\/h5>\n\t\t\t<ul class=\"post_details\"><li class=\"category container-category-7\"><a class=\"category-7\" href=\"https:\/\/cachoeiradoc.com.br\/2015\/category\/mostras-especiais\/\" title=\"View all posts filed under MOSTRAS ESPECIAIS\">MOSTRAS ESPECIAIS<\/a><\/li><li class=\"date\">16 de agosto de 2015<\/li>\n\t\t\t<\/ul><p>Saiba mais sobre Mostra Soy Cine: os filmes da Escola Internacional de Cinema e TV de Cuba<\/p>\n<\/div><\/li><li class=\"post\">\n\t\t\t<a href=\"https:\/\/cachoeiradoc.com.br\/2015\/mostra-perspectivas-do-espaco-e-imersoes-sensoriais\/\" title=\"Mostra Perspectivas do espa\u00e7o e imers\u00f5es sensoriais\" class=\"post_image clearfix\"><img width=\"100\" height=\"100\" src=\"https:\/\/cachoeiradoc.com.br\/2015\/wp-content\/uploads\/2015\/08\/leviathan-1-100x100.jpg\" class=\"attachment-pressroom-small-thumb size-pressroom-small-thumb wp-post-image\" alt=\"Mostra Perspectivas do espa\u00e7o e imers\u00f5es sensoriais\" loading=\"lazy\" title=\"\" srcset=\"https:\/\/cachoeiradoc.com.br\/2015\/wp-content\/uploads\/2015\/08\/leviathan-1-100x100.jpg 100w, https:\/\/cachoeiradoc.com.br\/2015\/wp-content\/uploads\/2015\/08\/leviathan-1-150x150.jpg 150w, https:\/\/cachoeiradoc.com.br\/2015\/wp-content\/uploads\/2015\/08\/leviathan-1-524x524.jpg 524w\" sizes=\"(max-width: 100px) 100vw, 100px\" \/><\/a><div class=\"post_content\"><h5><a href=\"https:\/\/cachoeiradoc.com.br\/2015\/mostra-perspectivas-do-espaco-e-imersoes-sensoriais\/\" title=\"Mostra Perspectivas do espa\u00e7o e imers\u00f5es sensoriais\">Mostra Perspectivas do espa\u00e7o e imers\u00f5es sensoriais<\/a><\/h5>\n\t\t\t<ul class=\"post_details\"><li class=\"category\"><a class=\"category-46\" href=\"https:\/\/cachoeiradoc.com.br\/2015\/category\/destaque\/\" title=\"View all posts filed under DESTAQUE\">DESTAQUE<\/a>, <a class=\"category-7\" href=\"https:\/\/cachoeiradoc.com.br\/2015\/category\/mostras-especiais\/\" title=\"View all posts filed under MOSTRAS ESPECIAIS\">MOSTRAS ESPECIAIS<\/a><\/li><li class=\"date\">16 de agosto de 2015<\/li>\n\t\t\t<\/ul><p>Saiba mais sobre os filmes do Laborat\u00f3rio de Etnografia Sensorial<\/p>\n<\/div><\/li><\/ul><\/div><\/div><\/div><\/div><div class=\"vc_row wpb_row vc_row-fluid\"><div class=\"wpb_column vc_column_container vc_col-sm-12\"><div class=\"wpb_wrapper\"><div class=\"vc_row wpb_row vc_row-fluid\"><ul class=\"blog clearfix small_margin\"><li class=\"post post-377 type-post status-publish format-gallery has-post-thumbnail hentry category-cachoeira tag-cachoeira tag-cidade-historicapost_format-post-format-gallery\"><a class=\"post_image\" href=\"https:\/\/cachoeiradoc.com.br\/2015\/cachoeira\/\" title=\"Cachoeira Hist\u00f3rica\"><span class=\"icon gallery\"><\/span><img width=\"510\" height=\"187\" src=\"https:\/\/cachoeiradoc.com.br\/2015\/wp-content\/uploads\/2015\/01\/d2cortada-510x187.jpg\" class=\"attachment-blog-post-thumb-medium size-blog-post-thumb-medium wp-post-image\" alt=\"Cachoeira Hist\u00f3rica\" loading=\"lazy\" title=\"\" \/><\/a><h5 class=\"clearfix with_number\"><a href=\"https:\/\/cachoeiradoc.com.br\/2015\/cachoeira\/\" title=\"Cachoeira Hist\u00f3rica\">Cachoeira Hist\u00f3rica<\/a><a href=\"https:\/\/cachoeiradoc.com.br\/2015\/cachoeira\/#respond\" title=\"0 coment\u00e1rios\" class=\"comments_number\">0<span class=\"arrow_comments\"><\/span><\/a><\/h5><ul class=\"post_details simple\"><li class=\"category container-category-3\"><a class=\"category-3\" href=\"https:\/\/cachoeiradoc.com.br\/2015\/category\/cachoeira\/\" title=\"View all posts filed under CACHOEIRA\">CACHOEIRA<\/a><\/li><li class=\"date\">16 de julho de 2015<\/li><\/ul><p>Situada no Rec\u00f4ncavo Baiano, \u00e0 110 km de Salvador, a cidade de Cachoeira foi tombada pelo Instituto do Patrim\u00f4nio e Hist\u00f3rico Art\u00edstico Nacional (IPHAN), em 1971, e passou a ser considerada Monumento Nacional. <\/p>\n<a title=\"LEIA MAIS\" href=\"https:\/\/cachoeiradoc.com.br\/2015\/cachoeira\/\" class=\"read_more\"><span class=\"arrow\"><\/span><span>LEIA MAIS<\/span><\/a><\/li><\/ul><\/div><\/div><\/div><\/div><div class=\"vc_row wpb_row vc_row-fluid\"><div class=\"wpb_column vc_column_container vc_col-sm-12\"><div class=\"wpb_wrapper\">\n\t<div class=\"wpb_single_image wpb_content_element vc_align_center\">\n\t\t<div class=\"wpb_wrapper\">\n\t\t\t\n\t\t\t<div class=\"vc_single_image-wrapper   vc_box_border_grey\"><img width=\"6683\" height=\"1469\" src=\"https:\/\/cachoeiradoc.com.br\/2015\/wp-content\/uploads\/2014\/12\/cachoeiradoc6_barra-de-marcas.jpg\" class=\"vc_single_image-img attachment-full\" alt=\"\" loading=\"lazy\" srcset=\"https:\/\/cachoeiradoc.com.br\/2015\/wp-content\/uploads\/2014\/12\/cachoeiradoc6_barra-de-marcas.jpg 6683w, https:\/\/cachoeiradoc.com.br\/2015\/wp-content\/uploads\/2014\/12\/cachoeiradoc6_barra-de-marcas-300x66.jpg 300w, https:\/\/cachoeiradoc.com.br\/2015\/wp-content\/uploads\/2014\/12\/cachoeiradoc6_barra-de-marcas-1024x225.jpg 1024w\" sizes=\"(max-width: 6683px) 100vw, 6683px\" \/><\/div>\n\t\t<\/div>\n\t<\/div>\n<\/div><\/div><\/div>\n","protected":false},"excerpt":{"rendered":"Re\u00fane um dos mais importantes acervos arquitet\u00f4nicos no estilo barroco. As casas, igrejas, pr\u00e9dios hist\u00f3ricos, dentre outras constru\u00e7\u00f5es, preservam a imagem do Brasil Imp\u00e9rio. Seu apogeu econ\u00f4mico se deu nos s\u00e9culos XVIII e XIX, quando seu porto era utilizado para escoamento da produ\u00e7\u00e3o de a\u00e7\u00facar e fumo para a Europa. O com\u00e9rcio crescia rapidamente, tornando","protected":false},"author":1,"featured_media":0,"parent":0,"menu_order":0,"comment_status":"closed","ping_status":"closed","template":"","meta":[],"_links":{"self":[{"href":"https:\/\/cachoeiradoc.com.br\/2015\/wp-json\/wp\/v2\/pages\/818"}],"collection":[{"href":"https:\/\/cachoeiradoc.com.br\/2015\/wp-json\/wp\/v2\/pages"}],"about":[{"href":"https:\/\/cachoeiradoc.com.br\/2015\/wp-json\/wp\/v2\/types\/page"}],"author":[{"embeddable":true,"href":"https:\/\/cachoeiradoc.com.br\/2015\/wp-json\/wp\/v2\/users\/1"}],"replies":[{"embeddable":true,"href":"https:\/\/cachoeiradoc.com.br\/2015\/wp-json\/wp\/v2\/comments?post=818"}],"version-history":[{"count":60,"href":"https:\/\/cachoeiradoc.com.br\/2015\/wp-json\/wp\/v2\/pages\/818\/revisions"}],"predecessor-version":[{"id":2047,"href":"https:\/\/cachoeiradoc.com.br\/2015\/wp-json\/wp\/v2\/pages\/818\/revisions\/2047"}],"wp:attachment":[{"href":"https:\/\/cachoeiradoc.com.br\/2015\/wp-json\/wp\/v2\/media?parent=818"}],"curies":[{"name":"wp","href":"https:\/\/api.w.org\/{rel}","templated":true}]}}