{"id":1522,"date":"2015-07-28T11:52:35","date_gmt":"2015-07-28T14:52:35","guid":{"rendered":"http:\/\/cachoeiradoc.com.br\/2015\/?page_id=1522"},"modified":"2015-08-17T09:14:55","modified_gmt":"2015-08-17T12:14:55","slug":"audiencia-publica","status":"publish","type":"page","link":"https:\/\/cachoeiradoc.com.br\/2015\/mostra-competitiva\/curtas\/audiencia-publica\/","title":{"rendered":"Audi\u00eancia p\u00fablica?"},"content":{"rendered":"<div class=\"vc_row wpb_row vc_row-fluid\"><div class=\"wpb_column vc_column_container vc_col-sm-12\"><div class=\"wpb_wrapper\"><div\n\tclass=\"wpb_images_carousel wpb_content_element vc_clearfix\">\n\t<div class=\"wpb_wrapper\">\n\t<div id=\"vc_images-carousel-1-1777663655\" data-ride=\"vc_carousel\"\n\t     data-wrap=\"true\" style=\"width: 1050px;\"\n\t     data-interval=\"4000\" data-auto-height=\"yes\"\n\t     data-mode=\"horizontal\" data-partial=\"false\"\n\t     data-per-view=\"1\"\n\t     data-hide-on-end=\"false\" class=\"vc_slide vc_images_carousel\">\n\t\t\t\t\t<!-- Indicators -->\n\t\t\t<ol class=\"vc_carousel-indicators\">\n\t\t\t\t\t\t\t\t\t<li data-target=\"#vc_images-carousel-1-1777663655\" data-slide-to=\"0\"><\/li>\n\t\t\t\t\t\t\t<\/ol>\n\t\t\t\t<!-- Wrapper for slides -->\n\t\t<div class=\"vc_carousel-inner\">\n\t\t\t<div class=\"vc_carousel-slideline\">\n\t\t\t\t<div class=\"vc_carousel-slideline-inner\">\n\t\t\t\t\t\t\t\t\t\t\t\t\t\t\t\t\t<div class=\"vc_item\">\n\t\t\t\t\t\t\t<div class=\"vc_inner\">\n\t\t\t\t\t\t\t\t\t\t\t\t\t\t\t\t\t\t\t\t\t\t\t\t\t\t<a class=\"prettyphoto\"\n\t\t\t\t\t\t\t\t\t   href=\"https:\/\/cachoeiradoc.com.br\/2015\/wp-content\/uploads\/2015\/07\/01-1024x537.png\"  rel=\"prettyPhoto[rel-1522-508082282]\">\n\t\t\t\t\t\t\t\t\t\t<img class=\"\" src=\"https:\/\/cachoeiradoc.com.br\/2015\/wp-content\/uploads\/2015\/07\/01-1050x300.png\" width=\"1050\" height=\"300\" alt=\"01\" title=\"01\" \/>\t\t\t\t\t\t\t\t\t<\/a>\n\t\t\t\t\t\t\t\t\t\t\t\t\t\t\t<\/div>\n\t\t\t\t\t\t<\/div>\n\t\t\t\t\t\t\t\t\t<\/div>\n\t\t\t<\/div>\n\t\t<\/div>\n\t\t\t\t\t<!-- Controls -->\n\t\t\t<a class=\"vc_left vc_carousel-control\" href=\"#vc_images-carousel-1-1777663655\" data-slide=\"prev\">\n\t\t\t\t<span class=\"icon-prev\"><\/span>\n\t\t\t<\/a>\n\t\t\t<a class=\"vc_right vc_carousel-control\" href=\"#vc_images-carousel-1-1777663655\" data-slide=\"next\">\n\t\t\t\t<span class=\"icon-next\"><\/span>\n\t\t\t<\/a>\n\t\t\t<\/div>\n\t<\/div>\n\t<\/div><\/div><\/div><\/div><div class=\"vc_row wpb_row vc_row-fluid\"><div class=\"wpb_column vc_column_container vc_col-sm-12\"><div class=\"wpb_wrapper\"><h4 class=\"box_header\">Pernambuco, 2014, 18 min.<\/h4>\n\t<div class=\"wpb_text_column wpb_content_element \">\n\t\t<div class=\"wpb_wrapper\">\n\t\t\t<p style=\"text-align: justify;\">De Ernesto de Carvalho, Leon Sampaio, Lu\u00eds Henrique Leal, Marcelo Pedroso, Pedro Severien<\/p>\n<p style=\"text-align: justify;\">No Recife, o Movimento #OcupeEstelita vem travando um batalha \u00e1rdua contra o projeto &#8220;Novo Recife&#8221;, s\u00edmbolo da nova gentrifica\u00e7\u00e3o urbana promovida pela prefeitura local, aliada das empreiteiras. Este v\u00eddeo de combate aborda um inst\u00e2ncia nevr\u00e1lgica dessa batalha, que \u00e9 o suposto processo de di\u00e1logo com a popula\u00e7\u00e3o &#8211; uma verdadeira farsa &#8211; promovida pela prefeitura, na forma de audi\u00eancias p\u00fablicas. A &#8220;Audi\u00eancia P\u00fablica&#8221; \u00e9 um jogo de cena especial no qual os diversos atores aparecem e se escondem, e onde a pr\u00e1tica do document\u00e1rio urgente pode revelar os verdadeiros interesses e for\u00e7as que est\u00e3o em jogo. #OcupeEstelita.<\/p>\n<p style=\"text-align: justify;\">Contato:\u00a0ernestodecarvalho@gmail.com<\/p>\n\n\t\t<\/div>\n\t<\/div>\n<\/div><\/div><\/div>\n","protected":false},"excerpt":{"rendered":"Pernambuco, 2014, 18 min. De Ernesto de Carvalho, Leon Sampaio, Lu\u00eds Henrique Leal, Marcelo Pedroso, Pedro Severien No Recife, o Movimento #OcupeEstelita vem travando um batalha \u00e1rdua contra o projeto \"Novo Recife\", s\u00edmbolo da nova gentrifica\u00e7\u00e3o urbana promovida pela prefeitura local, aliada das empreiteiras. Este v\u00eddeo de combate aborda um inst\u00e2ncia nevr\u00e1lgica dessa batalha, que","protected":false},"author":1,"featured_media":0,"parent":1517,"menu_order":0,"comment_status":"closed","ping_status":"closed","template":"","meta":[],"_links":{"self":[{"href":"https:\/\/cachoeiradoc.com.br\/2015\/wp-json\/wp\/v2\/pages\/1522"}],"collection":[{"href":"https:\/\/cachoeiradoc.com.br\/2015\/wp-json\/wp\/v2\/pages"}],"about":[{"href":"https:\/\/cachoeiradoc.com.br\/2015\/wp-json\/wp\/v2\/types\/page"}],"author":[{"embeddable":true,"href":"https:\/\/cachoeiradoc.com.br\/2015\/wp-json\/wp\/v2\/users\/1"}],"replies":[{"embeddable":true,"href":"https:\/\/cachoeiradoc.com.br\/2015\/wp-json\/wp\/v2\/comments?post=1522"}],"version-history":[{"count":3,"href":"https:\/\/cachoeiradoc.com.br\/2015\/wp-json\/wp\/v2\/pages\/1522\/revisions"}],"predecessor-version":[{"id":1873,"href":"https:\/\/cachoeiradoc.com.br\/2015\/wp-json\/wp\/v2\/pages\/1522\/revisions\/1873"}],"up":[{"embeddable":true,"href":"https:\/\/cachoeiradoc.com.br\/2015\/wp-json\/wp\/v2\/pages\/1517"}],"wp:attachment":[{"href":"https:\/\/cachoeiradoc.com.br\/2015\/wp-json\/wp\/v2\/media?parent=1522"}],"curies":[{"name":"wp","href":"https:\/\/api.w.org\/{rel}","templated":true}]}}