{"id":10178,"date":"2014-08-10T20:59:15","date_gmt":"2014-08-10T23:59:15","guid":{"rendered":"https:\/\/cachoeiradoc.com.br\/2014\/?page_id=10178"},"modified":"2014-09-02T11:00:42","modified_gmt":"2014-09-02T14:00:42","slug":"programacao","status":"publish","type":"page","link":"https:\/\/cachoeiradoc.com.br\/2014\/?page_id=10178","title":{"rendered":"Programa\u00e7\u00e3o"},"content":{"rendered":"<div class=\"panel-grid\" id=\"pg-10178-0\"><div class=\"panel-grid-core\"><div class=\"panel-grid-cell\" id=\"pgc-10178-0-0\" ><p><b>TER\u00c7A-FEIRA, 2 DE SETEMBRO<\/b><\/p>\n<p><strong>19h, Cine Teatro Cachoeirano<\/strong><br \/><b>Abertura<br \/><\/b><strong><a href=\"https:\/\/cachoeiradoc.com.br\/2014\/?page_id=10147\">Mostra Resist\u00eancia<br \/><\/a><\/strong><a href=\"https:\/\/cachoeiradoc.com.br\/2014\/?page_id=10272\">Cabra Marcado para Morrer<\/a> <em>(Brasil, 1984, 119\u2019)\u00a0<br \/><\/em>De Eduardo Coutinho<\/p>\n<p>Show do grupo <a href=\"https:\/\/www.facebook.com\/pages\/Met%C3%A1-Met%C3%A1-oficial\/246886475364117\" target=\"_blank\">Met\u00e1 Met\u00e1<\/a>\u00a0\u00a0<\/p>\n<p><b>QUARTA-FEIRA, 3 DE SETEMBRO<\/b><\/p>\n<p><strong>10h, Cine Teatro Cachoeirano<\/strong><br \/><a href=\"https:\/\/cachoeiradoc.com.br\/2014\/?page_id=79\"><b>Mostra K\u00e9k\u00f3<br \/><\/b><\/a><a href=\"https:\/\/cachoeiradoc.com.br\/2014\/?page_id=10304\"><strong>Exculturas<\/strong><\/a> <em>(Bahia, 2014, 5\u2019)<\/em> <br \/>De Emerson Santos, com a presen\u00e7a do diretor<\/p>\n<p><a href=\"https:\/\/cachoeiradoc.com.br\/2014\/?page_id=10306\"><strong>L\u00e1pis de cor<\/strong>\u00a0<\/a> <em>(Bahia, 2013, 13\u2019)<\/em> <br \/>De Larissa Santos, com a presen\u00e7a da diretora<\/p>\n<p><strong><a href=\"https:\/\/cachoeiradoc.com.br\/2014\/?page_id=10309\">N\u00e3o s\u00e3o elogios<\/a> <em>(<\/em><\/strong><em>Bahia, 2014, 4\u2019)<\/em> <br \/>De Poliana Costa, com a presen\u00e7a da diretora<\/p>\n<p><a href=\"https:\/\/cachoeiradoc.com.br\/2014\/?page_id=10298\"><strong>No seu giro, corpo leve<\/strong><\/a> <em>(Bahia, 2013, 4\u2019)<\/em> <br \/>De Camila Camila, Let\u00edcia Ribeiro e Ohana Sousa, com a presen\u00e7a das diretoras<\/p>\n<p><strong><a href=\"https:\/\/cachoeiradoc.com.br\/2014\/?page_id=10312\">O fio de Ariadne<\/a> <\/strong><em>(<\/em><em>Bahia, 2014, 48')<\/em> <br \/>De Ary Rosa, com a presen\u00e7a do diretor<\/p>\n<p><a href=\"https:\/\/cachoeiradoc.com.br\/2014\/?page_id=10314\"><strong>Quando rosa virou azul<\/strong><\/a> <em>(Bahia, 2014, 7\u2019)<\/em> <br \/>De Ra\u00ed Gandra, com a presen\u00e7a do diretor<\/p>\n<p><a href=\"https:\/\/cachoeiradoc.com.br\/2014\/?page_id=10316\"><strong>Rep\u00fablico<\/strong><\/a> <em>(Bahia, 2013, 16\u2019)<\/em> <br \/>De Jefferson Parreira, Keu Andrade e Raquel Vasconcelos, com a presen\u00e7a dos diretores<\/p>\n<p><a href=\"https:\/\/cachoeiradoc.com.br\/2014\/?page_id=10318\"><strong>Sem t\u00edtulos<\/strong><\/a> <em>(Bahia, 2013, 3\u2019)<\/em> <br \/>De Let\u00edcia Ribeiro e Ronne Portela, com a presen\u00e7a dos diretores<\/p>\n<p><strong>14h, Cine Teatro Cachoeirano<\/strong><br \/><a href=\"https:\/\/cachoeiradoc.com.br\/2014\/?page_id=10410\"><strong>Sess\u00e3o Especial -\u00a0<\/strong><\/a><b><a href=\"https:\/\/cachoeiradoc.com.br\/2014\/?page_id=10410\">Homenagem a Eduardo Coutinho\u00a0<br \/><\/a><\/b>A Fam\u00edlia de Elizabeth Teixeira (<i>Brasil, 2014, 65\u2019<\/i>)<br \/><span style=\"font-size: 14px; line-height: 1.5em;\">De Eduardo Coutinho<\/span><\/p>\n<p><strong>15h, Cine Teatro Cachoeirano<\/strong><br \/><strong><a href=\"https:\/\/cachoeiradoc.com.br\/2014\/?page_id=10398\">Confer\u00eancia: A hist\u00f3ria no filme, o filme na hist\u00f3ria<br \/><\/a><\/strong>Com Cl\u00e1udia Mesquita<\/p>\n<p><strong>16h30, Cine Teatro Cachoeirano<\/strong><br \/><b><a href=\"https:\/\/cachoeiradoc.com.br\/2014\/?page_id=77\">Mostra Competitiva<br \/><\/a><\/b><a href=\"https:\/\/cachoeiradoc.com.br\/2014\/?page_id=173\">O Ponto Cego<\/a> (<i>S\u00e3o Paulo, 2014, 10\u2019<\/i>) <br \/>De Chico Bahia, com a presen\u00e7a do diretor<\/p>\n<p><a href=\"https:\/\/cachoeiradoc.com.br\/2014\/?page_id=84\">A gente<\/a> (<i>Paran\u00e1, 2013, 89\u2019<\/i>) <br \/>De Aly Muritiba, com a presen\u00e7a do diretor<\/p>\n<p><strong>19h30, Cine Teatro Cachoeirano<\/strong><br \/><b><b><a href=\"https:\/\/cachoeiradoc.com.br\/2014\/?page_id=77\">Mostra Competitiva\u00a0<br \/><\/a><\/b><\/b><a href=\"https:\/\/cachoeiradoc.com.br\/2014\/?page_id=99\">Branco sai, preto fica<\/a> (<i>Distrito Federal, 2014, 93\u2019<\/i>)\u00a0<br \/><span style=\"font-size: 14px; line-height: 1.5em;\">De Adirley Queir\u00f3s, com a presen\u00e7a do diretor \u00a0<\/span><\/p>\n<p><b>QUINTA-FEIRA, 4 DE SETEMBRO<\/b><\/p>\n<p><strong>9h, Cine Teatro Cachoeirano<\/strong><br \/><a href=\"https:\/\/cachoeiradoc.com.br\/2014\/?page_id=10398\"><strong>Confer\u00eancia: <\/strong><b>Poesia e Hist\u00f3ria no cinema de Jia Zhangke<br \/><\/b><\/a>Com Cec\u00edlia Mello<\/p>\n<p><strong>10h, Cine Teatro Cachoeirano<\/strong><br \/><b><a href=\"https:\/\/cachoeiradoc.com.br\/2014\/?page_id=10018\">Mostra Jia Zhangke\u00a0<br \/><\/a><\/b><a href=\"https:\/\/cachoeiradoc.com.br\/2014\/?page_id=10221\" target=\"_blank\">Dong <\/a>(<i>China, 2006, 70\u2019<\/i>)\u00a0<br \/>De Jia Zhangke<\/p>\n<p><strong>14h, Cine Teatro Cachoeirano<\/strong><br \/><b><a href=\"https:\/\/cachoeiradoc.com.br\/2014\/?page_id=77\">Mostra Competitiva\u00a0<br \/><\/a><\/b><a href=\"https:\/\/cachoeiradoc.com.br\/2014\/?page_id=133\">Caixa d'\u00e1gua: qui-lombo \u00e9 esse?<\/a> (<i>Sergipe, 2013, 15\u2019<\/i>)\u00a0<br \/>De Everlane Moraes, com a presen\u00e7a da diretora<\/p>\n<p><a href=\"https:\/\/cachoeiradoc.com.br\/2014\/?page_id=116\">Lu\u00edses - Solrealismo Maranhense<\/a> (<i>Maranh\u00e3o, 2013, 74\u2019<\/i>) <br \/>De Lucian Rosa, com a presen\u00e7a de Eurico Matos\u00a0<\/p>\n<p><strong>16h30, Cine Teatro Cachoeirano<\/strong><br \/><b><a href=\"https:\/\/cachoeiradoc.com.br\/2014\/?page_id=77\">Mostra Competitiva\u00a0<br \/><\/a><\/b><a href=\"https:\/\/cachoeiradoc.com.br\/2014\/?page_id=166\">O Arquip\u00e9lago<\/a> (<i>Rio de Janeiro, 2014, 28\u2019<\/i>)\u00a0<br \/>De Gustavo Beck<\/p>\n<p><a href=\"https:\/\/cachoeiradoc.com.br\/2014\/?page_id=177\">O porto<\/a> (<i>Minas Gerais, 2013, 20\u2019<\/i>) <br \/>De Clarissa Campolina, Julia De Simone, Luiz Pretti e Ricardo Pretti, com a presen\u00e7a da diretora Julia De Simone<\/p>\n<p><a href=\"https:\/\/cachoeiradoc.com.br\/2014\/?page_id=142\">E<\/a> (<i>S\u00e3o Paulo, 2013, 17\u2019<\/i>) <br \/>De Alexandre Wahrhaftig, Helena Ungaretti e Miguel Antunes Ramos, com a presen\u00e7a do diretor Miguel Antunes Ramos<\/p>\n<p><a href=\"https:\/\/cachoeiradoc.com.br\/2014\/?page_id=181\">Perto da minha casa<\/a> (<i>Esp\u00edrito Santo, 2013, 16\u2019<\/i>) <br \/>De Carolini Covre e Diego Locatelli, com a presen\u00e7a do diretor Diego Locatelli<\/p>\n<p><a href=\"https:\/\/cachoeiradoc.com.br\/2014\/?page_id=146\">Karioka<\/a> (<i>Mato Grosso, 2014, 20\u2019<\/i>) <br \/>De Takum\u00e3 Kuikuro, com a presen\u00e7a do diretor\u00a0<\/p>\n<p><strong>19h30, Cine Teatro Cachoeirano<\/strong><br \/><b><a href=\"https:\/\/cachoeiradoc.com.br\/2014\/?page_id=77\">Mostra Competitiva<br \/><\/a><\/b><a href=\"https:\/\/cachoeiradoc.com.br\/2014\/?page_id=111\">Homem Comum<\/a> (<i>S\u00e3o Paulo, 2014, 103\u2019<\/i>)\u00a0<br \/>De Carlos Nader \u00a0<\/p>\n<p><b>SEXTA-FEIRA, 5 DE SETEMBRO<\/b><\/p>\n<p><strong>9h, Cine Teatro Cachoeirano<\/strong><br \/><a href=\"https:\/\/cachoeiradoc.com.br\/2014\/?page_id=10398\"><strong>Confer\u00eancia: <\/strong><b><b>Os rasgos e o tecido: montagem e pol\u00edtica no cinema de Jia Zhangke<br \/><\/b><\/b><\/a>Com Isaac Pipano\u00a0<\/p>\n<p><strong>10h, Cine Teatro Cachoeirano<\/strong><br \/><b><a href=\"https:\/\/cachoeiradoc.com.br\/2014\/?page_id=10018\">Mostra Jia Zhangke\u00a0<br \/><\/a><\/b><a href=\"https:\/\/cachoeiradoc.com.br\/2014\/?page_id=10224\">In\u00fatil<\/a> (<i>China, 2007, 80\u2019<\/i>)\u00a0<br \/>De Jia Zhangke\u00a0<\/p>\n<p><strong>14h, Cine Teatro Cachoeirano<\/strong><br \/><b><a href=\"https:\/\/cachoeiradoc.com.br\/2014\/?page_id=77\">Mostra Competitiva<br \/><\/a><\/b><a href=\"https:\/\/cachoeiradoc.com.br\/2014\/?page_id=138\">Contos da Mar\u00e9<\/a> (<i>Rio de Janeiro, 2013, 17\u2019<\/i>)\u00a0<br \/>De Douglas Soares, com a presen\u00e7a do diretor<\/p>\n<p><a href=\"https:\/\/cachoeiradoc.com.br\/2014\/?page_id=158\">Not\u00edcias da Rainha<\/a> (<i>Paran\u00e1, 2013, 19\u2019<\/i>) <br \/>De Ana Johann, com a presen\u00e7a da diretora<\/p>\n<p><a href=\"https:\/\/cachoeiradoc.com.br\/2014\/?page_id=121\">A que deve a honra da ilustre visita este simples marqu\u00eas?<\/a> (<i>Paran\u00e1, <\/i><i>2013, 25\u2019<\/i>) <br \/>De Rafael Urban e Terence Keller, com a presen\u00e7a do diretor Rafael Urban<\/p>\n<p><a href=\"https:\/\/cachoeiradoc.com.br\/2014\/?page_id=125\">As \u00e1guas<\/a> (<i>Paran\u00e1, 2014, 10\u2019<\/i>) <br \/>De Larissa Figueiredo, com a presen\u00e7a da diretora<\/p>\n<p><a href=\"https:\/\/cachoeiradoc.com.br\/2014\/?page_id=154\">Malha<\/a> (<i>Para\u00edba, 2013, 14\u2019<\/i>) <br \/>De Paulo Roberto, com a presen\u00e7a do diretor<\/p>\n<p><a href=\"https:\/\/cachoeiradoc.com.br\/2014\/?page_id=170\">O canto da lona<\/a> (<i>S\u00e3o Paulo, 2013, 25\u2019<\/i>) <br \/>De Thiago Mendon\u00e7a, com a presen\u00e7a do diretor\u00a0<\/p>\n<p><strong>16h30, Cine Teatro Cachoeirano<\/strong><br \/><b><b><a href=\"https:\/\/cachoeiradoc.com.br\/2014\/?page_id=77\">Mostra Competitiva<br \/><\/a><\/b><\/b><a href=\"https:\/\/cachoeiradoc.com.br\/2014\/?page_id=150\">La llamada<\/a> (<i>S\u00e3o Paulo, 2014, 19\u2019<\/i>)\u00a0<br \/>De Gustavo Vinagre, com a presen\u00e7a do diretor<\/p>\n<p><a href=\"https:\/\/cachoeiradoc.com.br\/2014\/?page_id=96\">Aprender a ler para ensinar meus camaradas<\/a> (<i>Bahia, 2013, 84\u2019<\/i>) <br \/>De Jo\u00e3o Guerra, com a presen\u00e7a do diretor e samba de chula de S\u00e3o Braz<\/p>\n<p><strong>19h30, Cine Teatro Cachoeirano<\/strong><br \/><b><a href=\"https:\/\/cachoeiradoc.com.br\/2014\/?page_id=77\">Mostra Competitiva\u00a0<br \/><\/a><\/b><a href=\"https:\/\/cachoeiradoc.com.br\/2014\/?page_id=93\">A vizinhan\u00e7a do tigre<\/a> (<i>Minas Gerais, 2014, 95\u2019<\/i>)\u00a0<br \/>De Affonso Uchoa, com a presen\u00e7a do diretor\u00a0<\/p>\n<p><strong>21h, Pra\u00e7a Teixeira de Freitas<\/strong><br \/>Orquestra de Reggae de Cachoeira \u00a0<\/p>\n<p><b>S\u00c1BADO, 6 DE SETEMBRO<\/b><\/p>\n<p><strong>11h, Cine Teatro Cachoeirano<\/strong><br \/><b><a href=\"https:\/\/cachoeiradoc.com.br\/2014\/?page_id=10398\">Mesa Redonda: Resistir Hoje\u00a0<br \/><\/a><\/b><i>Com <\/i><i>Ernesto de Carvalho e Josias Pires<\/i><\/p>\n<p><strong>14h, Cine Teatro Cachoeirano<\/strong><br \/><b><a href=\"https:\/\/cachoeiradoc.com.br\/2014\/?page_id=10018\">Mostra Jia Zhangke\u00a0<br \/><\/a><\/b><a href=\"https:\/\/cachoeiradoc.com.br\/2014\/?page_id=10227\">Mem\u00f3rias de Xangai <\/a>(<i>China, 2010, 138\u2019<\/i>)\u00a0<br \/>De Jia Zhangke <br \/>Sess\u00e3o comentada por Ludmila Carvalho<\/p>\n<p><strong>16h30, Cine Teatro Cachoeirano<\/strong><br \/><b><a href=\"https:\/\/cachoeiradoc.com.br\/2014\/?page_id=10147\">Mostra Resist\u00eancia<br \/><\/a><\/b>Sess\u00e3o comentada por Ivana Bentes<\/p>\n<p><a href=\"https:\/\/cachoeiradoc.com.br\/2014\/?page_id=10270\">\u00c1frica 50<\/a> (<i>Fran\u00e7a, 1949, 17\u2019<\/i>) <br \/>De Ren\u00e9 Vautier<\/p>\n<p><a href=\"https:\/\/cachoeiradoc.com.br\/2014\/?page_id=10276\">Manh\u00e3 Cinzenta<\/a> (<i>Brasil, 1969, 22\u2019<\/i>) <br \/>De Olney S\u00e3o Paulo<\/p>\n<p><a href=\"https:\/\/cachoeiradoc.com.br\/2014\/?page_id=10278\">Primeiro caso, segundo caso <\/a>(<i>Ir\u00e3, 1979, 47\u2019<\/i>) <br \/>De Abbas Kiarostami\u00a0<\/p>\n<p><strong>19h30, Cine Teatro Cachoeirano<\/strong><\/p>\n<p>Premia\u00e7\u00e3o da Mostra Competitiva<br \/><b><a href=\"https:\/\/cachoeiradoc.com.br\/2014\/?page_id=10018\">Mostra Jia Zhangke<br \/><\/a><\/b><a href=\"https:\/\/cachoeiradoc.com.br\/2014\/?page_id=10233\">24 City<\/a> (<i>China, 2008, 112\u2019<\/i>)\u00a0<br \/>De Jia Zhangke <br \/>Sess\u00e3o comentada por Mariana Kaufman e J\u00f4 Serfaty\u00a0<\/p>\n<p><strong>21h, Pra\u00e7a Teixeira de Freitas<\/strong><br \/>Banda Baby Doll de Nylon\u00a0<br \/>DJ Pablo Florentino \u00a0<\/p>\n<p><b>DOMINGO, 7 DE SETEMBRO<\/b><\/p>\n<p><strong>14h, Cine Teatro Cachoeirano<\/strong><br \/><a href=\"https:\/\/cachoeiradoc.com.br\/2014\/?page_id=10410\"><b>Sess\u00e3o especial\u00a0<br \/><\/b>J\u00e1 visto, Jamais Visto<\/a> (<i>Brasil, 2013, 54\u2019<\/i>)\u00a0<br \/>De Andrea Tonacci<\/p>\n<p><strong>16h30, Cine Teatro Cachoeirano<\/strong><br \/><b>Mostra Competitiva\u00a0<br \/><\/b>Exibi\u00e7\u00e3o dos filmes premiados\u00a0<\/p>\n<p><strong>19h30, Pra\u00e7a Teixeira de Freitas<\/strong><br \/><b><a href=\"https:\/\/cachoeiradoc.com.br\/2014\/?page_id=10410\">Sess\u00e3o Especial\u00a0<br \/><\/a><\/b><a href=\"https:\/\/cachoeiradoc.com.br\/2014\/?page_id=10410\">Dominguinhos<\/a> (<em>Brasil, 2013<i>, 88\u2019<\/i><\/em>)\u00a0<br \/>De Mariana Aydar, Eduardo Nazarian, Joaquim Castro \u00a0<\/p>\n<p style=\"text-align: center;\"><strong>Endere\u00e7os<\/strong><\/p>\n<div style=\"text-align: center;\">\n<div>CINE TEATRO CACHOEIRANO<\/div>\n<\/div>\n<div style=\"text-align: center;\">\n<div>Pra\u00e7a Texeira de Freitas, s\/n<\/div>\n<\/div>\n<div style=\"text-align: center;\">\n<div>Centro<\/div>\n<\/div>\n<div style=\"text-align: center;\">\u00a0<\/div>\n<div style=\"text-align: center;\">\n<div>CAHL - UFRB (local das oficinas)<\/div>\n<\/div>\n<div style=\"text-align: center;\">\n<div>Rua Maestro Irineu Sacramento, S\/N, Centro<\/div>\n<\/div>\n<div style=\"text-align: center;\">\u00a0<\/div>\n<div>\n<div style=\"text-align: center;\">Cachoeira - Bahia<\/div>\n<\/div><\/div><\/div><\/div>","protected":false},"excerpt":{"rendered":"<p>TER\u00c7A-FEIRA, 2 DE SETEMBRO 19h, Cine Teatro CachoeiranoAberturaMostra Resist\u00eanciaCabra Marcado para Morrer (Brasil, 1984, 119\u2019)\u00a0De Eduardo Coutinho Show do grupo Met\u00e1 Met\u00e1\u00a0\u00a0 QUARTA-FEIRA, 3 DE SETEMBRO 10h, Cine Teatro CachoeiranoMostra K\u00e9k\u00f3Exculturas (Bahia, 2014, 5\u2019) De Emerson Santos, com a presen\u00e7a do diretor L\u00e1pis de cor\u00a0 (Bahia, 2013, 13\u2019) De Larissa Santos, com a presen\u00e7a da [&hellip;]<\/p>\n","protected":false},"author":1,"featured_media":0,"parent":0,"menu_order":0,"comment_status":"closed","ping_status":"closed","template":"","meta":[],"categories":[],"tags":[],"_links":{"self":[{"href":"https:\/\/cachoeiradoc.com.br\/2014\/index.php?rest_route=\/wp\/v2\/pages\/10178"}],"collection":[{"href":"https:\/\/cachoeiradoc.com.br\/2014\/index.php?rest_route=\/wp\/v2\/pages"}],"about":[{"href":"https:\/\/cachoeiradoc.com.br\/2014\/index.php?rest_route=\/wp\/v2\/types\/page"}],"author":[{"embeddable":true,"href":"https:\/\/cachoeiradoc.com.br\/2014\/index.php?rest_route=\/wp\/v2\/users\/1"}],"replies":[{"embeddable":true,"href":"https:\/\/cachoeiradoc.com.br\/2014\/index.php?rest_route=%2Fwp%2Fv2%2Fcomments&post=10178"}],"version-history":[{"count":22,"href":"https:\/\/cachoeiradoc.com.br\/2014\/index.php?rest_route=\/wp\/v2\/pages\/10178\/revisions"}],"predecessor-version":[{"id":10452,"href":"https:\/\/cachoeiradoc.com.br\/2014\/index.php?rest_route=\/wp\/v2\/pages\/10178\/revisions\/10452"}],"wp:attachment":[{"href":"https:\/\/cachoeiradoc.com.br\/2014\/index.php?rest_route=%2Fwp%2Fv2%2Fmedia&parent=10178"}],"wp:term":[{"taxonomy":"category","embeddable":true,"href":"https:\/\/cachoeiradoc.com.br\/2014\/index.php?rest_route=%2Fwp%2Fv2%2Fcategories&post=10178"},{"taxonomy":"post_tag","embeddable":true,"href":"https:\/\/cachoeiradoc.com.br\/2014\/index.php?rest_route=%2Fwp%2Fv2%2Ftags&post=10178"}],"curies":[{"name":"wp","href":"https:\/\/api.w.org\/{rel}","templated":true}]}}